{"id":30831,"date":"2022-07-15T13:42:07","date_gmt":"2022-07-15T11:42:07","guid":{"rendered":"https:\/\/edicionesalfar.es\/es\/?post_type=product&#038;p=30831"},"modified":"2022-09-08T14:06:37","modified_gmt":"2022-09-08T12:06:37","slug":"la-camara-de-los-cuatro","status":"publish","type":"product","link":"https:\/\/edicionesalfar.es\/es\/producto\/la-camara-de-los-cuatro\/","title":{"rendered":"La C\u00e1mara de los Cuatro"},"content":{"rendered":"<p><span style=\"color: #000000;\">A veces cuando miramos atr\u00e1s, quedan fuera de la panor\u00e1mica algunos rincones oscuros. Incluso el compromiso del inspector retirado Tom\u00e1s Vi\u00f1uelas, a pesar de las evidencias, no impidi\u00f3 la ceguera ante esos rincones oscuros que ahora reclaman ser revelados. El caso de \u201cEl Buen Esclavo\u201d dej\u00f3 una huella en Tom\u00e1s lo suficientemente indeleble como para no poder evitar que una planificada red de atrocidades se cruzara en su camino. \u201cLa C\u00e1mara de los Cuatro\u201d es el agujero de gusano por el que un presente carente de sentido moral conecta con un pasado despiadado. Estamos ante una trama compleja que pondr\u00e1 en jaque el innato equilibrio del Inspector Vi\u00f1uelas, lo que resuena en boca de uno de los personajes de la novela: \u201cEs importante mantener el equilibrio actual para deshacer la madeja. Si se tira m\u00e1s de la cuenta, las hebras de cada hilo se retuercen unas con otras y se hace un nudo imposible.\u201d Y en esa madeja, como en \u201cEl Buen Esclavo\u201d, Sevilla.<\/span><\/p>\n<p><span style=\"color: #000000;\"><img decoding=\"async\" class=\"wp-image-31240 alignleft\" src=\"https:\/\/edicionesalfar.es\/es\/wp-content\/uploads\/2022\/07\/Fernando-Morales-Astola-201x300.jpg\" alt=\"\" width=\"86\" height=\"125\" \/>Fernando Morales Astola (Sevilla, 1963), fundador de Teatro La Pi\u00f1a y el grupo musical New Age T\u00e9naro, lleva tres d\u00e9cadas como profesor en la ense\u00f1anza p\u00fablica combinando el conocimiento y la experiencia con el entorno. Arte, naturaleza, ciudad y gente, siempre marcaron su vocaci\u00f3n creativa y formativa como una forma de vida y de ser. Su pasi\u00f3n c\u00edvica y pol\u00edtica por mejorar ese mundo que afronta y construye cada d\u00eda le llev\u00f3 con su primera novela, \u201cEl Buen Esclavo\u201d, a adentrarse en un g\u00e9nero literario que, de alg\u00fan modo, resume su optimismo cr\u00edtico: partir de los hechos oscuros para alumbrarnos en el intrigante universo de lo m\u00e1s humano. Y como as\u00ed decide ver la vida, evoluciona junto a sus personajes en \u201cLa C\u00e1mara de los Cuatro\u201d.<\/span><\/p>\n<p>&nbsp;<\/p>\n","protected":false},"excerpt":{"rendered":"<p><span style=\"color: #000000;\">\u201cVuelve el inspector Vi\u00f1uelas para resolver una historia perversa y oculta en el pasado.\u201d (Paco Oliver, periodista)<\/span><br \/>\n<span style=\"color: #000000;\">\u201cUna trama digna del mejor Hitchcock en una Sevilla turbia y sometida al mundo de los oscuros negocios de poderes a\u00fan m\u00e1s oscuros.\u201d (Rafael Morales, gestor cultural)<\/span><\/p>\n","protected":false},"featured_media":60476,"comment_status":"closed","ping_status":"closed","template":"","meta":{"_acf_changed":false,"_et_pb_use_builder":"","_et_pb_old_content":"","_et_gb_content_width":""},"product_brand":[],"product_cat":[372,376,375,452,47],"product_tag":[453],"class_list":{"0":"post-30831","1":"product","2":"type-product","3":"status-publish","4":"has-post-thumbnail","6":"product_cat-alfar","7":"product_cat-autores","8":"product_cat-editoriales","9":"product_cat-morales-astola-fernando","10":"product_cat-otras-narrativas","11":"product_tag-intriga-novela-negra-tomas-vinuela-sevilla","13":"first","14":"instock","15":"sale","16":"taxable","17":"shipping-taxable","18":"purchasable","19":"product-type-simple"},"acf":[],"yoast_head":"<!-- This site is optimized with the Yoast SEO plugin v27.4 - https:\/\/yoast.com\/product\/yoast-seo-wordpress\/ -->\n<title>La C\u00e1mara de los Cuatro - Ediciones Alfar<\/title>\n<meta name=\"robots\" content=\"index, follow, max-snippet:-1, max-image-preview:large, max-video-preview:-1\" \/>\n<link rel=\"canonical\" href=\"https:\/\/edicionesalfar.es\/es\/producto\/la-camara-de-los-cuatro\/\" \/>\n<meta property=\"og:locale\" content=\"es_ES\" \/>\n<meta property=\"og:type\" content=\"article\" \/>\n<meta property=\"og:title\" content=\"La C\u00e1mara de los Cuatro - Ediciones Alfar\" \/>\n<meta property=\"og:description\" content=\"\u201cVuelve el inspector Vi\u00f1uelas para resolver una historia perversa y oculta en el pasado.\u201d (Paco Oliver, periodista) \u201cUna trama digna del mejor Hitchcock en una Sevilla turbia y sometida al mundo de los oscuros negocios de poderes a\u00fan m\u00e1s oscuros.\u201d (Rafael Morales, gestor cultural)\" \/>\n<meta property=\"og:url\" content=\"https:\/\/edicionesalfar.es\/es\/producto\/la-camara-de-los-cuatro\/\" \/>\n<meta property=\"og:site_name\" content=\"Ediciones Alfar\" \/>\n<meta property=\"article:modified_time\" content=\"2022-09-08T12:06:37+00:00\" \/>\n<meta property=\"og:image\" content=\"https:\/\/edicionesalfar.es\/es\/wp-content\/uploads\/2022\/07\/9788478989355_cubierta-1.jpg\" \/>\n\t<meta property=\"og:image:width\" content=\"319\" \/>\n\t<meta property=\"og:image:height\" content=\"464\" \/>\n\t<meta property=\"og:image:type\" content=\"image\/jpeg\" \/>\n<meta name=\"twitter:card\" content=\"summary_large_image\" \/>\n<meta name=\"twitter:label1\" content=\"Tiempo de lectura\" \/>\n\t<meta name=\"twitter:data1\" content=\"2 minutos\" \/>\n<script type=\"application\/ld+json\" class=\"yoast-schema-graph\">{\"@context\":\"https:\\\/\\\/schema.org\",\"@graph\":[{\"@type\":\"WebPage\",\"@id\":\"https:\\\/\\\/edicionesalfar.es\\\/es\\\/producto\\\/la-camara-de-los-cuatro\\\/\",\"url\":\"https:\\\/\\\/edicionesalfar.es\\\/es\\\/producto\\\/la-camara-de-los-cuatro\\\/\",\"name\":\"La C\u00e1mara de los Cuatro - Ediciones Alfar\",\"isPartOf\":{\"@id\":\"https:\\\/\\\/edicionesalfar.es\\\/es\\\/#website\"},\"primaryImageOfPage\":{\"@id\":\"https:\\\/\\\/edicionesalfar.es\\\/es\\\/producto\\\/la-camara-de-los-cuatro\\\/#primaryimage\"},\"image\":{\"@id\":\"https:\\\/\\\/edicionesalfar.es\\\/es\\\/producto\\\/la-camara-de-los-cuatro\\\/#primaryimage\"},\"thumbnailUrl\":\"https:\\\/\\\/edicionesalfar.es\\\/es\\\/wp-content\\\/uploads\\\/2022\\\/07\\\/9788478989355_cubierta-1.jpg\",\"datePublished\":\"2022-07-15T11:42:07+00:00\",\"dateModified\":\"2022-09-08T12:06:37+00:00\",\"breadcrumb\":{\"@id\":\"https:\\\/\\\/edicionesalfar.es\\\/es\\\/producto\\\/la-camara-de-los-cuatro\\\/#breadcrumb\"},\"inLanguage\":\"es\",\"potentialAction\":[{\"@type\":\"ReadAction\",\"target\":[\"https:\\\/\\\/edicionesalfar.es\\\/es\\\/producto\\\/la-camara-de-los-cuatro\\\/\"]}]},{\"@type\":\"ImageObject\",\"inLanguage\":\"es\",\"@id\":\"https:\\\/\\\/edicionesalfar.es\\\/es\\\/producto\\\/la-camara-de-los-cuatro\\\/#primaryimage\",\"url\":\"https:\\\/\\\/edicionesalfar.es\\\/es\\\/wp-content\\\/uploads\\\/2022\\\/07\\\/9788478989355_cubierta-1.jpg\",\"contentUrl\":\"https:\\\/\\\/edicionesalfar.es\\\/es\\\/wp-content\\\/uploads\\\/2022\\\/07\\\/9788478989355_cubierta-1.jpg\",\"width\":319,\"height\":464},{\"@type\":\"BreadcrumbList\",\"@id\":\"https:\\\/\\\/edicionesalfar.es\\\/es\\\/producto\\\/la-camara-de-los-cuatro\\\/#breadcrumb\",\"itemListElement\":[{\"@type\":\"ListItem\",\"position\":1,\"name\":\"Portada\",\"item\":\"https:\\\/\\\/edicionesalfar.es\\\/es\\\/\"},{\"@type\":\"ListItem\",\"position\":2,\"name\":\"Cat\u00e1logo\",\"item\":\"https:\\\/\\\/edicionesalfar.es\\\/es\\\/catalogo\\\/\"},{\"@type\":\"ListItem\",\"position\":3,\"name\":\"La C\u00e1mara de los Cuatro\"}]},{\"@type\":\"WebSite\",\"@id\":\"https:\\\/\\\/edicionesalfar.es\\\/es\\\/#website\",\"url\":\"https:\\\/\\\/edicionesalfar.es\\\/es\\\/\",\"name\":\"Ediciones Alfar\",\"description\":\"\",\"potentialAction\":[{\"@type\":\"SearchAction\",\"target\":{\"@type\":\"EntryPoint\",\"urlTemplate\":\"https:\\\/\\\/edicionesalfar.es\\\/es\\\/?s={search_term_string}\"},\"query-input\":{\"@type\":\"PropertyValueSpecification\",\"valueRequired\":true,\"valueName\":\"search_term_string\"}}],\"inLanguage\":\"es\"}]}<\/script>\n<!-- \/ Yoast SEO plugin. -->","yoast_head_json":{"title":"La C\u00e1mara de los Cuatro - Ediciones Alfar","robots":{"index":"index","follow":"follow","max-snippet":"max-snippet:-1","max-image-preview":"max-image-preview:large","max-video-preview":"max-video-preview:-1"},"canonical":"https:\/\/edicionesalfar.es\/es\/producto\/la-camara-de-los-cuatro\/","og_locale":"es_ES","og_type":"article","og_title":"La C\u00e1mara de los Cuatro - Ediciones Alfar","og_description":"\u201cVuelve el inspector Vi\u00f1uelas para resolver una historia perversa y oculta en el pasado.\u201d (Paco Oliver, periodista) \u201cUna trama digna del mejor Hitchcock en una Sevilla turbia y sometida al mundo de los oscuros negocios de poderes a\u00fan m\u00e1s oscuros.\u201d (Rafael Morales, gestor cultural)","og_url":"https:\/\/edicionesalfar.es\/es\/producto\/la-camara-de-los-cuatro\/","og_site_name":"Ediciones Alfar","article_modified_time":"2022-09-08T12:06:37+00:00","og_image":[{"width":319,"height":464,"url":"https:\/\/edicionesalfar.es\/es\/wp-content\/uploads\/2022\/07\/9788478989355_cubierta-1.jpg","type":"image\/jpeg"}],"twitter_card":"summary_large_image","twitter_misc":{"Tiempo de lectura":"2 minutos"},"schema":{"@context":"https:\/\/schema.org","@graph":[{"@type":"WebPage","@id":"https:\/\/edicionesalfar.es\/es\/producto\/la-camara-de-los-cuatro\/","url":"https:\/\/edicionesalfar.es\/es\/producto\/la-camara-de-los-cuatro\/","name":"La C\u00e1mara de los Cuatro - Ediciones Alfar","isPartOf":{"@id":"https:\/\/edicionesalfar.es\/es\/#website"},"primaryImageOfPage":{"@id":"https:\/\/edicionesalfar.es\/es\/producto\/la-camara-de-los-cuatro\/#primaryimage"},"image":{"@id":"https:\/\/edicionesalfar.es\/es\/producto\/la-camara-de-los-cuatro\/#primaryimage"},"thumbnailUrl":"https:\/\/edicionesalfar.es\/es\/wp-content\/uploads\/2022\/07\/9788478989355_cubierta-1.jpg","datePublished":"2022-07-15T11:42:07+00:00","dateModified":"2022-09-08T12:06:37+00:00","breadcrumb":{"@id":"https:\/\/edicionesalfar.es\/es\/producto\/la-camara-de-los-cuatro\/#breadcrumb"},"inLanguage":"es","potentialAction":[{"@type":"ReadAction","target":["https:\/\/edicionesalfar.es\/es\/producto\/la-camara-de-los-cuatro\/"]}]},{"@type":"ImageObject","inLanguage":"es","@id":"https:\/\/edicionesalfar.es\/es\/producto\/la-camara-de-los-cuatro\/#primaryimage","url":"https:\/\/edicionesalfar.es\/es\/wp-content\/uploads\/2022\/07\/9788478989355_cubierta-1.jpg","contentUrl":"https:\/\/edicionesalfar.es\/es\/wp-content\/uploads\/2022\/07\/9788478989355_cubierta-1.jpg","width":319,"height":464},{"@type":"BreadcrumbList","@id":"https:\/\/edicionesalfar.es\/es\/producto\/la-camara-de-los-cuatro\/#breadcrumb","itemListElement":[{"@type":"ListItem","position":1,"name":"Portada","item":"https:\/\/edicionesalfar.es\/es\/"},{"@type":"ListItem","position":2,"name":"Cat\u00e1logo","item":"https:\/\/edicionesalfar.es\/es\/catalogo\/"},{"@type":"ListItem","position":3,"name":"La C\u00e1mara de los Cuatro"}]},{"@type":"WebSite","@id":"https:\/\/edicionesalfar.es\/es\/#website","url":"https:\/\/edicionesalfar.es\/es\/","name":"Ediciones Alfar","description":"","potentialAction":[{"@type":"SearchAction","target":{"@type":"EntryPoint","urlTemplate":"https:\/\/edicionesalfar.es\/es\/?s={search_term_string}"},"query-input":{"@type":"PropertyValueSpecification","valueRequired":true,"valueName":"search_term_string"}}],"inLanguage":"es"}]}},"_links":{"self":[{"href":"https:\/\/edicionesalfar.es\/es\/wp-json\/wp\/v2\/product\/30831","targetHints":{"allow":["GET"]}}],"collection":[{"href":"https:\/\/edicionesalfar.es\/es\/wp-json\/wp\/v2\/product"}],"about":[{"href":"https:\/\/edicionesalfar.es\/es\/wp-json\/wp\/v2\/types\/product"}],"replies":[{"embeddable":true,"href":"https:\/\/edicionesalfar.es\/es\/wp-json\/wp\/v2\/comments?post=30831"}],"wp:featuredmedia":[{"embeddable":true,"href":"https:\/\/edicionesalfar.es\/es\/wp-json\/wp\/v2\/media\/60476"}],"wp:attachment":[{"href":"https:\/\/edicionesalfar.es\/es\/wp-json\/wp\/v2\/media?parent=30831"}],"wp:term":[{"taxonomy":"product_brand","embeddable":true,"href":"https:\/\/edicionesalfar.es\/es\/wp-json\/wp\/v2\/product_brand?post=30831"},{"taxonomy":"product_cat","embeddable":true,"href":"https:\/\/edicionesalfar.es\/es\/wp-json\/wp\/v2\/product_cat?post=30831"},{"taxonomy":"product_tag","embeddable":true,"href":"https:\/\/edicionesalfar.es\/es\/wp-json\/wp\/v2\/product_tag?post=30831"}],"curies":[{"name":"wp","href":"https:\/\/api.w.org\/{rel}","templated":true}]}}