{"id":19303,"date":"2022-03-03T14:32:29","date_gmt":"2022-03-03T13:32:29","guid":{"rendered":"https:\/\/edicionesalfar.es\/es\/?post_type=product&#038;p=19303"},"modified":"2023-04-12T23:14:16","modified_gmt":"2023-04-12T21:14:16","slug":"arqueologia-de-la-semana-santa-en-cuarenta-estaciones","status":"publish","type":"product","link":"https:\/\/edicionesalfar.es\/es\/producto\/arqueologia-de-la-semana-santa-en-cuarenta-estaciones\/","title":{"rendered":"Arqueolog\u00eda de la Semana Santa en Cuarenta Estaciones"},"content":{"rendered":"<p><span style=\"color: #000000;\">Las procesiones de Semana Santa se convierten en el gran s\u00edmbolo cultural de nuestra tierra y <\/span><span style=\"color: #000000;\">conectan psicol\u00f3gica y sociol\u00f3gicamente con la fenomenolog\u00eda religiosa precristiana. Ninguna <\/span><span style=\"color: #000000;\">generaci\u00f3n puede ocultar los hechos ps\u00edquicos, por lo que las experiencias de los pueblos predisponen <\/span><span style=\"color: #000000;\">los modos de vivirlas, y as\u00ed el cofrade ha construido su religiosidad sobre un puente <\/span><span style=\"color: #000000;\">directo entre \u00e9l mismo y la divinidad.<\/span><br \/>\n<span style=\"color: #000000;\">Por ello, no es extra\u00f1o que en esta obra, erigida como una Cuaresma dedicada a la Arqueolog\u00eda <\/span><span style=\"color: #000000;\">cofrade, se reconozcan los estratos hist\u00f3ricos de la fiesta y la esencia lit\u00fargica del rito, se muestre <\/span><span style=\"color: #000000;\">el hallazgo de varios cientos de piezas art\u00edsticas y culturales primigenias que son determinantes <\/span><span style=\"color: #000000;\">para reconstruir cabalmente la genuina procesi\u00f3n penitencial, y hallemos a Plat\u00f3n describiendo <\/span><span style=\"color: #000000;\">la procesi\u00f3n de Bendis, conectemos a Astart\u00e9 con la Virgen de Regla, a Isis con la Macarena, <\/span><span style=\"color: #000000;\">al Melkart gaditano con el Gran Poder o al templo cl\u00e1sico con el paso de palio.<\/span><\/p>\n<p><span style=\"color: #000000;\">Eugenio Jos\u00e9 Vega Ge\u00e1n. Jerez, 1967. Ldo. en Historia y especialista en Historia Antigua y Medieval <\/span><span style=\"color: #000000;\">(Universidad de Sevilla). Cofrade. Profesor de La Salle de Jerez, y de Historia de la Iglesia y Arte Cristiano del<\/span><br \/>\n<span style=\"color: #000000;\">Instituto Superior de Ciencias Religiosas Asidonenses.<\/span><br \/>\n<span style=\"color: #000000;\">Enrique Guevara P\u00e9rez. Madrid, 1978. Ldo. en Adm\u00f3n. y Direcci\u00f3n de Empresas y M\u00e1ster en Direcci\u00f3n <\/span><span style=\"color: #000000;\">Financiera. Es hermano de El Silencio, de Sevilla, y de la del Gran Poder y la Macarena, de Madrid, a cuya <\/span><span style=\"color: #000000;\">junta de gobierno ha pertenecido en diversas etapas.<\/span><br \/>\n<span style=\"color: #000000;\">Francisco Antonio Garc\u00eda Romero. Jerez, 1961. Ldo. (premio extraordinario por la Universidad de Sevilla) <\/span><span style=\"color: #000000;\">y Doctor en Filolog\u00eda Cl\u00e1sica. Cofrade. Profesor del IES \u201cSanta Isabel de Hungr\u00eda\u201d de Jerez<\/span><\/p>\n","protected":false},"excerpt":{"rendered":"<p><span style=\"color: #000000;\">Por vez primera se estudia un aspecto tan soslayado hasta ahora como el de los or\u00edgenes de las cofrad\u00edas de penitencia, no ya desde el punto de vista meramente hist\u00f3rico, <\/span><span style=\"color: #000000;\">sino en conexi\u00f3n con todas las pr\u00e1cticas y ritos anteriores que la humanidad ha ido creando a lo largo de siglos.<\/span><br \/>\n<span style=\"color: #000000;\">Han escogido los autores un total de cuarenta cap\u00edtulos, como cuarenta son los d\u00edas de la Cuaresma para pulsar distintos aspectos de la realidad de la Semana Santa de Andaluc\u00eda a trav\u00e9s de su antecedente m\u00e1s remoto.<\/span><\/p>\n","protected":false},"featured_media":19304,"comment_status":"closed","ping_status":"closed","template":"","meta":{"_acf_changed":false,"_et_pb_use_builder":"","_et_pb_old_content":"","_et_gb_content_width":""},"product_brand":[],"product_cat":[372,376,375,590,52],"product_tag":[417],"class_list":{"0":"post-19303","1":"product","2":"type-product","3":"status-publish","4":"has-post-thumbnail","6":"product_cat-alfar","7":"product_cat-autores","8":"product_cat-editoriales","9":"product_cat-garcia-romero-francisco-antonio","10":"product_cat-semana-santa","11":"product_tag-semana-santa-origen-cofrafias-andalucia","13":"first","14":"instock","15":"sale","16":"taxable","17":"shipping-taxable","18":"purchasable","19":"product-type-simple"},"acf":[],"yoast_head":"<!-- This site is optimized with the Yoast SEO plugin v27.5 - https:\/\/yoast.com\/product\/yoast-seo-wordpress\/ -->\n<title>Arqueolog\u00eda de la Semana Santa en Cuarenta Estaciones - Ediciones Alfar<\/title>\n<meta name=\"robots\" content=\"index, follow, max-snippet:-1, max-image-preview:large, max-video-preview:-1\" \/>\n<link rel=\"canonical\" href=\"https:\/\/edicionesalfar.es\/es\/producto\/arqueologia-de-la-semana-santa-en-cuarenta-estaciones\/\" \/>\n<meta property=\"og:locale\" content=\"es_ES\" \/>\n<meta property=\"og:type\" content=\"article\" \/>\n<meta property=\"og:title\" content=\"Arqueolog\u00eda de la Semana Santa en Cuarenta Estaciones - Ediciones Alfar\" \/>\n<meta property=\"og:description\" content=\"Por vez primera se estudia un aspecto tan soslayado hasta ahora como el de los or\u00edgenes de las cofrad\u00edas de penitencia, no ya desde el punto de vista meramente hist\u00f3rico, sino en conexi\u00f3n con todas las pr\u00e1cticas y ritos anteriores que la humanidad ha ido creando a lo largo de siglos. Han escogido los autores un total de cuarenta cap\u00edtulos, como cuarenta son los d\u00edas de la Cuaresma para pulsar distintos aspectos de la realidad de la Semana Santa de Andaluc\u00eda a trav\u00e9s de su antecedente m\u00e1s remoto.\" \/>\n<meta property=\"og:url\" content=\"https:\/\/edicionesalfar.es\/es\/producto\/arqueologia-de-la-semana-santa-en-cuarenta-estaciones\/\" \/>\n<meta property=\"og:site_name\" content=\"Ediciones Alfar\" \/>\n<meta property=\"article:modified_time\" content=\"2023-04-12T21:14:16+00:00\" \/>\n<meta property=\"og:image\" content=\"https:\/\/edicionesalfar.es\/es\/wp-content\/uploads\/2022\/03\/Arqueologia-cover-scaled.jpg\" \/>\n\t<meta property=\"og:image:width\" content=\"1786\" \/>\n\t<meta property=\"og:image:height\" content=\"2560\" \/>\n\t<meta property=\"og:image:type\" content=\"image\/jpeg\" \/>\n<meta name=\"twitter:card\" content=\"summary_large_image\" \/>\n<meta name=\"twitter:label1\" content=\"Tiempo de lectura\" \/>\n\t<meta name=\"twitter:data1\" content=\"2 minutos\" \/>\n<script type=\"application\/ld+json\" class=\"yoast-schema-graph\">{\"@context\":\"https:\\\/\\\/schema.org\",\"@graph\":[{\"@type\":\"WebPage\",\"@id\":\"https:\\\/\\\/edicionesalfar.es\\\/es\\\/producto\\\/arqueologia-de-la-semana-santa-en-cuarenta-estaciones\\\/\",\"url\":\"https:\\\/\\\/edicionesalfar.es\\\/es\\\/producto\\\/arqueologia-de-la-semana-santa-en-cuarenta-estaciones\\\/\",\"name\":\"Arqueolog\u00eda de la Semana Santa en Cuarenta Estaciones - Ediciones Alfar\",\"isPartOf\":{\"@id\":\"https:\\\/\\\/edicionesalfar.es\\\/es\\\/#website\"},\"primaryImageOfPage\":{\"@id\":\"https:\\\/\\\/edicionesalfar.es\\\/es\\\/producto\\\/arqueologia-de-la-semana-santa-en-cuarenta-estaciones\\\/#primaryimage\"},\"image\":{\"@id\":\"https:\\\/\\\/edicionesalfar.es\\\/es\\\/producto\\\/arqueologia-de-la-semana-santa-en-cuarenta-estaciones\\\/#primaryimage\"},\"thumbnailUrl\":\"https:\\\/\\\/edicionesalfar.es\\\/es\\\/wp-content\\\/uploads\\\/2022\\\/03\\\/Arqueologia-cover-scaled.jpg\",\"datePublished\":\"2022-03-03T13:32:29+00:00\",\"dateModified\":\"2023-04-12T21:14:16+00:00\",\"breadcrumb\":{\"@id\":\"https:\\\/\\\/edicionesalfar.es\\\/es\\\/producto\\\/arqueologia-de-la-semana-santa-en-cuarenta-estaciones\\\/#breadcrumb\"},\"inLanguage\":\"es\",\"potentialAction\":[{\"@type\":\"ReadAction\",\"target\":[\"https:\\\/\\\/edicionesalfar.es\\\/es\\\/producto\\\/arqueologia-de-la-semana-santa-en-cuarenta-estaciones\\\/\"]}]},{\"@type\":\"ImageObject\",\"inLanguage\":\"es\",\"@id\":\"https:\\\/\\\/edicionesalfar.es\\\/es\\\/producto\\\/arqueologia-de-la-semana-santa-en-cuarenta-estaciones\\\/#primaryimage\",\"url\":\"https:\\\/\\\/edicionesalfar.es\\\/es\\\/wp-content\\\/uploads\\\/2022\\\/03\\\/Arqueologia-cover-scaled.jpg\",\"contentUrl\":\"https:\\\/\\\/edicionesalfar.es\\\/es\\\/wp-content\\\/uploads\\\/2022\\\/03\\\/Arqueologia-cover-scaled.jpg\",\"width\":1786,\"height\":2560},{\"@type\":\"BreadcrumbList\",\"@id\":\"https:\\\/\\\/edicionesalfar.es\\\/es\\\/producto\\\/arqueologia-de-la-semana-santa-en-cuarenta-estaciones\\\/#breadcrumb\",\"itemListElement\":[{\"@type\":\"ListItem\",\"position\":1,\"name\":\"Portada\",\"item\":\"https:\\\/\\\/edicionesalfar.es\\\/es\\\/\"},{\"@type\":\"ListItem\",\"position\":2,\"name\":\"Cat\u00e1logo\",\"item\":\"https:\\\/\\\/edicionesalfar.es\\\/es\\\/catalogo\\\/\"},{\"@type\":\"ListItem\",\"position\":3,\"name\":\"Arqueolog\u00eda de la Semana Santa en Cuarenta Estaciones\"}]},{\"@type\":\"WebSite\",\"@id\":\"https:\\\/\\\/edicionesalfar.es\\\/es\\\/#website\",\"url\":\"https:\\\/\\\/edicionesalfar.es\\\/es\\\/\",\"name\":\"Ediciones Alfar\",\"description\":\"\",\"potentialAction\":[{\"@type\":\"SearchAction\",\"target\":{\"@type\":\"EntryPoint\",\"urlTemplate\":\"https:\\\/\\\/edicionesalfar.es\\\/es\\\/?s={search_term_string}\"},\"query-input\":{\"@type\":\"PropertyValueSpecification\",\"valueRequired\":true,\"valueName\":\"search_term_string\"}}],\"inLanguage\":\"es\"}]}<\/script>\n<!-- \/ Yoast SEO plugin. -->","yoast_head_json":{"title":"Arqueolog\u00eda de la Semana Santa en Cuarenta Estaciones - Ediciones Alfar","robots":{"index":"index","follow":"follow","max-snippet":"max-snippet:-1","max-image-preview":"max-image-preview:large","max-video-preview":"max-video-preview:-1"},"canonical":"https:\/\/edicionesalfar.es\/es\/producto\/arqueologia-de-la-semana-santa-en-cuarenta-estaciones\/","og_locale":"es_ES","og_type":"article","og_title":"Arqueolog\u00eda de la Semana Santa en Cuarenta Estaciones - Ediciones Alfar","og_description":"Por vez primera se estudia un aspecto tan soslayado hasta ahora como el de los or\u00edgenes de las cofrad\u00edas de penitencia, no ya desde el punto de vista meramente hist\u00f3rico, sino en conexi\u00f3n con todas las pr\u00e1cticas y ritos anteriores que la humanidad ha ido creando a lo largo de siglos. Han escogido los autores un total de cuarenta cap\u00edtulos, como cuarenta son los d\u00edas de la Cuaresma para pulsar distintos aspectos de la realidad de la Semana Santa de Andaluc\u00eda a trav\u00e9s de su antecedente m\u00e1s remoto.","og_url":"https:\/\/edicionesalfar.es\/es\/producto\/arqueologia-de-la-semana-santa-en-cuarenta-estaciones\/","og_site_name":"Ediciones Alfar","article_modified_time":"2023-04-12T21:14:16+00:00","og_image":[{"width":1786,"height":2560,"url":"https:\/\/edicionesalfar.es\/es\/wp-content\/uploads\/2022\/03\/Arqueologia-cover-scaled.jpg","type":"image\/jpeg"}],"twitter_card":"summary_large_image","twitter_misc":{"Tiempo de lectura":"2 minutos"},"schema":{"@context":"https:\/\/schema.org","@graph":[{"@type":"WebPage","@id":"https:\/\/edicionesalfar.es\/es\/producto\/arqueologia-de-la-semana-santa-en-cuarenta-estaciones\/","url":"https:\/\/edicionesalfar.es\/es\/producto\/arqueologia-de-la-semana-santa-en-cuarenta-estaciones\/","name":"Arqueolog\u00eda de la Semana Santa en Cuarenta Estaciones - Ediciones Alfar","isPartOf":{"@id":"https:\/\/edicionesalfar.es\/es\/#website"},"primaryImageOfPage":{"@id":"https:\/\/edicionesalfar.es\/es\/producto\/arqueologia-de-la-semana-santa-en-cuarenta-estaciones\/#primaryimage"},"image":{"@id":"https:\/\/edicionesalfar.es\/es\/producto\/arqueologia-de-la-semana-santa-en-cuarenta-estaciones\/#primaryimage"},"thumbnailUrl":"https:\/\/edicionesalfar.es\/es\/wp-content\/uploads\/2022\/03\/Arqueologia-cover-scaled.jpg","datePublished":"2022-03-03T13:32:29+00:00","dateModified":"2023-04-12T21:14:16+00:00","breadcrumb":{"@id":"https:\/\/edicionesalfar.es\/es\/producto\/arqueologia-de-la-semana-santa-en-cuarenta-estaciones\/#breadcrumb"},"inLanguage":"es","potentialAction":[{"@type":"ReadAction","target":["https:\/\/edicionesalfar.es\/es\/producto\/arqueologia-de-la-semana-santa-en-cuarenta-estaciones\/"]}]},{"@type":"ImageObject","inLanguage":"es","@id":"https:\/\/edicionesalfar.es\/es\/producto\/arqueologia-de-la-semana-santa-en-cuarenta-estaciones\/#primaryimage","url":"https:\/\/edicionesalfar.es\/es\/wp-content\/uploads\/2022\/03\/Arqueologia-cover-scaled.jpg","contentUrl":"https:\/\/edicionesalfar.es\/es\/wp-content\/uploads\/2022\/03\/Arqueologia-cover-scaled.jpg","width":1786,"height":2560},{"@type":"BreadcrumbList","@id":"https:\/\/edicionesalfar.es\/es\/producto\/arqueologia-de-la-semana-santa-en-cuarenta-estaciones\/#breadcrumb","itemListElement":[{"@type":"ListItem","position":1,"name":"Portada","item":"https:\/\/edicionesalfar.es\/es\/"},{"@type":"ListItem","position":2,"name":"Cat\u00e1logo","item":"https:\/\/edicionesalfar.es\/es\/catalogo\/"},{"@type":"ListItem","position":3,"name":"Arqueolog\u00eda de la Semana Santa en Cuarenta Estaciones"}]},{"@type":"WebSite","@id":"https:\/\/edicionesalfar.es\/es\/#website","url":"https:\/\/edicionesalfar.es\/es\/","name":"Ediciones Alfar","description":"","potentialAction":[{"@type":"SearchAction","target":{"@type":"EntryPoint","urlTemplate":"https:\/\/edicionesalfar.es\/es\/?s={search_term_string}"},"query-input":{"@type":"PropertyValueSpecification","valueRequired":true,"valueName":"search_term_string"}}],"inLanguage":"es"}]}},"_links":{"self":[{"href":"https:\/\/edicionesalfar.es\/es\/wp-json\/wp\/v2\/product\/19303","targetHints":{"allow":["GET"]}}],"collection":[{"href":"https:\/\/edicionesalfar.es\/es\/wp-json\/wp\/v2\/product"}],"about":[{"href":"https:\/\/edicionesalfar.es\/es\/wp-json\/wp\/v2\/types\/product"}],"replies":[{"embeddable":true,"href":"https:\/\/edicionesalfar.es\/es\/wp-json\/wp\/v2\/comments?post=19303"}],"wp:featuredmedia":[{"embeddable":true,"href":"https:\/\/edicionesalfar.es\/es\/wp-json\/wp\/v2\/media\/19304"}],"wp:attachment":[{"href":"https:\/\/edicionesalfar.es\/es\/wp-json\/wp\/v2\/media?parent=19303"}],"wp:term":[{"taxonomy":"product_brand","embeddable":true,"href":"https:\/\/edicionesalfar.es\/es\/wp-json\/wp\/v2\/product_brand?post=19303"},{"taxonomy":"product_cat","embeddable":true,"href":"https:\/\/edicionesalfar.es\/es\/wp-json\/wp\/v2\/product_cat?post=19303"},{"taxonomy":"product_tag","embeddable":true,"href":"https:\/\/edicionesalfar.es\/es\/wp-json\/wp\/v2\/product_tag?post=19303"}],"curies":[{"name":"wp","href":"https:\/\/api.w.org\/{rel}","templated":true}]}}