{"id":18137,"date":"2021-12-04T00:19:33","date_gmt":"2021-12-03T23:19:33","guid":{"rendered":"https:\/\/edicionesalfar.es\/es\/?post_type=product&#038;p=18137"},"modified":"2022-07-21T09:41:00","modified_gmt":"2022-07-21T07:41:00","slug":"joaquin-caparros-pasion-en-rojo-y-blanco-de-sevilla-a-bilbao","status":"publish","type":"product","link":"https:\/\/edicionesalfar.es\/es\/producto\/joaquin-caparros-pasion-en-rojo-y-blanco-de-sevilla-a-bilbao\/","title":{"rendered":"Joaqu\u00edn Caparr\u00f3s, pasi\u00f3n en rojo y blanco. De Sevilla a Bilbao"},"content":{"rendered":"<p><span style=\"color: #000000;\">La pasi\u00f3n de Joaqu\u00edn Caparr\u00f3s por el banquillo es imperecedera. Con 40 a\u00f1os cubr\u00eda a diario y en coche los 700 kil\u00f3metros (ida y <\/span><span style=\"color: #000000;\">vuelta) que separan Cuenca de Navalmoral de la Mata. Y con 64, acept\u00f3 el puesto como seleccionador de Armenia, a 5500 <\/span><span style=\"color: #000000;\">kil\u00f3metros de Sevilla. La maleta de los entrenadores siempre est\u00e1 preparada, como la de este utrerano que en Sevilla y Bilbao, <\/span><span style=\"color: #000000;\">Bilbao y Sevilla, vivi\u00f3 dos de sus experiencias profesionales m\u00e1s enriquecedoras. Sevillista de coraz\u00f3n, por la herencia transmitida <\/span><span style=\"color: #000000;\">de sus padres, cumpli\u00f3 un sue\u00f1o en 2000 cuando el club de Nervi\u00f3n lo eligi\u00f3 para entrenar al equipo en Segunda, en el momento <\/span><span style=\"color: #000000;\">m\u00e1s cr\u00edtico de su historia. Lo ascendi\u00f3, lo llev\u00f3 a Europa, dos veces, otras dos en su segunda etapa, y se march\u00f3 siendo el t\u00e9cnico <\/span><span style=\"color: #000000;\">que en m\u00e1s ocasiones dirigi\u00f3 al Sevilla F\u00fatbol Club desde el banquillo. En 2007 comenz\u00f3 una fant\u00e1stica aventura en Bilbao que <\/span><span style=\"color: #000000;\">dur\u00f3 cuatro a\u00f1os, con final de Copa del Rey incluida, y lo marc\u00f3 para siempre. Nunca olvidar\u00e1 como lo acogieron en el Athletic Club <\/span><span style=\"color: #000000;\">y en la ciudad. A \u00e9l y a toda su familia. Hasta se hizo socio de la entidad rojiblanca.<\/span><br \/>\n<span style=\"color: #000000;\">\u00abMi mayor t\u00edtulo es que a siete campeones del mundo los he entrenado o han trabajado conmigo. Porque los t\u00edtulos dan prestigio <\/span><span style=\"color: #000000;\">y dinero, s\u00ed, pero ver a esos chicos crecer, algunos desde que eran enanos, hasta llegar a lo m\u00e1ximo, que es ser campeones del <\/span><span style=\"color: #000000;\">mundo siendo, adem\u00e1s, figuras en otros pa\u00edses&#8230; eso no tiene precio. Para m\u00ed, est\u00e1 por encima de cualquier t\u00edtulo\u00bb, asegura <\/span><span style=\"color: #000000;\">Caparr\u00f3s, que siente aut\u00e9ntica devoci\u00f3n por ambos equipos: \u00abAl Sevilla lo he disfrutado siempre, incluso en las situaciones m\u00e1s <\/span><span style=\"color: #000000;\">dif\u00edciles. He disfrutado del Sevilla igual que del Athletic. Si de algo puedo presumir es <\/span><span style=\"color: #000000;\">de haber sido entrenador de estos dos clubes\u201d, nos cuenta este mito de los banquillos, un <\/span><span style=\"color: #000000;\">hombre hecho a s\u00ed mismo que representa, como pocos, la casta y el coraje del himno <\/span><span style=\"color: #000000;\">sevillista. En estas p\u00e1ginas, adem\u00e1s del protagonista, directivos, entrenadores, jugadores <\/span><span style=\"color: #000000;\">y periodistas, nos ayudan a recordar aquellas etapas en Sevilla y Bilbao en las que, <\/span><span style=\"color: #000000;\">Joaqu\u00edn Caparr\u00f3s Camino, fue feliz.<\/span><\/p>\n<p><span style=\"color: #000000;\">Sergio Antonio \u00c1vila Tirado (Sevilla) es periodista. Licenciado en Ciencias de la Comunicaci\u00f3n y Periodismo por la Universidad <\/span><span style=\"color: #000000;\">de Sevilla (2004) y M\u00e1ster en Marketing y Comunicaci\u00f3n Digital por la Universidad Camilo Jos\u00e9 Cela (2016). Ha dedicado casi <\/span><span style=\"color: #000000;\">toda su trayectoria profesional al periodismo deportivo, colaborando y trabajando para diferentes medios de comunicaci\u00f3n de <\/span><span style=\"color: #000000;\">los \u00e1mbitos local y nacional.<\/span><br \/>\n<span style=\"color: #000000;\">Compatibiliz\u00f3 sus \u00faltimos a\u00f1os de estudios con las pr\u00e1cticas en el diario ABC de Sevilla, empresa con la que lleva colaborando <\/span><span style=\"color: #000000;\">desde 2004. Actualmente escribe para ABC de Sevilla y sus webs tem\u00e1ticas Orgullo de Nervi\u00f3n y Al Final de la Palmera.<\/span><\/p>\n","protected":false},"excerpt":{"rendered":"<p><span style=\"color: #000000;\">Un libro \u00fanico, un libro que refleja el esp\u00edritu de Joaqu\u00edn Caparr\u00f3s (m\u00edtico entrenador) en su faceta profesional y personal. Y uniendo lo que son los dos clubs m\u00e1s importantes de su trayectoria, al menos donde m\u00e1s huella ha dejado: Sevilla FC y Athletic Club de Bilbao.<\/span><\/p>\n","protected":false},"featured_media":18140,"comment_status":"closed","ping_status":"closed","template":"","meta":{"_acf_changed":false,"_et_pb_use_builder":"","_et_pb_old_content":"","_et_gb_content_width":""},"product_brand":[],"product_cat":[376,457,39],"product_tag":[408,407],"class_list":{"0":"post-18137","1":"product","2":"type-product","3":"status-publish","4":"has-post-thumbnail","6":"product_cat-autores","7":"product_cat-avila-sergio","8":"product_cat-deportes","9":"product_tag-bilbao","10":"product_tag-joaquin-caparros-futbol-sevilla","12":"first","13":"instock","14":"sale","15":"taxable","16":"shipping-taxable","17":"purchasable","18":"product-type-simple"},"acf":[],"yoast_head":"<!-- This site is optimized with the Yoast SEO plugin v27.4 - https:\/\/yoast.com\/product\/yoast-seo-wordpress\/ -->\n<title>Joaqu\u00edn Caparr\u00f3s, pasi\u00f3n en rojo y blanco. De Sevilla a Bilbao - Ediciones Alfar<\/title>\n<meta name=\"robots\" content=\"index, follow, max-snippet:-1, max-image-preview:large, max-video-preview:-1\" \/>\n<link rel=\"canonical\" href=\"https:\/\/edicionesalfar.es\/es\/producto\/joaquin-caparros-pasion-en-rojo-y-blanco-de-sevilla-a-bilbao\/\" \/>\n<meta property=\"og:locale\" content=\"es_ES\" \/>\n<meta property=\"og:type\" content=\"article\" \/>\n<meta property=\"og:title\" content=\"Joaqu\u00edn Caparr\u00f3s, pasi\u00f3n en rojo y blanco. De Sevilla a Bilbao - Ediciones Alfar\" \/>\n<meta property=\"og:description\" content=\"Un libro \u00fanico, un libro que refleja el esp\u00edritu de Joaqu\u00edn Caparr\u00f3s (m\u00edtico entrenador) en su faceta profesional y personal. Y uniendo lo que son los dos clubs m\u00e1s importantes de su trayectoria, al menos donde m\u00e1s huella ha dejado: Sevilla FC y Athletic Club de Bilbao.\" \/>\n<meta property=\"og:url\" content=\"https:\/\/edicionesalfar.es\/es\/producto\/joaquin-caparros-pasion-en-rojo-y-blanco-de-sevilla-a-bilbao\/\" \/>\n<meta property=\"og:site_name\" content=\"Ediciones Alfar\" \/>\n<meta property=\"article:modified_time\" content=\"2022-07-21T07:41:00+00:00\" \/>\n<meta property=\"og:image\" content=\"https:\/\/edicionesalfar.es\/es\/wp-content\/uploads\/2021\/12\/web9788478989171_mokupsencillo_Caparros-scaled.jpg\" \/>\n\t<meta property=\"og:image:width\" content=\"2133\" \/>\n\t<meta property=\"og:image:height\" content=\"2560\" \/>\n\t<meta property=\"og:image:type\" content=\"image\/jpeg\" \/>\n<meta name=\"twitter:card\" content=\"summary_large_image\" \/>\n<meta name=\"twitter:label1\" content=\"Tiempo de lectura\" \/>\n\t<meta name=\"twitter:data1\" content=\"3 minutos\" \/>\n<script type=\"application\/ld+json\" class=\"yoast-schema-graph\">{\"@context\":\"https:\\\/\\\/schema.org\",\"@graph\":[{\"@type\":\"WebPage\",\"@id\":\"https:\\\/\\\/edicionesalfar.es\\\/es\\\/producto\\\/joaquin-caparros-pasion-en-rojo-y-blanco-de-sevilla-a-bilbao\\\/\",\"url\":\"https:\\\/\\\/edicionesalfar.es\\\/es\\\/producto\\\/joaquin-caparros-pasion-en-rojo-y-blanco-de-sevilla-a-bilbao\\\/\",\"name\":\"Joaqu\u00edn Caparr\u00f3s, pasi\u00f3n en rojo y blanco. De Sevilla a Bilbao - Ediciones Alfar\",\"isPartOf\":{\"@id\":\"https:\\\/\\\/edicionesalfar.es\\\/es\\\/#website\"},\"primaryImageOfPage\":{\"@id\":\"https:\\\/\\\/edicionesalfar.es\\\/es\\\/producto\\\/joaquin-caparros-pasion-en-rojo-y-blanco-de-sevilla-a-bilbao\\\/#primaryimage\"},\"image\":{\"@id\":\"https:\\\/\\\/edicionesalfar.es\\\/es\\\/producto\\\/joaquin-caparros-pasion-en-rojo-y-blanco-de-sevilla-a-bilbao\\\/#primaryimage\"},\"thumbnailUrl\":\"https:\\\/\\\/edicionesalfar.es\\\/es\\\/wp-content\\\/uploads\\\/2021\\\/12\\\/web9788478989171_mokupsencillo_Caparros-scaled.jpg\",\"datePublished\":\"2021-12-03T23:19:33+00:00\",\"dateModified\":\"2022-07-21T07:41:00+00:00\",\"breadcrumb\":{\"@id\":\"https:\\\/\\\/edicionesalfar.es\\\/es\\\/producto\\\/joaquin-caparros-pasion-en-rojo-y-blanco-de-sevilla-a-bilbao\\\/#breadcrumb\"},\"inLanguage\":\"es\",\"potentialAction\":[{\"@type\":\"ReadAction\",\"target\":[\"https:\\\/\\\/edicionesalfar.es\\\/es\\\/producto\\\/joaquin-caparros-pasion-en-rojo-y-blanco-de-sevilla-a-bilbao\\\/\"]}]},{\"@type\":\"ImageObject\",\"inLanguage\":\"es\",\"@id\":\"https:\\\/\\\/edicionesalfar.es\\\/es\\\/producto\\\/joaquin-caparros-pasion-en-rojo-y-blanco-de-sevilla-a-bilbao\\\/#primaryimage\",\"url\":\"https:\\\/\\\/edicionesalfar.es\\\/es\\\/wp-content\\\/uploads\\\/2021\\\/12\\\/web9788478989171_mokupsencillo_Caparros-scaled.jpg\",\"contentUrl\":\"https:\\\/\\\/edicionesalfar.es\\\/es\\\/wp-content\\\/uploads\\\/2021\\\/12\\\/web9788478989171_mokupsencillo_Caparros-scaled.jpg\",\"width\":2133,\"height\":2560},{\"@type\":\"BreadcrumbList\",\"@id\":\"https:\\\/\\\/edicionesalfar.es\\\/es\\\/producto\\\/joaquin-caparros-pasion-en-rojo-y-blanco-de-sevilla-a-bilbao\\\/#breadcrumb\",\"itemListElement\":[{\"@type\":\"ListItem\",\"position\":1,\"name\":\"Portada\",\"item\":\"https:\\\/\\\/edicionesalfar.es\\\/es\\\/\"},{\"@type\":\"ListItem\",\"position\":2,\"name\":\"Cat\u00e1logo\",\"item\":\"https:\\\/\\\/edicionesalfar.es\\\/es\\\/catalogo\\\/\"},{\"@type\":\"ListItem\",\"position\":3,\"name\":\"Joaqu\u00edn Caparr\u00f3s, pasi\u00f3n en rojo y blanco. De Sevilla a Bilbao\"}]},{\"@type\":\"WebSite\",\"@id\":\"https:\\\/\\\/edicionesalfar.es\\\/es\\\/#website\",\"url\":\"https:\\\/\\\/edicionesalfar.es\\\/es\\\/\",\"name\":\"Ediciones Alfar\",\"description\":\"\",\"potentialAction\":[{\"@type\":\"SearchAction\",\"target\":{\"@type\":\"EntryPoint\",\"urlTemplate\":\"https:\\\/\\\/edicionesalfar.es\\\/es\\\/?s={search_term_string}\"},\"query-input\":{\"@type\":\"PropertyValueSpecification\",\"valueRequired\":true,\"valueName\":\"search_term_string\"}}],\"inLanguage\":\"es\"}]}<\/script>\n<!-- \/ Yoast SEO plugin. -->","yoast_head_json":{"title":"Joaqu\u00edn Caparr\u00f3s, pasi\u00f3n en rojo y blanco. De Sevilla a Bilbao - Ediciones Alfar","robots":{"index":"index","follow":"follow","max-snippet":"max-snippet:-1","max-image-preview":"max-image-preview:large","max-video-preview":"max-video-preview:-1"},"canonical":"https:\/\/edicionesalfar.es\/es\/producto\/joaquin-caparros-pasion-en-rojo-y-blanco-de-sevilla-a-bilbao\/","og_locale":"es_ES","og_type":"article","og_title":"Joaqu\u00edn Caparr\u00f3s, pasi\u00f3n en rojo y blanco. De Sevilla a Bilbao - Ediciones Alfar","og_description":"Un libro \u00fanico, un libro que refleja el esp\u00edritu de Joaqu\u00edn Caparr\u00f3s (m\u00edtico entrenador) en su faceta profesional y personal. Y uniendo lo que son los dos clubs m\u00e1s importantes de su trayectoria, al menos donde m\u00e1s huella ha dejado: Sevilla FC y Athletic Club de Bilbao.","og_url":"https:\/\/edicionesalfar.es\/es\/producto\/joaquin-caparros-pasion-en-rojo-y-blanco-de-sevilla-a-bilbao\/","og_site_name":"Ediciones Alfar","article_modified_time":"2022-07-21T07:41:00+00:00","og_image":[{"width":2133,"height":2560,"url":"https:\/\/edicionesalfar.es\/es\/wp-content\/uploads\/2021\/12\/web9788478989171_mokupsencillo_Caparros-scaled.jpg","type":"image\/jpeg"}],"twitter_card":"summary_large_image","twitter_misc":{"Tiempo de lectura":"3 minutos"},"schema":{"@context":"https:\/\/schema.org","@graph":[{"@type":"WebPage","@id":"https:\/\/edicionesalfar.es\/es\/producto\/joaquin-caparros-pasion-en-rojo-y-blanco-de-sevilla-a-bilbao\/","url":"https:\/\/edicionesalfar.es\/es\/producto\/joaquin-caparros-pasion-en-rojo-y-blanco-de-sevilla-a-bilbao\/","name":"Joaqu\u00edn Caparr\u00f3s, pasi\u00f3n en rojo y blanco. De Sevilla a Bilbao - Ediciones Alfar","isPartOf":{"@id":"https:\/\/edicionesalfar.es\/es\/#website"},"primaryImageOfPage":{"@id":"https:\/\/edicionesalfar.es\/es\/producto\/joaquin-caparros-pasion-en-rojo-y-blanco-de-sevilla-a-bilbao\/#primaryimage"},"image":{"@id":"https:\/\/edicionesalfar.es\/es\/producto\/joaquin-caparros-pasion-en-rojo-y-blanco-de-sevilla-a-bilbao\/#primaryimage"},"thumbnailUrl":"https:\/\/edicionesalfar.es\/es\/wp-content\/uploads\/2021\/12\/web9788478989171_mokupsencillo_Caparros-scaled.jpg","datePublished":"2021-12-03T23:19:33+00:00","dateModified":"2022-07-21T07:41:00+00:00","breadcrumb":{"@id":"https:\/\/edicionesalfar.es\/es\/producto\/joaquin-caparros-pasion-en-rojo-y-blanco-de-sevilla-a-bilbao\/#breadcrumb"},"inLanguage":"es","potentialAction":[{"@type":"ReadAction","target":["https:\/\/edicionesalfar.es\/es\/producto\/joaquin-caparros-pasion-en-rojo-y-blanco-de-sevilla-a-bilbao\/"]}]},{"@type":"ImageObject","inLanguage":"es","@id":"https:\/\/edicionesalfar.es\/es\/producto\/joaquin-caparros-pasion-en-rojo-y-blanco-de-sevilla-a-bilbao\/#primaryimage","url":"https:\/\/edicionesalfar.es\/es\/wp-content\/uploads\/2021\/12\/web9788478989171_mokupsencillo_Caparros-scaled.jpg","contentUrl":"https:\/\/edicionesalfar.es\/es\/wp-content\/uploads\/2021\/12\/web9788478989171_mokupsencillo_Caparros-scaled.jpg","width":2133,"height":2560},{"@type":"BreadcrumbList","@id":"https:\/\/edicionesalfar.es\/es\/producto\/joaquin-caparros-pasion-en-rojo-y-blanco-de-sevilla-a-bilbao\/#breadcrumb","itemListElement":[{"@type":"ListItem","position":1,"name":"Portada","item":"https:\/\/edicionesalfar.es\/es\/"},{"@type":"ListItem","position":2,"name":"Cat\u00e1logo","item":"https:\/\/edicionesalfar.es\/es\/catalogo\/"},{"@type":"ListItem","position":3,"name":"Joaqu\u00edn Caparr\u00f3s, pasi\u00f3n en rojo y blanco. De Sevilla a Bilbao"}]},{"@type":"WebSite","@id":"https:\/\/edicionesalfar.es\/es\/#website","url":"https:\/\/edicionesalfar.es\/es\/","name":"Ediciones Alfar","description":"","potentialAction":[{"@type":"SearchAction","target":{"@type":"EntryPoint","urlTemplate":"https:\/\/edicionesalfar.es\/es\/?s={search_term_string}"},"query-input":{"@type":"PropertyValueSpecification","valueRequired":true,"valueName":"search_term_string"}}],"inLanguage":"es"}]}},"_links":{"self":[{"href":"https:\/\/edicionesalfar.es\/es\/wp-json\/wp\/v2\/product\/18137","targetHints":{"allow":["GET"]}}],"collection":[{"href":"https:\/\/edicionesalfar.es\/es\/wp-json\/wp\/v2\/product"}],"about":[{"href":"https:\/\/edicionesalfar.es\/es\/wp-json\/wp\/v2\/types\/product"}],"replies":[{"embeddable":true,"href":"https:\/\/edicionesalfar.es\/es\/wp-json\/wp\/v2\/comments?post=18137"}],"wp:featuredmedia":[{"embeddable":true,"href":"https:\/\/edicionesalfar.es\/es\/wp-json\/wp\/v2\/media\/18140"}],"wp:attachment":[{"href":"https:\/\/edicionesalfar.es\/es\/wp-json\/wp\/v2\/media?parent=18137"}],"wp:term":[{"taxonomy":"product_brand","embeddable":true,"href":"https:\/\/edicionesalfar.es\/es\/wp-json\/wp\/v2\/product_brand?post=18137"},{"taxonomy":"product_cat","embeddable":true,"href":"https:\/\/edicionesalfar.es\/es\/wp-json\/wp\/v2\/product_cat?post=18137"},{"taxonomy":"product_tag","embeddable":true,"href":"https:\/\/edicionesalfar.es\/es\/wp-json\/wp\/v2\/product_tag?post=18137"}],"curies":[{"name":"wp","href":"https:\/\/api.w.org\/{rel}","templated":true}]}}