{"id":16970,"date":"2021-04-15T14:46:03","date_gmt":"2021-04-15T12:46:03","guid":{"rendered":"https:\/\/www.edicionesalfar.es\/es\/?post_type=product&#038;p=16970"},"modified":"2022-06-13T11:05:55","modified_gmt":"2022-06-13T09:05:55","slug":"bodas-de-luto-mujeres-en-paisaje-de-lorca","status":"publish","type":"product","link":"https:\/\/edicionesalfar.es\/es\/producto\/bodas-de-luto-mujeres-en-paisaje-de-lorca\/","title":{"rendered":"Bodas de Luto (Mujeres en paisaje de Lorca)"},"content":{"rendered":"<p><span style=\"color: #000000;\">Garc\u00eda Lorca escribi\u00f3 Bodas de Sangre tras tener noticia por los peri\u00f3dicos de un crimen pasional que tuvo una enorme <\/span><span style=\"color: #000000;\">repercusi\u00f3n. 54 a\u00f1os despu\u00e9s, cuando a\u00fan viv\u00edan varios testigos importantes de aquella tragedia rural, el autor <\/span><span style=\"color: #000000;\">hizo una investigaci\u00f3n de campo en la zona de N\u00edjar con el objeto de realizar una pel\u00edcula. Lorca pon\u00eda el acento en la <\/span><span style=\"color: #000000;\">pasi\u00f3n amorosa, pero a Alc\u00e1zar le interesaba tambi\u00e9n mucho el contexto social, que sin duda revelar\u00eda claves significativas <\/span><span style=\"color: #000000;\">del asesinato. En Almer\u00eda se encontr\u00f3, adem\u00e1s de unos personajes muy peculiares y de gran humanidad, con la <\/span><span style=\"color: #000000;\">lluvia de dinero de los invernaderos, el violento azote de la hero\u00edna, el nacimiento de las reivindicaciones ecologistas <\/span><span style=\"color: #000000;\">y, como \u00e9l dice, \u201ccon un espacio dibujado para la tragedia\u201d. Caldo en el que naci\u00f3 una novela de muchos paralelismos <\/span><span style=\"color: #000000;\">con la historia que investigaba.<\/span> <span style=\"color: #000000;\">El resultado es este libro, en el que se destaca el secuestro de la libertad de las mujeres en el entorno de r\u00edgida autoridad <\/span><span style=\"color: #000000;\">paternal y la fuerte presi\u00f3n social y familiar de las comunidades tradicionales. El autor proyecta una triple perspectiva <\/span><span style=\"color: #000000;\">de los acontecimientos con tres tipos tambi\u00e9n de escritura: la investigaci\u00f3n period\u00edstica, el relato novelesco y la visi\u00f3n <\/span><span style=\"color: #000000;\">cinematogr\u00e1fica.<\/span> <span style=\"color: #000000;\">R<\/span><span style=\"color: #000000;\"><img decoding=\"async\" class=\"size-medium wp-image-16971 alignleft\" src=\"https:\/\/edicionesalfar.es\/es\/wp-content\/uploads\/2021\/04\/FOTOSOLAPA-BODAS-DE-LUTO-300x169.jpeg\" alt=\"\" width=\"300\" height=\"169\" srcset=\"https:\/\/edicionesalfar.es\/es\/wp-content\/uploads\/2021\/04\/FOTOSOLAPA-BODAS-DE-LUTO-300x169.jpeg 300w, https:\/\/edicionesalfar.es\/es\/wp-content\/uploads\/2021\/04\/FOTOSOLAPA-BODAS-DE-LUTO-600x338.jpeg 600w, https:\/\/edicionesalfar.es\/es\/wp-content\/uploads\/2021\/04\/FOTOSOLAPA-BODAS-DE-LUTO-768x432.jpeg 768w, https:\/\/edicionesalfar.es\/es\/wp-content\/uploads\/2021\/04\/FOTOSOLAPA-BODAS-DE-LUTO-1024x577.jpeg 1024w, https:\/\/edicionesalfar.es\/es\/wp-content\/uploads\/2021\/04\/FOTOSOLAPA-BODAS-DE-LUTO-1080x608.jpeg 1080w\" sizes=\"(max-width: 300px) 100vw, 300px\" \/><\/span><span style=\"color: #000000;\">afael Alc\u00e1zar naci\u00f3 en Calera y Chozas (Toledo) en 1948. Estudi\u00f3 Sociolog\u00eda en la Universidad <\/span><span style=\"color: #000000;\">de Madrid y trabaj\u00f3 en TVE como direc<\/span><span style=\"color: #000000;\">tor y realizador durante m\u00e1s de doce <\/span><span style=\"color: #000000;\">a\u00f1os antes de hacer cine.<\/span> <span style=\"color: #000000;\">Ha dirigido las pel\u00edcula<\/span><span style=\"color: #000000;\">s No hagas planes con <em>Marga<\/em> (1988), <em>El Laberinto griego<\/em> (1992), <\/span><span style=\"color: #000000;\"><em>Corsarios del chip<\/em> (1996), <em>Besos de gato<\/em> (2003),<em> Las locuras de Don Quijote<\/em> (2006), <em>Huidas <\/em><\/span><span style=\"color: #000000;\"><em>y Ausencias<\/em> (2020).<\/span> <span style=\"color: #000000;\">Actores muy conocidos como Antonio Banderas, Pen\u00e9lope Cruz, Aitana Sanch\u00e9z-Gij\u00f3n, <\/span><span style=\"color: #000000;\">Gabino Diego, Gran Wyoming, Leticia Dolera y otros, trabajaron en sus inicios con Alc\u00e1zar, <\/span><span style=\"color: #000000;\">lo que seguramente no es casualidad.<\/span> <span style=\"color: #000000;\">Ha dirigido tambi\u00e9n muchos largometrajes documentales, entre otros<em> Los Dichos: Gitanos <\/em><\/span><span style=\"color: #000000;\"><em>de Jerez<\/em> (2011), <em>Unamuno vive en \u00c1msterdam<\/em> (2012), <em>Las mujeres de Cervantes<\/em> (2016), <\/span><span style=\"color: #000000;\"><em>El Cardenal Cisneros<\/em> (2019) o <em>El libro: origen y esplendor<\/em> (2020). Prepara ahora uno sobre Clara Campoamor, pionera <\/span><span style=\"color: #000000;\">de los derechos de la mujer.<\/span> <span style=\"color: #000000;\">En 2017 public\u00f3 la novela <em>El tiempo de las ilusiones sencillas<\/em> que cuenta con humor una entra\u00f1able amistad de la infancia. <\/span><span style=\"color: #000000;\">Como en esta nueva novela, <em>Bodas de luto (mujeres en paisaje de Lorca)<\/em>, en la que los frecuentes di\u00e1logos delatan\u00a0<\/span><span style=\"color: #000000;\">su experiencia en el gui\u00f3n de cine.<\/span><\/p>\n","protected":false},"excerpt":{"rendered":"<p><span style=\"color: #000000;\">El director de cine y televisi\u00f3n Rafael Alc\u00e1zar nos presenta esta magn\u00edfica novela a medio camino entre la ficci\u00f3n, el periodismo y el cine. Una novela en la que se destaca el secuestro de la libertad de las mujeres en el entorno de r\u00edgida autoridad paternal y la fuerte presi\u00f3n social y familiar de las comunidades tradicionales.<\/span><\/p>\n","protected":false},"featured_media":17107,"comment_status":"closed","ping_status":"closed","template":"","meta":{"_acf_changed":false,"_et_pb_use_builder":"off","_et_pb_old_content":"<span style=\"color: #000000\">Garc\u00eda Lorca escribi\u00f3 Bodas de Sangre tras tener noticia por los peri\u00f3dicos de un crimen pasional que tuvo una enorme <\/span><span style=\"color: #000000\">repercusi\u00f3n. 54 a\u00f1os despu\u00e9s, cuando a\u00fan viv\u00edan varios testigos importantes de aquella tragedia rural, el autor <\/span><span style=\"color: #000000\">hizo una investigaci\u00f3n de campo en la zona de N\u00edjar con el objeto de realizar una pel\u00edcula. Lorca pon\u00eda el acento en la <\/span><span style=\"color: #000000\">pasi\u00f3n amorosa, pero a Alc\u00e1zar le interesaba tambi\u00e9n mucho el contexto social, que sin duda revelar\u00eda claves significativas <\/span><span style=\"color: #000000\">del asesinato. En Almer\u00eda se encontr\u00f3, adem\u00e1s de unos personajes muy peculiares y de gran humanidad, con la <\/span><span style=\"color: #000000\">lluvia de dinero de los invernaderos, el violento azote de la hero\u00edna, el nacimiento de las reivindicaciones ecologistas <\/span><span style=\"color: #000000\">y, como \u00e9l dice, \u201ccon un espacio dibujado para la tragedia\u201d. Caldo en el que naci\u00f3 una novela de muchos paralelismos <\/span><span style=\"color: #000000\">con la historia que investigaba.<\/span>\r\n<span style=\"color: #000000\">El resultado es este libro, en el que se destaca el secuestro de la libertad de las mujeres en el entorno de r\u00edgida autoridad <\/span><span style=\"color: #000000\">paternal y la fuerte presi\u00f3n social y familiar de las comunidades tradicionales. El autor proyecta una triple perspectiva <\/span><span style=\"color: #000000\">de los acontecimientos con tres tipos tambi\u00e9n de escritura: la investigaci\u00f3n period\u00edstica, el relato novelesco y la visi\u00f3n <\/span><span style=\"color: #000000\">cinematogr\u00e1fica.<\/span>\r\n\r\n<span style=\"color: #000000\">R<\/span><span style=\"color: #000000\"><img class=\"size-medium wp-image-16971 alignleft\" src=\"https:\/\/edicionesalfar.es\/es\/wp-content\/uploads\/2021\/04\/FOTOSOLAPA-BODAS-DE-LUTO-300x169.jpeg\" alt=\"\" width=\"300\" height=\"169\" \/><\/span><span style=\"color: #000000\">afael Alc\u00e1zar naci\u00f3 en Calera y Chozas (Toledo) en 1948. Estudi\u00f3 Sociolog\u00eda en la Universidad <\/span><span style=\"color: #000000\">de Madrid y trabaj\u00f3 en TVE como direc<\/span><span style=\"color: #000000\">tor y realizador durante m\u00e1s de doce <\/span><span style=\"color: #000000\">a\u00f1os antes de hacer cine.<\/span>\r\n<span style=\"color: #000000\">Ha dirigido las pel\u00edcula<\/span><span style=\"color: #000000\">s No hagas planes con <em>Marga<\/em> (1988), <em>El Laberinto griego<\/em> (1992), <\/span><span style=\"color: #000000\"><em>Corsarios del chip<\/em> (1996), <em>Besos de gato<\/em> (2003),<em> Las locuras de Don Quijote<\/em> (2006), <em>Huidas <\/em><\/span><span style=\"color: #000000\"><em>y Ausencias<\/em> (2020).<\/span>\r\n<span style=\"color: #000000\">Actores muy conocidos como Antonio Banderas, Pen\u00e9lope Cruz, Aitana Sanch\u00e9z-Gij\u00f3n, <\/span><span style=\"color: #000000\">Gabino Diego, Gran Wyoming, Leticia Dolera y otros, trabajaron en sus inicios con Alc\u00e1zar, <\/span><span style=\"color: #000000\">lo que seguramente no es casualidad.<\/span>\r\n<span style=\"color: #000000\">Ha dirigido tambi\u00e9n muchos largometrajes documentales, entre otros<em> Los Dichos: Gitanos <\/em><\/span><span style=\"color: #000000\"><em>de Jerez<\/em> (2011), <em>Unamuno vive en \u00c1msterdam<\/em> (2012), <em>Las mujeres de Cervantes<\/em> (2016), <\/span><span style=\"color: #000000\"><em>El Cardenal Cisneros<\/em> (2019) o <em>El libro: origen y esplendor<\/em> (2020). Prepara ahora uno sobre Clara Campoamor, pionera <\/span><span style=\"color: #000000\">de los derechos de la mujer.<\/span>\r\n<span style=\"color: #000000\">En 2017 public\u00f3 la novela <em>El tiempo de las ilusiones sencillas<\/em> que cuenta con humor una entra\u00f1able amistad de la infancia. <\/span><span style=\"color: #000000\">Como en esta nueva novela, <em>Bodas de luto (mujeres en paisaje de Lorca)<\/em>, en la que los frecuentes di\u00e1logos delatan\u00a0<\/span><span style=\"color: #000000\">su experiencia en el gui\u00f3n de cine.<\/span>","_et_gb_content_width":""},"product_brand":[],"product_cat":[437,376,47],"product_tag":[331],"class_list":{"0":"post-16970","1":"product","2":"type-product","3":"status-publish","4":"has-post-thumbnail","6":"product_cat-alcazar-rafael","7":"product_cat-autores","8":"product_cat-otras-narrativas","9":"product_tag-lorca-bodas-de-sangre-almeria-mujeres-libertad","11":"first","12":"instock","13":"sale","14":"taxable","15":"shipping-taxable","16":"purchasable","17":"product-type-simple"},"acf":[],"yoast_head":"<!-- This site is optimized with the Yoast SEO plugin v27.4 - https:\/\/yoast.com\/product\/yoast-seo-wordpress\/ -->\n<title>Bodas de Luto (Mujeres en paisaje de Lorca) - Ediciones Alfar<\/title>\n<meta name=\"robots\" content=\"index, follow, max-snippet:-1, max-image-preview:large, max-video-preview:-1\" \/>\n<link rel=\"canonical\" href=\"https:\/\/edicionesalfar.es\/es\/producto\/bodas-de-luto-mujeres-en-paisaje-de-lorca\/\" \/>\n<meta property=\"og:locale\" content=\"es_ES\" \/>\n<meta property=\"og:type\" content=\"article\" \/>\n<meta property=\"og:title\" content=\"Bodas de Luto (Mujeres en paisaje de Lorca) - Ediciones Alfar\" \/>\n<meta property=\"og:description\" content=\"El director de cine y televisi\u00f3n Rafael Alc\u00e1zar nos presenta esta magn\u00edfica novela a medio camino entre la ficci\u00f3n, el periodismo y el cine. Una novela en la que se destaca el secuestro de la libertad de las mujeres en el entorno de r\u00edgida autoridad paternal y la fuerte presi\u00f3n social y familiar de las comunidades tradicionales.\" \/>\n<meta property=\"og:url\" content=\"https:\/\/edicionesalfar.es\/es\/producto\/bodas-de-luto-mujeres-en-paisaje-de-lorca\/\" \/>\n<meta property=\"og:site_name\" content=\"Ediciones Alfar\" \/>\n<meta property=\"article:modified_time\" content=\"2022-06-13T09:05:55+00:00\" \/>\n<meta property=\"og:image\" content=\"https:\/\/edicionesalfar.es\/es\/wp-content\/uploads\/2021\/04\/9788478988877_cubierta-1.jpg\" \/>\n\t<meta property=\"og:image:width\" content=\"421\" \/>\n\t<meta property=\"og:image:height\" content=\"595\" \/>\n\t<meta property=\"og:image:type\" content=\"image\/jpeg\" \/>\n<meta name=\"twitter:card\" content=\"summary_large_image\" \/>\n<meta name=\"twitter:label1\" content=\"Tiempo de lectura\" \/>\n\t<meta name=\"twitter:data1\" content=\"2 minutos\" \/>\n<script type=\"application\/ld+json\" class=\"yoast-schema-graph\">{\"@context\":\"https:\\\/\\\/schema.org\",\"@graph\":[{\"@type\":\"WebPage\",\"@id\":\"https:\\\/\\\/edicionesalfar.es\\\/es\\\/producto\\\/bodas-de-luto-mujeres-en-paisaje-de-lorca\\\/\",\"url\":\"https:\\\/\\\/edicionesalfar.es\\\/es\\\/producto\\\/bodas-de-luto-mujeres-en-paisaje-de-lorca\\\/\",\"name\":\"Bodas de Luto (Mujeres en paisaje de Lorca) - Ediciones Alfar\",\"isPartOf\":{\"@id\":\"https:\\\/\\\/edicionesalfar.es\\\/es\\\/#website\"},\"primaryImageOfPage\":{\"@id\":\"https:\\\/\\\/edicionesalfar.es\\\/es\\\/producto\\\/bodas-de-luto-mujeres-en-paisaje-de-lorca\\\/#primaryimage\"},\"image\":{\"@id\":\"https:\\\/\\\/edicionesalfar.es\\\/es\\\/producto\\\/bodas-de-luto-mujeres-en-paisaje-de-lorca\\\/#primaryimage\"},\"thumbnailUrl\":\"https:\\\/\\\/edicionesalfar.es\\\/es\\\/wp-content\\\/uploads\\\/2021\\\/04\\\/9788478988877_cubierta-1.jpg\",\"datePublished\":\"2021-04-15T12:46:03+00:00\",\"dateModified\":\"2022-06-13T09:05:55+00:00\",\"breadcrumb\":{\"@id\":\"https:\\\/\\\/edicionesalfar.es\\\/es\\\/producto\\\/bodas-de-luto-mujeres-en-paisaje-de-lorca\\\/#breadcrumb\"},\"inLanguage\":\"es\",\"potentialAction\":[{\"@type\":\"ReadAction\",\"target\":[\"https:\\\/\\\/edicionesalfar.es\\\/es\\\/producto\\\/bodas-de-luto-mujeres-en-paisaje-de-lorca\\\/\"]}]},{\"@type\":\"ImageObject\",\"inLanguage\":\"es\",\"@id\":\"https:\\\/\\\/edicionesalfar.es\\\/es\\\/producto\\\/bodas-de-luto-mujeres-en-paisaje-de-lorca\\\/#primaryimage\",\"url\":\"https:\\\/\\\/edicionesalfar.es\\\/es\\\/wp-content\\\/uploads\\\/2021\\\/04\\\/9788478988877_cubierta-1.jpg\",\"contentUrl\":\"https:\\\/\\\/edicionesalfar.es\\\/es\\\/wp-content\\\/uploads\\\/2021\\\/04\\\/9788478988877_cubierta-1.jpg\",\"width\":421,\"height\":595},{\"@type\":\"BreadcrumbList\",\"@id\":\"https:\\\/\\\/edicionesalfar.es\\\/es\\\/producto\\\/bodas-de-luto-mujeres-en-paisaje-de-lorca\\\/#breadcrumb\",\"itemListElement\":[{\"@type\":\"ListItem\",\"position\":1,\"name\":\"Portada\",\"item\":\"https:\\\/\\\/edicionesalfar.es\\\/es\\\/\"},{\"@type\":\"ListItem\",\"position\":2,\"name\":\"Cat\u00e1logo\",\"item\":\"https:\\\/\\\/edicionesalfar.es\\\/es\\\/catalogo\\\/\"},{\"@type\":\"ListItem\",\"position\":3,\"name\":\"Bodas de Luto (Mujeres en paisaje de Lorca)\"}]},{\"@type\":\"WebSite\",\"@id\":\"https:\\\/\\\/edicionesalfar.es\\\/es\\\/#website\",\"url\":\"https:\\\/\\\/edicionesalfar.es\\\/es\\\/\",\"name\":\"Ediciones Alfar\",\"description\":\"\",\"potentialAction\":[{\"@type\":\"SearchAction\",\"target\":{\"@type\":\"EntryPoint\",\"urlTemplate\":\"https:\\\/\\\/edicionesalfar.es\\\/es\\\/?s={search_term_string}\"},\"query-input\":{\"@type\":\"PropertyValueSpecification\",\"valueRequired\":true,\"valueName\":\"search_term_string\"}}],\"inLanguage\":\"es\"}]}<\/script>\n<!-- \/ Yoast SEO plugin. -->","yoast_head_json":{"title":"Bodas de Luto (Mujeres en paisaje de Lorca) - Ediciones Alfar","robots":{"index":"index","follow":"follow","max-snippet":"max-snippet:-1","max-image-preview":"max-image-preview:large","max-video-preview":"max-video-preview:-1"},"canonical":"https:\/\/edicionesalfar.es\/es\/producto\/bodas-de-luto-mujeres-en-paisaje-de-lorca\/","og_locale":"es_ES","og_type":"article","og_title":"Bodas de Luto (Mujeres en paisaje de Lorca) - Ediciones Alfar","og_description":"El director de cine y televisi\u00f3n Rafael Alc\u00e1zar nos presenta esta magn\u00edfica novela a medio camino entre la ficci\u00f3n, el periodismo y el cine. Una novela en la que se destaca el secuestro de la libertad de las mujeres en el entorno de r\u00edgida autoridad paternal y la fuerte presi\u00f3n social y familiar de las comunidades tradicionales.","og_url":"https:\/\/edicionesalfar.es\/es\/producto\/bodas-de-luto-mujeres-en-paisaje-de-lorca\/","og_site_name":"Ediciones Alfar","article_modified_time":"2022-06-13T09:05:55+00:00","og_image":[{"width":421,"height":595,"url":"https:\/\/edicionesalfar.es\/es\/wp-content\/uploads\/2021\/04\/9788478988877_cubierta-1.jpg","type":"image\/jpeg"}],"twitter_card":"summary_large_image","twitter_misc":{"Tiempo de lectura":"2 minutos"},"schema":{"@context":"https:\/\/schema.org","@graph":[{"@type":"WebPage","@id":"https:\/\/edicionesalfar.es\/es\/producto\/bodas-de-luto-mujeres-en-paisaje-de-lorca\/","url":"https:\/\/edicionesalfar.es\/es\/producto\/bodas-de-luto-mujeres-en-paisaje-de-lorca\/","name":"Bodas de Luto (Mujeres en paisaje de Lorca) - Ediciones Alfar","isPartOf":{"@id":"https:\/\/edicionesalfar.es\/es\/#website"},"primaryImageOfPage":{"@id":"https:\/\/edicionesalfar.es\/es\/producto\/bodas-de-luto-mujeres-en-paisaje-de-lorca\/#primaryimage"},"image":{"@id":"https:\/\/edicionesalfar.es\/es\/producto\/bodas-de-luto-mujeres-en-paisaje-de-lorca\/#primaryimage"},"thumbnailUrl":"https:\/\/edicionesalfar.es\/es\/wp-content\/uploads\/2021\/04\/9788478988877_cubierta-1.jpg","datePublished":"2021-04-15T12:46:03+00:00","dateModified":"2022-06-13T09:05:55+00:00","breadcrumb":{"@id":"https:\/\/edicionesalfar.es\/es\/producto\/bodas-de-luto-mujeres-en-paisaje-de-lorca\/#breadcrumb"},"inLanguage":"es","potentialAction":[{"@type":"ReadAction","target":["https:\/\/edicionesalfar.es\/es\/producto\/bodas-de-luto-mujeres-en-paisaje-de-lorca\/"]}]},{"@type":"ImageObject","inLanguage":"es","@id":"https:\/\/edicionesalfar.es\/es\/producto\/bodas-de-luto-mujeres-en-paisaje-de-lorca\/#primaryimage","url":"https:\/\/edicionesalfar.es\/es\/wp-content\/uploads\/2021\/04\/9788478988877_cubierta-1.jpg","contentUrl":"https:\/\/edicionesalfar.es\/es\/wp-content\/uploads\/2021\/04\/9788478988877_cubierta-1.jpg","width":421,"height":595},{"@type":"BreadcrumbList","@id":"https:\/\/edicionesalfar.es\/es\/producto\/bodas-de-luto-mujeres-en-paisaje-de-lorca\/#breadcrumb","itemListElement":[{"@type":"ListItem","position":1,"name":"Portada","item":"https:\/\/edicionesalfar.es\/es\/"},{"@type":"ListItem","position":2,"name":"Cat\u00e1logo","item":"https:\/\/edicionesalfar.es\/es\/catalogo\/"},{"@type":"ListItem","position":3,"name":"Bodas de Luto (Mujeres en paisaje de Lorca)"}]},{"@type":"WebSite","@id":"https:\/\/edicionesalfar.es\/es\/#website","url":"https:\/\/edicionesalfar.es\/es\/","name":"Ediciones Alfar","description":"","potentialAction":[{"@type":"SearchAction","target":{"@type":"EntryPoint","urlTemplate":"https:\/\/edicionesalfar.es\/es\/?s={search_term_string}"},"query-input":{"@type":"PropertyValueSpecification","valueRequired":true,"valueName":"search_term_string"}}],"inLanguage":"es"}]}},"_links":{"self":[{"href":"https:\/\/edicionesalfar.es\/es\/wp-json\/wp\/v2\/product\/16970","targetHints":{"allow":["GET"]}}],"collection":[{"href":"https:\/\/edicionesalfar.es\/es\/wp-json\/wp\/v2\/product"}],"about":[{"href":"https:\/\/edicionesalfar.es\/es\/wp-json\/wp\/v2\/types\/product"}],"replies":[{"embeddable":true,"href":"https:\/\/edicionesalfar.es\/es\/wp-json\/wp\/v2\/comments?post=16970"}],"wp:featuredmedia":[{"embeddable":true,"href":"https:\/\/edicionesalfar.es\/es\/wp-json\/wp\/v2\/media\/17107"}],"wp:attachment":[{"href":"https:\/\/edicionesalfar.es\/es\/wp-json\/wp\/v2\/media?parent=16970"}],"wp:term":[{"taxonomy":"product_brand","embeddable":true,"href":"https:\/\/edicionesalfar.es\/es\/wp-json\/wp\/v2\/product_brand?post=16970"},{"taxonomy":"product_cat","embeddable":true,"href":"https:\/\/edicionesalfar.es\/es\/wp-json\/wp\/v2\/product_cat?post=16970"},{"taxonomy":"product_tag","embeddable":true,"href":"https:\/\/edicionesalfar.es\/es\/wp-json\/wp\/v2\/product_tag?post=16970"}],"curies":[{"name":"wp","href":"https:\/\/api.w.org\/{rel}","templated":true}]}}