{"id":16712,"date":"2021-02-23T12:54:52","date_gmt":"2021-02-23T11:54:52","guid":{"rendered":"https:\/\/www.edicionesalfar.es\/es\/?post_type=product&#038;p=16712"},"modified":"2024-12-19T11:30:18","modified_gmt":"2024-12-19T10:30:18","slug":"paco-el-de-la-columna-cartas-a-amalia","status":"publish","type":"product","link":"https:\/\/edicionesalfar.es\/es\/producto\/paco-el-de-la-columna-cartas-a-amalia\/","title":{"rendered":"Paco el de la Columna. Cartas a Amalia. 2\u00aa Edici\u00f3n"},"content":{"rendered":"<p><span style=\"color: #000000;\">\u201cLas primeras horas de partida se hacen eternas y la noche infinita. Es muy dif\u00edcil mantener la calma cuando <\/span><span style=\"color: #000000;\">sabes que la muerte puede estar detr\u00e1s de cualquier esquina; tras una roca, a campo abierto o en una palabra <\/span><span style=\"color: #000000;\">traicionera. Paco coge de su bolsillo el \u00faltimo de los sobres peque\u00f1os que llevaba; lo abre en canal y lo parte <\/span><span style=\"color: #000000;\">por la mitad. Demasiadas palabras, instrucciones, advertencias, consejos para tan escaso papel. Letras que se <\/span><span style=\"color: #000000;\">imponen a la emoci\u00f3n y que desaf\u00edan el equilibrio para entrar todas juntas, abigarradas en un espacio para <\/span><span style=\"color: #000000;\">el que no estaban concebidas\u201d.<\/span><br \/>\n<span style=\"color: #000000;\">El autor de esta cr\u00f3nica novelada rastrea la vida de Paco el de la Columna y sus \u00faltimas horas antes de desaparecer. <\/span><span style=\"color: #000000;\">Se respira la vida del protagonista, la de Jerez de los Caballeros y la de tantos hombres y mujeres que <\/span><span style=\"color: #000000;\">vieron truncado su futuro como resultado de la violencia, el fanatismo y la p\u00e9rdida del respeto mutuo entre <\/span><span style=\"color: #000000;\">seres humanos. Investigaci\u00f3n, conversaciones, registros documentales, fotograf\u00edas, testimonios producen <\/span><span style=\"color: #000000;\">una extra\u00f1a forma de saber qu\u00e9 pudo haber pasado. Pero nada comparable a las turbadoras y \u00faltimas cartas <\/span><span style=\"color: #000000;\">de Paco a Amalia, su mujer.<\/span><\/p>\n<p><span style=\"color: #000000;\"><img decoding=\"async\" class=\"wp-image-16713 alignleft\" src=\"https:\/\/edicionesalfar.es\/es\/wp-content\/uploads\/2021\/02\/IMG_1321-2-300x200.jpg\" alt=\"\" width=\"232\" height=\"131\" \/>Paco Oliver. Naci\u00f3 en Sevilla el 21 de abril de 1964. Casado y padre de dos hijos. Periodista, Licenciado en Ciencias de la <\/span><span style=\"color: #000000;\">Informaci\u00f3n por la Universidad Complutense de Madrid en 1987. Ha desarrollado su carrera profesional en <\/span><span style=\"color: #000000;\">diferentes empresas y medios de comunicaci\u00f3n, principalmente en Canal Sur Televisi\u00f3n, donde trabaja en la <\/span><span style=\"color: #000000;\">actualidad.<\/span><br \/>\n<span style=\"color: #000000;\">Reportajes, cr\u00f3nicas, art\u00edculos, guiones forman parte de su d\u00eda a d\u00eda a lo largo de su trayectoria, que ha ido <\/span><span style=\"color: #000000;\">compaginado con la escritura de relatos de ficci\u00f3n.<\/span><br \/>\n<span style=\"color: #000000;\"><em>Paco el de La Columna. Cartas a Amalia<\/em> es su primera publicaci\u00f3n en un g\u00e9nero que mezcla la novela con la <\/span><span style=\"color: #000000;\">cr\u00f3nica period\u00edstica y el relato documental.<\/span><br \/>\n<span style=\"color: #000000;\">Un trabajo en el que confluyen su pasi\u00f3n por escribir, la curiosidad de la que qued\u00f3 prendido siendo muy <\/span><span style=\"color: #000000;\">joven, el compromiso por rescatar la memoria enterrada en el olvido y el amor a la <\/span><span style=\"color: #000000;\">familia.<\/span><\/p>\n","protected":false},"excerpt":{"rendered":"<p><span style=\"color: #000000;\">Paco el de La Columna no es solo un nombre al que acompa\u00f1a un apodo contundente, es una figura extraviada en la memoria de la sociedad donde creci\u00f3 y progres\u00f3 hasta desaparecer. Es la voz huida y silenciada en el tiempo; la letra <\/span><span style=\"color: #000000;\">urgente escrita en pedazos de papel que han de soportar un cat\u00e1logo apresurado de recomendaciones, instrucciones y sentimientos. La mano que espera Amalia cada noche cuando se retira a leer una y otra vez sus cartas.<\/span><br \/>\n<span style=\"color: #000000;\">Este libro, escrito (e investigado) magistralmente por Paco Oliver, recuperar su figura, su trabajo, sus viajes, su vida, <\/span><span style=\"color: #000000;\">en definitiva, es de justicia y una forma de reparar desasosiego y desconsuelo.<\/span><\/p>\n","protected":false},"featured_media":120920,"comment_status":"closed","ping_status":"closed","template":"","meta":{"_acf_changed":false,"_et_pb_use_builder":"","_et_pb_old_content":"","_et_gb_content_width":""},"product_brand":[],"product_cat":[376,606,47],"product_tag":[310],"class_list":{"0":"post-16712","1":"product","2":"type-product","3":"status-publish","4":"has-post-thumbnail","6":"product_cat-autores","7":"product_cat-oliver-paco","8":"product_cat-otras-narrativas","9":"product_tag-guerra-civil-victimas-amor-huida-represeion-memoria-historica","11":"first","12":"instock","13":"sale","14":"taxable","15":"shipping-taxable","16":"purchasable","17":"product-type-simple"},"acf":[],"yoast_head":"<!-- This site is optimized with the Yoast SEO plugin v27.4 - https:\/\/yoast.com\/product\/yoast-seo-wordpress\/ -->\n<title>Paco el de la Columna. Cartas a Amalia. 2\u00aa Edici\u00f3n - Ediciones Alfar<\/title>\n<meta name=\"robots\" content=\"index, follow, max-snippet:-1, max-image-preview:large, max-video-preview:-1\" \/>\n<link rel=\"canonical\" href=\"https:\/\/edicionesalfar.es\/es\/producto\/paco-el-de-la-columna-cartas-a-amalia\/\" \/>\n<meta property=\"og:locale\" content=\"es_ES\" \/>\n<meta property=\"og:type\" content=\"article\" \/>\n<meta property=\"og:title\" content=\"Paco el de la Columna. Cartas a Amalia. 2\u00aa Edici\u00f3n - Ediciones Alfar\" \/>\n<meta property=\"og:description\" content=\"Paco el de La Columna no es solo un nombre al que acompa\u00f1a un apodo contundente, es una figura extraviada en la memoria de la sociedad donde creci\u00f3 y progres\u00f3 hasta desaparecer. Es la voz huida y silenciada en el tiempo; la letra urgente escrita en pedazos de papel que han de soportar un cat\u00e1logo apresurado de recomendaciones, instrucciones y sentimientos. La mano que espera Amalia cada noche cuando se retira a leer una y otra vez sus cartas. Este libro, escrito (e investigado) magistralmente por Paco Oliver, recuperar su figura, su trabajo, sus viajes, su vida, en definitiva, es de justicia y una forma de reparar desasosiego y desconsuelo.\" \/>\n<meta property=\"og:url\" content=\"https:\/\/edicionesalfar.es\/es\/producto\/paco-el-de-la-columna-cartas-a-amalia\/\" \/>\n<meta property=\"og:site_name\" content=\"Ediciones Alfar\" \/>\n<meta property=\"article:modified_time\" content=\"2024-12-19T10:30:18+00:00\" \/>\n<meta property=\"og:image\" content=\"https:\/\/edicionesalfar.es\/es\/wp-content\/uploads\/2021\/02\/Cubierta-Paco-el-de-la-columna-2a-edicion-imprenta-ok.jpg\" \/>\n\t<meta property=\"og:image:width\" content=\"750\" \/>\n\t<meta property=\"og:image:height\" content=\"1244\" \/>\n\t<meta property=\"og:image:type\" content=\"image\/jpeg\" \/>\n<meta name=\"twitter:card\" content=\"summary_large_image\" \/>\n<meta name=\"twitter:label1\" content=\"Tiempo de lectura\" \/>\n\t<meta name=\"twitter:data1\" content=\"2 minutos\" \/>\n<script type=\"application\/ld+json\" class=\"yoast-schema-graph\">{\"@context\":\"https:\\\/\\\/schema.org\",\"@graph\":[{\"@type\":\"WebPage\",\"@id\":\"https:\\\/\\\/edicionesalfar.es\\\/es\\\/producto\\\/paco-el-de-la-columna-cartas-a-amalia\\\/\",\"url\":\"https:\\\/\\\/edicionesalfar.es\\\/es\\\/producto\\\/paco-el-de-la-columna-cartas-a-amalia\\\/\",\"name\":\"Paco el de la Columna. Cartas a Amalia. 2\u00aa Edici\u00f3n - Ediciones Alfar\",\"isPartOf\":{\"@id\":\"https:\\\/\\\/edicionesalfar.es\\\/es\\\/#website\"},\"primaryImageOfPage\":{\"@id\":\"https:\\\/\\\/edicionesalfar.es\\\/es\\\/producto\\\/paco-el-de-la-columna-cartas-a-amalia\\\/#primaryimage\"},\"image\":{\"@id\":\"https:\\\/\\\/edicionesalfar.es\\\/es\\\/producto\\\/paco-el-de-la-columna-cartas-a-amalia\\\/#primaryimage\"},\"thumbnailUrl\":\"https:\\\/\\\/edicionesalfar.es\\\/es\\\/wp-content\\\/uploads\\\/2021\\\/02\\\/Cubierta-Paco-el-de-la-columna-2a-edicion-imprenta-ok.jpg\",\"datePublished\":\"2021-02-23T11:54:52+00:00\",\"dateModified\":\"2024-12-19T10:30:18+00:00\",\"breadcrumb\":{\"@id\":\"https:\\\/\\\/edicionesalfar.es\\\/es\\\/producto\\\/paco-el-de-la-columna-cartas-a-amalia\\\/#breadcrumb\"},\"inLanguage\":\"es\",\"potentialAction\":[{\"@type\":\"ReadAction\",\"target\":[\"https:\\\/\\\/edicionesalfar.es\\\/es\\\/producto\\\/paco-el-de-la-columna-cartas-a-amalia\\\/\"]}]},{\"@type\":\"ImageObject\",\"inLanguage\":\"es\",\"@id\":\"https:\\\/\\\/edicionesalfar.es\\\/es\\\/producto\\\/paco-el-de-la-columna-cartas-a-amalia\\\/#primaryimage\",\"url\":\"https:\\\/\\\/edicionesalfar.es\\\/es\\\/wp-content\\\/uploads\\\/2021\\\/02\\\/Cubierta-Paco-el-de-la-columna-2a-edicion-imprenta-ok.jpg\",\"contentUrl\":\"https:\\\/\\\/edicionesalfar.es\\\/es\\\/wp-content\\\/uploads\\\/2021\\\/02\\\/Cubierta-Paco-el-de-la-columna-2a-edicion-imprenta-ok.jpg\",\"width\":750,\"height\":1244},{\"@type\":\"BreadcrumbList\",\"@id\":\"https:\\\/\\\/edicionesalfar.es\\\/es\\\/producto\\\/paco-el-de-la-columna-cartas-a-amalia\\\/#breadcrumb\",\"itemListElement\":[{\"@type\":\"ListItem\",\"position\":1,\"name\":\"Portada\",\"item\":\"https:\\\/\\\/edicionesalfar.es\\\/es\\\/\"},{\"@type\":\"ListItem\",\"position\":2,\"name\":\"Cat\u00e1logo\",\"item\":\"https:\\\/\\\/edicionesalfar.es\\\/es\\\/catalogo\\\/\"},{\"@type\":\"ListItem\",\"position\":3,\"name\":\"Paco el de la Columna. Cartas a Amalia. 2\u00aa Edici\u00f3n\"}]},{\"@type\":\"WebSite\",\"@id\":\"https:\\\/\\\/edicionesalfar.es\\\/es\\\/#website\",\"url\":\"https:\\\/\\\/edicionesalfar.es\\\/es\\\/\",\"name\":\"Ediciones Alfar\",\"description\":\"\",\"potentialAction\":[{\"@type\":\"SearchAction\",\"target\":{\"@type\":\"EntryPoint\",\"urlTemplate\":\"https:\\\/\\\/edicionesalfar.es\\\/es\\\/?s={search_term_string}\"},\"query-input\":{\"@type\":\"PropertyValueSpecification\",\"valueRequired\":true,\"valueName\":\"search_term_string\"}}],\"inLanguage\":\"es\"}]}<\/script>\n<!-- \/ Yoast SEO plugin. -->","yoast_head_json":{"title":"Paco el de la Columna. Cartas a Amalia. 2\u00aa Edici\u00f3n - Ediciones Alfar","robots":{"index":"index","follow":"follow","max-snippet":"max-snippet:-1","max-image-preview":"max-image-preview:large","max-video-preview":"max-video-preview:-1"},"canonical":"https:\/\/edicionesalfar.es\/es\/producto\/paco-el-de-la-columna-cartas-a-amalia\/","og_locale":"es_ES","og_type":"article","og_title":"Paco el de la Columna. Cartas a Amalia. 2\u00aa Edici\u00f3n - Ediciones Alfar","og_description":"Paco el de La Columna no es solo un nombre al que acompa\u00f1a un apodo contundente, es una figura extraviada en la memoria de la sociedad donde creci\u00f3 y progres\u00f3 hasta desaparecer. Es la voz huida y silenciada en el tiempo; la letra urgente escrita en pedazos de papel que han de soportar un cat\u00e1logo apresurado de recomendaciones, instrucciones y sentimientos. La mano que espera Amalia cada noche cuando se retira a leer una y otra vez sus cartas. Este libro, escrito (e investigado) magistralmente por Paco Oliver, recuperar su figura, su trabajo, sus viajes, su vida, en definitiva, es de justicia y una forma de reparar desasosiego y desconsuelo.","og_url":"https:\/\/edicionesalfar.es\/es\/producto\/paco-el-de-la-columna-cartas-a-amalia\/","og_site_name":"Ediciones Alfar","article_modified_time":"2024-12-19T10:30:18+00:00","og_image":[{"width":750,"height":1244,"url":"https:\/\/edicionesalfar.es\/es\/wp-content\/uploads\/2021\/02\/Cubierta-Paco-el-de-la-columna-2a-edicion-imprenta-ok.jpg","type":"image\/jpeg"}],"twitter_card":"summary_large_image","twitter_misc":{"Tiempo de lectura":"2 minutos"},"schema":{"@context":"https:\/\/schema.org","@graph":[{"@type":"WebPage","@id":"https:\/\/edicionesalfar.es\/es\/producto\/paco-el-de-la-columna-cartas-a-amalia\/","url":"https:\/\/edicionesalfar.es\/es\/producto\/paco-el-de-la-columna-cartas-a-amalia\/","name":"Paco el de la Columna. Cartas a Amalia. 2\u00aa Edici\u00f3n - Ediciones Alfar","isPartOf":{"@id":"https:\/\/edicionesalfar.es\/es\/#website"},"primaryImageOfPage":{"@id":"https:\/\/edicionesalfar.es\/es\/producto\/paco-el-de-la-columna-cartas-a-amalia\/#primaryimage"},"image":{"@id":"https:\/\/edicionesalfar.es\/es\/producto\/paco-el-de-la-columna-cartas-a-amalia\/#primaryimage"},"thumbnailUrl":"https:\/\/edicionesalfar.es\/es\/wp-content\/uploads\/2021\/02\/Cubierta-Paco-el-de-la-columna-2a-edicion-imprenta-ok.jpg","datePublished":"2021-02-23T11:54:52+00:00","dateModified":"2024-12-19T10:30:18+00:00","breadcrumb":{"@id":"https:\/\/edicionesalfar.es\/es\/producto\/paco-el-de-la-columna-cartas-a-amalia\/#breadcrumb"},"inLanguage":"es","potentialAction":[{"@type":"ReadAction","target":["https:\/\/edicionesalfar.es\/es\/producto\/paco-el-de-la-columna-cartas-a-amalia\/"]}]},{"@type":"ImageObject","inLanguage":"es","@id":"https:\/\/edicionesalfar.es\/es\/producto\/paco-el-de-la-columna-cartas-a-amalia\/#primaryimage","url":"https:\/\/edicionesalfar.es\/es\/wp-content\/uploads\/2021\/02\/Cubierta-Paco-el-de-la-columna-2a-edicion-imprenta-ok.jpg","contentUrl":"https:\/\/edicionesalfar.es\/es\/wp-content\/uploads\/2021\/02\/Cubierta-Paco-el-de-la-columna-2a-edicion-imprenta-ok.jpg","width":750,"height":1244},{"@type":"BreadcrumbList","@id":"https:\/\/edicionesalfar.es\/es\/producto\/paco-el-de-la-columna-cartas-a-amalia\/#breadcrumb","itemListElement":[{"@type":"ListItem","position":1,"name":"Portada","item":"https:\/\/edicionesalfar.es\/es\/"},{"@type":"ListItem","position":2,"name":"Cat\u00e1logo","item":"https:\/\/edicionesalfar.es\/es\/catalogo\/"},{"@type":"ListItem","position":3,"name":"Paco el de la Columna. Cartas a Amalia. 2\u00aa Edici\u00f3n"}]},{"@type":"WebSite","@id":"https:\/\/edicionesalfar.es\/es\/#website","url":"https:\/\/edicionesalfar.es\/es\/","name":"Ediciones Alfar","description":"","potentialAction":[{"@type":"SearchAction","target":{"@type":"EntryPoint","urlTemplate":"https:\/\/edicionesalfar.es\/es\/?s={search_term_string}"},"query-input":{"@type":"PropertyValueSpecification","valueRequired":true,"valueName":"search_term_string"}}],"inLanguage":"es"}]}},"_links":{"self":[{"href":"https:\/\/edicionesalfar.es\/es\/wp-json\/wp\/v2\/product\/16712","targetHints":{"allow":["GET"]}}],"collection":[{"href":"https:\/\/edicionesalfar.es\/es\/wp-json\/wp\/v2\/product"}],"about":[{"href":"https:\/\/edicionesalfar.es\/es\/wp-json\/wp\/v2\/types\/product"}],"replies":[{"embeddable":true,"href":"https:\/\/edicionesalfar.es\/es\/wp-json\/wp\/v2\/comments?post=16712"}],"wp:featuredmedia":[{"embeddable":true,"href":"https:\/\/edicionesalfar.es\/es\/wp-json\/wp\/v2\/media\/120920"}],"wp:attachment":[{"href":"https:\/\/edicionesalfar.es\/es\/wp-json\/wp\/v2\/media?parent=16712"}],"wp:term":[{"taxonomy":"product_brand","embeddable":true,"href":"https:\/\/edicionesalfar.es\/es\/wp-json\/wp\/v2\/product_brand?post=16712"},{"taxonomy":"product_cat","embeddable":true,"href":"https:\/\/edicionesalfar.es\/es\/wp-json\/wp\/v2\/product_cat?post=16712"},{"taxonomy":"product_tag","embeddable":true,"href":"https:\/\/edicionesalfar.es\/es\/wp-json\/wp\/v2\/product_tag?post=16712"}],"curies":[{"name":"wp","href":"https:\/\/api.w.org\/{rel}","templated":true}]}}