{"id":14636,"date":"2019-07-11T05:57:09","date_gmt":"2019-07-11T05:57:09","guid":{"rendered":"http:\/\/www.edicionesalfar.es\/web-wordpress\/?post_type=product\\&#032;p="},"modified":"-0001-11-30T00:00:00","modified_gmt":"-0001-11-29T22:00:00","slug":"las-aventuras-de-tueli-2-el-robo-de-la-corona","status":"publish","type":"product","link":"https:\/\/edicionesalfar.es\/es\/producto\/las-aventuras-de-tueli-2-el-robo-de-la-corona\/","title":{"rendered":"Las aventuras de Tueli 2. El robo de la corona"},"content":{"rendered":"<p style=\"margin: 0px 0px 1.5em; padding-left: 0px; font-size: 12px; line-height: 18px; color: #656565; font-family: sans-serif; font-style: normal; text-align: justify;\">CONTENIDO:\u00a0El libro\u00a0Las aventuras de Tueli\u00a0es el texto resultante de un proyecto de investigacion y de desarrollo lector. para ni\u00f1@s de Primaria. Es el producto de un proyecto escolar de casi dos a\u00f1os.<\/p>\n<p style=\"margin: 0px 0px 1.5em; padding-left: 0px; font-size: 12px; line-height: 18px; color: #656565; font-family: sans-serif; font-style: normal; text-align: justify;\">Encontrar\u00e1s m\u00e1s de 170 preguntas y otras actividades repartidas por los cap\u00edtulos del libro. No s\u00f3lo de comprensi\u00f3n literal sino inferencial y cr\u00edtica.<\/p>\n<p style=\"margin: 0px 0px 1.5em; padding-left: 0px; font-size: 12px; line-height: 18px; color: #656565; font-family: sans-serif; font-style: normal; text-align: justify;\">El proyecto ha sido premiado como \u00abExperiencia del a\u00f1o\u00bb en el portal educativo Compartimos la clase.<\/p>\n<p style=\"margin: 0px 0px 1.5em; padding-left: 0px; font-size: 12px; line-height: 18px; color: #656565; font-family: sans-serif; font-style: normal; text-align: justify;\">Desarrolla la Comprensi\u00f3n Lectora de una manera amena y l\u00fadica ense\u00f1ando valores al joven lector. Descubrir\u00e1 la Fantas\u00eda cl\u00e1sica en este libro.<\/p>\n<p style=\"margin: 0px 0px 1.5em; padding-left: 0px; font-size: 12px; line-height: 18px; color: #656565; font-family: sans-serif; font-style: normal; text-align: justify;\">La fiesta m\u00e1s importante del a\u00f1o est\u00e1 a punto de celebrarse.<\/p>\n<p style=\"margin: 0px 0px 1.5em; padding-left: 0px; font-size: 12px; line-height: 18px; color: #656565; font-family: sans-serif; font-style: normal; text-align: justify;\">Es el cumplea\u00f1os del Rey.<\/p>\n<p style=\"margin: 0px 0px 1.5em; padding-left: 0px; font-size: 12px; line-height: 18px; color: #656565; font-family: sans-serif; font-style: normal; text-align: justify;\">Todo est\u00e1 listo para la gran fiesta pero un terrible suceso ha revolucionado la vida en el castillo.<\/p>\n<p style=\"margin: 0px 0px 1.5em; padding-left: 0px; font-size: 12px; line-height: 18px; color: #656565; font-family: sans-serif; font-style: normal; text-align: justify;\">Tueli y su amigo Marcus volver\u00e1n a vivir una nueva y apasionante aventura para descubrir qui\u00e9n pudo cometer tan alta traici\u00f3n.. La corona del Rey ha desaparecido de forma misteriosa&#8230;<\/p>\n<p style=\"margin: 0px 0px 1.5em; padding-left: 0px; font-size: 12px; line-height: 18px; color: #656565; font-family: sans-serif; font-style: normal; text-align: justify;\">AUTOR:\u00a0Manuel Luis S\u00e1nchez Montero, maestro de profesi\u00f3n, ha publicado varias investigaciones de car\u00e1cter docente en el \u00e1mbito de las TIC y la literatura infantil.<\/p>\n<p style=\"margin: 0px 0px 1.5em; padding-left: 0px; font-size: 12px; line-height: 18px; color: #656565; font-family: sans-serif; font-style: normal; text-align: justify;\">Autor de varios libros como Guerra de Picos (Finalista en el Premio Internacional de Cuentos \u201cLa Pereza 2013\u201d), Puedes Hacerlo (Diploma en el concurso literario \u201cDiario de Mujeres\u201d), Cuentos de aventuras cl\u00e1sicos, etc.<\/p>\n<p style=\"margin: 0px 0px 1.5em; padding-left: 0px; font-size: 12px; line-height: 18px; color: #656565; font-family: sans-serif; font-style: normal; text-align: justify;\">Ha sido premiado con el sello Experiencia del A\u00f1o por el portal educativo Compartimos la clase y con el premio \u00abEl juego en la escuela\u00bb de la Fundaci\u00f3n Crecer Jugando.<\/p>\n<p style=\"margin: 0px 0px 1.5em; padding-left: 0px; font-size: 12px; line-height: 18px; color: #656565; font-family: sans-serif; font-style: normal; text-align: justify;\">La saga Las aventuras de Tueli le llev\u00f3 a conseguir el premio \u00abAutor revelaci\u00f3n 2014\u00bb por la revista cultural LiteraJuegos.<\/p>\n<p style=\"margin: 0px 0px 1.5em; padding-left: 0px; font-size: 12px; line-height: 18px; color: #656565; font-family: sans-serif; font-style: normal; text-align: justify;\">En la actualidad imparte clases de Educaci\u00f3n Primaria en la localidad sevillana de Marchena y escribe recomendaciones de literatura infantil y de pr\u00e1ctica docente en su web\u00a0www.elmaestromanu.com<\/p>\n","protected":false},"excerpt":{"rendered":"<p><span style=\"margin: 0px; padding: 0px; color: #656565; font-family: sans-serif; line-height: 18px; font-size: 12pt;\">Segundo volumen de las aventuras&nbsp;<\/span><span style=\"margin: 0px; padding: 0px; color: #656565; font-family: sans-serif; line-height: 18px; font-size: 12pt;\">de Tueli. Ella y Marcus emprender&aacute;n otra gran aventura&nbsp;<\/span><span style=\"margin: 0px; padding: 0px; color: #656565; font-family: sans-serif; line-height: 18px; font-size: 12pt;\">para averiguar qui&eacute;n ha podido robar el objeto m&aacute;s&nbsp;<\/span><span style=\"margin: 0px; padding: 0px; color: #656565; font-family: sans-serif; line-height: 18px; font-size: 12pt;\">valioso del reino.<\/span><\/p>\n","protected":false},"featured_media":14637,"comment_status":"open","ping_status":"open","template":"","meta":{"_acf_changed":false,"_et_pb_use_builder":"","_et_pb_old_content":"","_et_gb_content_width":""},"product_brand":[],"product_cat":[32],"product_tag":[],"class_list":{"0":"post-14636","1":"product","2":"type-product","3":"status-publish","4":"has-post-thumbnail","6":"product_cat-infantil-juvenil","8":"first","9":"instock","10":"taxable","11":"shipping-taxable","12":"purchasable","13":"product-type-simple"},"acf":[],"yoast_head":"<!-- This site is optimized with the Yoast SEO plugin v27.5 - https:\/\/yoast.com\/product\/yoast-seo-wordpress\/ -->\n<title>Las aventuras de Tueli 2. El robo de la corona - Ediciones Alfar<\/title>\n<meta name=\"robots\" content=\"index, follow, max-snippet:-1, max-image-preview:large, max-video-preview:-1\" \/>\n<link rel=\"canonical\" href=\"https:\/\/edicionesalfar.es\/es\/producto\/las-aventuras-de-tueli-2-el-robo-de-la-corona\/\" \/>\n<meta property=\"og:locale\" content=\"es_ES\" \/>\n<meta property=\"og:type\" content=\"article\" \/>\n<meta property=\"og:title\" content=\"Las aventuras de Tueli 2. El robo de la corona - Ediciones Alfar\" \/>\n<meta property=\"og:description\" content=\"Segundo volumen de las aventuras&nbsp;de Tueli. Ella y Marcus emprender&aacute;n otra gran aventura&nbsp;para averiguar qui&eacute;n ha podido robar el objeto m&aacute;s&nbsp;valioso del reino.\" \/>\n<meta property=\"og:url\" content=\"https:\/\/edicionesalfar.es\/es\/producto\/las-aventuras-de-tueli-2-el-robo-de-la-corona\/\" \/>\n<meta property=\"og:site_name\" content=\"Ediciones Alfar\" \/>\n<meta property=\"og:image\" content=\"https:\/\/edicionesalfar.es\/es\/wp-content\/uploads\/2019\/05\/9788478986293_tueli2.jpg\" \/>\n\t<meta property=\"og:image:width\" content=\"1\" \/>\n\t<meta property=\"og:image:height\" content=\"1\" \/>\n\t<meta property=\"og:image:type\" content=\"image\/jpeg\" \/>\n<meta name=\"twitter:card\" content=\"summary_large_image\" \/>\n<meta name=\"twitter:label1\" content=\"Tiempo de lectura\" \/>\n\t<meta name=\"twitter:data1\" content=\"2 minutos\" \/>\n<script type=\"application\/ld+json\" class=\"yoast-schema-graph\">{\"@context\":\"https:\\\/\\\/schema.org\",\"@graph\":[{\"@type\":\"WebPage\",\"@id\":\"https:\\\/\\\/edicionesalfar.es\\\/es\\\/producto\\\/las-aventuras-de-tueli-2-el-robo-de-la-corona\\\/\",\"url\":\"https:\\\/\\\/edicionesalfar.es\\\/es\\\/producto\\\/las-aventuras-de-tueli-2-el-robo-de-la-corona\\\/\",\"name\":\"Las aventuras de Tueli 2. El robo de la corona - Ediciones Alfar\",\"isPartOf\":{\"@id\":\"https:\\\/\\\/edicionesalfar.es\\\/es\\\/#website\"},\"primaryImageOfPage\":{\"@id\":\"https:\\\/\\\/edicionesalfar.es\\\/es\\\/producto\\\/las-aventuras-de-tueli-2-el-robo-de-la-corona\\\/#primaryimage\"},\"image\":{\"@id\":\"https:\\\/\\\/edicionesalfar.es\\\/es\\\/producto\\\/las-aventuras-de-tueli-2-el-robo-de-la-corona\\\/#primaryimage\"},\"thumbnailUrl\":\"https:\\\/\\\/edicionesalfar.es\\\/es\\\/wp-content\\\/uploads\\\/2019\\\/05\\\/9788478986293_tueli2.jpg\",\"datePublished\":\"2019-07-11T05:57:09+00:00\",\"breadcrumb\":{\"@id\":\"https:\\\/\\\/edicionesalfar.es\\\/es\\\/producto\\\/las-aventuras-de-tueli-2-el-robo-de-la-corona\\\/#breadcrumb\"},\"inLanguage\":\"es\",\"potentialAction\":[{\"@type\":\"ReadAction\",\"target\":[\"https:\\\/\\\/edicionesalfar.es\\\/es\\\/producto\\\/las-aventuras-de-tueli-2-el-robo-de-la-corona\\\/\"]}]},{\"@type\":\"ImageObject\",\"inLanguage\":\"es\",\"@id\":\"https:\\\/\\\/edicionesalfar.es\\\/es\\\/producto\\\/las-aventuras-de-tueli-2-el-robo-de-la-corona\\\/#primaryimage\",\"url\":\"https:\\\/\\\/edicionesalfar.es\\\/es\\\/wp-content\\\/uploads\\\/2019\\\/05\\\/9788478986293_tueli2.jpg\",\"contentUrl\":\"https:\\\/\\\/edicionesalfar.es\\\/es\\\/wp-content\\\/uploads\\\/2019\\\/05\\\/9788478986293_tueli2.jpg\"},{\"@type\":\"BreadcrumbList\",\"@id\":\"https:\\\/\\\/edicionesalfar.es\\\/es\\\/producto\\\/las-aventuras-de-tueli-2-el-robo-de-la-corona\\\/#breadcrumb\",\"itemListElement\":[{\"@type\":\"ListItem\",\"position\":1,\"name\":\"Portada\",\"item\":\"https:\\\/\\\/edicionesalfar.es\\\/es\\\/\"},{\"@type\":\"ListItem\",\"position\":2,\"name\":\"Cat\u00e1logo\",\"item\":\"https:\\\/\\\/edicionesalfar.es\\\/es\\\/catalogo\\\/\"},{\"@type\":\"ListItem\",\"position\":3,\"name\":\"Las aventuras de Tueli 2. El robo de la corona\"}]},{\"@type\":\"WebSite\",\"@id\":\"https:\\\/\\\/edicionesalfar.es\\\/es\\\/#website\",\"url\":\"https:\\\/\\\/edicionesalfar.es\\\/es\\\/\",\"name\":\"Ediciones Alfar\",\"description\":\"\",\"potentialAction\":[{\"@type\":\"SearchAction\",\"target\":{\"@type\":\"EntryPoint\",\"urlTemplate\":\"https:\\\/\\\/edicionesalfar.es\\\/es\\\/?s={search_term_string}\"},\"query-input\":{\"@type\":\"PropertyValueSpecification\",\"valueRequired\":true,\"valueName\":\"search_term_string\"}}],\"inLanguage\":\"es\"}]}<\/script>\n<!-- \/ Yoast SEO plugin. -->","yoast_head_json":{"title":"Las aventuras de Tueli 2. El robo de la corona - Ediciones Alfar","robots":{"index":"index","follow":"follow","max-snippet":"max-snippet:-1","max-image-preview":"max-image-preview:large","max-video-preview":"max-video-preview:-1"},"canonical":"https:\/\/edicionesalfar.es\/es\/producto\/las-aventuras-de-tueli-2-el-robo-de-la-corona\/","og_locale":"es_ES","og_type":"article","og_title":"Las aventuras de Tueli 2. El robo de la corona - Ediciones Alfar","og_description":"Segundo volumen de las aventuras&nbsp;de Tueli. Ella y Marcus emprender&aacute;n otra gran aventura&nbsp;para averiguar qui&eacute;n ha podido robar el objeto m&aacute;s&nbsp;valioso del reino.","og_url":"https:\/\/edicionesalfar.es\/es\/producto\/las-aventuras-de-tueli-2-el-robo-de-la-corona\/","og_site_name":"Ediciones Alfar","og_image":[{"url":"https:\/\/edicionesalfar.es\/es\/wp-content\/uploads\/2019\/05\/9788478986293_tueli2.jpg","width":1,"height":1,"type":"image\/jpeg"}],"twitter_card":"summary_large_image","twitter_misc":{"Tiempo de lectura":"2 minutos"},"schema":{"@context":"https:\/\/schema.org","@graph":[{"@type":"WebPage","@id":"https:\/\/edicionesalfar.es\/es\/producto\/las-aventuras-de-tueli-2-el-robo-de-la-corona\/","url":"https:\/\/edicionesalfar.es\/es\/producto\/las-aventuras-de-tueli-2-el-robo-de-la-corona\/","name":"Las aventuras de Tueli 2. El robo de la corona - Ediciones Alfar","isPartOf":{"@id":"https:\/\/edicionesalfar.es\/es\/#website"},"primaryImageOfPage":{"@id":"https:\/\/edicionesalfar.es\/es\/producto\/las-aventuras-de-tueli-2-el-robo-de-la-corona\/#primaryimage"},"image":{"@id":"https:\/\/edicionesalfar.es\/es\/producto\/las-aventuras-de-tueli-2-el-robo-de-la-corona\/#primaryimage"},"thumbnailUrl":"https:\/\/edicionesalfar.es\/es\/wp-content\/uploads\/2019\/05\/9788478986293_tueli2.jpg","datePublished":"2019-07-11T05:57:09+00:00","breadcrumb":{"@id":"https:\/\/edicionesalfar.es\/es\/producto\/las-aventuras-de-tueli-2-el-robo-de-la-corona\/#breadcrumb"},"inLanguage":"es","potentialAction":[{"@type":"ReadAction","target":["https:\/\/edicionesalfar.es\/es\/producto\/las-aventuras-de-tueli-2-el-robo-de-la-corona\/"]}]},{"@type":"ImageObject","inLanguage":"es","@id":"https:\/\/edicionesalfar.es\/es\/producto\/las-aventuras-de-tueli-2-el-robo-de-la-corona\/#primaryimage","url":"https:\/\/edicionesalfar.es\/es\/wp-content\/uploads\/2019\/05\/9788478986293_tueli2.jpg","contentUrl":"https:\/\/edicionesalfar.es\/es\/wp-content\/uploads\/2019\/05\/9788478986293_tueli2.jpg"},{"@type":"BreadcrumbList","@id":"https:\/\/edicionesalfar.es\/es\/producto\/las-aventuras-de-tueli-2-el-robo-de-la-corona\/#breadcrumb","itemListElement":[{"@type":"ListItem","position":1,"name":"Portada","item":"https:\/\/edicionesalfar.es\/es\/"},{"@type":"ListItem","position":2,"name":"Cat\u00e1logo","item":"https:\/\/edicionesalfar.es\/es\/catalogo\/"},{"@type":"ListItem","position":3,"name":"Las aventuras de Tueli 2. El robo de la corona"}]},{"@type":"WebSite","@id":"https:\/\/edicionesalfar.es\/es\/#website","url":"https:\/\/edicionesalfar.es\/es\/","name":"Ediciones Alfar","description":"","potentialAction":[{"@type":"SearchAction","target":{"@type":"EntryPoint","urlTemplate":"https:\/\/edicionesalfar.es\/es\/?s={search_term_string}"},"query-input":{"@type":"PropertyValueSpecification","valueRequired":true,"valueName":"search_term_string"}}],"inLanguage":"es"}]}},"_links":{"self":[{"href":"https:\/\/edicionesalfar.es\/es\/wp-json\/wp\/v2\/product\/14636","targetHints":{"allow":["GET"]}}],"collection":[{"href":"https:\/\/edicionesalfar.es\/es\/wp-json\/wp\/v2\/product"}],"about":[{"href":"https:\/\/edicionesalfar.es\/es\/wp-json\/wp\/v2\/types\/product"}],"replies":[{"embeddable":true,"href":"https:\/\/edicionesalfar.es\/es\/wp-json\/wp\/v2\/comments?post=14636"}],"wp:featuredmedia":[{"embeddable":true,"href":"https:\/\/edicionesalfar.es\/es\/wp-json\/wp\/v2\/media\/14637"}],"wp:attachment":[{"href":"https:\/\/edicionesalfar.es\/es\/wp-json\/wp\/v2\/media?parent=14636"}],"wp:term":[{"taxonomy":"product_brand","embeddable":true,"href":"https:\/\/edicionesalfar.es\/es\/wp-json\/wp\/v2\/product_brand?post=14636"},{"taxonomy":"product_cat","embeddable":true,"href":"https:\/\/edicionesalfar.es\/es\/wp-json\/wp\/v2\/product_cat?post=14636"},{"taxonomy":"product_tag","embeddable":true,"href":"https:\/\/edicionesalfar.es\/es\/wp-json\/wp\/v2\/product_tag?post=14636"}],"curies":[{"name":"wp","href":"https:\/\/api.w.org\/{rel}","templated":true}]}}