{"id":14634,"date":"2019-07-11T05:57:08","date_gmt":"2019-07-11T05:57:08","guid":{"rendered":"http:\/\/www.edicionesalfar.es\/web-wordpress\/?post_type=product&#038;#024;p="},"modified":"2024-11-09T11:06:33","modified_gmt":"2024-11-09T10:06:33","slug":"escritura-y-vida-cotidiana-de-las-mujeres-de-los-siglos-xvi-y-xvii-contexto-mediterraneo","status":"publish","type":"product","link":"https:\/\/edicionesalfar.es\/es\/producto\/escritura-y-vida-cotidiana-de-las-mujeres-de-los-siglos-xvi-y-xvii-contexto-mediterraneo\/","title":{"rendered":"Escritura y vida cotidiana de las mujeres de los siglos XVI y XVII (Contexto mediterr\u00e1neo)"},"content":{"rendered":"<p style=\"margin: 0px 0px 1.5em; padding-left: 0px; font-size: 12px; line-height: 18px; color: #656565; font-family: sans-serif; font-style: normal; text-align: justify;\">CONTENIDO:\u00a0El presente volumen re\u00fane una serie de textos, de corte diverso y variado, sobre la vida y obra de las mujeres en los siglos XVI y XVII. Entre ellos, destacan especialmente los dedicados al alumbradismo, movimiento al que esta monograf\u00eda presta especial atenci\u00f3n.<\/p>\n<p style=\"margin: 0px 0px 1.5em; padding-left: 0px; font-size: 12px; line-height: 18px; color: #656565; font-family: sans-serif; font-style: normal; text-align: justify;\">A partir del an\u00e1lisis de textos concretos de figuras femeninas y desde distintos enfoques metodol\u00f3gicos, se presenta una visi\u00f3n amplia y variada de la noci\u00f3n de abandono en el amor de Dios como una de las claves m\u00e1s fruct\u00edferas para la pluma femenina en Espa\u00f1a (Santa Teresa de Jes\u00fas, Sor Juana In\u00e9s de la Cruz, Isabel de la Encarnaci\u00f3n, Mar\u00eda de la Cruz y Gabriela Gertrudis de San Jos\u00e9) as\u00ed como la representaci\u00f3n de la mujer tal y como aparece en la literatura de la \u00e9poca (escritoras, alumbradas, religiosas, beatas, cristianas y moriscas en espacios p\u00fablicos o privados) y los desaf\u00edos que mueven sus vidas y escritos (afectos y sensorialidad, \u00e9xtasis y corporeidad, virtuosismo y libertad, silencio e imaginaci\u00f3n, pobreza y marginaci\u00f3n, amor y violencia \u2013Mar\u00eda de Zayas\u2013, cocina y demonolog\u00eda, exclusi\u00f3n y persecuci\u00f3n).<\/p>\n<p style=\"margin: 0px 0px 1.5em; padding-left: 0px; font-size: 12px; line-height: 18px; color: #656565; font-family: sans-serif; font-style: normal; text-align: justify;\">AUTOR:\u00a0Encarnaci\u00f3n Medina Arjona es profesora de Filolog\u00eda Francesa de la Universidad de Ja\u00e9n. Dirige el grupo Fondo Cultural Franc\u00e9s de la Provincia de Ja\u00e9n (HUM755) y ha sido responsable del proyecto Paisajes literarios del Mediterr\u00e1neo: identificaci\u00f3n y valorizaci\u00f3n (con la Universidad Cadi Ayyad de Marrakech) as\u00ed como de Las Alumbradas de Baeza (proyecto del Instituto de Estudios Giennenses). Ha publicado Paysages culturels m\u00e9diterran\u00e9ens (2012) y Jardins litt\u00e9raires et m\u00e9diterran\u00e9ens (2015). Sus l\u00edneas de investigaci\u00f3n se centran en la Literatura Francesa y ha dedicado especial atenci\u00f3n a escritoras como Madame de Graffigny, Claire de Duras, Marceline Desbordes-Valmore y Simone de Beauvoir.<\/p>\n<p style=\"margin: 0px 0px 1.5em; padding-left: 0px; font-size: 12px; line-height: 18px; color: #656565; font-family: sans-serif; font-style: normal; text-align: justify;\">Paz G\u00f3mez Moreno ha trabajado en la Universidad Pablo de Olavide de Sevilla y en la Universidad de Ja\u00e9n. Es investigadora del Grupo Fondo Cultural Franc\u00e9s de la Provincia de Ja\u00e9n (HUM755). Ha traducido al espa\u00f1ol La noche sexual (2014) de Pascal Quignard. Su l\u00ednea de investigaci\u00f3n se centra en el an\u00e1lisis textual de la obra del mismo autor, si bien ha publicado varios trabajos en el campo de la interpretaci\u00f3n judicial (situaciones de conflicto en el \u00e1mbito de la interpretaci\u00f3n en los tribunales de justicia espa\u00f1oles, propuestas formativas, correcci\u00f3n ortotipogr\u00e1fica en el aprendizaje de la traducci\u00f3n, etc.). Ha sido miembro del jurado de las dos \u00faltimas ediciones del Premio de Traducci\u00f3n Francisco Ayala en la modalidad ingl\u00e9s-espa\u00f1ol y franc\u00e9s-espa\u00f1ol.<\/p>\n","protected":false},"excerpt":{"rendered":"<p><span style=\"color: #656565; font-family: sans-serif; font-size: 16px; line-height: 18px;\">El presente volumen re\u00fane una serie de textos, de corte diverso y variado, sobre la vida y obra de las mujeres en los siglos XVI y XVII. Entre ellos, destacan especialmente los dedicados al alumbradismo, movimiento al que esta monograf\u00eda presta especial atenci\u00f3n.<\/span><\/p>\n","protected":false},"featured_media":14635,"comment_status":"open","ping_status":"closed","template":"","meta":{"_acf_changed":false,"_et_pb_use_builder":"","_et_pb_old_content":"","_et_gb_content_width":""},"product_brand":[],"product_cat":[376,602,24],"product_tag":[],"class_list":{"0":"post-14634","1":"product","2":"type-product","3":"status-publish","4":"has-post-thumbnail","6":"product_cat-autores","7":"product_cat-gomez-moreno-paz","8":"product_cat-estudios-mujer","10":"first","11":"instock","12":"taxable","13":"shipping-taxable","14":"purchasable","15":"product-type-simple"},"acf":[],"yoast_head":"<!-- This site is optimized with the Yoast SEO plugin v27.5 - https:\/\/yoast.com\/product\/yoast-seo-wordpress\/ -->\n<title>Escritura y vida cotidiana de las mujeres de los siglos XVI y XVII (Contexto mediterr\u00e1neo) - Ediciones Alfar<\/title>\n<meta name=\"robots\" content=\"index, follow, max-snippet:-1, max-image-preview:large, max-video-preview:-1\" \/>\n<link rel=\"canonical\" href=\"https:\/\/edicionesalfar.es\/es\/producto\/escritura-y-vida-cotidiana-de-las-mujeres-de-los-siglos-xvi-y-xvii-contexto-mediterraneo\/\" \/>\n<meta property=\"og:locale\" content=\"es_ES\" \/>\n<meta property=\"og:type\" content=\"article\" \/>\n<meta property=\"og:title\" content=\"Escritura y vida cotidiana de las mujeres de los siglos XVI y XVII (Contexto mediterr\u00e1neo) - Ediciones Alfar\" \/>\n<meta property=\"og:description\" content=\"El presente volumen re\u00fane una serie de textos, de corte diverso y variado, sobre la vida y obra de las mujeres en los siglos XVI y XVII. Entre ellos, destacan especialmente los dedicados al alumbradismo, movimiento al que esta monograf\u00eda presta especial atenci\u00f3n.\" \/>\n<meta property=\"og:url\" content=\"https:\/\/edicionesalfar.es\/es\/producto\/escritura-y-vida-cotidiana-de-las-mujeres-de-los-siglos-xvi-y-xvii-contexto-mediterraneo\/\" \/>\n<meta property=\"og:site_name\" content=\"Ediciones Alfar\" \/>\n<meta property=\"article:modified_time\" content=\"2024-11-09T10:06:33+00:00\" \/>\n<meta property=\"og:image\" content=\"https:\/\/edicionesalfar.es\/es\/wp-content\/uploads\/2019\/05\/9788478986279_escritura.jpg\" \/>\n\t<meta property=\"og:image:width\" content=\"1\" \/>\n\t<meta property=\"og:image:height\" content=\"1\" \/>\n\t<meta property=\"og:image:type\" content=\"image\/jpeg\" \/>\n<meta name=\"twitter:card\" content=\"summary_large_image\" \/>\n<meta name=\"twitter:label1\" content=\"Tiempo de lectura\" \/>\n\t<meta name=\"twitter:data1\" content=\"2 minutos\" \/>\n<script type=\"application\/ld+json\" class=\"yoast-schema-graph\">{\"@context\":\"https:\\\/\\\/schema.org\",\"@graph\":[{\"@type\":\"WebPage\",\"@id\":\"https:\\\/\\\/edicionesalfar.es\\\/es\\\/producto\\\/escritura-y-vida-cotidiana-de-las-mujeres-de-los-siglos-xvi-y-xvii-contexto-mediterraneo\\\/\",\"url\":\"https:\\\/\\\/edicionesalfar.es\\\/es\\\/producto\\\/escritura-y-vida-cotidiana-de-las-mujeres-de-los-siglos-xvi-y-xvii-contexto-mediterraneo\\\/\",\"name\":\"Escritura y vida cotidiana de las mujeres de los siglos XVI y XVII (Contexto mediterr\u00e1neo) - Ediciones Alfar\",\"isPartOf\":{\"@id\":\"https:\\\/\\\/edicionesalfar.es\\\/es\\\/#website\"},\"primaryImageOfPage\":{\"@id\":\"https:\\\/\\\/edicionesalfar.es\\\/es\\\/producto\\\/escritura-y-vida-cotidiana-de-las-mujeres-de-los-siglos-xvi-y-xvii-contexto-mediterraneo\\\/#primaryimage\"},\"image\":{\"@id\":\"https:\\\/\\\/edicionesalfar.es\\\/es\\\/producto\\\/escritura-y-vida-cotidiana-de-las-mujeres-de-los-siglos-xvi-y-xvii-contexto-mediterraneo\\\/#primaryimage\"},\"thumbnailUrl\":\"https:\\\/\\\/edicionesalfar.es\\\/es\\\/wp-content\\\/uploads\\\/2019\\\/05\\\/9788478986279_escritura.jpg\",\"datePublished\":\"2019-07-11T05:57:08+00:00\",\"dateModified\":\"2024-11-09T10:06:33+00:00\",\"breadcrumb\":{\"@id\":\"https:\\\/\\\/edicionesalfar.es\\\/es\\\/producto\\\/escritura-y-vida-cotidiana-de-las-mujeres-de-los-siglos-xvi-y-xvii-contexto-mediterraneo\\\/#breadcrumb\"},\"inLanguage\":\"es\",\"potentialAction\":[{\"@type\":\"ReadAction\",\"target\":[\"https:\\\/\\\/edicionesalfar.es\\\/es\\\/producto\\\/escritura-y-vida-cotidiana-de-las-mujeres-de-los-siglos-xvi-y-xvii-contexto-mediterraneo\\\/\"]}]},{\"@type\":\"ImageObject\",\"inLanguage\":\"es\",\"@id\":\"https:\\\/\\\/edicionesalfar.es\\\/es\\\/producto\\\/escritura-y-vida-cotidiana-de-las-mujeres-de-los-siglos-xvi-y-xvii-contexto-mediterraneo\\\/#primaryimage\",\"url\":\"https:\\\/\\\/edicionesalfar.es\\\/es\\\/wp-content\\\/uploads\\\/2019\\\/05\\\/9788478986279_escritura.jpg\",\"contentUrl\":\"https:\\\/\\\/edicionesalfar.es\\\/es\\\/wp-content\\\/uploads\\\/2019\\\/05\\\/9788478986279_escritura.jpg\"},{\"@type\":\"BreadcrumbList\",\"@id\":\"https:\\\/\\\/edicionesalfar.es\\\/es\\\/producto\\\/escritura-y-vida-cotidiana-de-las-mujeres-de-los-siglos-xvi-y-xvii-contexto-mediterraneo\\\/#breadcrumb\",\"itemListElement\":[{\"@type\":\"ListItem\",\"position\":1,\"name\":\"Portada\",\"item\":\"https:\\\/\\\/edicionesalfar.es\\\/es\\\/\"},{\"@type\":\"ListItem\",\"position\":2,\"name\":\"Cat\u00e1logo\",\"item\":\"https:\\\/\\\/edicionesalfar.es\\\/es\\\/catalogo\\\/\"},{\"@type\":\"ListItem\",\"position\":3,\"name\":\"Escritura y vida cotidiana de las mujeres de los siglos XVI y XVII (Contexto mediterr\u00e1neo)\"}]},{\"@type\":\"WebSite\",\"@id\":\"https:\\\/\\\/edicionesalfar.es\\\/es\\\/#website\",\"url\":\"https:\\\/\\\/edicionesalfar.es\\\/es\\\/\",\"name\":\"Ediciones Alfar\",\"description\":\"\",\"potentialAction\":[{\"@type\":\"SearchAction\",\"target\":{\"@type\":\"EntryPoint\",\"urlTemplate\":\"https:\\\/\\\/edicionesalfar.es\\\/es\\\/?s={search_term_string}\"},\"query-input\":{\"@type\":\"PropertyValueSpecification\",\"valueRequired\":true,\"valueName\":\"search_term_string\"}}],\"inLanguage\":\"es\"}]}<\/script>\n<!-- \/ Yoast SEO plugin. -->","yoast_head_json":{"title":"Escritura y vida cotidiana de las mujeres de los siglos XVI y XVII (Contexto mediterr\u00e1neo) - Ediciones Alfar","robots":{"index":"index","follow":"follow","max-snippet":"max-snippet:-1","max-image-preview":"max-image-preview:large","max-video-preview":"max-video-preview:-1"},"canonical":"https:\/\/edicionesalfar.es\/es\/producto\/escritura-y-vida-cotidiana-de-las-mujeres-de-los-siglos-xvi-y-xvii-contexto-mediterraneo\/","og_locale":"es_ES","og_type":"article","og_title":"Escritura y vida cotidiana de las mujeres de los siglos XVI y XVII (Contexto mediterr\u00e1neo) - Ediciones Alfar","og_description":"El presente volumen re\u00fane una serie de textos, de corte diverso y variado, sobre la vida y obra de las mujeres en los siglos XVI y XVII. Entre ellos, destacan especialmente los dedicados al alumbradismo, movimiento al que esta monograf\u00eda presta especial atenci\u00f3n.","og_url":"https:\/\/edicionesalfar.es\/es\/producto\/escritura-y-vida-cotidiana-de-las-mujeres-de-los-siglos-xvi-y-xvii-contexto-mediterraneo\/","og_site_name":"Ediciones Alfar","article_modified_time":"2024-11-09T10:06:33+00:00","og_image":[{"url":"https:\/\/edicionesalfar.es\/es\/wp-content\/uploads\/2019\/05\/9788478986279_escritura.jpg","width":1,"height":1,"type":"image\/jpeg"}],"twitter_card":"summary_large_image","twitter_misc":{"Tiempo de lectura":"2 minutos"},"schema":{"@context":"https:\/\/schema.org","@graph":[{"@type":"WebPage","@id":"https:\/\/edicionesalfar.es\/es\/producto\/escritura-y-vida-cotidiana-de-las-mujeres-de-los-siglos-xvi-y-xvii-contexto-mediterraneo\/","url":"https:\/\/edicionesalfar.es\/es\/producto\/escritura-y-vida-cotidiana-de-las-mujeres-de-los-siglos-xvi-y-xvii-contexto-mediterraneo\/","name":"Escritura y vida cotidiana de las mujeres de los siglos XVI y XVII (Contexto mediterr\u00e1neo) - Ediciones Alfar","isPartOf":{"@id":"https:\/\/edicionesalfar.es\/es\/#website"},"primaryImageOfPage":{"@id":"https:\/\/edicionesalfar.es\/es\/producto\/escritura-y-vida-cotidiana-de-las-mujeres-de-los-siglos-xvi-y-xvii-contexto-mediterraneo\/#primaryimage"},"image":{"@id":"https:\/\/edicionesalfar.es\/es\/producto\/escritura-y-vida-cotidiana-de-las-mujeres-de-los-siglos-xvi-y-xvii-contexto-mediterraneo\/#primaryimage"},"thumbnailUrl":"https:\/\/edicionesalfar.es\/es\/wp-content\/uploads\/2019\/05\/9788478986279_escritura.jpg","datePublished":"2019-07-11T05:57:08+00:00","dateModified":"2024-11-09T10:06:33+00:00","breadcrumb":{"@id":"https:\/\/edicionesalfar.es\/es\/producto\/escritura-y-vida-cotidiana-de-las-mujeres-de-los-siglos-xvi-y-xvii-contexto-mediterraneo\/#breadcrumb"},"inLanguage":"es","potentialAction":[{"@type":"ReadAction","target":["https:\/\/edicionesalfar.es\/es\/producto\/escritura-y-vida-cotidiana-de-las-mujeres-de-los-siglos-xvi-y-xvii-contexto-mediterraneo\/"]}]},{"@type":"ImageObject","inLanguage":"es","@id":"https:\/\/edicionesalfar.es\/es\/producto\/escritura-y-vida-cotidiana-de-las-mujeres-de-los-siglos-xvi-y-xvii-contexto-mediterraneo\/#primaryimage","url":"https:\/\/edicionesalfar.es\/es\/wp-content\/uploads\/2019\/05\/9788478986279_escritura.jpg","contentUrl":"https:\/\/edicionesalfar.es\/es\/wp-content\/uploads\/2019\/05\/9788478986279_escritura.jpg"},{"@type":"BreadcrumbList","@id":"https:\/\/edicionesalfar.es\/es\/producto\/escritura-y-vida-cotidiana-de-las-mujeres-de-los-siglos-xvi-y-xvii-contexto-mediterraneo\/#breadcrumb","itemListElement":[{"@type":"ListItem","position":1,"name":"Portada","item":"https:\/\/edicionesalfar.es\/es\/"},{"@type":"ListItem","position":2,"name":"Cat\u00e1logo","item":"https:\/\/edicionesalfar.es\/es\/catalogo\/"},{"@type":"ListItem","position":3,"name":"Escritura y vida cotidiana de las mujeres de los siglos XVI y XVII (Contexto mediterr\u00e1neo)"}]},{"@type":"WebSite","@id":"https:\/\/edicionesalfar.es\/es\/#website","url":"https:\/\/edicionesalfar.es\/es\/","name":"Ediciones Alfar","description":"","potentialAction":[{"@type":"SearchAction","target":{"@type":"EntryPoint","urlTemplate":"https:\/\/edicionesalfar.es\/es\/?s={search_term_string}"},"query-input":{"@type":"PropertyValueSpecification","valueRequired":true,"valueName":"search_term_string"}}],"inLanguage":"es"}]}},"_links":{"self":[{"href":"https:\/\/edicionesalfar.es\/es\/wp-json\/wp\/v2\/product\/14634","targetHints":{"allow":["GET"]}}],"collection":[{"href":"https:\/\/edicionesalfar.es\/es\/wp-json\/wp\/v2\/product"}],"about":[{"href":"https:\/\/edicionesalfar.es\/es\/wp-json\/wp\/v2\/types\/product"}],"replies":[{"embeddable":true,"href":"https:\/\/edicionesalfar.es\/es\/wp-json\/wp\/v2\/comments?post=14634"}],"wp:featuredmedia":[{"embeddable":true,"href":"https:\/\/edicionesalfar.es\/es\/wp-json\/wp\/v2\/media\/14635"}],"wp:attachment":[{"href":"https:\/\/edicionesalfar.es\/es\/wp-json\/wp\/v2\/media?parent=14634"}],"wp:term":[{"taxonomy":"product_brand","embeddable":true,"href":"https:\/\/edicionesalfar.es\/es\/wp-json\/wp\/v2\/product_brand?post=14634"},{"taxonomy":"product_cat","embeddable":true,"href":"https:\/\/edicionesalfar.es\/es\/wp-json\/wp\/v2\/product_cat?post=14634"},{"taxonomy":"product_tag","embeddable":true,"href":"https:\/\/edicionesalfar.es\/es\/wp-json\/wp\/v2\/product_tag?post=14634"}],"curies":[{"name":"wp","href":"https:\/\/api.w.org\/{rel}","templated":true}]}}