{"id":14188,"date":"2019-07-11T05:53:13","date_gmt":"2019-07-11T05:53:13","guid":{"rendered":"http:\/\/www.edicionesalfar.es\/web-wordpress\/?post_type=product&#044;p="},"modified":"2022-07-21T10:41:00","modified_gmt":"2022-07-21T08:41:00","slug":"rimas-2-edicion","status":"publish","type":"product","link":"https:\/\/edicionesalfar.es\/es\/producto\/rimas-2-edicion\/","title":{"rendered":"Rimas 2\u00aa edici\u00f3n"},"content":{"rendered":"<p style=\"text-indent: 0.03cm; margin-top: 0.18cm; margin-bottom: 0cm;\" align=\"JUSTIFY\">LIBROS DE MEJOR VISTA es una colecci\u00f3n especialmente pensada para aquellos que tienen problemas con la \u00abletra peque\u00f1a\u00bb y el abigarrado texto que caracteriza muchas de las ediciones actuales. Ofrecemos, en una cuidada selecci\u00f3n que alterna los cl\u00e1sicos con autores actuales, obras para neolectores, lectores de vista cansada y, en general, para todos aquellos que quieran deleitarse con la lectura gustosa y c\u00f3moda.<\/p>\n<p lang=\"es-ES\" style=\"text-indent: 0.03cm; margin-top: 0.18cm; margin-bottom: 0cm;\" align=\"JUSTIFY\">El poema en prosa nace con B\u00e9cquer, y B\u00e9cquer es nuestro primer prosista moderno, subjetivo y profundo, con sensibilidad pl\u00e1stica y musical, que sabe adaptar a los estremecimientos de su ser interior las palabras y sabe tambi\u00e9n que la objetividad casi cient\u00edfica en la narraci\u00f3n no tiene por qu\u00e9 impedir el vuelo de la imaginaci\u00f3n ni la sensaci\u00f3n personalmente experimentada (Fernando Ortiz).<\/p>\n","protected":false},"excerpt":{"rendered":"<div id=\"_mcePaste\" style=\"position: absolute; left: -10000px; top: 0px; width: 1px; height: 1px; overflow-x: hidden; overflow-y: hidden;\">LIBROS DE MEJOR VISTA es una colecci\u00f3n especialmente pensada para aquellos que tienen problemas con la \u00abletra peque\u00f1a\u00bb y el abigarrado texto que caracteriza muchas de las ediciones actuales. Ofrecemos, en una cuidada selecci\u00f3n que alterna los cl\u00e1sicos con autores actuales, obras para neolectores, lectores de vista cansada y, en general, para todos aquellos que quieran deleitarse con la lectura gustosa y c\u00f3moda.<\/div>\n<div id=\"_mcePaste\" style=\"position: absolute; left: -10000px; top: 0px; width: 1px; height: 1px; overflow-x: hidden; overflow-y: hidden;\"><span style=\"font-size: small;\"><span style=\"line-height: 25px;\">\u00a0<\/span><\/span><\/div>\n<div id=\"_mcePaste\" style=\"position: absolute; left: -10000px; top: 0px; width: 1px; height: 1px; overflow-x: hidden; overflow-y: hidden;\">El poema en prosa nace con B\u00e9cquer, y B\u00e9cquer es nuestro primer prosista moderno, subjetivo y profundo, con sensibilidad pl\u00e1stica y musical, que sabe adaptar a los estremecimientos de su ser interior las palabras y sabe tambi\u00e9n que la objetividad casi cient\u00edfica en la narraci\u00f3n no tiene por qu\u00e9 impedir el vuelo de la imaginaci\u00f3n ni la sensaci\u00f3n personalmente experimentada (Fernando Ortiz).<\/div>\n<div><\/div>\n<div>\n<p style=\"text-indent: 0.03cm; margin-top: 0.18cm; margin-bottom: 0cm;\" align=\"JUSTIFY\"><span style=\"color: #000000;\"><span style=\"font-family: 'Times New Roman', serif;\"><span style=\"font-size: small;\">LIBROS DE MEJOR VISTA es una colecci\u00f3n especialmente pensada para aquellos que tienen problemas con la \u00abletra peque\u00f1a\u00bb y el abigarrado texto que caracteriza muchas de las ediciones actuales. Ofrecemos, en una cuidada selecci\u00f3n que alterna los cl\u00e1sicos con autores actuales, obras para neolectores, lectores de vista cansada y, en general, para todos aquellos que quieran deleitarse con la lectura gustosa y c\u00f3moda. <\/span><\/span><\/span><\/p>\n<p lang=\"es-ES\" style=\"text-indent: 0.03cm; margin-top: 0.18cm; margin-bottom: 0cm;\" align=\"JUSTIFY\"><span style=\"font-family: 'Times New Roman', serif;\"> <span style=\"color: #000000;\"><span style=\"font-family: 'Times New Roman', serif;\"><span style=\"font-size: small;\">El poema en prosa nace con B\u00e9cquer, y B\u00e9cquer es nuestro primer prosista moderno, subjetivo y profundo, con sensibilidad pl\u00e1stica y musical, que sabe adaptar a los estremecimientos de su ser interior las palabras y sabe tambi\u00e9n que la objetividad casi cient\u00edfica en la narraci\u00f3n no tiene por qu\u00e9 impedir el vuelo de la imaginaci\u00f3n ni la sensaci\u00f3n personalmente experimentada (Fernando Ortiz).<\/span><\/span><\/span><\/span><\/p>\n<p lang=\"es-ES\" style=\"text-indent: 0.03cm; margin-top: 0.18cm; margin-bottom: 0cm;\" align=\"JUSTIFY\">\n<\/div>\n","protected":false},"featured_media":14189,"comment_status":"open","ping_status":"closed","template":"","meta":{"_acf_changed":false,"_et_pb_use_builder":"","_et_pb_old_content":"","_et_gb_content_width":""},"product_brand":[],"product_cat":[419,376,464,44],"product_tag":[],"class_list":{"0":"post-14188","1":"product","2":"type-product","3":"status-publish","4":"has-post-thumbnail","6":"product_cat-acosta-diaz","7":"product_cat-autores","8":"product_cat-becquer-gustavo-adolfo","9":"product_cat-libros-mejor-vista","11":"first","12":"instock","13":"taxable","14":"shipping-taxable","15":"purchasable","16":"product-type-simple"},"acf":[],"yoast_head":"<!-- This site is optimized with the Yoast SEO plugin v27.4 - https:\/\/yoast.com\/product\/yoast-seo-wordpress\/ -->\n<title>Rimas 2\u00aa edici\u00f3n - Ediciones Alfar<\/title>\n<meta name=\"robots\" content=\"index, follow, max-snippet:-1, max-image-preview:large, max-video-preview:-1\" \/>\n<link rel=\"canonical\" href=\"https:\/\/edicionesalfar.es\/es\/producto\/rimas-2-edicion\/\" \/>\n<meta property=\"og:locale\" content=\"es_ES\" \/>\n<meta property=\"og:type\" content=\"article\" \/>\n<meta property=\"og:title\" content=\"Rimas 2\u00aa edici\u00f3n - Ediciones Alfar\" \/>\n<meta property=\"og:description\" content=\"LIBROS DE MEJOR VISTA es una colecci\u00f3n especialmente pensada para aquellos que tienen problemas con la &quot;letra peque\u00f1a&quot; y el abigarrado texto que caracteriza muchas de las ediciones actuales. Ofrecemos, en una cuidada selecci\u00f3n que alterna los cl\u00e1sicos con autores actuales, obras para neolectores, lectores de vista cansada y, en general, para todos aquellos que quieran deleitarse con la lectura gustosa y c\u00f3moda. \u00a0 El poema en prosa nace con B\u00e9cquer, y B\u00e9cquer es nuestro primer prosista moderno, subjetivo y profundo, con sensibilidad pl\u00e1stica y musical, que sabe adaptar a los estremecimientos de su ser interior las palabras y sabe tambi\u00e9n que la objetividad casi cient\u00edfica en la narraci\u00f3n no tiene por qu\u00e9 impedir el vuelo de la imaginaci\u00f3n ni la sensaci\u00f3n personalmente experimentada (Fernando Ortiz).   LIBROS DE MEJOR VISTA es una colecci\u00f3n especialmente pensada para aquellos que tienen problemas con la &quot;letra peque\u00f1a&quot; y el abigarrado texto que caracteriza muchas de las ediciones actuales. Ofrecemos, en una cuidada selecci\u00f3n que alterna los cl\u00e1sicos con autores actuales, obras para neolectores, lectores de vista cansada y, en general, para todos aquellos que quieran deleitarse con la lectura gustosa y c\u00f3moda.  El poema en prosa nace con B\u00e9cquer, y B\u00e9cquer es nuestro primer prosista moderno, subjetivo y profundo, con sensibilidad pl\u00e1stica y musical, que sabe adaptar a los estremecimientos de su ser interior las palabras y sabe tambi\u00e9n que la objetividad casi cient\u00edfica en la narraci\u00f3n no tiene por qu\u00e9 impedir el vuelo de la imaginaci\u00f3n ni la sensaci\u00f3n personalmente experimentada (Fernando Ortiz).\" \/>\n<meta property=\"og:url\" content=\"https:\/\/edicionesalfar.es\/es\/producto\/rimas-2-edicion\/\" \/>\n<meta property=\"og:site_name\" content=\"Ediciones Alfar\" \/>\n<meta property=\"article:modified_time\" content=\"2022-07-21T08:41:00+00:00\" \/>\n<meta property=\"og:image\" content=\"https:\/\/edicionesalfar.es\/es\/wp-content\/uploads\/2019\/05\/Rimas%202ed.jpg\" \/>\n\t<meta property=\"og:image:width\" content=\"1\" \/>\n\t<meta property=\"og:image:height\" content=\"1\" \/>\n\t<meta property=\"og:image:type\" content=\"image\/jpeg\" \/>\n<meta name=\"twitter:card\" content=\"summary_large_image\" \/>\n<meta name=\"twitter:label1\" content=\"Tiempo de lectura\" \/>\n\t<meta name=\"twitter:data1\" content=\"1 minuto\" \/>\n<script type=\"application\/ld+json\" class=\"yoast-schema-graph\">{\"@context\":\"https:\\\/\\\/schema.org\",\"@graph\":[{\"@type\":\"WebPage\",\"@id\":\"https:\\\/\\\/edicionesalfar.es\\\/es\\\/producto\\\/rimas-2-edicion\\\/\",\"url\":\"https:\\\/\\\/edicionesalfar.es\\\/es\\\/producto\\\/rimas-2-edicion\\\/\",\"name\":\"Rimas 2\u00aa edici\u00f3n - Ediciones Alfar\",\"isPartOf\":{\"@id\":\"https:\\\/\\\/edicionesalfar.es\\\/es\\\/#website\"},\"primaryImageOfPage\":{\"@id\":\"https:\\\/\\\/edicionesalfar.es\\\/es\\\/producto\\\/rimas-2-edicion\\\/#primaryimage\"},\"image\":{\"@id\":\"https:\\\/\\\/edicionesalfar.es\\\/es\\\/producto\\\/rimas-2-edicion\\\/#primaryimage\"},\"thumbnailUrl\":\"https:\\\/\\\/edicionesalfar.es\\\/es\\\/wp-content\\\/uploads\\\/2019\\\/05\\\/Rimas%202ed.jpg\",\"datePublished\":\"2019-07-11T05:53:13+00:00\",\"dateModified\":\"2022-07-21T08:41:00+00:00\",\"breadcrumb\":{\"@id\":\"https:\\\/\\\/edicionesalfar.es\\\/es\\\/producto\\\/rimas-2-edicion\\\/#breadcrumb\"},\"inLanguage\":\"es\",\"potentialAction\":[{\"@type\":\"ReadAction\",\"target\":[\"https:\\\/\\\/edicionesalfar.es\\\/es\\\/producto\\\/rimas-2-edicion\\\/\"]}]},{\"@type\":\"ImageObject\",\"inLanguage\":\"es\",\"@id\":\"https:\\\/\\\/edicionesalfar.es\\\/es\\\/producto\\\/rimas-2-edicion\\\/#primaryimage\",\"url\":\"https:\\\/\\\/edicionesalfar.es\\\/es\\\/wp-content\\\/uploads\\\/2019\\\/05\\\/Rimas%202ed.jpg\",\"contentUrl\":\"https:\\\/\\\/edicionesalfar.es\\\/es\\\/wp-content\\\/uploads\\\/2019\\\/05\\\/Rimas%202ed.jpg\"},{\"@type\":\"BreadcrumbList\",\"@id\":\"https:\\\/\\\/edicionesalfar.es\\\/es\\\/producto\\\/rimas-2-edicion\\\/#breadcrumb\",\"itemListElement\":[{\"@type\":\"ListItem\",\"position\":1,\"name\":\"Portada\",\"item\":\"https:\\\/\\\/edicionesalfar.es\\\/es\\\/\"},{\"@type\":\"ListItem\",\"position\":2,\"name\":\"Cat\u00e1logo\",\"item\":\"https:\\\/\\\/edicionesalfar.es\\\/es\\\/catalogo\\\/\"},{\"@type\":\"ListItem\",\"position\":3,\"name\":\"Rimas 2\u00aa edici\u00f3n\"}]},{\"@type\":\"WebSite\",\"@id\":\"https:\\\/\\\/edicionesalfar.es\\\/es\\\/#website\",\"url\":\"https:\\\/\\\/edicionesalfar.es\\\/es\\\/\",\"name\":\"Ediciones Alfar\",\"description\":\"\",\"potentialAction\":[{\"@type\":\"SearchAction\",\"target\":{\"@type\":\"EntryPoint\",\"urlTemplate\":\"https:\\\/\\\/edicionesalfar.es\\\/es\\\/?s={search_term_string}\"},\"query-input\":{\"@type\":\"PropertyValueSpecification\",\"valueRequired\":true,\"valueName\":\"search_term_string\"}}],\"inLanguage\":\"es\"}]}<\/script>\n<!-- \/ Yoast SEO plugin. -->","yoast_head_json":{"title":"Rimas 2\u00aa edici\u00f3n - Ediciones Alfar","robots":{"index":"index","follow":"follow","max-snippet":"max-snippet:-1","max-image-preview":"max-image-preview:large","max-video-preview":"max-video-preview:-1"},"canonical":"https:\/\/edicionesalfar.es\/es\/producto\/rimas-2-edicion\/","og_locale":"es_ES","og_type":"article","og_title":"Rimas 2\u00aa edici\u00f3n - Ediciones Alfar","og_description":"LIBROS DE MEJOR VISTA es una colecci\u00f3n especialmente pensada para aquellos que tienen problemas con la \"letra peque\u00f1a\" y el abigarrado texto que caracteriza muchas de las ediciones actuales. Ofrecemos, en una cuidada selecci\u00f3n que alterna los cl\u00e1sicos con autores actuales, obras para neolectores, lectores de vista cansada y, en general, para todos aquellos que quieran deleitarse con la lectura gustosa y c\u00f3moda. \u00a0 El poema en prosa nace con B\u00e9cquer, y B\u00e9cquer es nuestro primer prosista moderno, subjetivo y profundo, con sensibilidad pl\u00e1stica y musical, que sabe adaptar a los estremecimientos de su ser interior las palabras y sabe tambi\u00e9n que la objetividad casi cient\u00edfica en la narraci\u00f3n no tiene por qu\u00e9 impedir el vuelo de la imaginaci\u00f3n ni la sensaci\u00f3n personalmente experimentada (Fernando Ortiz).   LIBROS DE MEJOR VISTA es una colecci\u00f3n especialmente pensada para aquellos que tienen problemas con la \"letra peque\u00f1a\" y el abigarrado texto que caracteriza muchas de las ediciones actuales. Ofrecemos, en una cuidada selecci\u00f3n que alterna los cl\u00e1sicos con autores actuales, obras para neolectores, lectores de vista cansada y, en general, para todos aquellos que quieran deleitarse con la lectura gustosa y c\u00f3moda.  El poema en prosa nace con B\u00e9cquer, y B\u00e9cquer es nuestro primer prosista moderno, subjetivo y profundo, con sensibilidad pl\u00e1stica y musical, que sabe adaptar a los estremecimientos de su ser interior las palabras y sabe tambi\u00e9n que la objetividad casi cient\u00edfica en la narraci\u00f3n no tiene por qu\u00e9 impedir el vuelo de la imaginaci\u00f3n ni la sensaci\u00f3n personalmente experimentada (Fernando Ortiz).","og_url":"https:\/\/edicionesalfar.es\/es\/producto\/rimas-2-edicion\/","og_site_name":"Ediciones Alfar","article_modified_time":"2022-07-21T08:41:00+00:00","og_image":[{"url":"https:\/\/edicionesalfar.es\/es\/wp-content\/uploads\/2019\/05\/Rimas%202ed.jpg","width":1,"height":1,"type":"image\/jpeg"}],"twitter_card":"summary_large_image","twitter_misc":{"Tiempo de lectura":"1 minuto"},"schema":{"@context":"https:\/\/schema.org","@graph":[{"@type":"WebPage","@id":"https:\/\/edicionesalfar.es\/es\/producto\/rimas-2-edicion\/","url":"https:\/\/edicionesalfar.es\/es\/producto\/rimas-2-edicion\/","name":"Rimas 2\u00aa edici\u00f3n - Ediciones Alfar","isPartOf":{"@id":"https:\/\/edicionesalfar.es\/es\/#website"},"primaryImageOfPage":{"@id":"https:\/\/edicionesalfar.es\/es\/producto\/rimas-2-edicion\/#primaryimage"},"image":{"@id":"https:\/\/edicionesalfar.es\/es\/producto\/rimas-2-edicion\/#primaryimage"},"thumbnailUrl":"https:\/\/edicionesalfar.es\/es\/wp-content\/uploads\/2019\/05\/Rimas%202ed.jpg","datePublished":"2019-07-11T05:53:13+00:00","dateModified":"2022-07-21T08:41:00+00:00","breadcrumb":{"@id":"https:\/\/edicionesalfar.es\/es\/producto\/rimas-2-edicion\/#breadcrumb"},"inLanguage":"es","potentialAction":[{"@type":"ReadAction","target":["https:\/\/edicionesalfar.es\/es\/producto\/rimas-2-edicion\/"]}]},{"@type":"ImageObject","inLanguage":"es","@id":"https:\/\/edicionesalfar.es\/es\/producto\/rimas-2-edicion\/#primaryimage","url":"https:\/\/edicionesalfar.es\/es\/wp-content\/uploads\/2019\/05\/Rimas%202ed.jpg","contentUrl":"https:\/\/edicionesalfar.es\/es\/wp-content\/uploads\/2019\/05\/Rimas%202ed.jpg"},{"@type":"BreadcrumbList","@id":"https:\/\/edicionesalfar.es\/es\/producto\/rimas-2-edicion\/#breadcrumb","itemListElement":[{"@type":"ListItem","position":1,"name":"Portada","item":"https:\/\/edicionesalfar.es\/es\/"},{"@type":"ListItem","position":2,"name":"Cat\u00e1logo","item":"https:\/\/edicionesalfar.es\/es\/catalogo\/"},{"@type":"ListItem","position":3,"name":"Rimas 2\u00aa edici\u00f3n"}]},{"@type":"WebSite","@id":"https:\/\/edicionesalfar.es\/es\/#website","url":"https:\/\/edicionesalfar.es\/es\/","name":"Ediciones Alfar","description":"","potentialAction":[{"@type":"SearchAction","target":{"@type":"EntryPoint","urlTemplate":"https:\/\/edicionesalfar.es\/es\/?s={search_term_string}"},"query-input":{"@type":"PropertyValueSpecification","valueRequired":true,"valueName":"search_term_string"}}],"inLanguage":"es"}]}},"_links":{"self":[{"href":"https:\/\/edicionesalfar.es\/es\/wp-json\/wp\/v2\/product\/14188","targetHints":{"allow":["GET"]}}],"collection":[{"href":"https:\/\/edicionesalfar.es\/es\/wp-json\/wp\/v2\/product"}],"about":[{"href":"https:\/\/edicionesalfar.es\/es\/wp-json\/wp\/v2\/types\/product"}],"replies":[{"embeddable":true,"href":"https:\/\/edicionesalfar.es\/es\/wp-json\/wp\/v2\/comments?post=14188"}],"wp:featuredmedia":[{"embeddable":true,"href":"https:\/\/edicionesalfar.es\/es\/wp-json\/wp\/v2\/media\/14189"}],"wp:attachment":[{"href":"https:\/\/edicionesalfar.es\/es\/wp-json\/wp\/v2\/media?parent=14188"}],"wp:term":[{"taxonomy":"product_brand","embeddable":true,"href":"https:\/\/edicionesalfar.es\/es\/wp-json\/wp\/v2\/product_brand?post=14188"},{"taxonomy":"product_cat","embeddable":true,"href":"https:\/\/edicionesalfar.es\/es\/wp-json\/wp\/v2\/product_cat?post=14188"},{"taxonomy":"product_tag","embeddable":true,"href":"https:\/\/edicionesalfar.es\/es\/wp-json\/wp\/v2\/product_tag?post=14188"}],"curies":[{"name":"wp","href":"https:\/\/api.w.org\/{rel}","templated":true}]}}