{"id":13944,"date":"2019-07-11T05:51:11","date_gmt":"2019-07-11T05:51:11","guid":{"rendered":"http:\/\/www.edicionesalfar.es\/web-wordpress\/?post_type=product\\&#029;p="},"modified":"-0001-11-30T00:00:00","modified_gmt":"-0001-11-29T22:00:00","slug":"aires-de-gloria","status":"publish","type":"product","link":"https:\/\/edicionesalfar.es\/es\/producto\/aires-de-gloria\/","title":{"rendered":"Aires de gloria"},"content":{"rendered":"<p style=\"margin-top: 1em; margin-right: 0px; margin-bottom: 0cm; margin-left: 0px; padding-left: 0px;\" align=\"JUSTIFY\">CONTENIDO:\u00a0Un casual c\u00famulo de fatalistas circunstancias arrastra a los protagonistas a tener que reabrir las puertas, mal cerradas, de un pasado ya remoto. Toledo, m\u00edstico crisol en el que se amalgaman artes, historias y culturas, se convierte as\u00ed en el campo de batalla de una incruenta guerra de amor que les aboca, sin remisi\u00f3n, hacia la tragedia. La gloria, no es sino un camino m\u00e1s, directo hacia el infierno.\u00a0Aires de gloria\u00a0evoca, con un lenguaje po\u00e9tico, un tanto existencialista, el fracaso de una generaci\u00f3n de so\u00f1adores que despertaron a la libertad en una \u00e9poca un tanto oscura, pero reci\u00e9n estrenada, como lo fue la Transici\u00f3n democr\u00e1tica.<\/p>\n<p style=\"margin-top: 0.18cm; margin-right: 0px; margin-bottom: 0cm; margin-left: 0px; padding-left: 0px; text-indent: 0.03cm;\" lang=\"es-ES\" align=\"JUSTIFY\">AUTOR:\u00a0Antonio Mata Huete, toledano de nacimiento -de Villaca\u00f1as- y madrile\u00f1o de adopci\u00f3n, es redactor-jefe de la revista cineg\u00e9tica\u00a0Caza y Safaris\u00a0en la que, de forma habitual, publica relatos literarios y art\u00edculos de opini\u00f3n. Su trayectoria literaria est\u00e1 directamente ligada a la poes\u00eda y sobre todo al relato de tipo popular en el que la recuperaci\u00f3n del lenguaje rural, hoy desaparecido, es una de sus aut\u00e9nticas pasiones. Por su labor de recuperaci\u00f3n del citado lenguaje, recibi\u00f3 el galard\u00f3n del V Certamen Literario\u00a0Sancho Panza\u00a0y del I Certamen de relatos breves\u00a0TORCAZ Naturaleza y Caza. Es autor del libro de poemas\u00a0Tierra seca\u00a0y del de fotograf\u00edas\u00a0Villaca\u00f1as, un siglo de historia en fotograf\u00edas.<\/p>\n","protected":false},"excerpt":{"rendered":"<p>Un casual c\u00famulo de fatalistas circunstancias arrastra a los protagonistas a tener que reabrir las puertas, mal cerradas, de un pasado ya remoto. Toledo, m\u00edstico crisol en el que se amalgaman artes, historias y culturas, se convierte as\u00ed en el campo de batalla de una incruenta guerra de amor que les aboca, sin remisi\u00f3n, hacia la tragedia.<\/p>\n<p>DISPONIBLE EN EBOOK<\/p>\n<p><a href=\"http:\/\/www.casadellibro.com\/ebook-aires-de-gloria-ebook\/9788478984701\/2042537\" target=\"_blank\"><img decoding=\"async\" alt=\"Librer\u00eda casadellibro.com\" src=\"http:\/\/image.casadellibro.com\/t1\/i\/logo-img.png\" \/><\/a><\/p>\n","protected":false},"featured_media":13945,"comment_status":"open","ping_status":"open","template":"","meta":{"_acf_changed":false,"_et_pb_use_builder":"","_et_pb_old_content":"","_et_gb_content_width":""},"product_brand":[],"product_cat":[29],"product_tag":[],"class_list":{"0":"post-13944","1":"product","2":"type-product","3":"status-publish","4":"has-post-thumbnail","6":"product_cat-narrativa","8":"first","9":"instock","10":"taxable","11":"shipping-taxable","12":"purchasable","13":"product-type-simple"},"acf":[],"yoast_head":"<!-- This site is optimized with the Yoast SEO plugin v27.4 - https:\/\/yoast.com\/product\/yoast-seo-wordpress\/ -->\n<title>Aires de gloria - Ediciones Alfar<\/title>\n<meta name=\"robots\" content=\"index, follow, max-snippet:-1, max-image-preview:large, max-video-preview:-1\" \/>\n<link rel=\"canonical\" href=\"https:\/\/edicionesalfar.es\/es\/producto\/aires-de-gloria\/\" \/>\n<meta property=\"og:locale\" content=\"es_ES\" \/>\n<meta property=\"og:type\" content=\"article\" \/>\n<meta property=\"og:title\" content=\"Aires de gloria - Ediciones Alfar\" \/>\n<meta property=\"og:description\" content=\"Un casual c\u00famulo de fatalistas circunstancias arrastra a los protagonistas a tener que reabrir las puertas, mal cerradas, de un pasado ya remoto. Toledo, m\u00edstico crisol en el que se amalgaman artes, historias y culturas, se convierte as\u00ed en el campo de batalla de una incruenta guerra de amor que les aboca, sin remisi\u00f3n, hacia la tragedia. DISPONIBLE EN EBOOK\" \/>\n<meta property=\"og:url\" content=\"https:\/\/edicionesalfar.es\/es\/producto\/aires-de-gloria\/\" \/>\n<meta property=\"og:site_name\" content=\"Ediciones Alfar\" \/>\n<meta property=\"og:image\" content=\"https:\/\/edicionesalfar.es\/es\/wp-content\/uploads\/2019\/05\/airesdegloria.jpg\" \/>\n\t<meta property=\"og:image:width\" content=\"1\" \/>\n\t<meta property=\"og:image:height\" content=\"1\" \/>\n\t<meta property=\"og:image:type\" content=\"image\/jpeg\" \/>\n<meta name=\"twitter:card\" content=\"summary_large_image\" \/>\n<meta name=\"twitter:label1\" content=\"Tiempo de lectura\" \/>\n\t<meta name=\"twitter:data1\" content=\"1 minuto\" \/>\n<script type=\"application\/ld+json\" class=\"yoast-schema-graph\">{\"@context\":\"https:\\\/\\\/schema.org\",\"@graph\":[{\"@type\":\"WebPage\",\"@id\":\"https:\\\/\\\/edicionesalfar.es\\\/es\\\/producto\\\/aires-de-gloria\\\/\",\"url\":\"https:\\\/\\\/edicionesalfar.es\\\/es\\\/producto\\\/aires-de-gloria\\\/\",\"name\":\"Aires de gloria - Ediciones Alfar\",\"isPartOf\":{\"@id\":\"https:\\\/\\\/edicionesalfar.es\\\/es\\\/#website\"},\"primaryImageOfPage\":{\"@id\":\"https:\\\/\\\/edicionesalfar.es\\\/es\\\/producto\\\/aires-de-gloria\\\/#primaryimage\"},\"image\":{\"@id\":\"https:\\\/\\\/edicionesalfar.es\\\/es\\\/producto\\\/aires-de-gloria\\\/#primaryimage\"},\"thumbnailUrl\":\"https:\\\/\\\/edicionesalfar.es\\\/es\\\/wp-content\\\/uploads\\\/2019\\\/05\\\/airesdegloria.jpg\",\"datePublished\":\"2019-07-11T05:51:11+00:00\",\"breadcrumb\":{\"@id\":\"https:\\\/\\\/edicionesalfar.es\\\/es\\\/producto\\\/aires-de-gloria\\\/#breadcrumb\"},\"inLanguage\":\"es\",\"potentialAction\":[{\"@type\":\"ReadAction\",\"target\":[\"https:\\\/\\\/edicionesalfar.es\\\/es\\\/producto\\\/aires-de-gloria\\\/\"]}]},{\"@type\":\"ImageObject\",\"inLanguage\":\"es\",\"@id\":\"https:\\\/\\\/edicionesalfar.es\\\/es\\\/producto\\\/aires-de-gloria\\\/#primaryimage\",\"url\":\"https:\\\/\\\/edicionesalfar.es\\\/es\\\/wp-content\\\/uploads\\\/2019\\\/05\\\/airesdegloria.jpg\",\"contentUrl\":\"https:\\\/\\\/edicionesalfar.es\\\/es\\\/wp-content\\\/uploads\\\/2019\\\/05\\\/airesdegloria.jpg\"},{\"@type\":\"BreadcrumbList\",\"@id\":\"https:\\\/\\\/edicionesalfar.es\\\/es\\\/producto\\\/aires-de-gloria\\\/#breadcrumb\",\"itemListElement\":[{\"@type\":\"ListItem\",\"position\":1,\"name\":\"Portada\",\"item\":\"https:\\\/\\\/edicionesalfar.es\\\/es\\\/\"},{\"@type\":\"ListItem\",\"position\":2,\"name\":\"Cat\u00e1logo\",\"item\":\"https:\\\/\\\/edicionesalfar.es\\\/es\\\/catalogo\\\/\"},{\"@type\":\"ListItem\",\"position\":3,\"name\":\"Aires de gloria\"}]},{\"@type\":\"WebSite\",\"@id\":\"https:\\\/\\\/edicionesalfar.es\\\/es\\\/#website\",\"url\":\"https:\\\/\\\/edicionesalfar.es\\\/es\\\/\",\"name\":\"Ediciones Alfar\",\"description\":\"\",\"potentialAction\":[{\"@type\":\"SearchAction\",\"target\":{\"@type\":\"EntryPoint\",\"urlTemplate\":\"https:\\\/\\\/edicionesalfar.es\\\/es\\\/?s={search_term_string}\"},\"query-input\":{\"@type\":\"PropertyValueSpecification\",\"valueRequired\":true,\"valueName\":\"search_term_string\"}}],\"inLanguage\":\"es\"}]}<\/script>\n<!-- \/ Yoast SEO plugin. -->","yoast_head_json":{"title":"Aires de gloria - Ediciones Alfar","robots":{"index":"index","follow":"follow","max-snippet":"max-snippet:-1","max-image-preview":"max-image-preview:large","max-video-preview":"max-video-preview:-1"},"canonical":"https:\/\/edicionesalfar.es\/es\/producto\/aires-de-gloria\/","og_locale":"es_ES","og_type":"article","og_title":"Aires de gloria - Ediciones Alfar","og_description":"Un casual c\u00famulo de fatalistas circunstancias arrastra a los protagonistas a tener que reabrir las puertas, mal cerradas, de un pasado ya remoto. Toledo, m\u00edstico crisol en el que se amalgaman artes, historias y culturas, se convierte as\u00ed en el campo de batalla de una incruenta guerra de amor que les aboca, sin remisi\u00f3n, hacia la tragedia. DISPONIBLE EN EBOOK","og_url":"https:\/\/edicionesalfar.es\/es\/producto\/aires-de-gloria\/","og_site_name":"Ediciones Alfar","og_image":[{"url":"https:\/\/edicionesalfar.es\/es\/wp-content\/uploads\/2019\/05\/airesdegloria.jpg","width":1,"height":1,"type":"image\/jpeg"}],"twitter_card":"summary_large_image","twitter_misc":{"Tiempo de lectura":"1 minuto"},"schema":{"@context":"https:\/\/schema.org","@graph":[{"@type":"WebPage","@id":"https:\/\/edicionesalfar.es\/es\/producto\/aires-de-gloria\/","url":"https:\/\/edicionesalfar.es\/es\/producto\/aires-de-gloria\/","name":"Aires de gloria - Ediciones Alfar","isPartOf":{"@id":"https:\/\/edicionesalfar.es\/es\/#website"},"primaryImageOfPage":{"@id":"https:\/\/edicionesalfar.es\/es\/producto\/aires-de-gloria\/#primaryimage"},"image":{"@id":"https:\/\/edicionesalfar.es\/es\/producto\/aires-de-gloria\/#primaryimage"},"thumbnailUrl":"https:\/\/edicionesalfar.es\/es\/wp-content\/uploads\/2019\/05\/airesdegloria.jpg","datePublished":"2019-07-11T05:51:11+00:00","breadcrumb":{"@id":"https:\/\/edicionesalfar.es\/es\/producto\/aires-de-gloria\/#breadcrumb"},"inLanguage":"es","potentialAction":[{"@type":"ReadAction","target":["https:\/\/edicionesalfar.es\/es\/producto\/aires-de-gloria\/"]}]},{"@type":"ImageObject","inLanguage":"es","@id":"https:\/\/edicionesalfar.es\/es\/producto\/aires-de-gloria\/#primaryimage","url":"https:\/\/edicionesalfar.es\/es\/wp-content\/uploads\/2019\/05\/airesdegloria.jpg","contentUrl":"https:\/\/edicionesalfar.es\/es\/wp-content\/uploads\/2019\/05\/airesdegloria.jpg"},{"@type":"BreadcrumbList","@id":"https:\/\/edicionesalfar.es\/es\/producto\/aires-de-gloria\/#breadcrumb","itemListElement":[{"@type":"ListItem","position":1,"name":"Portada","item":"https:\/\/edicionesalfar.es\/es\/"},{"@type":"ListItem","position":2,"name":"Cat\u00e1logo","item":"https:\/\/edicionesalfar.es\/es\/catalogo\/"},{"@type":"ListItem","position":3,"name":"Aires de gloria"}]},{"@type":"WebSite","@id":"https:\/\/edicionesalfar.es\/es\/#website","url":"https:\/\/edicionesalfar.es\/es\/","name":"Ediciones Alfar","description":"","potentialAction":[{"@type":"SearchAction","target":{"@type":"EntryPoint","urlTemplate":"https:\/\/edicionesalfar.es\/es\/?s={search_term_string}"},"query-input":{"@type":"PropertyValueSpecification","valueRequired":true,"valueName":"search_term_string"}}],"inLanguage":"es"}]}},"_links":{"self":[{"href":"https:\/\/edicionesalfar.es\/es\/wp-json\/wp\/v2\/product\/13944","targetHints":{"allow":["GET"]}}],"collection":[{"href":"https:\/\/edicionesalfar.es\/es\/wp-json\/wp\/v2\/product"}],"about":[{"href":"https:\/\/edicionesalfar.es\/es\/wp-json\/wp\/v2\/types\/product"}],"replies":[{"embeddable":true,"href":"https:\/\/edicionesalfar.es\/es\/wp-json\/wp\/v2\/comments?post=13944"}],"wp:featuredmedia":[{"embeddable":true,"href":"https:\/\/edicionesalfar.es\/es\/wp-json\/wp\/v2\/media\/13945"}],"wp:attachment":[{"href":"https:\/\/edicionesalfar.es\/es\/wp-json\/wp\/v2\/media?parent=13944"}],"wp:term":[{"taxonomy":"product_brand","embeddable":true,"href":"https:\/\/edicionesalfar.es\/es\/wp-json\/wp\/v2\/product_brand?post=13944"},{"taxonomy":"product_cat","embeddable":true,"href":"https:\/\/edicionesalfar.es\/es\/wp-json\/wp\/v2\/product_cat?post=13944"},{"taxonomy":"product_tag","embeddable":true,"href":"https:\/\/edicionesalfar.es\/es\/wp-json\/wp\/v2\/product_tag?post=13944"}],"curies":[{"name":"wp","href":"https:\/\/api.w.org\/{rel}","templated":true}]}}