{"id":13936,"date":"2019-07-11T05:51:07","date_gmt":"2019-07-11T05:51:07","guid":{"rendered":"http:\/\/www.edicionesalfar.es\/web-wordpress\/?post_type=product\\&#029;p="},"modified":"-0001-11-30T00:00:00","modified_gmt":"-0001-11-29T22:00:00","slug":"llega-un-caballero-de-al-andalus-una-epifania-de-dios","status":"publish","type":"product","link":"https:\/\/edicionesalfar.es\/es\/producto\/llega-un-caballero-de-al-andalus-una-epifania-de-dios\/","title":{"rendered":"Llega un caballero de al-\u00c1ndalus (Una epifan\u00eda de Dios)"},"content":{"rendered":"<p>CONTENIDO:\u00a0La novela se sit\u00faa en Breta\u00f1a, durante el reinado de San Luis de Francia e inmediatamente despu\u00e9s de la conquista del valle del Guadalquivir por Fernando III de Castilla.\u00a0<br style=\"height: 1px; font-size: 1px;\" \/>Un caballero de al-\u00c1ndalus, hijo de un cruzado bret\u00f3n y una princesa granadina, cabalga hacia Breta\u00f1a, de cuyo ducado es heredero leg\u00edtimo. Lo anuncian juglares, peregrinos y toda clase de viajeros, y el duque consorte enloquece de p\u00e1nico porque de antiguo el fantasma de la duquesa madre le ha anunciado tambi\u00e9n el regreso de su hijo.\u00a0<br style=\"height: 1px; font-size: 1px;\" \/>Surge as\u00ed un novela de caballer\u00edas. Breta\u00f1a es tierra evocadora de haza\u00f1as caballerescas, que pretende indagar c\u00f3mo determinadas expectativas bien manipuladas pueden producir m\u00e1s cambios que la realidad. \u00bfTiene m\u00e1s fuerza la realidad o nuestra imaginaci\u00f3n? \u00bfVivimos seg\u00fan la realidad o los mitos?<br style=\"height: 1px; font-size: 1px;\" \/>Un caballero de al-\u00c1ndalus, hijo de un cruzado bret\u00f3n y una princesa granadina, cabalga hacia Breta\u00f1a, de cuyo ducado es heredero leg\u00edtimo. Lo anuncian juglares, peregrinos y toda clase de viajeros, y el duque consorte enloquece de p\u00e1nico porque de antiguo el fantasma de la duquesa madre le ha anunciado tambi\u00e9n el regreso de su hijo.<br style=\"height: 1px; font-size: 1px;\" \/>Surge as\u00ed un novela de caballer\u00edas. Breta\u00f1a es tierra evocadora de haza\u00f1as caballerescas, que pretende indagar c\u00f3mo determinadas expectativas bien manipuladas pueden producir m\u00e1s cambios que la realidad. \u00bfTiene m\u00e1s fuerza la realidad o nuestra imaginaci\u00f3n? \u00bfVivimos seg\u00fan la realidad o los mitos?<br style=\"height: 1px; font-size: 1px;\" \/>AUTOR:\u00a0Aunque nacido en Arahal (Sevilla) y trasplantado a Madrid, siempre cultiv\u00f3 su sevillan\u00eda, que muchos tal vez tildar\u00e1n de postiza, porque sevillana fue su infancia, por eso nunca dej\u00f3 de acudir a la cita anual con el Gran Poder y la Macarena, y Macarena se llama su hija mayor. Por eso sevillanos son tambi\u00e9n los protagonistas de sus cinco novelas, aunque sus temas no son folcl\u00f3ricos.<br style=\"height: 1px; font-size: 1px;\" \/>En Madrid se licenci\u00f3 en Filosof\u00eda y Letras por la Universidad Complutense, trabaj\u00f3 un tiempo en la ense\u00f1anza privada y pas\u00f3 luego a la p\u00fablica, donde ejerci\u00f3 como profesor de Historia en el Instituto de Bachillerato, luego IES, \u201cMariano Jos\u00e9 de Larra\u201d.<br style=\"height: 1px; font-size: 1px;\" \/>A punto de iniciar el Bachillerato, ya en Madrid, padeci\u00f3 una grave enfermedad que lo recluy\u00f3 un tiempo en casa y lo aficion\u00f3 a los seriales radiof\u00f3nicos de la SER. Recuerda El Zamarrilla de Guillermo Sautier Casaseca y los Episodios Nacionales de don Benito P\u00e9rez Gald\u00f3s en RNE. Ah\u00ed naci\u00f3 su afici\u00f3n por la literatura y el gusto por contar historias. Gabriel Mir\u00f3 le inspir\u00f3 m\u00e1s tarde la pasi\u00f3n por el estilo.<br style=\"height: 1px; font-size: 1px;\" \/>Ha publicado art\u00edculos y cuentos, y en breve espera publicar las cinco novelas que ha escrito. En su web, http:\/\/platea.pntic.mec.es\/anilo\/, podr\u00e1n encontrar m\u00e1s detalles de su vida y obra.<br style=\"height: 1px; font-size: 1px;\" \/>En Madrid se licenci\u00f3 en Filosof\u00eda y Letras por la Universidad Complutense, trabaj\u00f3 un tiempo en la ense\u00f1anza privada y pas\u00f3 luego a la p\u00fablica, donde ejerci\u00f3 como profesor de Historia en el Instituto de Bachillerato, luego IES, \u201cMariano Jos\u00e9 de Larra\u201d.<br style=\"height: 1px; font-size: 1px;\" \/>A punto de iniciar el Bachillerato, ya en Madrid, padeci\u00f3 una grave enfermedad que lo recluy\u00f3 un tiempo en casa y lo aficion\u00f3 a los seriales radiof\u00f3nicos de la SER. Recuerda El Zamarrilla de Guillermo Sautier Casaseca y los Episodios Nacionales de don Benito P\u00e9rez Gald\u00f3s en RNE. Ah\u00ed naci\u00f3 su afici\u00f3n por la literatura y el gusto por contar historias. Gabriel Mir\u00f3 le inspir\u00f3 m\u00e1s tarde la pasi\u00f3n por el estilo.<br style=\"height: 1px; font-size: 1px;\" \/>Ha publicado art\u00edculos y cuentos, y en breve espera publicar las cinco novelas que ha escrito. En su web, http:\/\/platea.pntic.mec.es\/anilo\/, podr\u00e1n encontrar m\u00e1s detalles de su vida y obra.<\/p>\n","protected":false},"excerpt":{"rendered":"<div style=\"font-size: 13px; color: #333333; line-height: 20px;\"><span style=\"font-size: large; font-family: Andalus;\">La novela se sit\u00faa en Breta\u00f1a, durante el reinado de San Luis de Francia e inmediatamente despu\u00e9s de la conquista del valle del Guadalquivir por Fernando III de Castilla.<\/span><\/div>\n<div style=\"font-size: 13px; color: #333333; line-height: 20px;\"><span style=\"font-size: large; font-family: Andalus;\"><\/span><span style=\"font-size: large; font-family: Andalus;\">Un caballero de al-\u00c1ndalus, hijo de un cruzado bret\u00f3n y una princesa granadina, cabalga hacia Breta\u00f1a, de cuyo ducado es heredero leg\u00edtimo. Lo anuncian juglares, peregrinos y toda clase de viajeros, y el duque consorte enloquece de p\u00e1nico porque de antiguo el fantasma de la duquesa madre le ha anunciado tambi\u00e9n el regreso de su hijo.<\/span><\/div>\n<p><\/p>\n","protected":false},"featured_media":13937,"comment_status":"open","ping_status":"open","template":"","meta":{"_acf_changed":false,"_et_pb_use_builder":"","_et_pb_old_content":"","_et_gb_content_width":""},"product_brand":[],"product_cat":[29],"product_tag":[],"class_list":{"0":"post-13936","1":"product","2":"type-product","3":"status-publish","4":"has-post-thumbnail","6":"product_cat-narrativa","8":"first","9":"instock","10":"taxable","11":"shipping-taxable","12":"purchasable","13":"product-type-simple"},"acf":[],"yoast_head":"<!-- This site is optimized with the Yoast SEO plugin v27.4 - https:\/\/yoast.com\/product\/yoast-seo-wordpress\/ -->\n<title>Llega un caballero de al-\u00c1ndalus (Una epifan\u00eda de Dios) - Ediciones Alfar<\/title>\n<meta name=\"robots\" content=\"index, follow, max-snippet:-1, max-image-preview:large, max-video-preview:-1\" \/>\n<link rel=\"canonical\" href=\"https:\/\/edicionesalfar.es\/es\/producto\/llega-un-caballero-de-al-andalus-una-epifania-de-dios\/\" \/>\n<meta property=\"og:locale\" content=\"es_ES\" \/>\n<meta property=\"og:type\" content=\"article\" \/>\n<meta property=\"og:title\" content=\"Llega un caballero de al-\u00c1ndalus (Una epifan\u00eda de Dios) - Ediciones Alfar\" \/>\n<meta property=\"og:description\" content=\"La novela se sit\u00faa en Breta\u00f1a, durante el reinado de San Luis de Francia e inmediatamente despu\u00e9s de la conquista del valle del Guadalquivir por Fernando III de Castilla. Un caballero de al-\u00c1ndalus, hijo de un cruzado bret\u00f3n y una princesa granadina, cabalga hacia Breta\u00f1a, de cuyo ducado es heredero leg\u00edtimo. Lo anuncian juglares, peregrinos y toda clase de viajeros, y el duque consorte enloquece de p\u00e1nico porque de antiguo el fantasma de la duquesa madre le ha anunciado tambi\u00e9n el regreso de su hijo.\" \/>\n<meta property=\"og:url\" content=\"https:\/\/edicionesalfar.es\/es\/producto\/llega-un-caballero-de-al-andalus-una-epifania-de-dios\/\" \/>\n<meta property=\"og:site_name\" content=\"Ediciones Alfar\" \/>\n<meta property=\"og:image\" content=\"https:\/\/edicionesalfar.es\/es\/wp-content\/uploads\/2019\/05\/Llega-simple.jpg\" \/>\n\t<meta property=\"og:image:width\" content=\"1\" \/>\n\t<meta property=\"og:image:height\" content=\"1\" \/>\n\t<meta property=\"og:image:type\" content=\"image\/jpeg\" \/>\n<meta name=\"twitter:card\" content=\"summary_large_image\" \/>\n<meta name=\"twitter:label1\" content=\"Tiempo de lectura\" \/>\n\t<meta name=\"twitter:data1\" content=\"3 minutos\" \/>\n<script type=\"application\/ld+json\" class=\"yoast-schema-graph\">{\"@context\":\"https:\\\/\\\/schema.org\",\"@graph\":[{\"@type\":\"WebPage\",\"@id\":\"https:\\\/\\\/edicionesalfar.es\\\/es\\\/producto\\\/llega-un-caballero-de-al-andalus-una-epifania-de-dios\\\/\",\"url\":\"https:\\\/\\\/edicionesalfar.es\\\/es\\\/producto\\\/llega-un-caballero-de-al-andalus-una-epifania-de-dios\\\/\",\"name\":\"Llega un caballero de al-\u00c1ndalus (Una epifan\u00eda de Dios) - Ediciones Alfar\",\"isPartOf\":{\"@id\":\"https:\\\/\\\/edicionesalfar.es\\\/es\\\/#website\"},\"primaryImageOfPage\":{\"@id\":\"https:\\\/\\\/edicionesalfar.es\\\/es\\\/producto\\\/llega-un-caballero-de-al-andalus-una-epifania-de-dios\\\/#primaryimage\"},\"image\":{\"@id\":\"https:\\\/\\\/edicionesalfar.es\\\/es\\\/producto\\\/llega-un-caballero-de-al-andalus-una-epifania-de-dios\\\/#primaryimage\"},\"thumbnailUrl\":\"https:\\\/\\\/edicionesalfar.es\\\/es\\\/wp-content\\\/uploads\\\/2019\\\/05\\\/Llega-simple.jpg\",\"datePublished\":\"2019-07-11T05:51:07+00:00\",\"breadcrumb\":{\"@id\":\"https:\\\/\\\/edicionesalfar.es\\\/es\\\/producto\\\/llega-un-caballero-de-al-andalus-una-epifania-de-dios\\\/#breadcrumb\"},\"inLanguage\":\"es\",\"potentialAction\":[{\"@type\":\"ReadAction\",\"target\":[\"https:\\\/\\\/edicionesalfar.es\\\/es\\\/producto\\\/llega-un-caballero-de-al-andalus-una-epifania-de-dios\\\/\"]}]},{\"@type\":\"ImageObject\",\"inLanguage\":\"es\",\"@id\":\"https:\\\/\\\/edicionesalfar.es\\\/es\\\/producto\\\/llega-un-caballero-de-al-andalus-una-epifania-de-dios\\\/#primaryimage\",\"url\":\"https:\\\/\\\/edicionesalfar.es\\\/es\\\/wp-content\\\/uploads\\\/2019\\\/05\\\/Llega-simple.jpg\",\"contentUrl\":\"https:\\\/\\\/edicionesalfar.es\\\/es\\\/wp-content\\\/uploads\\\/2019\\\/05\\\/Llega-simple.jpg\"},{\"@type\":\"BreadcrumbList\",\"@id\":\"https:\\\/\\\/edicionesalfar.es\\\/es\\\/producto\\\/llega-un-caballero-de-al-andalus-una-epifania-de-dios\\\/#breadcrumb\",\"itemListElement\":[{\"@type\":\"ListItem\",\"position\":1,\"name\":\"Portada\",\"item\":\"https:\\\/\\\/edicionesalfar.es\\\/es\\\/\"},{\"@type\":\"ListItem\",\"position\":2,\"name\":\"Cat\u00e1logo\",\"item\":\"https:\\\/\\\/edicionesalfar.es\\\/es\\\/catalogo\\\/\"},{\"@type\":\"ListItem\",\"position\":3,\"name\":\"Llega un caballero de al-\u00c1ndalus (Una epifan\u00eda de Dios)\"}]},{\"@type\":\"WebSite\",\"@id\":\"https:\\\/\\\/edicionesalfar.es\\\/es\\\/#website\",\"url\":\"https:\\\/\\\/edicionesalfar.es\\\/es\\\/\",\"name\":\"Ediciones Alfar\",\"description\":\"\",\"potentialAction\":[{\"@type\":\"SearchAction\",\"target\":{\"@type\":\"EntryPoint\",\"urlTemplate\":\"https:\\\/\\\/edicionesalfar.es\\\/es\\\/?s={search_term_string}\"},\"query-input\":{\"@type\":\"PropertyValueSpecification\",\"valueRequired\":true,\"valueName\":\"search_term_string\"}}],\"inLanguage\":\"es\"}]}<\/script>\n<!-- \/ Yoast SEO plugin. -->","yoast_head_json":{"title":"Llega un caballero de al-\u00c1ndalus (Una epifan\u00eda de Dios) - Ediciones Alfar","robots":{"index":"index","follow":"follow","max-snippet":"max-snippet:-1","max-image-preview":"max-image-preview:large","max-video-preview":"max-video-preview:-1"},"canonical":"https:\/\/edicionesalfar.es\/es\/producto\/llega-un-caballero-de-al-andalus-una-epifania-de-dios\/","og_locale":"es_ES","og_type":"article","og_title":"Llega un caballero de al-\u00c1ndalus (Una epifan\u00eda de Dios) - Ediciones Alfar","og_description":"La novela se sit\u00faa en Breta\u00f1a, durante el reinado de San Luis de Francia e inmediatamente despu\u00e9s de la conquista del valle del Guadalquivir por Fernando III de Castilla. Un caballero de al-\u00c1ndalus, hijo de un cruzado bret\u00f3n y una princesa granadina, cabalga hacia Breta\u00f1a, de cuyo ducado es heredero leg\u00edtimo. Lo anuncian juglares, peregrinos y toda clase de viajeros, y el duque consorte enloquece de p\u00e1nico porque de antiguo el fantasma de la duquesa madre le ha anunciado tambi\u00e9n el regreso de su hijo.","og_url":"https:\/\/edicionesalfar.es\/es\/producto\/llega-un-caballero-de-al-andalus-una-epifania-de-dios\/","og_site_name":"Ediciones Alfar","og_image":[{"url":"https:\/\/edicionesalfar.es\/es\/wp-content\/uploads\/2019\/05\/Llega-simple.jpg","width":1,"height":1,"type":"image\/jpeg"}],"twitter_card":"summary_large_image","twitter_misc":{"Tiempo de lectura":"3 minutos"},"schema":{"@context":"https:\/\/schema.org","@graph":[{"@type":"WebPage","@id":"https:\/\/edicionesalfar.es\/es\/producto\/llega-un-caballero-de-al-andalus-una-epifania-de-dios\/","url":"https:\/\/edicionesalfar.es\/es\/producto\/llega-un-caballero-de-al-andalus-una-epifania-de-dios\/","name":"Llega un caballero de al-\u00c1ndalus (Una epifan\u00eda de Dios) - Ediciones Alfar","isPartOf":{"@id":"https:\/\/edicionesalfar.es\/es\/#website"},"primaryImageOfPage":{"@id":"https:\/\/edicionesalfar.es\/es\/producto\/llega-un-caballero-de-al-andalus-una-epifania-de-dios\/#primaryimage"},"image":{"@id":"https:\/\/edicionesalfar.es\/es\/producto\/llega-un-caballero-de-al-andalus-una-epifania-de-dios\/#primaryimage"},"thumbnailUrl":"https:\/\/edicionesalfar.es\/es\/wp-content\/uploads\/2019\/05\/Llega-simple.jpg","datePublished":"2019-07-11T05:51:07+00:00","breadcrumb":{"@id":"https:\/\/edicionesalfar.es\/es\/producto\/llega-un-caballero-de-al-andalus-una-epifania-de-dios\/#breadcrumb"},"inLanguage":"es","potentialAction":[{"@type":"ReadAction","target":["https:\/\/edicionesalfar.es\/es\/producto\/llega-un-caballero-de-al-andalus-una-epifania-de-dios\/"]}]},{"@type":"ImageObject","inLanguage":"es","@id":"https:\/\/edicionesalfar.es\/es\/producto\/llega-un-caballero-de-al-andalus-una-epifania-de-dios\/#primaryimage","url":"https:\/\/edicionesalfar.es\/es\/wp-content\/uploads\/2019\/05\/Llega-simple.jpg","contentUrl":"https:\/\/edicionesalfar.es\/es\/wp-content\/uploads\/2019\/05\/Llega-simple.jpg"},{"@type":"BreadcrumbList","@id":"https:\/\/edicionesalfar.es\/es\/producto\/llega-un-caballero-de-al-andalus-una-epifania-de-dios\/#breadcrumb","itemListElement":[{"@type":"ListItem","position":1,"name":"Portada","item":"https:\/\/edicionesalfar.es\/es\/"},{"@type":"ListItem","position":2,"name":"Cat\u00e1logo","item":"https:\/\/edicionesalfar.es\/es\/catalogo\/"},{"@type":"ListItem","position":3,"name":"Llega un caballero de al-\u00c1ndalus (Una epifan\u00eda de Dios)"}]},{"@type":"WebSite","@id":"https:\/\/edicionesalfar.es\/es\/#website","url":"https:\/\/edicionesalfar.es\/es\/","name":"Ediciones Alfar","description":"","potentialAction":[{"@type":"SearchAction","target":{"@type":"EntryPoint","urlTemplate":"https:\/\/edicionesalfar.es\/es\/?s={search_term_string}"},"query-input":{"@type":"PropertyValueSpecification","valueRequired":true,"valueName":"search_term_string"}}],"inLanguage":"es"}]}},"_links":{"self":[{"href":"https:\/\/edicionesalfar.es\/es\/wp-json\/wp\/v2\/product\/13936","targetHints":{"allow":["GET"]}}],"collection":[{"href":"https:\/\/edicionesalfar.es\/es\/wp-json\/wp\/v2\/product"}],"about":[{"href":"https:\/\/edicionesalfar.es\/es\/wp-json\/wp\/v2\/types\/product"}],"replies":[{"embeddable":true,"href":"https:\/\/edicionesalfar.es\/es\/wp-json\/wp\/v2\/comments?post=13936"}],"wp:featuredmedia":[{"embeddable":true,"href":"https:\/\/edicionesalfar.es\/es\/wp-json\/wp\/v2\/media\/13937"}],"wp:attachment":[{"href":"https:\/\/edicionesalfar.es\/es\/wp-json\/wp\/v2\/media?parent=13936"}],"wp:term":[{"taxonomy":"product_brand","embeddable":true,"href":"https:\/\/edicionesalfar.es\/es\/wp-json\/wp\/v2\/product_brand?post=13936"},{"taxonomy":"product_cat","embeddable":true,"href":"https:\/\/edicionesalfar.es\/es\/wp-json\/wp\/v2\/product_cat?post=13936"},{"taxonomy":"product_tag","embeddable":true,"href":"https:\/\/edicionesalfar.es\/es\/wp-json\/wp\/v2\/product_tag?post=13936"}],"curies":[{"name":"wp","href":"https:\/\/api.w.org\/{rel}","templated":true}]}}