{"id":13916,"date":"2019-07-11T05:50:54","date_gmt":"2019-07-11T05:50:54","guid":{"rendered":"http:\/\/www.edicionesalfar.es\/web-wordpress\/?post_type=product&#038;#019;p="},"modified":"2022-03-03T22:07:53","modified_gmt":"2022-03-03T21:07:53","slug":"cuentos-y-relatos-de-andalucia-y-marruecos","status":"publish","type":"product","link":"https:\/\/edicionesalfar.es\/es\/producto\/cuentos-y-relatos-de-andalucia-y-marruecos\/","title":{"rendered":"CUENTOS Y RELATOS DE ANDALUC\u00cdA Y MARRUECOS"},"content":{"rendered":"<p>CUENTOS Y RELATOS DE ANDALUC\u00cdA Y MARRUECOS<\/p>\n","protected":false},"excerpt":{"rendered":"<p><span style=\"font-size: 10pt;\"><span style=\"font-family: georgia,palatino;\"><span style=\"color: black;\">El centro Cultural \u00abAl Andalus\u00bb ha apostado en esta\u00a0 edici\u00f3n biling\u00fce por el cuento para unir las\u00a0 dos orillas, considerando este g\u00e9nero m\u00e1s \u00fatil\u00a0 que los discursos de los pol\u00edticos y los legisladores de derechos internacionales.<\/span><\/span><\/span><\/p>\n<p><span style=\"font-size: 10pt;\"><span style=\"font-family: georgia,palatino;\"><span style=\"color: black;\"><strong>\u00a0<\/strong><\/span><\/span><\/span><\/p>\n","protected":false},"featured_media":5,"comment_status":"open","ping_status":"closed","template":"","meta":{"_acf_changed":false,"_et_pb_use_builder":"","_et_pb_old_content":"","_et_gb_content_width":""},"product_brand":[],"product_cat":[19],"product_tag":[],"class_list":{"0":"post-13916","1":"product","2":"type-product","3":"status-publish","4":"has-post-thumbnail","6":"product_cat-alfar-ixbilia","8":"first","9":"instock","10":"taxable","11":"shipping-taxable","12":"purchasable","13":"product-type-simple"},"acf":[],"yoast_head":"<!-- This site is optimized with the Yoast SEO plugin v27.4 - https:\/\/yoast.com\/product\/yoast-seo-wordpress\/ -->\n<title>CUENTOS Y RELATOS DE ANDALUC\u00cdA Y MARRUECOS - Ediciones Alfar<\/title>\n<meta name=\"robots\" content=\"index, follow, max-snippet:-1, max-image-preview:large, max-video-preview:-1\" \/>\n<link rel=\"canonical\" href=\"https:\/\/edicionesalfar.es\/es\/producto\/cuentos-y-relatos-de-andalucia-y-marruecos\/\" \/>\n<meta property=\"og:locale\" content=\"es_ES\" \/>\n<meta property=\"og:type\" content=\"article\" \/>\n<meta property=\"og:title\" content=\"CUENTOS Y RELATOS DE ANDALUC\u00cdA Y MARRUECOS - Ediciones Alfar\" \/>\n<meta property=\"og:description\" content=\"El centro Cultural &quot;Al Andalus&quot; ha apostado en esta\u00a0 edici\u00f3n biling\u00fce por el cuento para unir las\u00a0 dos orillas, considerando este g\u00e9nero m\u00e1s \u00fatil\u00a0 que los discursos de los pol\u00edticos y los legisladores de derechos internacionales.  \u00a0\" \/>\n<meta property=\"og:url\" content=\"https:\/\/edicionesalfar.es\/es\/producto\/cuentos-y-relatos-de-andalucia-y-marruecos\/\" \/>\n<meta property=\"og:site_name\" content=\"Ediciones Alfar\" \/>\n<meta property=\"article:modified_time\" content=\"2022-03-03T21:07:53+00:00\" \/>\n<meta property=\"og:image\" content=\"https:\/\/edicionesalfar.es\/es\/wp-content\/uploads\/woocommerce-placeholder.png\" \/>\n\t<meta property=\"og:image:width\" content=\"1200\" \/>\n\t<meta property=\"og:image:height\" content=\"1200\" \/>\n\t<meta property=\"og:image:type\" content=\"image\/png\" \/>\n<meta name=\"twitter:card\" content=\"summary_large_image\" \/>\n<script type=\"application\/ld+json\" class=\"yoast-schema-graph\">{\"@context\":\"https:\\\/\\\/schema.org\",\"@graph\":[{\"@type\":\"WebPage\",\"@id\":\"https:\\\/\\\/edicionesalfar.es\\\/es\\\/producto\\\/cuentos-y-relatos-de-andalucia-y-marruecos\\\/\",\"url\":\"https:\\\/\\\/edicionesalfar.es\\\/es\\\/producto\\\/cuentos-y-relatos-de-andalucia-y-marruecos\\\/\",\"name\":\"CUENTOS Y RELATOS DE ANDALUC\u00cdA Y MARRUECOS - Ediciones Alfar\",\"isPartOf\":{\"@id\":\"https:\\\/\\\/edicionesalfar.es\\\/es\\\/#website\"},\"primaryImageOfPage\":{\"@id\":\"https:\\\/\\\/edicionesalfar.es\\\/es\\\/producto\\\/cuentos-y-relatos-de-andalucia-y-marruecos\\\/#primaryimage\"},\"image\":{\"@id\":\"https:\\\/\\\/edicionesalfar.es\\\/es\\\/producto\\\/cuentos-y-relatos-de-andalucia-y-marruecos\\\/#primaryimage\"},\"thumbnailUrl\":\"https:\\\/\\\/edicionesalfar.es\\\/es\\\/wp-content\\\/uploads\\\/woocommerce-placeholder.png\",\"datePublished\":\"2019-07-11T05:50:54+00:00\",\"dateModified\":\"2022-03-03T21:07:53+00:00\",\"breadcrumb\":{\"@id\":\"https:\\\/\\\/edicionesalfar.es\\\/es\\\/producto\\\/cuentos-y-relatos-de-andalucia-y-marruecos\\\/#breadcrumb\"},\"inLanguage\":\"es\",\"potentialAction\":[{\"@type\":\"ReadAction\",\"target\":[\"https:\\\/\\\/edicionesalfar.es\\\/es\\\/producto\\\/cuentos-y-relatos-de-andalucia-y-marruecos\\\/\"]}]},{\"@type\":\"ImageObject\",\"inLanguage\":\"es\",\"@id\":\"https:\\\/\\\/edicionesalfar.es\\\/es\\\/producto\\\/cuentos-y-relatos-de-andalucia-y-marruecos\\\/#primaryimage\",\"url\":\"https:\\\/\\\/edicionesalfar.es\\\/es\\\/wp-content\\\/uploads\\\/woocommerce-placeholder.png\",\"contentUrl\":\"https:\\\/\\\/edicionesalfar.es\\\/es\\\/wp-content\\\/uploads\\\/woocommerce-placeholder.png\",\"width\":1200,\"height\":1200},{\"@type\":\"BreadcrumbList\",\"@id\":\"https:\\\/\\\/edicionesalfar.es\\\/es\\\/producto\\\/cuentos-y-relatos-de-andalucia-y-marruecos\\\/#breadcrumb\",\"itemListElement\":[{\"@type\":\"ListItem\",\"position\":1,\"name\":\"Portada\",\"item\":\"https:\\\/\\\/edicionesalfar.es\\\/es\\\/\"},{\"@type\":\"ListItem\",\"position\":2,\"name\":\"Cat\u00e1logo\",\"item\":\"https:\\\/\\\/edicionesalfar.es\\\/es\\\/catalogo\\\/\"},{\"@type\":\"ListItem\",\"position\":3,\"name\":\"CUENTOS Y RELATOS DE ANDALUC\u00cdA Y MARRUECOS\"}]},{\"@type\":\"WebSite\",\"@id\":\"https:\\\/\\\/edicionesalfar.es\\\/es\\\/#website\",\"url\":\"https:\\\/\\\/edicionesalfar.es\\\/es\\\/\",\"name\":\"Ediciones Alfar\",\"description\":\"\",\"potentialAction\":[{\"@type\":\"SearchAction\",\"target\":{\"@type\":\"EntryPoint\",\"urlTemplate\":\"https:\\\/\\\/edicionesalfar.es\\\/es\\\/?s={search_term_string}\"},\"query-input\":{\"@type\":\"PropertyValueSpecification\",\"valueRequired\":true,\"valueName\":\"search_term_string\"}}],\"inLanguage\":\"es\"}]}<\/script>\n<!-- \/ Yoast SEO plugin. -->","yoast_head_json":{"title":"CUENTOS Y RELATOS DE ANDALUC\u00cdA Y MARRUECOS - Ediciones Alfar","robots":{"index":"index","follow":"follow","max-snippet":"max-snippet:-1","max-image-preview":"max-image-preview:large","max-video-preview":"max-video-preview:-1"},"canonical":"https:\/\/edicionesalfar.es\/es\/producto\/cuentos-y-relatos-de-andalucia-y-marruecos\/","og_locale":"es_ES","og_type":"article","og_title":"CUENTOS Y RELATOS DE ANDALUC\u00cdA Y MARRUECOS - Ediciones Alfar","og_description":"El centro Cultural \"Al Andalus\" ha apostado en esta\u00a0 edici\u00f3n biling\u00fce por el cuento para unir las\u00a0 dos orillas, considerando este g\u00e9nero m\u00e1s \u00fatil\u00a0 que los discursos de los pol\u00edticos y los legisladores de derechos internacionales.  \u00a0","og_url":"https:\/\/edicionesalfar.es\/es\/producto\/cuentos-y-relatos-de-andalucia-y-marruecos\/","og_site_name":"Ediciones Alfar","article_modified_time":"2022-03-03T21:07:53+00:00","og_image":[{"width":1200,"height":1200,"url":"https:\/\/edicionesalfar.es\/es\/wp-content\/uploads\/woocommerce-placeholder.png","type":"image\/png"}],"twitter_card":"summary_large_image","schema":{"@context":"https:\/\/schema.org","@graph":[{"@type":"WebPage","@id":"https:\/\/edicionesalfar.es\/es\/producto\/cuentos-y-relatos-de-andalucia-y-marruecos\/","url":"https:\/\/edicionesalfar.es\/es\/producto\/cuentos-y-relatos-de-andalucia-y-marruecos\/","name":"CUENTOS Y RELATOS DE ANDALUC\u00cdA Y MARRUECOS - Ediciones Alfar","isPartOf":{"@id":"https:\/\/edicionesalfar.es\/es\/#website"},"primaryImageOfPage":{"@id":"https:\/\/edicionesalfar.es\/es\/producto\/cuentos-y-relatos-de-andalucia-y-marruecos\/#primaryimage"},"image":{"@id":"https:\/\/edicionesalfar.es\/es\/producto\/cuentos-y-relatos-de-andalucia-y-marruecos\/#primaryimage"},"thumbnailUrl":"https:\/\/edicionesalfar.es\/es\/wp-content\/uploads\/woocommerce-placeholder.png","datePublished":"2019-07-11T05:50:54+00:00","dateModified":"2022-03-03T21:07:53+00:00","breadcrumb":{"@id":"https:\/\/edicionesalfar.es\/es\/producto\/cuentos-y-relatos-de-andalucia-y-marruecos\/#breadcrumb"},"inLanguage":"es","potentialAction":[{"@type":"ReadAction","target":["https:\/\/edicionesalfar.es\/es\/producto\/cuentos-y-relatos-de-andalucia-y-marruecos\/"]}]},{"@type":"ImageObject","inLanguage":"es","@id":"https:\/\/edicionesalfar.es\/es\/producto\/cuentos-y-relatos-de-andalucia-y-marruecos\/#primaryimage","url":"https:\/\/edicionesalfar.es\/es\/wp-content\/uploads\/woocommerce-placeholder.png","contentUrl":"https:\/\/edicionesalfar.es\/es\/wp-content\/uploads\/woocommerce-placeholder.png","width":1200,"height":1200},{"@type":"BreadcrumbList","@id":"https:\/\/edicionesalfar.es\/es\/producto\/cuentos-y-relatos-de-andalucia-y-marruecos\/#breadcrumb","itemListElement":[{"@type":"ListItem","position":1,"name":"Portada","item":"https:\/\/edicionesalfar.es\/es\/"},{"@type":"ListItem","position":2,"name":"Cat\u00e1logo","item":"https:\/\/edicionesalfar.es\/es\/catalogo\/"},{"@type":"ListItem","position":3,"name":"CUENTOS Y RELATOS DE ANDALUC\u00cdA Y MARRUECOS"}]},{"@type":"WebSite","@id":"https:\/\/edicionesalfar.es\/es\/#website","url":"https:\/\/edicionesalfar.es\/es\/","name":"Ediciones Alfar","description":"","potentialAction":[{"@type":"SearchAction","target":{"@type":"EntryPoint","urlTemplate":"https:\/\/edicionesalfar.es\/es\/?s={search_term_string}"},"query-input":{"@type":"PropertyValueSpecification","valueRequired":true,"valueName":"search_term_string"}}],"inLanguage":"es"}]}},"_links":{"self":[{"href":"https:\/\/edicionesalfar.es\/es\/wp-json\/wp\/v2\/product\/13916","targetHints":{"allow":["GET"]}}],"collection":[{"href":"https:\/\/edicionesalfar.es\/es\/wp-json\/wp\/v2\/product"}],"about":[{"href":"https:\/\/edicionesalfar.es\/es\/wp-json\/wp\/v2\/types\/product"}],"replies":[{"embeddable":true,"href":"https:\/\/edicionesalfar.es\/es\/wp-json\/wp\/v2\/comments?post=13916"}],"wp:featuredmedia":[{"embeddable":true,"href":"https:\/\/edicionesalfar.es\/es\/wp-json\/wp\/v2\/media\/5"}],"wp:attachment":[{"href":"https:\/\/edicionesalfar.es\/es\/wp-json\/wp\/v2\/media?parent=13916"}],"wp:term":[{"taxonomy":"product_brand","embeddable":true,"href":"https:\/\/edicionesalfar.es\/es\/wp-json\/wp\/v2\/product_brand?post=13916"},{"taxonomy":"product_cat","embeddable":true,"href":"https:\/\/edicionesalfar.es\/es\/wp-json\/wp\/v2\/product_cat?post=13916"},{"taxonomy":"product_tag","embeddable":true,"href":"https:\/\/edicionesalfar.es\/es\/wp-json\/wp\/v2\/product_tag?post=13916"}],"curies":[{"name":"wp","href":"https:\/\/api.w.org\/{rel}","templated":true}]}}