{"id":13682,"date":"2019-07-11T05:48:56","date_gmt":"2019-07-11T05:48:56","guid":{"rendered":"http:\/\/www.edicionesalfar.es\/web-wordpress\/?post_type=product\\&#025;p="},"modified":"-0001-11-30T00:00:00","modified_gmt":"-0001-11-29T22:00:00","slug":"la-introduccion-de-la-medicina-moderna-en-espana-una-imagen-de-nuestra-renovacion-cientifica-1687-1727-desde-la-teoria-de-la-ciencia-de-thomas-s-kuhn","status":"publish","type":"product","link":"https:\/\/edicionesalfar.es\/es\/producto\/la-introduccion-de-la-medicina-moderna-en-espana-una-imagen-de-nuestra-renovacion-cientifica-1687-1727-desde-la-teoria-de-la-ciencia-de-thomas-s-kuhn\/","title":{"rendered":"LA INTRODUCCI\u00d3N DE LA MEDICINA MODERNA EN ESPA\u00d1A. Una imagen de nuestra renovaci\u00f3n cient\u00edfica (1687-1727) desde la Teor\u00eda de la Ciencia de Thomas S. Kuhn."},"content":{"rendered":"","protected":false},"excerpt":{"rendered":"<p><span style=\"font-size: 10pt;\"><span style=\"font-family: georgia,palatino;\">An\u00e1lisis del c\u00f3mo y por qu\u00e9 los m\u00e9dicos dejaron de ser galenistas en la Espa\u00f1a del siglo XVII para pasar a aceptar las ideas experimentalistas procedentes de Europa.<\/span><\/span><\/p>\n<p><span style=\"font-size: 10pt;\"><span style=\"font-family: georgia,palatino;\"><a href=\"http:\/\/www.todoebook.com\/INTRODUCCION-A-LA-MEDICINA-MODERNA-RAFAEL-A-RODRIGUEZ-SANCHEZ-EDICIONES-ALFAR-SA-ebook-9788478983155.html\" target=\"_parent\"><img decoding=\"async\" style=\"padding: 0px; margin: 0px; border: initial none initial;\" src=\"..\/logo-todoebook.gif\" alt=\"\" \/> DISPONIBLE EN <\/a><span style=\"color: #3366ff;\"><a href=\"http:\/\/www.todoebook.com\/INTRODUCCION-A-LA-MEDICINA-MODERNA-RAFAEL-A-RODRIGUEZ-SANCHEZ-EDICIONES-ALFAR-SA-ebook-9788478983155.html\" target=\"_parent\">TODO EBOOK<\/a><\/span><\/span><\/span><\/p>\n<p>&nbsp;<\/p>\n<p><a href=\"http:\/\/www.biblioandalucia.com\/LIBRO-INTRODUCCION-A-LA-MEDICINA-MODERNA-RAFAEL-A_-RODRIGUEZ-SANCHEZ_9788478983155.html\"><span style=\"font-size: 10pt;\"><span style=\"font-family: georgia,palatino;\"><span style=\"color: #3366ff;\"><img decoding=\"async\" src=\"..\/biblioandalucia.gif\" alt=\"\" width=\"100\" \/> <\/span><\/span><\/span><\/a><a href=\"http:\/\/www.biblioandalucia.com\/LIBRO-INTRODUCCION-A-LA-MEDICINA-MODERNA-RAFAEL-A_-RODRIGUEZ-SANCHEZ_9788478983155.html\" target=\"_blank\">DISPONIBLE EN <\/a><a target=\"_parent\">BIBLIOANDALUC\u00cdA<\/a><\/p>\n","protected":false},"featured_media":13683,"comment_status":"open","ping_status":"open","template":"","meta":{"_acf_changed":false,"_et_pb_use_builder":"","_et_pb_old_content":"","_et_gb_content_width":""},"product_brand":[],"product_cat":[25],"product_tag":[],"class_list":{"0":"post-13682","1":"product","2":"type-product","3":"status-publish","4":"has-post-thumbnail","6":"product_cat-filosofia-sociedad","8":"first","9":"instock","10":"taxable","11":"shipping-taxable","12":"purchasable","13":"product-type-simple"},"acf":[],"yoast_head":"<!-- This site is optimized with the Yoast SEO plugin v27.5 - https:\/\/yoast.com\/product\/yoast-seo-wordpress\/ -->\n<title>LA INTRODUCCI\u00d3N DE LA MEDICINA MODERNA EN ESPA\u00d1A. Una imagen de nuestra renovaci\u00f3n cient\u00edfica (1687-1727) desde la Teor\u00eda de la Ciencia de Thomas S. Kuhn.  - Ediciones Alfar<\/title>\n<meta name=\"robots\" content=\"index, follow, max-snippet:-1, max-image-preview:large, max-video-preview:-1\" \/>\n<link rel=\"canonical\" href=\"https:\/\/edicionesalfar.es\/es\/producto\/la-introduccion-de-la-medicina-moderna-en-espana-una-imagen-de-nuestra-renovacion-cientifica-1687-1727-desde-la-teoria-de-la-ciencia-de-thomas-s-kuhn\/\" \/>\n<meta property=\"og:locale\" content=\"es_ES\" \/>\n<meta property=\"og:type\" content=\"article\" \/>\n<meta property=\"og:title\" content=\"LA INTRODUCCI\u00d3N DE LA MEDICINA MODERNA EN ESPA\u00d1A. Una imagen de nuestra renovaci\u00f3n cient\u00edfica (1687-1727) desde la Teor\u00eda de la Ciencia de Thomas S. Kuhn.  - Ediciones Alfar\" \/>\n<meta property=\"og:description\" content=\"An\u00e1lisis del c\u00f3mo y por qu\u00e9 los m\u00e9dicos dejaron de ser galenistas en la Espa\u00f1a del siglo XVII para pasar a aceptar las ideas experimentalistas procedentes de Europa.  DISPONIBLE EN TODO EBOOK &nbsp;  DISPONIBLE EN BIBLIOANDALUC\u00cdA\" \/>\n<meta property=\"og:url\" content=\"https:\/\/edicionesalfar.es\/es\/producto\/la-introduccion-de-la-medicina-moderna-en-espana-una-imagen-de-nuestra-renovacion-cientifica-1687-1727-desde-la-teoria-de-la-ciencia-de-thomas-s-kuhn\/\" \/>\n<meta property=\"og:site_name\" content=\"Ediciones Alfar\" \/>\n<meta property=\"og:image\" content=\"https:\/\/edicionesalfar.es\/es\/wp-content\/uploads\/2019\/05\/int.medicina.jpg\" \/>\n\t<meta property=\"og:image:width\" content=\"1\" \/>\n\t<meta property=\"og:image:height\" content=\"1\" \/>\n\t<meta property=\"og:image:type\" content=\"image\/jpeg\" \/>\n<meta name=\"twitter:card\" content=\"summary_large_image\" \/>\n<script type=\"application\/ld+json\" class=\"yoast-schema-graph\">{\"@context\":\"https:\\\/\\\/schema.org\",\"@graph\":[{\"@type\":\"WebPage\",\"@id\":\"https:\\\/\\\/edicionesalfar.es\\\/es\\\/producto\\\/la-introduccion-de-la-medicina-moderna-en-espana-una-imagen-de-nuestra-renovacion-cientifica-1687-1727-desde-la-teoria-de-la-ciencia-de-thomas-s-kuhn\\\/\",\"url\":\"https:\\\/\\\/edicionesalfar.es\\\/es\\\/producto\\\/la-introduccion-de-la-medicina-moderna-en-espana-una-imagen-de-nuestra-renovacion-cientifica-1687-1727-desde-la-teoria-de-la-ciencia-de-thomas-s-kuhn\\\/\",\"name\":\"LA INTRODUCCI\u00d3N DE LA MEDICINA MODERNA EN ESPA\u00d1A. Una imagen de nuestra renovaci\u00f3n cient\u00edfica (1687-1727) desde la Teor\u00eda de la Ciencia de Thomas S. Kuhn. - Ediciones Alfar\",\"isPartOf\":{\"@id\":\"https:\\\/\\\/edicionesalfar.es\\\/es\\\/#website\"},\"primaryImageOfPage\":{\"@id\":\"https:\\\/\\\/edicionesalfar.es\\\/es\\\/producto\\\/la-introduccion-de-la-medicina-moderna-en-espana-una-imagen-de-nuestra-renovacion-cientifica-1687-1727-desde-la-teoria-de-la-ciencia-de-thomas-s-kuhn\\\/#primaryimage\"},\"image\":{\"@id\":\"https:\\\/\\\/edicionesalfar.es\\\/es\\\/producto\\\/la-introduccion-de-la-medicina-moderna-en-espana-una-imagen-de-nuestra-renovacion-cientifica-1687-1727-desde-la-teoria-de-la-ciencia-de-thomas-s-kuhn\\\/#primaryimage\"},\"thumbnailUrl\":\"https:\\\/\\\/edicionesalfar.es\\\/es\\\/wp-content\\\/uploads\\\/2019\\\/05\\\/int.medicina.jpg\",\"datePublished\":\"2019-07-11T05:48:56+00:00\",\"breadcrumb\":{\"@id\":\"https:\\\/\\\/edicionesalfar.es\\\/es\\\/producto\\\/la-introduccion-de-la-medicina-moderna-en-espana-una-imagen-de-nuestra-renovacion-cientifica-1687-1727-desde-la-teoria-de-la-ciencia-de-thomas-s-kuhn\\\/#breadcrumb\"},\"inLanguage\":\"es\",\"potentialAction\":[{\"@type\":\"ReadAction\",\"target\":[\"https:\\\/\\\/edicionesalfar.es\\\/es\\\/producto\\\/la-introduccion-de-la-medicina-moderna-en-espana-una-imagen-de-nuestra-renovacion-cientifica-1687-1727-desde-la-teoria-de-la-ciencia-de-thomas-s-kuhn\\\/\"]}]},{\"@type\":\"ImageObject\",\"inLanguage\":\"es\",\"@id\":\"https:\\\/\\\/edicionesalfar.es\\\/es\\\/producto\\\/la-introduccion-de-la-medicina-moderna-en-espana-una-imagen-de-nuestra-renovacion-cientifica-1687-1727-desde-la-teoria-de-la-ciencia-de-thomas-s-kuhn\\\/#primaryimage\",\"url\":\"https:\\\/\\\/edicionesalfar.es\\\/es\\\/wp-content\\\/uploads\\\/2019\\\/05\\\/int.medicina.jpg\",\"contentUrl\":\"https:\\\/\\\/edicionesalfar.es\\\/es\\\/wp-content\\\/uploads\\\/2019\\\/05\\\/int.medicina.jpg\"},{\"@type\":\"BreadcrumbList\",\"@id\":\"https:\\\/\\\/edicionesalfar.es\\\/es\\\/producto\\\/la-introduccion-de-la-medicina-moderna-en-espana-una-imagen-de-nuestra-renovacion-cientifica-1687-1727-desde-la-teoria-de-la-ciencia-de-thomas-s-kuhn\\\/#breadcrumb\",\"itemListElement\":[{\"@type\":\"ListItem\",\"position\":1,\"name\":\"Portada\",\"item\":\"https:\\\/\\\/edicionesalfar.es\\\/es\\\/\"},{\"@type\":\"ListItem\",\"position\":2,\"name\":\"Cat\u00e1logo\",\"item\":\"https:\\\/\\\/edicionesalfar.es\\\/es\\\/catalogo\\\/\"},{\"@type\":\"ListItem\",\"position\":3,\"name\":\"LA INTRODUCCI\u00d3N DE LA MEDICINA MODERNA EN ESPA\u00d1A. Una imagen de nuestra renovaci\u00f3n cient\u00edfica (1687-1727) desde la Teor\u00eda de la Ciencia de Thomas S. Kuhn.\"}]},{\"@type\":\"WebSite\",\"@id\":\"https:\\\/\\\/edicionesalfar.es\\\/es\\\/#website\",\"url\":\"https:\\\/\\\/edicionesalfar.es\\\/es\\\/\",\"name\":\"Ediciones Alfar\",\"description\":\"\",\"potentialAction\":[{\"@type\":\"SearchAction\",\"target\":{\"@type\":\"EntryPoint\",\"urlTemplate\":\"https:\\\/\\\/edicionesalfar.es\\\/es\\\/?s={search_term_string}\"},\"query-input\":{\"@type\":\"PropertyValueSpecification\",\"valueRequired\":true,\"valueName\":\"search_term_string\"}}],\"inLanguage\":\"es\"}]}<\/script>\n<!-- \/ Yoast SEO plugin. -->","yoast_head_json":{"title":"LA INTRODUCCI\u00d3N DE LA MEDICINA MODERNA EN ESPA\u00d1A. Una imagen de nuestra renovaci\u00f3n cient\u00edfica (1687-1727) desde la Teor\u00eda de la Ciencia de Thomas S. Kuhn.  - Ediciones Alfar","robots":{"index":"index","follow":"follow","max-snippet":"max-snippet:-1","max-image-preview":"max-image-preview:large","max-video-preview":"max-video-preview:-1"},"canonical":"https:\/\/edicionesalfar.es\/es\/producto\/la-introduccion-de-la-medicina-moderna-en-espana-una-imagen-de-nuestra-renovacion-cientifica-1687-1727-desde-la-teoria-de-la-ciencia-de-thomas-s-kuhn\/","og_locale":"es_ES","og_type":"article","og_title":"LA INTRODUCCI\u00d3N DE LA MEDICINA MODERNA EN ESPA\u00d1A. Una imagen de nuestra renovaci\u00f3n cient\u00edfica (1687-1727) desde la Teor\u00eda de la Ciencia de Thomas S. Kuhn.  - Ediciones Alfar","og_description":"An\u00e1lisis del c\u00f3mo y por qu\u00e9 los m\u00e9dicos dejaron de ser galenistas en la Espa\u00f1a del siglo XVII para pasar a aceptar las ideas experimentalistas procedentes de Europa.  DISPONIBLE EN TODO EBOOK &nbsp;  DISPONIBLE EN BIBLIOANDALUC\u00cdA","og_url":"https:\/\/edicionesalfar.es\/es\/producto\/la-introduccion-de-la-medicina-moderna-en-espana-una-imagen-de-nuestra-renovacion-cientifica-1687-1727-desde-la-teoria-de-la-ciencia-de-thomas-s-kuhn\/","og_site_name":"Ediciones Alfar","og_image":[{"url":"https:\/\/edicionesalfar.es\/es\/wp-content\/uploads\/2019\/05\/int.medicina.jpg","width":1,"height":1,"type":"image\/jpeg"}],"twitter_card":"summary_large_image","schema":{"@context":"https:\/\/schema.org","@graph":[{"@type":"WebPage","@id":"https:\/\/edicionesalfar.es\/es\/producto\/la-introduccion-de-la-medicina-moderna-en-espana-una-imagen-de-nuestra-renovacion-cientifica-1687-1727-desde-la-teoria-de-la-ciencia-de-thomas-s-kuhn\/","url":"https:\/\/edicionesalfar.es\/es\/producto\/la-introduccion-de-la-medicina-moderna-en-espana-una-imagen-de-nuestra-renovacion-cientifica-1687-1727-desde-la-teoria-de-la-ciencia-de-thomas-s-kuhn\/","name":"LA INTRODUCCI\u00d3N DE LA MEDICINA MODERNA EN ESPA\u00d1A. Una imagen de nuestra renovaci\u00f3n cient\u00edfica (1687-1727) desde la Teor\u00eda de la Ciencia de Thomas S. Kuhn. - Ediciones Alfar","isPartOf":{"@id":"https:\/\/edicionesalfar.es\/es\/#website"},"primaryImageOfPage":{"@id":"https:\/\/edicionesalfar.es\/es\/producto\/la-introduccion-de-la-medicina-moderna-en-espana-una-imagen-de-nuestra-renovacion-cientifica-1687-1727-desde-la-teoria-de-la-ciencia-de-thomas-s-kuhn\/#primaryimage"},"image":{"@id":"https:\/\/edicionesalfar.es\/es\/producto\/la-introduccion-de-la-medicina-moderna-en-espana-una-imagen-de-nuestra-renovacion-cientifica-1687-1727-desde-la-teoria-de-la-ciencia-de-thomas-s-kuhn\/#primaryimage"},"thumbnailUrl":"https:\/\/edicionesalfar.es\/es\/wp-content\/uploads\/2019\/05\/int.medicina.jpg","datePublished":"2019-07-11T05:48:56+00:00","breadcrumb":{"@id":"https:\/\/edicionesalfar.es\/es\/producto\/la-introduccion-de-la-medicina-moderna-en-espana-una-imagen-de-nuestra-renovacion-cientifica-1687-1727-desde-la-teoria-de-la-ciencia-de-thomas-s-kuhn\/#breadcrumb"},"inLanguage":"es","potentialAction":[{"@type":"ReadAction","target":["https:\/\/edicionesalfar.es\/es\/producto\/la-introduccion-de-la-medicina-moderna-en-espana-una-imagen-de-nuestra-renovacion-cientifica-1687-1727-desde-la-teoria-de-la-ciencia-de-thomas-s-kuhn\/"]}]},{"@type":"ImageObject","inLanguage":"es","@id":"https:\/\/edicionesalfar.es\/es\/producto\/la-introduccion-de-la-medicina-moderna-en-espana-una-imagen-de-nuestra-renovacion-cientifica-1687-1727-desde-la-teoria-de-la-ciencia-de-thomas-s-kuhn\/#primaryimage","url":"https:\/\/edicionesalfar.es\/es\/wp-content\/uploads\/2019\/05\/int.medicina.jpg","contentUrl":"https:\/\/edicionesalfar.es\/es\/wp-content\/uploads\/2019\/05\/int.medicina.jpg"},{"@type":"BreadcrumbList","@id":"https:\/\/edicionesalfar.es\/es\/producto\/la-introduccion-de-la-medicina-moderna-en-espana-una-imagen-de-nuestra-renovacion-cientifica-1687-1727-desde-la-teoria-de-la-ciencia-de-thomas-s-kuhn\/#breadcrumb","itemListElement":[{"@type":"ListItem","position":1,"name":"Portada","item":"https:\/\/edicionesalfar.es\/es\/"},{"@type":"ListItem","position":2,"name":"Cat\u00e1logo","item":"https:\/\/edicionesalfar.es\/es\/catalogo\/"},{"@type":"ListItem","position":3,"name":"LA INTRODUCCI\u00d3N DE LA MEDICINA MODERNA EN ESPA\u00d1A. Una imagen de nuestra renovaci\u00f3n cient\u00edfica (1687-1727) desde la Teor\u00eda de la Ciencia de Thomas S. Kuhn."}]},{"@type":"WebSite","@id":"https:\/\/edicionesalfar.es\/es\/#website","url":"https:\/\/edicionesalfar.es\/es\/","name":"Ediciones Alfar","description":"","potentialAction":[{"@type":"SearchAction","target":{"@type":"EntryPoint","urlTemplate":"https:\/\/edicionesalfar.es\/es\/?s={search_term_string}"},"query-input":{"@type":"PropertyValueSpecification","valueRequired":true,"valueName":"search_term_string"}}],"inLanguage":"es"}]}},"_links":{"self":[{"href":"https:\/\/edicionesalfar.es\/es\/wp-json\/wp\/v2\/product\/13682","targetHints":{"allow":["GET"]}}],"collection":[{"href":"https:\/\/edicionesalfar.es\/es\/wp-json\/wp\/v2\/product"}],"about":[{"href":"https:\/\/edicionesalfar.es\/es\/wp-json\/wp\/v2\/types\/product"}],"replies":[{"embeddable":true,"href":"https:\/\/edicionesalfar.es\/es\/wp-json\/wp\/v2\/comments?post=13682"}],"wp:featuredmedia":[{"embeddable":true,"href":"https:\/\/edicionesalfar.es\/es\/wp-json\/wp\/v2\/media\/13683"}],"wp:attachment":[{"href":"https:\/\/edicionesalfar.es\/es\/wp-json\/wp\/v2\/media?parent=13682"}],"wp:term":[{"taxonomy":"product_brand","embeddable":true,"href":"https:\/\/edicionesalfar.es\/es\/wp-json\/wp\/v2\/product_brand?post=13682"},{"taxonomy":"product_cat","embeddable":true,"href":"https:\/\/edicionesalfar.es\/es\/wp-json\/wp\/v2\/product_cat?post=13682"},{"taxonomy":"product_tag","embeddable":true,"href":"https:\/\/edicionesalfar.es\/es\/wp-json\/wp\/v2\/product_tag?post=13682"}],"curies":[{"name":"wp","href":"https:\/\/api.w.org\/{rel}","templated":true}]}}