{"id":13628,"date":"2019-07-11T05:48:28","date_gmt":"2019-07-11T05:48:28","guid":{"rendered":"http:\/\/www.edicionesalfar.es\/web-wordpress\/?post_type=product&#038;#024;p="},"modified":"2023-02-06T12:11:37","modified_gmt":"2023-02-06T11:11:37","slug":"la-piel-de-la-memoria-beloved-y-paraiso-de-toni-morrison","status":"publish","type":"product","link":"https:\/\/edicionesalfar.es\/es\/producto\/la-piel-de-la-memoria-beloved-y-paraiso-de-toni-morrison\/","title":{"rendered":"La piel de la memoria.  Beloved y Para\u00edso de Toni Morrison"},"content":{"rendered":"","protected":false},"excerpt":{"rendered":"<h2 style=\"line-height: normal; font-weight: normal; color: #333333; font-size: 23px; padding: 0px; margin: 1em 0px 1em 0px;\"><span style=\"font-size: xx-small;\"><span style=\"font-size: 10pt;\">Julia Guti\u00e9rrez es licenciada en Filolog\u00eda Inglesa y posee un m\u00e1ster en \u201cG\u00e9nero, Identidad y Ciudadan\u00eda\u201d por la Universidad de Huelva. Actualmente, se encuentra realizando estudios de doctorado, cuya l\u00ednea investigadora se centra en la literatura y cr\u00edtica literaria feminista, espec\u00edficamente, la literatura escrita por mujeres afroamericanas contempor\u00e1neas.<\/span><\/span><\/h2>\n<h2 style=\"line-height: normal; font-weight: normal; color: #333333; font-size: 23px; padding: 0px; margin: 1em 0px 1em 0px;\"><span style=\"font-size: xx-small;\"><span style=\"font-size: 10pt;\">Consciente de las omisiones de la historiograf\u00eda oficial, Toni Morrison \u2013la primera y \u00fanica escritora afro-americana hasta la fecha que ha sido nominada Premio Nobel de Literatura- reclama la historia como base para formar la identidad afroamericana. Exponiendo configuraciones distintas a las tradicionales y euroc\u00e9ntricas, Morrison analiza la diferencia de las mujeres de color en cuanto a la etnicidad y al g\u00e9nero, desmontando los estereotipos racistas y sexistas que le han sido impuestos. Centradas en personajes femeninos, las novelas Beloved (1987) y Para\u00edso (1998) exploran la construcci\u00f3n de la identidad femenina afroamericana en periodos hist\u00f3ricos fundamentales para la historia norteamericana. La autora se opone as\u00ed a la discriminaci\u00f3n, y cimenta la pluralidad y la perspectiva de g\u00e9nero como ejes fundamentales para esa configuraci\u00f3n que, en ambas obras, est\u00e1 intr\u00ednsecamente ligada a la familia, a la comunidad y a la memoria hist\u00f3rica personal y colectiva.<\/span><\/span><\/h2>\n<p><span style=\"font-size: xx-small;\"><span style=\"font-size: 10pt;\"><a href=\"http:\/\/www.todoebook.com\/LA-PIEL-DE-LA-MEMORIA_-BELOVED-Y-PARAISO-DE-TONI-MORRISON-JUALIA-GUTIERREZ-MUNOZ-Y-M_-DEL-MAR-GALLEGO-DURAN-EDICIONES-ALFAR-LibroEbook-es-9788478984282.html\" target=\"_blank\" rel=\"noopener\"><img decoding=\"async\" src=\"http:\/\/www.edicionesalfar.es\/logo-todoebook.gif\" alt=\"\" \/><\/a><\/span><\/span><\/p>\n<p><a href=\"http:\/\/digital.casalini.it\/9788478984282\" target=\"_blank\" rel=\"noopener\"><img decoding=\"async\" src=\"http:\/\/www.edicionesalfar.es\/logo_casalini.JPG\" alt=\"\" \/><\/a><\/p>\n","protected":false},"featured_media":13629,"comment_status":"open","ping_status":"closed","template":"","meta":{"_acf_changed":false,"_et_pb_use_builder":"","_et_pb_old_content":"","_et_gb_content_width":""},"product_brand":[],"product_cat":[376,567,24],"product_tag":[],"class_list":{"0":"post-13628","1":"product","2":"type-product","3":"status-publish","4":"has-post-thumbnail","6":"product_cat-autores","7":"product_cat-gallego-duran-maria-del-mar","8":"product_cat-estudios-mujer","10":"first","11":"instock","12":"taxable","13":"shipping-taxable","14":"purchasable","15":"product-type-simple"},"acf":[],"yoast_head":"<!-- This site is optimized with the Yoast SEO plugin v27.5 - https:\/\/yoast.com\/product\/yoast-seo-wordpress\/ -->\n<title>La piel de la memoria. Beloved y Para\u00edso de Toni Morrison - Ediciones Alfar<\/title>\n<meta name=\"robots\" content=\"index, follow, max-snippet:-1, max-image-preview:large, max-video-preview:-1\" \/>\n<link rel=\"canonical\" href=\"https:\/\/edicionesalfar.es\/es\/producto\/la-piel-de-la-memoria-beloved-y-paraiso-de-toni-morrison\/\" \/>\n<meta property=\"og:locale\" content=\"es_ES\" \/>\n<meta property=\"og:type\" content=\"article\" \/>\n<meta property=\"og:title\" content=\"La piel de la memoria. Beloved y Para\u00edso de Toni Morrison - Ediciones Alfar\" \/>\n<meta property=\"og:description\" content=\"Julia Guti\u00e9rrez es licenciada en Filolog\u00eda Inglesa y posee un m\u00e1ster en \u201cG\u00e9nero, Identidad y Ciudadan\u00eda\u201d por la Universidad de Huelva. Actualmente, se encuentra realizando estudios de doctorado, cuya l\u00ednea investigadora se centra en la literatura y cr\u00edtica literaria feminista, espec\u00edficamente, la literatura escrita por mujeres afroamericanas contempor\u00e1neas. Consciente de las omisiones de la historiograf\u00eda oficial, Toni Morrison \u2013la primera y \u00fanica escritora afro-americana hasta la fecha que ha sido nominada Premio Nobel de Literatura- reclama la historia como base para formar la identidad afroamericana. Exponiendo configuraciones distintas a las tradicionales y euroc\u00e9ntricas, Morrison analiza la diferencia de las mujeres de color en cuanto a la etnicidad y al g\u00e9nero, desmontando los estereotipos racistas y sexistas que le han sido impuestos. Centradas en personajes femeninos, las novelas Beloved (1987) y Para\u00edso (1998) exploran la construcci\u00f3n de la identidad femenina afroamericana en periodos hist\u00f3ricos fundamentales para la historia norteamericana. La autora se opone as\u00ed a la discriminaci\u00f3n, y cimenta la pluralidad y la perspectiva de g\u00e9nero como ejes fundamentales para esa configuraci\u00f3n que, en ambas obras, est\u00e1 intr\u00ednsecamente ligada a la familia, a la comunidad y a la memoria hist\u00f3rica personal y colectiva.\" \/>\n<meta property=\"og:url\" content=\"https:\/\/edicionesalfar.es\/es\/producto\/la-piel-de-la-memoria-beloved-y-paraiso-de-toni-morrison\/\" \/>\n<meta property=\"og:site_name\" content=\"Ediciones Alfar\" \/>\n<meta property=\"article:modified_time\" content=\"2023-02-06T11:11:37+00:00\" \/>\n<meta property=\"og:image\" content=\"https:\/\/edicionesalfar.es\/es\/wp-content\/uploads\/2019\/05\/la-piel-de-la-memoria-ok.jpg\" \/>\n\t<meta property=\"og:image:width\" content=\"1\" \/>\n\t<meta property=\"og:image:height\" content=\"1\" \/>\n\t<meta property=\"og:image:type\" content=\"image\/jpeg\" \/>\n<meta name=\"twitter:card\" content=\"summary_large_image\" \/>\n<script type=\"application\/ld+json\" class=\"yoast-schema-graph\">{\"@context\":\"https:\\\/\\\/schema.org\",\"@graph\":[{\"@type\":\"WebPage\",\"@id\":\"https:\\\/\\\/edicionesalfar.es\\\/es\\\/producto\\\/la-piel-de-la-memoria-beloved-y-paraiso-de-toni-morrison\\\/\",\"url\":\"https:\\\/\\\/edicionesalfar.es\\\/es\\\/producto\\\/la-piel-de-la-memoria-beloved-y-paraiso-de-toni-morrison\\\/\",\"name\":\"La piel de la memoria. Beloved y Para\u00edso de Toni Morrison - Ediciones Alfar\",\"isPartOf\":{\"@id\":\"https:\\\/\\\/edicionesalfar.es\\\/es\\\/#website\"},\"primaryImageOfPage\":{\"@id\":\"https:\\\/\\\/edicionesalfar.es\\\/es\\\/producto\\\/la-piel-de-la-memoria-beloved-y-paraiso-de-toni-morrison\\\/#primaryimage\"},\"image\":{\"@id\":\"https:\\\/\\\/edicionesalfar.es\\\/es\\\/producto\\\/la-piel-de-la-memoria-beloved-y-paraiso-de-toni-morrison\\\/#primaryimage\"},\"thumbnailUrl\":\"https:\\\/\\\/edicionesalfar.es\\\/es\\\/wp-content\\\/uploads\\\/2019\\\/05\\\/la-piel-de-la-memoria-ok.jpg\",\"datePublished\":\"2019-07-11T05:48:28+00:00\",\"dateModified\":\"2023-02-06T11:11:37+00:00\",\"breadcrumb\":{\"@id\":\"https:\\\/\\\/edicionesalfar.es\\\/es\\\/producto\\\/la-piel-de-la-memoria-beloved-y-paraiso-de-toni-morrison\\\/#breadcrumb\"},\"inLanguage\":\"es\",\"potentialAction\":[{\"@type\":\"ReadAction\",\"target\":[\"https:\\\/\\\/edicionesalfar.es\\\/es\\\/producto\\\/la-piel-de-la-memoria-beloved-y-paraiso-de-toni-morrison\\\/\"]}]},{\"@type\":\"ImageObject\",\"inLanguage\":\"es\",\"@id\":\"https:\\\/\\\/edicionesalfar.es\\\/es\\\/producto\\\/la-piel-de-la-memoria-beloved-y-paraiso-de-toni-morrison\\\/#primaryimage\",\"url\":\"https:\\\/\\\/edicionesalfar.es\\\/es\\\/wp-content\\\/uploads\\\/2019\\\/05\\\/la-piel-de-la-memoria-ok.jpg\",\"contentUrl\":\"https:\\\/\\\/edicionesalfar.es\\\/es\\\/wp-content\\\/uploads\\\/2019\\\/05\\\/la-piel-de-la-memoria-ok.jpg\"},{\"@type\":\"BreadcrumbList\",\"@id\":\"https:\\\/\\\/edicionesalfar.es\\\/es\\\/producto\\\/la-piel-de-la-memoria-beloved-y-paraiso-de-toni-morrison\\\/#breadcrumb\",\"itemListElement\":[{\"@type\":\"ListItem\",\"position\":1,\"name\":\"Portada\",\"item\":\"https:\\\/\\\/edicionesalfar.es\\\/es\\\/\"},{\"@type\":\"ListItem\",\"position\":2,\"name\":\"Cat\u00e1logo\",\"item\":\"https:\\\/\\\/edicionesalfar.es\\\/es\\\/catalogo\\\/\"},{\"@type\":\"ListItem\",\"position\":3,\"name\":\"La piel de la memoria. Beloved y Para\u00edso de Toni Morrison\"}]},{\"@type\":\"WebSite\",\"@id\":\"https:\\\/\\\/edicionesalfar.es\\\/es\\\/#website\",\"url\":\"https:\\\/\\\/edicionesalfar.es\\\/es\\\/\",\"name\":\"Ediciones Alfar\",\"description\":\"\",\"potentialAction\":[{\"@type\":\"SearchAction\",\"target\":{\"@type\":\"EntryPoint\",\"urlTemplate\":\"https:\\\/\\\/edicionesalfar.es\\\/es\\\/?s={search_term_string}\"},\"query-input\":{\"@type\":\"PropertyValueSpecification\",\"valueRequired\":true,\"valueName\":\"search_term_string\"}}],\"inLanguage\":\"es\"}]}<\/script>\n<!-- \/ Yoast SEO plugin. -->","yoast_head_json":{"title":"La piel de la memoria. Beloved y Para\u00edso de Toni Morrison - Ediciones Alfar","robots":{"index":"index","follow":"follow","max-snippet":"max-snippet:-1","max-image-preview":"max-image-preview:large","max-video-preview":"max-video-preview:-1"},"canonical":"https:\/\/edicionesalfar.es\/es\/producto\/la-piel-de-la-memoria-beloved-y-paraiso-de-toni-morrison\/","og_locale":"es_ES","og_type":"article","og_title":"La piel de la memoria. Beloved y Para\u00edso de Toni Morrison - Ediciones Alfar","og_description":"Julia Guti\u00e9rrez es licenciada en Filolog\u00eda Inglesa y posee un m\u00e1ster en \u201cG\u00e9nero, Identidad y Ciudadan\u00eda\u201d por la Universidad de Huelva. Actualmente, se encuentra realizando estudios de doctorado, cuya l\u00ednea investigadora se centra en la literatura y cr\u00edtica literaria feminista, espec\u00edficamente, la literatura escrita por mujeres afroamericanas contempor\u00e1neas. Consciente de las omisiones de la historiograf\u00eda oficial, Toni Morrison \u2013la primera y \u00fanica escritora afro-americana hasta la fecha que ha sido nominada Premio Nobel de Literatura- reclama la historia como base para formar la identidad afroamericana. Exponiendo configuraciones distintas a las tradicionales y euroc\u00e9ntricas, Morrison analiza la diferencia de las mujeres de color en cuanto a la etnicidad y al g\u00e9nero, desmontando los estereotipos racistas y sexistas que le han sido impuestos. Centradas en personajes femeninos, las novelas Beloved (1987) y Para\u00edso (1998) exploran la construcci\u00f3n de la identidad femenina afroamericana en periodos hist\u00f3ricos fundamentales para la historia norteamericana. La autora se opone as\u00ed a la discriminaci\u00f3n, y cimenta la pluralidad y la perspectiva de g\u00e9nero como ejes fundamentales para esa configuraci\u00f3n que, en ambas obras, est\u00e1 intr\u00ednsecamente ligada a la familia, a la comunidad y a la memoria hist\u00f3rica personal y colectiva.","og_url":"https:\/\/edicionesalfar.es\/es\/producto\/la-piel-de-la-memoria-beloved-y-paraiso-de-toni-morrison\/","og_site_name":"Ediciones Alfar","article_modified_time":"2023-02-06T11:11:37+00:00","og_image":[{"url":"https:\/\/edicionesalfar.es\/es\/wp-content\/uploads\/2019\/05\/la-piel-de-la-memoria-ok.jpg","width":1,"height":1,"type":"image\/jpeg"}],"twitter_card":"summary_large_image","schema":{"@context":"https:\/\/schema.org","@graph":[{"@type":"WebPage","@id":"https:\/\/edicionesalfar.es\/es\/producto\/la-piel-de-la-memoria-beloved-y-paraiso-de-toni-morrison\/","url":"https:\/\/edicionesalfar.es\/es\/producto\/la-piel-de-la-memoria-beloved-y-paraiso-de-toni-morrison\/","name":"La piel de la memoria. Beloved y Para\u00edso de Toni Morrison - Ediciones Alfar","isPartOf":{"@id":"https:\/\/edicionesalfar.es\/es\/#website"},"primaryImageOfPage":{"@id":"https:\/\/edicionesalfar.es\/es\/producto\/la-piel-de-la-memoria-beloved-y-paraiso-de-toni-morrison\/#primaryimage"},"image":{"@id":"https:\/\/edicionesalfar.es\/es\/producto\/la-piel-de-la-memoria-beloved-y-paraiso-de-toni-morrison\/#primaryimage"},"thumbnailUrl":"https:\/\/edicionesalfar.es\/es\/wp-content\/uploads\/2019\/05\/la-piel-de-la-memoria-ok.jpg","datePublished":"2019-07-11T05:48:28+00:00","dateModified":"2023-02-06T11:11:37+00:00","breadcrumb":{"@id":"https:\/\/edicionesalfar.es\/es\/producto\/la-piel-de-la-memoria-beloved-y-paraiso-de-toni-morrison\/#breadcrumb"},"inLanguage":"es","potentialAction":[{"@type":"ReadAction","target":["https:\/\/edicionesalfar.es\/es\/producto\/la-piel-de-la-memoria-beloved-y-paraiso-de-toni-morrison\/"]}]},{"@type":"ImageObject","inLanguage":"es","@id":"https:\/\/edicionesalfar.es\/es\/producto\/la-piel-de-la-memoria-beloved-y-paraiso-de-toni-morrison\/#primaryimage","url":"https:\/\/edicionesalfar.es\/es\/wp-content\/uploads\/2019\/05\/la-piel-de-la-memoria-ok.jpg","contentUrl":"https:\/\/edicionesalfar.es\/es\/wp-content\/uploads\/2019\/05\/la-piel-de-la-memoria-ok.jpg"},{"@type":"BreadcrumbList","@id":"https:\/\/edicionesalfar.es\/es\/producto\/la-piel-de-la-memoria-beloved-y-paraiso-de-toni-morrison\/#breadcrumb","itemListElement":[{"@type":"ListItem","position":1,"name":"Portada","item":"https:\/\/edicionesalfar.es\/es\/"},{"@type":"ListItem","position":2,"name":"Cat\u00e1logo","item":"https:\/\/edicionesalfar.es\/es\/catalogo\/"},{"@type":"ListItem","position":3,"name":"La piel de la memoria. Beloved y Para\u00edso de Toni Morrison"}]},{"@type":"WebSite","@id":"https:\/\/edicionesalfar.es\/es\/#website","url":"https:\/\/edicionesalfar.es\/es\/","name":"Ediciones Alfar","description":"","potentialAction":[{"@type":"SearchAction","target":{"@type":"EntryPoint","urlTemplate":"https:\/\/edicionesalfar.es\/es\/?s={search_term_string}"},"query-input":{"@type":"PropertyValueSpecification","valueRequired":true,"valueName":"search_term_string"}}],"inLanguage":"es"}]}},"_links":{"self":[{"href":"https:\/\/edicionesalfar.es\/es\/wp-json\/wp\/v2\/product\/13628","targetHints":{"allow":["GET"]}}],"collection":[{"href":"https:\/\/edicionesalfar.es\/es\/wp-json\/wp\/v2\/product"}],"about":[{"href":"https:\/\/edicionesalfar.es\/es\/wp-json\/wp\/v2\/types\/product"}],"replies":[{"embeddable":true,"href":"https:\/\/edicionesalfar.es\/es\/wp-json\/wp\/v2\/comments?post=13628"}],"wp:featuredmedia":[{"embeddable":true,"href":"https:\/\/edicionesalfar.es\/es\/wp-json\/wp\/v2\/media\/13629"}],"wp:attachment":[{"href":"https:\/\/edicionesalfar.es\/es\/wp-json\/wp\/v2\/media?parent=13628"}],"wp:term":[{"taxonomy":"product_brand","embeddable":true,"href":"https:\/\/edicionesalfar.es\/es\/wp-json\/wp\/v2\/product_brand?post=13628"},{"taxonomy":"product_cat","embeddable":true,"href":"https:\/\/edicionesalfar.es\/es\/wp-json\/wp\/v2\/product_cat?post=13628"},{"taxonomy":"product_tag","embeddable":true,"href":"https:\/\/edicionesalfar.es\/es\/wp-json\/wp\/v2\/product_tag?post=13628"}],"curies":[{"name":"wp","href":"https:\/\/api.w.org\/{rel}","templated":true}]}}