{"id":13626,"date":"2019-07-11T05:48:27","date_gmt":"2019-07-11T05:48:27","guid":{"rendered":"http:\/\/www.edicionesalfar.es\/web-wordpress\/?post_type=product&#038;#022;p="},"modified":"2022-07-21T10:28:09","modified_gmt":"2022-07-21T08:28:09","slug":"discursos-esteticos-singulares-en-una-sociedad-global","status":"publish","type":"product","link":"https:\/\/edicionesalfar.es\/es\/producto\/discursos-esteticos-singulares-en-una-sociedad-global\/","title":{"rendered":"Discursos est\u00e9ticos singulares en una sociedad global"},"content":{"rendered":"<p style=\"padding: 0px; margin: 1em 0px 0cm 0px;\">CONTENIDO:\u00a0El proceso econ\u00f3mico, social, cultural y tecnol\u00f3gico a gran escala, denominado globalizaci\u00f3n, es un t\u00e9rmino cada d\u00eda m\u00e1s de actualidad. Este fen\u00f3meno provoca una creciente comunicaci\u00f3n e interdependencia entre pa\u00edses unificando sus culturas.<\/p>\n<p style=\"line-height: 0.53cm; padding: 0px; margin: 1em 0px 0cm 0px;\">Este libro compila a una serie de estudiosos que analizan discursos\u00a0est\u00e9ticos contempor\u00e1neos sobre diversas ramas art\u00edsticas que van desde la novela, hasta el cine o el teatro. Estos evidencian la polarizaci\u00f3n: desde la novela que analiza problemas de un espacio social hasta la reflexi\u00f3n sobre las utilidades de determinadas tecnolog\u00edas para el proceso art\u00edstico. En este universo est\u00e9tico, los g\u00e9neros y tendencias art\u00edsticas vienen operando como procesos unificadores.<\/p>\n<p lang=\"es-ES\" style=\"line-height: 0.53cm; padding: 0px; margin: 1em 0px 0cm 0px;\">AUTOR:\u00a0M\u00aa Elena Barroso Villar es Catedr\u00e1tica E.U. de Literatura Espa\u00f1ola en la Universidad de Sevilla, en donde viene responsabiliz\u00e1ndose de un enfoque comunicativo e interdiscursivo de la literatura en interacci\u00f3n con perspectivas hermen\u00e9uticas de actualidad. Dirige adem\u00e1s el grupo de investigaci\u00f3n \u201cLiteratura, Transtextualidad y Nuevas Tecnolog\u00edas\u201d.<\/p>\n","protected":false},"excerpt":{"rendered":"<p>Los estudios que compendia este libro analizan e interpretan \u00a0discursos contempor\u00e1neos \u00a0de \u00a0novela, cuento, \u00a0cine y \u00a0teatro, \u00a0 seleccionando algunas de sus conexiones intertextuales e interdiscursivas \u00a0dominantes. En conjunto, testimonian aquella tensi\u00f3n polarizada: desde la novela que analiza problemas de un espacio social muy circunscrito hasta la reflexi\u00f3n sobre las utilidades que determinada tecnolog\u00eda de las actuales puede tener para el proceso art\u00edstico. \u00a0No se omite una incursi\u00f3n en cierto discurso renacentista, muestra de las tendencias ya pret\u00e9ritas hacia una forma de globalizaci\u00f3n.<\/p>\n","protected":false},"featured_media":13627,"comment_status":"open","ping_status":"closed","template":"","meta":{"_acf_changed":false,"_et_pb_use_builder":"","_et_pb_old_content":"","_et_gb_content_width":""},"product_brand":[],"product_cat":[376,463,22],"product_tag":[],"class_list":{"0":"post-13626","1":"product","2":"type-product","3":"status-publish","4":"has-post-thumbnail","6":"product_cat-autores","7":"product_cat-barroso-villar-m-elena","8":"product_cat-estudios-comunicacion","10":"first","11":"instock","12":"taxable","13":"shipping-taxable","14":"purchasable","15":"product-type-simple"},"acf":[],"yoast_head":"<!-- This site is optimized with the Yoast SEO plugin v27.5 - https:\/\/yoast.com\/product\/yoast-seo-wordpress\/ -->\n<title>Discursos est\u00e9ticos singulares en una sociedad global - Ediciones Alfar<\/title>\n<meta name=\"robots\" content=\"index, follow, max-snippet:-1, max-image-preview:large, max-video-preview:-1\" \/>\n<link rel=\"canonical\" href=\"https:\/\/edicionesalfar.es\/es\/producto\/discursos-esteticos-singulares-en-una-sociedad-global\/\" \/>\n<meta property=\"og:locale\" content=\"es_ES\" \/>\n<meta property=\"og:type\" content=\"article\" \/>\n<meta property=\"og:title\" content=\"Discursos est\u00e9ticos singulares en una sociedad global - Ediciones Alfar\" \/>\n<meta property=\"og:description\" content=\"Los estudios que compendia este libro analizan e interpretan \u00a0discursos contempor\u00e1neos \u00a0de \u00a0novela, cuento, \u00a0cine y \u00a0teatro, \u00a0 seleccionando algunas de sus conexiones intertextuales e interdiscursivas \u00a0dominantes. En conjunto, testimonian aquella tensi\u00f3n polarizada: desde la novela que analiza problemas de un espacio social muy circunscrito hasta la reflexi\u00f3n sobre las utilidades que determinada tecnolog\u00eda de las actuales puede tener para el proceso art\u00edstico. \u00a0No se omite una incursi\u00f3n en cierto discurso renacentista, muestra de las tendencias ya pret\u00e9ritas hacia una forma de globalizaci\u00f3n.\" \/>\n<meta property=\"og:url\" content=\"https:\/\/edicionesalfar.es\/es\/producto\/discursos-esteticos-singulares-en-una-sociedad-global\/\" \/>\n<meta property=\"og:site_name\" content=\"Ediciones Alfar\" \/>\n<meta property=\"article:modified_time\" content=\"2022-07-21T08:28:09+00:00\" \/>\n<meta property=\"og:image\" content=\"https:\/\/edicionesalfar.es\/es\/wp-content\/uploads\/2019\/05\/discursosesteticos.jpg\" \/>\n\t<meta property=\"og:image:width\" content=\"1\" \/>\n\t<meta property=\"og:image:height\" content=\"1\" \/>\n\t<meta property=\"og:image:type\" content=\"image\/jpeg\" \/>\n<meta name=\"twitter:card\" content=\"summary_large_image\" \/>\n<meta name=\"twitter:label1\" content=\"Tiempo de lectura\" \/>\n\t<meta name=\"twitter:data1\" content=\"1 minuto\" \/>\n<script type=\"application\/ld+json\" class=\"yoast-schema-graph\">{\"@context\":\"https:\\\/\\\/schema.org\",\"@graph\":[{\"@type\":\"WebPage\",\"@id\":\"https:\\\/\\\/edicionesalfar.es\\\/es\\\/producto\\\/discursos-esteticos-singulares-en-una-sociedad-global\\\/\",\"url\":\"https:\\\/\\\/edicionesalfar.es\\\/es\\\/producto\\\/discursos-esteticos-singulares-en-una-sociedad-global\\\/\",\"name\":\"Discursos est\u00e9ticos singulares en una sociedad global - Ediciones Alfar\",\"isPartOf\":{\"@id\":\"https:\\\/\\\/edicionesalfar.es\\\/es\\\/#website\"},\"primaryImageOfPage\":{\"@id\":\"https:\\\/\\\/edicionesalfar.es\\\/es\\\/producto\\\/discursos-esteticos-singulares-en-una-sociedad-global\\\/#primaryimage\"},\"image\":{\"@id\":\"https:\\\/\\\/edicionesalfar.es\\\/es\\\/producto\\\/discursos-esteticos-singulares-en-una-sociedad-global\\\/#primaryimage\"},\"thumbnailUrl\":\"https:\\\/\\\/edicionesalfar.es\\\/es\\\/wp-content\\\/uploads\\\/2019\\\/05\\\/discursosesteticos.jpg\",\"datePublished\":\"2019-07-11T05:48:27+00:00\",\"dateModified\":\"2022-07-21T08:28:09+00:00\",\"breadcrumb\":{\"@id\":\"https:\\\/\\\/edicionesalfar.es\\\/es\\\/producto\\\/discursos-esteticos-singulares-en-una-sociedad-global\\\/#breadcrumb\"},\"inLanguage\":\"es\",\"potentialAction\":[{\"@type\":\"ReadAction\",\"target\":[\"https:\\\/\\\/edicionesalfar.es\\\/es\\\/producto\\\/discursos-esteticos-singulares-en-una-sociedad-global\\\/\"]}]},{\"@type\":\"ImageObject\",\"inLanguage\":\"es\",\"@id\":\"https:\\\/\\\/edicionesalfar.es\\\/es\\\/producto\\\/discursos-esteticos-singulares-en-una-sociedad-global\\\/#primaryimage\",\"url\":\"https:\\\/\\\/edicionesalfar.es\\\/es\\\/wp-content\\\/uploads\\\/2019\\\/05\\\/discursosesteticos.jpg\",\"contentUrl\":\"https:\\\/\\\/edicionesalfar.es\\\/es\\\/wp-content\\\/uploads\\\/2019\\\/05\\\/discursosesteticos.jpg\"},{\"@type\":\"BreadcrumbList\",\"@id\":\"https:\\\/\\\/edicionesalfar.es\\\/es\\\/producto\\\/discursos-esteticos-singulares-en-una-sociedad-global\\\/#breadcrumb\",\"itemListElement\":[{\"@type\":\"ListItem\",\"position\":1,\"name\":\"Portada\",\"item\":\"https:\\\/\\\/edicionesalfar.es\\\/es\\\/\"},{\"@type\":\"ListItem\",\"position\":2,\"name\":\"Cat\u00e1logo\",\"item\":\"https:\\\/\\\/edicionesalfar.es\\\/es\\\/catalogo\\\/\"},{\"@type\":\"ListItem\",\"position\":3,\"name\":\"Discursos est\u00e9ticos singulares en una sociedad global\"}]},{\"@type\":\"WebSite\",\"@id\":\"https:\\\/\\\/edicionesalfar.es\\\/es\\\/#website\",\"url\":\"https:\\\/\\\/edicionesalfar.es\\\/es\\\/\",\"name\":\"Ediciones Alfar\",\"description\":\"\",\"potentialAction\":[{\"@type\":\"SearchAction\",\"target\":{\"@type\":\"EntryPoint\",\"urlTemplate\":\"https:\\\/\\\/edicionesalfar.es\\\/es\\\/?s={search_term_string}\"},\"query-input\":{\"@type\":\"PropertyValueSpecification\",\"valueRequired\":true,\"valueName\":\"search_term_string\"}}],\"inLanguage\":\"es\"}]}<\/script>\n<!-- \/ Yoast SEO plugin. -->","yoast_head_json":{"title":"Discursos est\u00e9ticos singulares en una sociedad global - Ediciones Alfar","robots":{"index":"index","follow":"follow","max-snippet":"max-snippet:-1","max-image-preview":"max-image-preview:large","max-video-preview":"max-video-preview:-1"},"canonical":"https:\/\/edicionesalfar.es\/es\/producto\/discursos-esteticos-singulares-en-una-sociedad-global\/","og_locale":"es_ES","og_type":"article","og_title":"Discursos est\u00e9ticos singulares en una sociedad global - Ediciones Alfar","og_description":"Los estudios que compendia este libro analizan e interpretan \u00a0discursos contempor\u00e1neos \u00a0de \u00a0novela, cuento, \u00a0cine y \u00a0teatro, \u00a0 seleccionando algunas de sus conexiones intertextuales e interdiscursivas \u00a0dominantes. En conjunto, testimonian aquella tensi\u00f3n polarizada: desde la novela que analiza problemas de un espacio social muy circunscrito hasta la reflexi\u00f3n sobre las utilidades que determinada tecnolog\u00eda de las actuales puede tener para el proceso art\u00edstico. \u00a0No se omite una incursi\u00f3n en cierto discurso renacentista, muestra de las tendencias ya pret\u00e9ritas hacia una forma de globalizaci\u00f3n.","og_url":"https:\/\/edicionesalfar.es\/es\/producto\/discursos-esteticos-singulares-en-una-sociedad-global\/","og_site_name":"Ediciones Alfar","article_modified_time":"2022-07-21T08:28:09+00:00","og_image":[{"url":"https:\/\/edicionesalfar.es\/es\/wp-content\/uploads\/2019\/05\/discursosesteticos.jpg","width":1,"height":1,"type":"image\/jpeg"}],"twitter_card":"summary_large_image","twitter_misc":{"Tiempo de lectura":"1 minuto"},"schema":{"@context":"https:\/\/schema.org","@graph":[{"@type":"WebPage","@id":"https:\/\/edicionesalfar.es\/es\/producto\/discursos-esteticos-singulares-en-una-sociedad-global\/","url":"https:\/\/edicionesalfar.es\/es\/producto\/discursos-esteticos-singulares-en-una-sociedad-global\/","name":"Discursos est\u00e9ticos singulares en una sociedad global - Ediciones Alfar","isPartOf":{"@id":"https:\/\/edicionesalfar.es\/es\/#website"},"primaryImageOfPage":{"@id":"https:\/\/edicionesalfar.es\/es\/producto\/discursos-esteticos-singulares-en-una-sociedad-global\/#primaryimage"},"image":{"@id":"https:\/\/edicionesalfar.es\/es\/producto\/discursos-esteticos-singulares-en-una-sociedad-global\/#primaryimage"},"thumbnailUrl":"https:\/\/edicionesalfar.es\/es\/wp-content\/uploads\/2019\/05\/discursosesteticos.jpg","datePublished":"2019-07-11T05:48:27+00:00","dateModified":"2022-07-21T08:28:09+00:00","breadcrumb":{"@id":"https:\/\/edicionesalfar.es\/es\/producto\/discursos-esteticos-singulares-en-una-sociedad-global\/#breadcrumb"},"inLanguage":"es","potentialAction":[{"@type":"ReadAction","target":["https:\/\/edicionesalfar.es\/es\/producto\/discursos-esteticos-singulares-en-una-sociedad-global\/"]}]},{"@type":"ImageObject","inLanguage":"es","@id":"https:\/\/edicionesalfar.es\/es\/producto\/discursos-esteticos-singulares-en-una-sociedad-global\/#primaryimage","url":"https:\/\/edicionesalfar.es\/es\/wp-content\/uploads\/2019\/05\/discursosesteticos.jpg","contentUrl":"https:\/\/edicionesalfar.es\/es\/wp-content\/uploads\/2019\/05\/discursosesteticos.jpg"},{"@type":"BreadcrumbList","@id":"https:\/\/edicionesalfar.es\/es\/producto\/discursos-esteticos-singulares-en-una-sociedad-global\/#breadcrumb","itemListElement":[{"@type":"ListItem","position":1,"name":"Portada","item":"https:\/\/edicionesalfar.es\/es\/"},{"@type":"ListItem","position":2,"name":"Cat\u00e1logo","item":"https:\/\/edicionesalfar.es\/es\/catalogo\/"},{"@type":"ListItem","position":3,"name":"Discursos est\u00e9ticos singulares en una sociedad global"}]},{"@type":"WebSite","@id":"https:\/\/edicionesalfar.es\/es\/#website","url":"https:\/\/edicionesalfar.es\/es\/","name":"Ediciones Alfar","description":"","potentialAction":[{"@type":"SearchAction","target":{"@type":"EntryPoint","urlTemplate":"https:\/\/edicionesalfar.es\/es\/?s={search_term_string}"},"query-input":{"@type":"PropertyValueSpecification","valueRequired":true,"valueName":"search_term_string"}}],"inLanguage":"es"}]}},"_links":{"self":[{"href":"https:\/\/edicionesalfar.es\/es\/wp-json\/wp\/v2\/product\/13626","targetHints":{"allow":["GET"]}}],"collection":[{"href":"https:\/\/edicionesalfar.es\/es\/wp-json\/wp\/v2\/product"}],"about":[{"href":"https:\/\/edicionesalfar.es\/es\/wp-json\/wp\/v2\/types\/product"}],"replies":[{"embeddable":true,"href":"https:\/\/edicionesalfar.es\/es\/wp-json\/wp\/v2\/comments?post=13626"}],"wp:featuredmedia":[{"embeddable":true,"href":"https:\/\/edicionesalfar.es\/es\/wp-json\/wp\/v2\/media\/13627"}],"wp:attachment":[{"href":"https:\/\/edicionesalfar.es\/es\/wp-json\/wp\/v2\/media?parent=13626"}],"wp:term":[{"taxonomy":"product_brand","embeddable":true,"href":"https:\/\/edicionesalfar.es\/es\/wp-json\/wp\/v2\/product_brand?post=13626"},{"taxonomy":"product_cat","embeddable":true,"href":"https:\/\/edicionesalfar.es\/es\/wp-json\/wp\/v2\/product_cat?post=13626"},{"taxonomy":"product_tag","embeddable":true,"href":"https:\/\/edicionesalfar.es\/es\/wp-json\/wp\/v2\/product_tag?post=13626"}],"curies":[{"name":"wp","href":"https:\/\/api.w.org\/{rel}","templated":true}]}}