{"id":120868,"date":"2024-11-15T11:07:26","date_gmt":"2024-11-15T10:07:26","guid":{"rendered":"https:\/\/edicionesalfar.es\/es\/?post_type=product&#038;p=120868"},"modified":"2024-11-15T11:12:58","modified_gmt":"2024-11-15T10:12:58","slug":"mecano-entre-el-cielo-y-el-suelo-un-disco-para-una-decada","status":"publish","type":"product","link":"https:\/\/edicionesalfar.es\/es\/producto\/mecano-entre-el-cielo-y-el-suelo-un-disco-para-una-decada\/","title":{"rendered":"Mecano. Entre el cielo y el suelo. Un disco para una d\u00e9cada"},"content":{"rendered":"<p><strong>ENTRE EL CIELO Y EL SUELO, UN DISCO PARA UNA D\u00c9CADA<\/strong> El autor recrea un retrato de la sociedad espa\u00f1ola del segundo lustro ochentero haciendo incidencia en la realidad de esos a\u00f1os, desmontando por completo esa falacia de que fueron a\u00f1os \u00abcon mayor libertad\u00bb. Nada habr\u00eda sido igual en la m\u00fasica pop espa\u00f1ola ni en el nuevo devenir del \u00faltimo lustro de los 80 si Mecano no hubiese publicado Entre el cielo y el suelo. Y con esta afirmaci\u00f3n tan rotunda comienza el ensayo que tienen entre manos. Si el tr\u00edo hubiese seguido su proceder primigenio con canciones sobre colarse en fiestas, maquillarse o irse a Haw\u00e1i-Bombay, ellos mismos no habr\u00eda avanzado, pero nosotros tampoco. Por si no lo saben, si vienen de Marte y no han o\u00eddo jam\u00e1s hablar de Mecano, este disco fue el inicio y el fin de una etapa de su repertorio, y se puso a la venta justo cuando las costumbres, los modos y las formas de la juventud en la sociedad espa\u00f1ola, en general, miraban hacia un horizonte incierto, pero muy diferente a lo anterior. La nueva generaci\u00f3n de j\u00f3venes no vivimos el franquismo, ni tan siquiera La Movida; s\u00f3lo conoc\u00edamos democracia y, adem\u00e1s, no nos interesaba la canci\u00f3n protesta ni el rollo Enamorado de la moda juvenil. As\u00ed que, de no haberse publicado esta obra, no hubi\u00e9ramos detectado el cambio de La Movida a la post-Movida.<\/p>\n<p><strong>Josan R. Torres.<\/strong>\u00a0 1973, La Puebla de Cazalla (Sevilla). Fil\u00f3logo hisp\u00e1nico, director esc\u00e9nico y soci\u00f3logo. Redactor de la revista Mondosonoro. Su trayectoria literaria est\u00e1 muy afianzada, con obras como: Arriba Carolina, \u00a1Y ol\u00e9! (Sepha editorial, 2005); El Evangelio seg\u00fan La Maluna (Odissea Editorial, 2010); Una ruta morisca (Diputaci\u00f3n de Sevilla, 2014); Me gusta Camela (Samarcanda Ediciones, 2015); En el silencio o\u00ed tu voz (Mr. Momo, 2016); Ant\u00f3n Piru Lero, Cazador de Mitos (Maluma Ediciones, 2017); Dios salve a Mecano (Samarcanda Ediciones, 2018); Lorca Romancero Burlesque (Mclein &amp; Parker, 2019); Un buen d\u00eda; el indie espa\u00f1ol contado para peques (Maclein &amp; Parker, 2020); El mundo, La Bien Querida y yo (WestIndies Publishing, 2021); En honor de Nuestra Patrona (Amazon Publishing, 2022). Recibi\u00f3 el Premio Fundaci\u00f3n Garc\u00eda Lorca 2015. Andaluz del A\u00f1o en la Comunidad del Llobregat 2017. Director y adaptador de Romancero Gitano, la \u00f3pera flamenca (2015) y director y autor de La Pasi\u00f3n seg\u00fan Garc\u00eda Lorca (2017). En fases de un proyecto esc\u00e9nico basado en canciones de H\u00e9roes del Silencio y otro sobre Mecano.<\/p>\n","protected":false},"excerpt":{"rendered":"<p><strong>ENTRE EL CIELO Y EL SUELO, UN DISCO PARA UNA D\u00c9CADA<\/strong> El autor recrea un retrato de la sociedad espa\u00f1ola del segundo lustro ochentero haciendo incidencia en la realidad de esos a\u00f1os, desmontando por completo esa falacia de que fueron a\u00f1os \u00abcon mayor libertad\u00bb. Nada habr\u00eda sido igual en la m\u00fasica pop espa\u00f1ola ni en el nuevo devenir del \u00faltimo lustro de los 80 si Mecano no hubiese publicado Entre el cielo y el suelo. Y con esta afirmaci\u00f3n tan rotunda comienza el ensayo que tienen entre manos. Si el tr\u00edo hubiese seguido su proceder primigenio con canciones sobre colarse en fiestas, maquillarse o irse a Haw\u00e1i-Bombay, ellos mismos no habr\u00eda avanzado, pero nosotros tampoco. Por si no lo saben, si vienen de Marte y no han o\u00eddo jam\u00e1s hablar de Mecano, este disco fue el inicio y el fin de una etapa de su repertorio, y se puso a la venta justo cuando las costumbres, los modos y las formas de la juventud en la sociedad espa\u00f1ola, en general, miraban hacia un horizonte incierto, pero muy diferente a lo anterior. La nueva generaci\u00f3n de j\u00f3venes no vivimos el franquismo, ni tan siquiera La Movida; s\u00f3lo conoc\u00edamos democracia y, adem\u00e1s, no nos interesaba la canci\u00f3n protesta ni el rollo Enamorado de la moda juvenil. As\u00ed que, de no haberse publicado esta obra, no hubi\u00e9ramos detectado el cambio de La Movida a la post-Movida.<\/p>\n<p><strong>Josan R. Torres.<\/strong>\u00a0 1973, La Puebla de Cazalla (Sevilla). Fil\u00f3logo hisp\u00e1nico, director esc\u00e9nico y soci\u00f3logo. Redactor de la revista Mondosonoro. Su trayectoria literaria est\u00e1 muy afianzada, con obras como: Arriba Carolina, \u00a1Y ol\u00e9! (Sepha editorial, 2005); El Evangelio seg\u00fan La Maluna (Odissea Editorial, 2010); Una ruta morisca (Diputaci\u00f3n de Sevilla, 2014); Me gusta Camela (Samarcanda Ediciones, 2015); En el silencio o\u00ed tu voz (Mr. Momo, 2016); Ant\u00f3n Piru Lero, Cazador de Mitos (Maluma Ediciones, 2017); Dios salve a Mecano (Samarcanda Ediciones, 2018); Lorca Romancero Burlesque (Mclein &amp; Parker, 2019); Un buen d\u00eda; el indie espa\u00f1ol contado para peques (Maclein &amp; Parker, 2020); El mundo, La Bien Querida y yo (WestIndies Publishing, 2021); En honor de Nuestra Patrona (Amazon Publishing, 2022). Recibi\u00f3 el Premio Fundaci\u00f3n Garc\u00eda Lorca 2015. Andaluz del A\u00f1o en la Comunidad del Llobregat 2017. Director y adaptador de Romancero Gitano, la \u00f3pera flamenca (2015) y director y autor de La Pasi\u00f3n seg\u00fan Garc\u00eda Lorca (2017). En fases de un proyecto esc\u00e9nico basado en canciones de H\u00e9roes del Silencio y otro sobre Mecano.<\/p>\n","protected":false},"featured_media":120870,"comment_status":"closed","ping_status":"closed","template":"","meta":{"_acf_changed":false,"_et_pb_use_builder":"","_et_pb_old_content":"","_et_gb_content_width":""},"product_brand":[],"product_cat":[372,54],"product_tag":[],"class_list":{"0":"post-120868","1":"product","2":"type-product","3":"status-publish","4":"has-post-thumbnail","6":"product_cat-alfar","7":"product_cat-actuales","9":"first","10":"instock","11":"taxable","12":"shipping-taxable","13":"purchasable","14":"product-type-simple"},"acf":[],"yoast_head":"<!-- This site is optimized with the Yoast SEO plugin v27.5 - https:\/\/yoast.com\/product\/yoast-seo-wordpress\/ -->\n<title>Mecano. Entre el cielo y el suelo. Un disco para una d\u00e9cada - Ediciones Alfar<\/title>\n<meta name=\"robots\" content=\"index, follow, max-snippet:-1, max-image-preview:large, max-video-preview:-1\" \/>\n<link rel=\"canonical\" href=\"https:\/\/edicionesalfar.es\/es\/producto\/mecano-entre-el-cielo-y-el-suelo-un-disco-para-una-decada\/\" \/>\n<meta property=\"og:locale\" content=\"es_ES\" \/>\n<meta property=\"og:type\" content=\"article\" \/>\n<meta property=\"og:title\" content=\"Mecano. Entre el cielo y el suelo. Un disco para una d\u00e9cada - Ediciones Alfar\" \/>\n<meta property=\"og:description\" content=\"ENTRE EL CIELO Y EL SUELO, UN DISCO PARA UNA D\u00c9CADA El autor recrea un retrato de la sociedad espa\u00f1ola del segundo lustro ochentero haciendo incidencia en la realidad de esos a\u00f1os, desmontando por completo esa falacia de que fueron a\u00f1os &quot;con mayor libertad&quot;. Nada habr\u00eda sido igual en la m\u00fasica pop espa\u00f1ola ni en el nuevo devenir del \u00faltimo lustro de los 80 si Mecano no hubiese publicado Entre el cielo y el suelo. Y con esta afirmaci\u00f3n tan rotunda comienza el ensayo que tienen entre manos. Si el tr\u00edo hubiese seguido su proceder primigenio con canciones sobre colarse en fiestas, maquillarse o irse a Haw\u00e1i-Bombay, ellos mismos no habr\u00eda avanzado, pero nosotros tampoco. Por si no lo saben, si vienen de Marte y no han o\u00eddo jam\u00e1s hablar de Mecano, este disco fue el inicio y el fin de una etapa de su repertorio, y se puso a la venta justo cuando las costumbres, los modos y las formas de la juventud en la sociedad espa\u00f1ola, en general, miraban hacia un horizonte incierto, pero muy diferente a lo anterior. La nueva generaci\u00f3n de j\u00f3venes no vivimos el franquismo, ni tan siquiera La Movida; s\u00f3lo conoc\u00edamos democracia y, adem\u00e1s, no nos interesaba la canci\u00f3n protesta ni el rollo Enamorado de la moda juvenil. As\u00ed que, de no haberse publicado esta obra, no hubi\u00e9ramos detectado el cambio de La Movida a la post-Movida.  Josan R. Torres.\u00a0 1973, La Puebla de Cazalla (Sevilla). Fil\u00f3logo hisp\u00e1nico, director esc\u00e9nico y soci\u00f3logo. Redactor de la revista Mondosonoro. Su trayectoria literaria est\u00e1 muy afianzada, con obras como: Arriba Carolina, \u00a1Y ol\u00e9! (Sepha editorial, 2005); El Evangelio seg\u00fan La Maluna (Odissea Editorial, 2010); Una ruta morisca (Diputaci\u00f3n de Sevilla, 2014); Me gusta Camela (Samarcanda Ediciones, 2015); En el silencio o\u00ed tu voz (Mr. Momo, 2016); Ant\u00f3n Piru Lero, Cazador de Mitos (Maluma Ediciones, 2017); Dios salve a Mecano (Samarcanda Ediciones, 2018); Lorca Romancero Burlesque (Mclein &amp; Parker, 2019); Un buen d\u00eda; el indie espa\u00f1ol contado para peques (Maclein &amp; Parker, 2020); El mundo, La Bien Querida y yo (WestIndies Publishing, 2021); En honor de Nuestra Patrona (Amazon Publishing, 2022). Recibi\u00f3 el Premio Fundaci\u00f3n Garc\u00eda Lorca 2015. Andaluz del A\u00f1o en la Comunidad del Llobregat 2017. Director y adaptador de Romancero Gitano, la \u00f3pera flamenca (2015) y director y autor de La Pasi\u00f3n seg\u00fan Garc\u00eda Lorca (2017). En fases de un proyecto esc\u00e9nico basado en canciones de H\u00e9roes del Silencio y otro sobre Mecano.\" \/>\n<meta property=\"og:url\" content=\"https:\/\/edicionesalfar.es\/es\/producto\/mecano-entre-el-cielo-y-el-suelo-un-disco-para-una-decada\/\" \/>\n<meta property=\"og:site_name\" content=\"Ediciones Alfar\" \/>\n<meta property=\"article:modified_time\" content=\"2024-11-15T10:12:58+00:00\" \/>\n<meta property=\"og:image\" content=\"https:\/\/edicionesalfar.es\/es\/wp-content\/uploads\/2024\/11\/9788410286078-1-737x1024.jpg\" \/>\n\t<meta property=\"og:image:width\" content=\"737\" \/>\n\t<meta property=\"og:image:height\" content=\"1024\" \/>\n\t<meta property=\"og:image:type\" content=\"image\/jpeg\" \/>\n<meta name=\"twitter:card\" content=\"summary_large_image\" \/>\n<meta name=\"twitter:label1\" content=\"Tiempo de lectura\" \/>\n\t<meta name=\"twitter:data1\" content=\"3 minutos\" \/>\n<script type=\"application\/ld+json\" class=\"yoast-schema-graph\">{\"@context\":\"https:\\\/\\\/schema.org\",\"@graph\":[{\"@type\":\"WebPage\",\"@id\":\"https:\\\/\\\/edicionesalfar.es\\\/es\\\/producto\\\/mecano-entre-el-cielo-y-el-suelo-un-disco-para-una-decada\\\/\",\"url\":\"https:\\\/\\\/edicionesalfar.es\\\/es\\\/producto\\\/mecano-entre-el-cielo-y-el-suelo-un-disco-para-una-decada\\\/\",\"name\":\"Mecano. Entre el cielo y el suelo. Un disco para una d\u00e9cada - Ediciones Alfar\",\"isPartOf\":{\"@id\":\"https:\\\/\\\/edicionesalfar.es\\\/es\\\/#website\"},\"primaryImageOfPage\":{\"@id\":\"https:\\\/\\\/edicionesalfar.es\\\/es\\\/producto\\\/mecano-entre-el-cielo-y-el-suelo-un-disco-para-una-decada\\\/#primaryimage\"},\"image\":{\"@id\":\"https:\\\/\\\/edicionesalfar.es\\\/es\\\/producto\\\/mecano-entre-el-cielo-y-el-suelo-un-disco-para-una-decada\\\/#primaryimage\"},\"thumbnailUrl\":\"https:\\\/\\\/edicionesalfar.es\\\/es\\\/wp-content\\\/uploads\\\/2024\\\/11\\\/9788410286078-1.jpg\",\"datePublished\":\"2024-11-15T10:07:26+00:00\",\"dateModified\":\"2024-11-15T10:12:58+00:00\",\"breadcrumb\":{\"@id\":\"https:\\\/\\\/edicionesalfar.es\\\/es\\\/producto\\\/mecano-entre-el-cielo-y-el-suelo-un-disco-para-una-decada\\\/#breadcrumb\"},\"inLanguage\":\"es\",\"potentialAction\":[{\"@type\":\"ReadAction\",\"target\":[\"https:\\\/\\\/edicionesalfar.es\\\/es\\\/producto\\\/mecano-entre-el-cielo-y-el-suelo-un-disco-para-una-decada\\\/\"]}]},{\"@type\":\"ImageObject\",\"inLanguage\":\"es\",\"@id\":\"https:\\\/\\\/edicionesalfar.es\\\/es\\\/producto\\\/mecano-entre-el-cielo-y-el-suelo-un-disco-para-una-decada\\\/#primaryimage\",\"url\":\"https:\\\/\\\/edicionesalfar.es\\\/es\\\/wp-content\\\/uploads\\\/2024\\\/11\\\/9788410286078-1.jpg\",\"contentUrl\":\"https:\\\/\\\/edicionesalfar.es\\\/es\\\/wp-content\\\/uploads\\\/2024\\\/11\\\/9788410286078-1.jpg\",\"width\":1784,\"height\":2480},{\"@type\":\"BreadcrumbList\",\"@id\":\"https:\\\/\\\/edicionesalfar.es\\\/es\\\/producto\\\/mecano-entre-el-cielo-y-el-suelo-un-disco-para-una-decada\\\/#breadcrumb\",\"itemListElement\":[{\"@type\":\"ListItem\",\"position\":1,\"name\":\"Portada\",\"item\":\"https:\\\/\\\/edicionesalfar.es\\\/es\\\/\"},{\"@type\":\"ListItem\",\"position\":2,\"name\":\"Cat\u00e1logo\",\"item\":\"https:\\\/\\\/edicionesalfar.es\\\/es\\\/catalogo\\\/\"},{\"@type\":\"ListItem\",\"position\":3,\"name\":\"Mecano. Entre el cielo y el suelo. Un disco para una d\u00e9cada\"}]},{\"@type\":\"WebSite\",\"@id\":\"https:\\\/\\\/edicionesalfar.es\\\/es\\\/#website\",\"url\":\"https:\\\/\\\/edicionesalfar.es\\\/es\\\/\",\"name\":\"Ediciones Alfar\",\"description\":\"\",\"potentialAction\":[{\"@type\":\"SearchAction\",\"target\":{\"@type\":\"EntryPoint\",\"urlTemplate\":\"https:\\\/\\\/edicionesalfar.es\\\/es\\\/?s={search_term_string}\"},\"query-input\":{\"@type\":\"PropertyValueSpecification\",\"valueRequired\":true,\"valueName\":\"search_term_string\"}}],\"inLanguage\":\"es\"}]}<\/script>\n<!-- \/ Yoast SEO plugin. -->","yoast_head_json":{"title":"Mecano. Entre el cielo y el suelo. Un disco para una d\u00e9cada - Ediciones Alfar","robots":{"index":"index","follow":"follow","max-snippet":"max-snippet:-1","max-image-preview":"max-image-preview:large","max-video-preview":"max-video-preview:-1"},"canonical":"https:\/\/edicionesalfar.es\/es\/producto\/mecano-entre-el-cielo-y-el-suelo-un-disco-para-una-decada\/","og_locale":"es_ES","og_type":"article","og_title":"Mecano. Entre el cielo y el suelo. Un disco para una d\u00e9cada - Ediciones Alfar","og_description":"ENTRE EL CIELO Y EL SUELO, UN DISCO PARA UNA D\u00c9CADA El autor recrea un retrato de la sociedad espa\u00f1ola del segundo lustro ochentero haciendo incidencia en la realidad de esos a\u00f1os, desmontando por completo esa falacia de que fueron a\u00f1os \"con mayor libertad\". Nada habr\u00eda sido igual en la m\u00fasica pop espa\u00f1ola ni en el nuevo devenir del \u00faltimo lustro de los 80 si Mecano no hubiese publicado Entre el cielo y el suelo. Y con esta afirmaci\u00f3n tan rotunda comienza el ensayo que tienen entre manos. Si el tr\u00edo hubiese seguido su proceder primigenio con canciones sobre colarse en fiestas, maquillarse o irse a Haw\u00e1i-Bombay, ellos mismos no habr\u00eda avanzado, pero nosotros tampoco. Por si no lo saben, si vienen de Marte y no han o\u00eddo jam\u00e1s hablar de Mecano, este disco fue el inicio y el fin de una etapa de su repertorio, y se puso a la venta justo cuando las costumbres, los modos y las formas de la juventud en la sociedad espa\u00f1ola, en general, miraban hacia un horizonte incierto, pero muy diferente a lo anterior. La nueva generaci\u00f3n de j\u00f3venes no vivimos el franquismo, ni tan siquiera La Movida; s\u00f3lo conoc\u00edamos democracia y, adem\u00e1s, no nos interesaba la canci\u00f3n protesta ni el rollo Enamorado de la moda juvenil. As\u00ed que, de no haberse publicado esta obra, no hubi\u00e9ramos detectado el cambio de La Movida a la post-Movida.  Josan R. Torres.\u00a0 1973, La Puebla de Cazalla (Sevilla). Fil\u00f3logo hisp\u00e1nico, director esc\u00e9nico y soci\u00f3logo. Redactor de la revista Mondosonoro. Su trayectoria literaria est\u00e1 muy afianzada, con obras como: Arriba Carolina, \u00a1Y ol\u00e9! (Sepha editorial, 2005); El Evangelio seg\u00fan La Maluna (Odissea Editorial, 2010); Una ruta morisca (Diputaci\u00f3n de Sevilla, 2014); Me gusta Camela (Samarcanda Ediciones, 2015); En el silencio o\u00ed tu voz (Mr. Momo, 2016); Ant\u00f3n Piru Lero, Cazador de Mitos (Maluma Ediciones, 2017); Dios salve a Mecano (Samarcanda Ediciones, 2018); Lorca Romancero Burlesque (Mclein &amp; Parker, 2019); Un buen d\u00eda; el indie espa\u00f1ol contado para peques (Maclein &amp; Parker, 2020); El mundo, La Bien Querida y yo (WestIndies Publishing, 2021); En honor de Nuestra Patrona (Amazon Publishing, 2022). Recibi\u00f3 el Premio Fundaci\u00f3n Garc\u00eda Lorca 2015. Andaluz del A\u00f1o en la Comunidad del Llobregat 2017. Director y adaptador de Romancero Gitano, la \u00f3pera flamenca (2015) y director y autor de La Pasi\u00f3n seg\u00fan Garc\u00eda Lorca (2017). En fases de un proyecto esc\u00e9nico basado en canciones de H\u00e9roes del Silencio y otro sobre Mecano.","og_url":"https:\/\/edicionesalfar.es\/es\/producto\/mecano-entre-el-cielo-y-el-suelo-un-disco-para-una-decada\/","og_site_name":"Ediciones Alfar","article_modified_time":"2024-11-15T10:12:58+00:00","og_image":[{"width":737,"height":1024,"url":"https:\/\/edicionesalfar.es\/es\/wp-content\/uploads\/2024\/11\/9788410286078-1-737x1024.jpg","type":"image\/jpeg"}],"twitter_card":"summary_large_image","twitter_misc":{"Tiempo de lectura":"3 minutos"},"schema":{"@context":"https:\/\/schema.org","@graph":[{"@type":"WebPage","@id":"https:\/\/edicionesalfar.es\/es\/producto\/mecano-entre-el-cielo-y-el-suelo-un-disco-para-una-decada\/","url":"https:\/\/edicionesalfar.es\/es\/producto\/mecano-entre-el-cielo-y-el-suelo-un-disco-para-una-decada\/","name":"Mecano. Entre el cielo y el suelo. Un disco para una d\u00e9cada - Ediciones Alfar","isPartOf":{"@id":"https:\/\/edicionesalfar.es\/es\/#website"},"primaryImageOfPage":{"@id":"https:\/\/edicionesalfar.es\/es\/producto\/mecano-entre-el-cielo-y-el-suelo-un-disco-para-una-decada\/#primaryimage"},"image":{"@id":"https:\/\/edicionesalfar.es\/es\/producto\/mecano-entre-el-cielo-y-el-suelo-un-disco-para-una-decada\/#primaryimage"},"thumbnailUrl":"https:\/\/edicionesalfar.es\/es\/wp-content\/uploads\/2024\/11\/9788410286078-1.jpg","datePublished":"2024-11-15T10:07:26+00:00","dateModified":"2024-11-15T10:12:58+00:00","breadcrumb":{"@id":"https:\/\/edicionesalfar.es\/es\/producto\/mecano-entre-el-cielo-y-el-suelo-un-disco-para-una-decada\/#breadcrumb"},"inLanguage":"es","potentialAction":[{"@type":"ReadAction","target":["https:\/\/edicionesalfar.es\/es\/producto\/mecano-entre-el-cielo-y-el-suelo-un-disco-para-una-decada\/"]}]},{"@type":"ImageObject","inLanguage":"es","@id":"https:\/\/edicionesalfar.es\/es\/producto\/mecano-entre-el-cielo-y-el-suelo-un-disco-para-una-decada\/#primaryimage","url":"https:\/\/edicionesalfar.es\/es\/wp-content\/uploads\/2024\/11\/9788410286078-1.jpg","contentUrl":"https:\/\/edicionesalfar.es\/es\/wp-content\/uploads\/2024\/11\/9788410286078-1.jpg","width":1784,"height":2480},{"@type":"BreadcrumbList","@id":"https:\/\/edicionesalfar.es\/es\/producto\/mecano-entre-el-cielo-y-el-suelo-un-disco-para-una-decada\/#breadcrumb","itemListElement":[{"@type":"ListItem","position":1,"name":"Portada","item":"https:\/\/edicionesalfar.es\/es\/"},{"@type":"ListItem","position":2,"name":"Cat\u00e1logo","item":"https:\/\/edicionesalfar.es\/es\/catalogo\/"},{"@type":"ListItem","position":3,"name":"Mecano. Entre el cielo y el suelo. Un disco para una d\u00e9cada"}]},{"@type":"WebSite","@id":"https:\/\/edicionesalfar.es\/es\/#website","url":"https:\/\/edicionesalfar.es\/es\/","name":"Ediciones Alfar","description":"","potentialAction":[{"@type":"SearchAction","target":{"@type":"EntryPoint","urlTemplate":"https:\/\/edicionesalfar.es\/es\/?s={search_term_string}"},"query-input":{"@type":"PropertyValueSpecification","valueRequired":true,"valueName":"search_term_string"}}],"inLanguage":"es"}]}},"_links":{"self":[{"href":"https:\/\/edicionesalfar.es\/es\/wp-json\/wp\/v2\/product\/120868","targetHints":{"allow":["GET"]}}],"collection":[{"href":"https:\/\/edicionesalfar.es\/es\/wp-json\/wp\/v2\/product"}],"about":[{"href":"https:\/\/edicionesalfar.es\/es\/wp-json\/wp\/v2\/types\/product"}],"replies":[{"embeddable":true,"href":"https:\/\/edicionesalfar.es\/es\/wp-json\/wp\/v2\/comments?post=120868"}],"wp:featuredmedia":[{"embeddable":true,"href":"https:\/\/edicionesalfar.es\/es\/wp-json\/wp\/v2\/media\/120870"}],"wp:attachment":[{"href":"https:\/\/edicionesalfar.es\/es\/wp-json\/wp\/v2\/media?parent=120868"}],"wp:term":[{"taxonomy":"product_brand","embeddable":true,"href":"https:\/\/edicionesalfar.es\/es\/wp-json\/wp\/v2\/product_brand?post=120868"},{"taxonomy":"product_cat","embeddable":true,"href":"https:\/\/edicionesalfar.es\/es\/wp-json\/wp\/v2\/product_cat?post=120868"},{"taxonomy":"product_tag","embeddable":true,"href":"https:\/\/edicionesalfar.es\/es\/wp-json\/wp\/v2\/product_tag?post=120868"}],"curies":[{"name":"wp","href":"https:\/\/api.w.org\/{rel}","templated":true}]}}