{"id":120839,"date":"2024-10-18T12:58:28","date_gmt":"2024-10-18T10:58:28","guid":{"rendered":"https:\/\/edicionesalfar.es\/es\/?post_type=product&#038;p=120839"},"modified":"2024-10-18T12:58:32","modified_gmt":"2024-10-18T10:58:32","slug":"jose-luis-guerin-poetica-y-logica-del-esbozo","status":"publish","type":"product","link":"https:\/\/edicionesalfar.es\/es\/producto\/jose-luis-guerin-poetica-y-logica-del-esbozo\/","title":{"rendered":"Jos\u00e9 Luis Guer\u00edn. Po\u00e9tica y l\u00f3gica del esbozo."},"content":{"rendered":"<p>Autor: <strong>Manuel A. Broull\u00f3n-Lozano.<\/strong><\/p>\n<p>La obra cinematogr\u00e1fica de Jos\u00e9 Luis Guerin se caracteriza por su pluralidad y profundidad. Es plural por la capacidad del cineasta de recoger textos, rostros, testimonios, modelos, voces y sombras, tanto en sus obras de ficci\u00f3n como en las pel\u00edculas documentales; sea en las anal\u00f3gicas, ya en las digitales. En consecuencia, la profundidad que cada pel\u00edcula adquiere abre una caja de resonancia en donde, en palabras de Walter Benjamin en su concepto de \u00abaura\u00bb, sentimos la lejan\u00eda como una cercan\u00eda. \u00abVoces que vienen de lejos\u00bb, tal como indica una de las cartelas de la pel\u00edcula-instalaci\u00f3n muse\u00edstica La dama de Corinto. Pero voces que vienen del propio cine, de la literatura, de la pintura, de los encuentros ante una c\u00e1mara que insiste en seguir funcionando y filmando, el producto de una mirada intercambiada al azar, etc\u00e9tera, en un estado abierto a la imaginaci\u00f3n del espectador, ya no m\u00e1s entendido como un sujeto pasivo, sino como un cooperador necesario en la experiencia de contar historias, de sugerir historias.<\/p>\n<p>Manuel A. Broull\u00f3n-Lozano es licenciado en Comunicaci\u00f3n Audiovisual (2010), M\u00e1ster universitario en Artes del Espect\u00e1culo Vivo (2011) y Doctor en Comunicaci\u00f3n, Literatura, \u00c9tica y Est\u00e9tica (2017) por la Universidad de Sevilla. Actualmente es profesor de la Secci\u00f3n departamental de Literaturas Hisp\u00e1nicas y Bibliograf\u00eda en la Facultad de Ciencias de la Informaci\u00f3n de la Universidad Complutense de Madrid. Es miembro del grupo de investigaci\u00f3n UCM \u00abEstudios de Literatura, Escritura Creativa, Transducci\u00f3n Cultural y Medios (ELECTRAM)\u00bb y colaborador del grupo de investigaci\u00f3n en Teor\u00eda y Tecnolog\u00eda de la Comunicaci\u00f3n de la Universidad de Sevilla (GITRCUS). Es secretario de \u00abCauce. Revista cient\u00edfica de Filolog\u00eda, Comunicaci\u00f3n y sus Did\u00e1cticas\u00bb, responsable del proyecto de innovaci\u00f3n UCM35 \u00abLaboratorio Transmedia\u00bb e investigador principal del proyecto de I+D+i \u00abTranslitterae. Archivo Carmen Conde\u00bb (PR27\/21-007). Ha sido investigador invitado en las universidades de Siena (2015), Bolonia (2016), Exeter (Reino Unido, 2021 y 2023), La Plata (Argentina, 2022) y Buenos Aires (Argentina, 2022 y 2023). Sus l\u00edneas de investigaci\u00f3n se centran en la intersecci\u00f3n entre la literatura, los medios de comunicaci\u00f3n y los estudios de g\u00e9nero.<\/p>\n","protected":false},"excerpt":{"rendered":"<p>Autor: <strong>Manuel A. Broull\u00f3n-Lozano.<\/strong><\/p>\n<p>La obra cinematogr\u00e1fica de Jos\u00e9 Luis Guerin se caracteriza por su pluralidad y profundidad. Es plural por la capacidad del cineasta de recoger textos, rostros, testimonios, modelos, voces y sombras, tanto en sus obras de ficci\u00f3n como en las pel\u00edculas documentales; sea en las anal\u00f3gicas, ya en las digitales. En consecuencia, la profundidad que cada pel\u00edcula adquiere abre una caja de resonancia en donde, en palabras de Walter Benjamin en su concepto de \u00abaura\u00bb, sentimos la lejan\u00eda como una cercan\u00eda. \u00abVoces que vienen de lejos\u00bb, tal como indica una de las cartelas de la pel\u00edcula-instalaci\u00f3n muse\u00edstica La dama de Corinto. Pero voces que vienen del propio cine, de la literatura, de la pintura, de los encuentros ante una c\u00e1mara que insiste en seguir funcionando y filmando, el producto de una mirada intercambiada al azar, etc\u00e9tera, en un estado abierto a la imaginaci\u00f3n del espectador, ya no m\u00e1s entendido como un sujeto pasivo, sino como un cooperador necesario en la experiencia de contar historias, de sugerir historias.<\/p>\n","protected":false},"featured_media":120841,"comment_status":"closed","ping_status":"closed","template":"","meta":{"_acf_changed":false,"_et_pb_use_builder":"","_et_pb_old_content":"","_et_gb_content_width":""},"product_brand":[],"product_cat":[372,20,375,22],"product_tag":[],"class_list":{"0":"post-120839","1":"product","2":"type-product","3":"status-publish","4":"has-post-thumbnail","6":"product_cat-alfar","7":"product_cat-alfar-universidad","8":"product_cat-editoriales","9":"product_cat-estudios-comunicacion","11":"first","12":"instock","13":"sale","14":"taxable","15":"shipping-taxable","16":"purchasable","17":"product-type-simple"},"acf":[],"yoast_head":"<!-- This site is optimized with the Yoast SEO plugin v27.5 - https:\/\/yoast.com\/product\/yoast-seo-wordpress\/ -->\n<title>Jos\u00e9 Luis Guer\u00edn. Po\u00e9tica y l\u00f3gica del esbozo. - Ediciones Alfar<\/title>\n<meta name=\"robots\" content=\"index, follow, max-snippet:-1, max-image-preview:large, max-video-preview:-1\" \/>\n<link rel=\"canonical\" href=\"https:\/\/edicionesalfar.es\/es\/producto\/jose-luis-guerin-poetica-y-logica-del-esbozo\/\" \/>\n<meta property=\"og:locale\" content=\"es_ES\" \/>\n<meta property=\"og:type\" content=\"article\" \/>\n<meta property=\"og:title\" content=\"Jos\u00e9 Luis Guer\u00edn. Po\u00e9tica y l\u00f3gica del esbozo. - Ediciones Alfar\" \/>\n<meta property=\"og:description\" content=\"Autor: Manuel A. Broull\u00f3n-Lozano.  La obra cinematogr\u00e1fica de Jos\u00e9 Luis Guerin se caracteriza por su pluralidad y profundidad. Es plural por la capacidad del cineasta de recoger textos, rostros, testimonios, modelos, voces y sombras, tanto en sus obras de ficci\u00f3n como en las pel\u00edculas documentales; sea en las anal\u00f3gicas, ya en las digitales. En consecuencia, la profundidad que cada pel\u00edcula adquiere abre una caja de resonancia en donde, en palabras de Walter Benjamin en su concepto de \u00abaura\u00bb, sentimos la lejan\u00eda como una cercan\u00eda. \u00abVoces que vienen de lejos\u00bb, tal como indica una de las cartelas de la pel\u00edcula-instalaci\u00f3n muse\u00edstica La dama de Corinto. Pero voces que vienen del propio cine, de la literatura, de la pintura, de los encuentros ante una c\u00e1mara que insiste en seguir funcionando y filmando, el producto de una mirada intercambiada al azar, etc\u00e9tera, en un estado abierto a la imaginaci\u00f3n del espectador, ya no m\u00e1s entendido como un sujeto pasivo, sino como un cooperador necesario en la experiencia de contar historias, de sugerir historias.\" \/>\n<meta property=\"og:url\" content=\"https:\/\/edicionesalfar.es\/es\/producto\/jose-luis-guerin-poetica-y-logica-del-esbozo\/\" \/>\n<meta property=\"og:site_name\" content=\"Ediciones Alfar\" \/>\n<meta property=\"article:modified_time\" content=\"2024-10-18T10:58:32+00:00\" \/>\n<meta property=\"og:image\" content=\"https:\/\/edicionesalfar.es\/es\/wp-content\/uploads\/2024\/10\/9788410286009-1-scaled.jpg\" \/>\n\t<meta property=\"og:image:width\" content=\"1804\" \/>\n\t<meta property=\"og:image:height\" content=\"2560\" \/>\n\t<meta property=\"og:image:type\" content=\"image\/jpeg\" \/>\n<meta name=\"twitter:card\" content=\"summary_large_image\" \/>\n<meta name=\"twitter:label1\" content=\"Tiempo de lectura\" \/>\n\t<meta name=\"twitter:data1\" content=\"2 minutos\" \/>\n<script type=\"application\/ld+json\" class=\"yoast-schema-graph\">{\"@context\":\"https:\\\/\\\/schema.org\",\"@graph\":[{\"@type\":\"WebPage\",\"@id\":\"https:\\\/\\\/edicionesalfar.es\\\/es\\\/producto\\\/jose-luis-guerin-poetica-y-logica-del-esbozo\\\/\",\"url\":\"https:\\\/\\\/edicionesalfar.es\\\/es\\\/producto\\\/jose-luis-guerin-poetica-y-logica-del-esbozo\\\/\",\"name\":\"Jos\u00e9 Luis Guer\u00edn. Po\u00e9tica y l\u00f3gica del esbozo. - Ediciones Alfar\",\"isPartOf\":{\"@id\":\"https:\\\/\\\/edicionesalfar.es\\\/es\\\/#website\"},\"primaryImageOfPage\":{\"@id\":\"https:\\\/\\\/edicionesalfar.es\\\/es\\\/producto\\\/jose-luis-guerin-poetica-y-logica-del-esbozo\\\/#primaryimage\"},\"image\":{\"@id\":\"https:\\\/\\\/edicionesalfar.es\\\/es\\\/producto\\\/jose-luis-guerin-poetica-y-logica-del-esbozo\\\/#primaryimage\"},\"thumbnailUrl\":\"https:\\\/\\\/edicionesalfar.es\\\/es\\\/wp-content\\\/uploads\\\/2024\\\/10\\\/9788410286009-1-scaled.jpg\",\"datePublished\":\"2024-10-18T10:58:28+00:00\",\"dateModified\":\"2024-10-18T10:58:32+00:00\",\"breadcrumb\":{\"@id\":\"https:\\\/\\\/edicionesalfar.es\\\/es\\\/producto\\\/jose-luis-guerin-poetica-y-logica-del-esbozo\\\/#breadcrumb\"},\"inLanguage\":\"es\",\"potentialAction\":[{\"@type\":\"ReadAction\",\"target\":[\"https:\\\/\\\/edicionesalfar.es\\\/es\\\/producto\\\/jose-luis-guerin-poetica-y-logica-del-esbozo\\\/\"]}]},{\"@type\":\"ImageObject\",\"inLanguage\":\"es\",\"@id\":\"https:\\\/\\\/edicionesalfar.es\\\/es\\\/producto\\\/jose-luis-guerin-poetica-y-logica-del-esbozo\\\/#primaryimage\",\"url\":\"https:\\\/\\\/edicionesalfar.es\\\/es\\\/wp-content\\\/uploads\\\/2024\\\/10\\\/9788410286009-1-scaled.jpg\",\"contentUrl\":\"https:\\\/\\\/edicionesalfar.es\\\/es\\\/wp-content\\\/uploads\\\/2024\\\/10\\\/9788410286009-1-scaled.jpg\",\"width\":1804,\"height\":2560},{\"@type\":\"BreadcrumbList\",\"@id\":\"https:\\\/\\\/edicionesalfar.es\\\/es\\\/producto\\\/jose-luis-guerin-poetica-y-logica-del-esbozo\\\/#breadcrumb\",\"itemListElement\":[{\"@type\":\"ListItem\",\"position\":1,\"name\":\"Portada\",\"item\":\"https:\\\/\\\/edicionesalfar.es\\\/es\\\/\"},{\"@type\":\"ListItem\",\"position\":2,\"name\":\"Cat\u00e1logo\",\"item\":\"https:\\\/\\\/edicionesalfar.es\\\/es\\\/catalogo\\\/\"},{\"@type\":\"ListItem\",\"position\":3,\"name\":\"Jos\u00e9 Luis Guer\u00edn. Po\u00e9tica y l\u00f3gica del esbozo.\"}]},{\"@type\":\"WebSite\",\"@id\":\"https:\\\/\\\/edicionesalfar.es\\\/es\\\/#website\",\"url\":\"https:\\\/\\\/edicionesalfar.es\\\/es\\\/\",\"name\":\"Ediciones Alfar\",\"description\":\"\",\"potentialAction\":[{\"@type\":\"SearchAction\",\"target\":{\"@type\":\"EntryPoint\",\"urlTemplate\":\"https:\\\/\\\/edicionesalfar.es\\\/es\\\/?s={search_term_string}\"},\"query-input\":{\"@type\":\"PropertyValueSpecification\",\"valueRequired\":true,\"valueName\":\"search_term_string\"}}],\"inLanguage\":\"es\"}]}<\/script>\n<!-- \/ Yoast SEO plugin. -->","yoast_head_json":{"title":"Jos\u00e9 Luis Guer\u00edn. Po\u00e9tica y l\u00f3gica del esbozo. - Ediciones Alfar","robots":{"index":"index","follow":"follow","max-snippet":"max-snippet:-1","max-image-preview":"max-image-preview:large","max-video-preview":"max-video-preview:-1"},"canonical":"https:\/\/edicionesalfar.es\/es\/producto\/jose-luis-guerin-poetica-y-logica-del-esbozo\/","og_locale":"es_ES","og_type":"article","og_title":"Jos\u00e9 Luis Guer\u00edn. Po\u00e9tica y l\u00f3gica del esbozo. - Ediciones Alfar","og_description":"Autor: Manuel A. Broull\u00f3n-Lozano.  La obra cinematogr\u00e1fica de Jos\u00e9 Luis Guerin se caracteriza por su pluralidad y profundidad. Es plural por la capacidad del cineasta de recoger textos, rostros, testimonios, modelos, voces y sombras, tanto en sus obras de ficci\u00f3n como en las pel\u00edculas documentales; sea en las anal\u00f3gicas, ya en las digitales. En consecuencia, la profundidad que cada pel\u00edcula adquiere abre una caja de resonancia en donde, en palabras de Walter Benjamin en su concepto de \u00abaura\u00bb, sentimos la lejan\u00eda como una cercan\u00eda. \u00abVoces que vienen de lejos\u00bb, tal como indica una de las cartelas de la pel\u00edcula-instalaci\u00f3n muse\u00edstica La dama de Corinto. Pero voces que vienen del propio cine, de la literatura, de la pintura, de los encuentros ante una c\u00e1mara que insiste en seguir funcionando y filmando, el producto de una mirada intercambiada al azar, etc\u00e9tera, en un estado abierto a la imaginaci\u00f3n del espectador, ya no m\u00e1s entendido como un sujeto pasivo, sino como un cooperador necesario en la experiencia de contar historias, de sugerir historias.","og_url":"https:\/\/edicionesalfar.es\/es\/producto\/jose-luis-guerin-poetica-y-logica-del-esbozo\/","og_site_name":"Ediciones Alfar","article_modified_time":"2024-10-18T10:58:32+00:00","og_image":[{"width":1804,"height":2560,"url":"https:\/\/edicionesalfar.es\/es\/wp-content\/uploads\/2024\/10\/9788410286009-1-scaled.jpg","type":"image\/jpeg"}],"twitter_card":"summary_large_image","twitter_misc":{"Tiempo de lectura":"2 minutos"},"schema":{"@context":"https:\/\/schema.org","@graph":[{"@type":"WebPage","@id":"https:\/\/edicionesalfar.es\/es\/producto\/jose-luis-guerin-poetica-y-logica-del-esbozo\/","url":"https:\/\/edicionesalfar.es\/es\/producto\/jose-luis-guerin-poetica-y-logica-del-esbozo\/","name":"Jos\u00e9 Luis Guer\u00edn. Po\u00e9tica y l\u00f3gica del esbozo. - Ediciones Alfar","isPartOf":{"@id":"https:\/\/edicionesalfar.es\/es\/#website"},"primaryImageOfPage":{"@id":"https:\/\/edicionesalfar.es\/es\/producto\/jose-luis-guerin-poetica-y-logica-del-esbozo\/#primaryimage"},"image":{"@id":"https:\/\/edicionesalfar.es\/es\/producto\/jose-luis-guerin-poetica-y-logica-del-esbozo\/#primaryimage"},"thumbnailUrl":"https:\/\/edicionesalfar.es\/es\/wp-content\/uploads\/2024\/10\/9788410286009-1-scaled.jpg","datePublished":"2024-10-18T10:58:28+00:00","dateModified":"2024-10-18T10:58:32+00:00","breadcrumb":{"@id":"https:\/\/edicionesalfar.es\/es\/producto\/jose-luis-guerin-poetica-y-logica-del-esbozo\/#breadcrumb"},"inLanguage":"es","potentialAction":[{"@type":"ReadAction","target":["https:\/\/edicionesalfar.es\/es\/producto\/jose-luis-guerin-poetica-y-logica-del-esbozo\/"]}]},{"@type":"ImageObject","inLanguage":"es","@id":"https:\/\/edicionesalfar.es\/es\/producto\/jose-luis-guerin-poetica-y-logica-del-esbozo\/#primaryimage","url":"https:\/\/edicionesalfar.es\/es\/wp-content\/uploads\/2024\/10\/9788410286009-1-scaled.jpg","contentUrl":"https:\/\/edicionesalfar.es\/es\/wp-content\/uploads\/2024\/10\/9788410286009-1-scaled.jpg","width":1804,"height":2560},{"@type":"BreadcrumbList","@id":"https:\/\/edicionesalfar.es\/es\/producto\/jose-luis-guerin-poetica-y-logica-del-esbozo\/#breadcrumb","itemListElement":[{"@type":"ListItem","position":1,"name":"Portada","item":"https:\/\/edicionesalfar.es\/es\/"},{"@type":"ListItem","position":2,"name":"Cat\u00e1logo","item":"https:\/\/edicionesalfar.es\/es\/catalogo\/"},{"@type":"ListItem","position":3,"name":"Jos\u00e9 Luis Guer\u00edn. Po\u00e9tica y l\u00f3gica del esbozo."}]},{"@type":"WebSite","@id":"https:\/\/edicionesalfar.es\/es\/#website","url":"https:\/\/edicionesalfar.es\/es\/","name":"Ediciones Alfar","description":"","potentialAction":[{"@type":"SearchAction","target":{"@type":"EntryPoint","urlTemplate":"https:\/\/edicionesalfar.es\/es\/?s={search_term_string}"},"query-input":{"@type":"PropertyValueSpecification","valueRequired":true,"valueName":"search_term_string"}}],"inLanguage":"es"}]}},"_links":{"self":[{"href":"https:\/\/edicionesalfar.es\/es\/wp-json\/wp\/v2\/product\/120839","targetHints":{"allow":["GET"]}}],"collection":[{"href":"https:\/\/edicionesalfar.es\/es\/wp-json\/wp\/v2\/product"}],"about":[{"href":"https:\/\/edicionesalfar.es\/es\/wp-json\/wp\/v2\/types\/product"}],"replies":[{"embeddable":true,"href":"https:\/\/edicionesalfar.es\/es\/wp-json\/wp\/v2\/comments?post=120839"}],"wp:featuredmedia":[{"embeddable":true,"href":"https:\/\/edicionesalfar.es\/es\/wp-json\/wp\/v2\/media\/120841"}],"wp:attachment":[{"href":"https:\/\/edicionesalfar.es\/es\/wp-json\/wp\/v2\/media?parent=120839"}],"wp:term":[{"taxonomy":"product_brand","embeddable":true,"href":"https:\/\/edicionesalfar.es\/es\/wp-json\/wp\/v2\/product_brand?post=120839"},{"taxonomy":"product_cat","embeddable":true,"href":"https:\/\/edicionesalfar.es\/es\/wp-json\/wp\/v2\/product_cat?post=120839"},{"taxonomy":"product_tag","embeddable":true,"href":"https:\/\/edicionesalfar.es\/es\/wp-json\/wp\/v2\/product_tag?post=120839"}],"curies":[{"name":"wp","href":"https:\/\/api.w.org\/{rel}","templated":true}]}}