{"id":120788,"date":"2024-10-17T07:22:47","date_gmt":"2024-10-17T05:22:47","guid":{"rendered":"https:\/\/edicionesalfar.es\/es\/?post_type=product&#038;p=120788"},"modified":"2024-10-17T07:25:15","modified_gmt":"2024-10-17T05:25:15","slug":"no-hay-sueno-pequeno","status":"publish","type":"product","link":"https:\/\/edicionesalfar.es\/es\/producto\/no-hay-sueno-pequeno\/","title":{"rendered":"No hay sue\u00f1o peque\u00f1o"},"content":{"rendered":"<p>\u00bfTe imaginas una vida sin sue\u00f1os? \u00bfNunca m\u00e1s vivir esa burbujeante emoci\u00f3n de la expectativa? \u00bfSin esperar que tus m\u00e1s grandes deseos se cumplan? Tap\u00f3n, s\u00ed. Ha perdido la ilusi\u00f3n y decide dejar atr\u00e1s el mundo que conoce para embarcarse en una prometedora aventura: cazar el arco\u00edris e instalarse en un nuevo hogar, lejos de todo y de todos. Entretanto, los empleados de la oficina de correos tratan de ponerle remedio al caos originado por la masiva llegada de sue\u00f1os rotos. Esperanza y sus compa\u00f1eros, deben visitar la cueva donde tiene su guarida el Temible Monstruo de los sue\u00f1os rotos. Pero este, dispuesto a darse un atrac\u00f3n de fracasos, no los recibir\u00e1 precisamente con los brazos abiertos. \u00bfPuede un duende de barba multicolor dar al traste con los planes de Tap\u00f3n? \u00bfBastar\u00e1 un bramido monstruoso para que una ni\u00f1a que no cree en la palabra \u00abimposible\u00bb renuncie a devolver la esperanza a quienes la han perdido? Un paseo por las nubes; dos obstinados peque\u00f1os y el encanto de lo distinto har\u00e1n que los sue\u00f1os puedan convertirse en realidad. \u00bfPuede un duende de barba multicolor dar al traste con los planes de Tap\u00f3n? \u00bfBastar\u00e1 un bramido monstruoso para que una ni\u00f1a que no cree en la palabra \u00abimposible\u00bb renuncie a devolver la esperanza a quienes la han perdido? Un paseo por las nubes; dos obstinados peque\u00f1os y el encanto de lo distinto har\u00e1n que los sue\u00f1os puedan convertirse en realidad.<\/p>\n<p>AUTORAS:<strong> Rosario Naranjo \/ Ana Rodr\u00edguez<\/strong><\/p>\n<p><strong>Rosario Naranjo<\/strong>. Licenciada en Derecho, DEA en Literatura y Comunicaci\u00f3n, Rosario Naranjo (Calista Sweet) adora inventar historias y experimentar con las palabras, por eso compatibiliza su carrera de escritora con su trabajo en el Ministerio de Econom\u00eda, Comercio y Empresa y la redacci\u00f3n y correcci\u00f3n de textos. Hasta la fecha ha publicado dieciocho libros, algunos de los cuales est\u00e1n dirigidos a un p\u00fablico infantil y juvenil. Adem\u00e1s, cuenta con relatos y piezas teatrales en antolog\u00edas, prestigiosas revistas y medios, y ha sido premiada en numerosas ocasiones por su labor art\u00edstica (entre otros, el I Premio Romantic de Novela o el V Certamen de Creadores por la Libertad y la Paz). Formada como guionista en la Escuela Viento Sur Cine, su primer cortometraje, El hilo rojo, result\u00f3 finalista en el Festival de Cortometrajes contra la Violencia de G\u00e9nero de la Diputaci\u00f3n de Ja\u00e9n.<\/p>\n<p><strong>Ana Rodr\u00edguez<\/strong>. Licenciada en Pintura por la facultad de Bellas Artes de Sevilla, comparte su vocaci\u00f3n docente con la creaci\u00f3n pl\u00e1stica. Profesora de diversos talleres de pintura infantiles y para adultos, entiende que los procesos creativos que pone en juego con su alumnado son un est\u00edmulo constante en su obra pict\u00f3rica y en sus trabajos de ilustraci\u00f3n, siempre planteados como un nuevo proyecto, un nuevo reto, un nuevo aprendizaje. Ha colaborado en la creaci\u00f3n de vestuarios, ha realizado trabajos de dise\u00f1o e ilustraci\u00f3n (Universidad de C\u00e1diz, Consejer\u00eda de Medio Ambiente Junta de Andaluc\u00eda, Deculturas, Escuela Infantil Pat\u00edn, Compa\u00f1\u00eda de Flamenco Reyes Le\u00f3n, Editorial Alhucema-Edelvives, Universidad de Sevilla, Delegaciones de Igualdad y Cultura del Ayuntamiento de Gines) y ha mostrado sus obras pict\u00f3ricas en numerosas exposiciones. Por otro lado, es responsable de la imagen de la ONG Acci\u00f3n Verapaz Sevilla.<\/p>\n","protected":false},"excerpt":{"rendered":"<p>\u00bfTe imaginas una vida sin sue\u00f1os? \u00bfNunca m\u00e1s vivir esa burbujeante emoci\u00f3n de la expectativa? \u00bfSin esperar que tus m\u00e1s grandes deseos se cumplan? Tap\u00f3n, s\u00ed. Ha perdido la ilusi\u00f3n y decide dejar atr\u00e1s el mundo que conoce para embarcarse en una prometedora aventura: cazar el arco\u00edris e instalarse en un nuevo hogar, lejos de todo y de todos. Entretanto, los empleados de la oficina de correos tratan de ponerle remedio al caos originado por la masiva llegada de sue\u00f1os rotos. Esperanza y sus compa\u00f1eros, deben visitar la cueva donde tiene su guarida el Temible Monstruo de los sue\u00f1os rotos. Pero este, dispuesto a darse un atrac\u00f3n de fracasos, no los recibir\u00e1 precisamente con los brazos abiertos. \u00bfPuede un duende de barba multicolor dar al traste con los planes de Tap\u00f3n? \u00bfBastar\u00e1 un bramido monstruoso para que una ni\u00f1a que no cree en la palabra \u00abimposible\u00bb renuncie a devolver la esperanza a quienes la han perdido? Un paseo por las nubes; dos obstinados peque\u00f1os y el encanto de lo distinto har\u00e1n que los sue\u00f1os puedan convertirse en realidad. \u00bfPuede un duende de barba multicolor dar al traste con los planes de Tap\u00f3n? \u00bfBastar\u00e1 un bramido monstruoso para que una ni\u00f1a que no cree en la palabra \u00abimposible\u00bb renuncie a devolver la esperanza a quienes la han perdido? Un paseo por las nubes; dos obstinados peque\u00f1os y el encanto de lo distinto har\u00e1n que los sue\u00f1os puedan convertirse en realidad.<\/p>\n<p>AUTORAS:<strong> Rosario Naranjo \/ Ana Rodr\u00edguez<\/strong><\/p>\n<p>&nbsp;<\/p>\n","protected":false},"featured_media":120789,"comment_status":"closed","ping_status":"closed","template":"","meta":{"_acf_changed":false,"_et_pb_use_builder":"","_et_pb_old_content":"","_et_gb_content_width":""},"product_brand":[],"product_cat":[372,376,32,610,611],"product_tag":[],"class_list":{"0":"post-120788","1":"product","2":"type-product","3":"status-publish","4":"has-post-thumbnail","6":"product_cat-alfar","7":"product_cat-autores","8":"product_cat-infantil-juvenil","9":"product_cat-naranjo-rosario","10":"product_cat-rodriguez-ana","12":"first","13":"instock","14":"taxable","15":"shipping-taxable","16":"purchasable","17":"product-type-simple"},"acf":[],"yoast_head":"<!-- This site is optimized with the Yoast SEO plugin v27.5 - https:\/\/yoast.com\/product\/yoast-seo-wordpress\/ -->\n<title>No hay sue\u00f1o peque\u00f1o - Ediciones Alfar<\/title>\n<meta name=\"robots\" content=\"index, follow, max-snippet:-1, max-image-preview:large, max-video-preview:-1\" \/>\n<link rel=\"canonical\" href=\"https:\/\/edicionesalfar.es\/es\/producto\/no-hay-sueno-pequeno\/\" \/>\n<meta property=\"og:locale\" content=\"es_ES\" \/>\n<meta property=\"og:type\" content=\"article\" \/>\n<meta property=\"og:title\" content=\"No hay sue\u00f1o peque\u00f1o - Ediciones Alfar\" \/>\n<meta property=\"og:description\" content=\"\u00bfTe imaginas una vida sin sue\u00f1os? \u00bfNunca m\u00e1s vivir esa burbujeante emoci\u00f3n de la expectativa? \u00bfSin esperar que tus m\u00e1s grandes deseos se cumplan? Tap\u00f3n, s\u00ed. Ha perdido la ilusi\u00f3n y decide dejar atr\u00e1s el mundo que conoce para embarcarse en una prometedora aventura: cazar el arco\u00edris e instalarse en un nuevo hogar, lejos de todo y de todos. Entretanto, los empleados de la oficina de correos tratan de ponerle remedio al caos originado por la masiva llegada de sue\u00f1os rotos. Esperanza y sus compa\u00f1eros, deben visitar la cueva donde tiene su guarida el Temible Monstruo de los sue\u00f1os rotos. Pero este, dispuesto a darse un atrac\u00f3n de fracasos, no los recibir\u00e1 precisamente con los brazos abiertos. \u00bfPuede un duende de barba multicolor dar al traste con los planes de Tap\u00f3n? \u00bfBastar\u00e1 un bramido monstruoso para que una ni\u00f1a que no cree en la palabra \u00abimposible\u00bb renuncie a devolver la esperanza a quienes la han perdido? Un paseo por las nubes; dos obstinados peque\u00f1os y el encanto de lo distinto har\u00e1n que los sue\u00f1os puedan convertirse en realidad. \u00bfPuede un duende de barba multicolor dar al traste con los planes de Tap\u00f3n? \u00bfBastar\u00e1 un bramido monstruoso para que una ni\u00f1a que no cree en la palabra \u00abimposible\u00bb renuncie a devolver la esperanza a quienes la han perdido? Un paseo por las nubes; dos obstinados peque\u00f1os y el encanto de lo distinto har\u00e1n que los sue\u00f1os puedan convertirse en realidad.  AUTORAS: Rosario Naranjo \/ Ana Rodr\u00edguez  &nbsp;\" \/>\n<meta property=\"og:url\" content=\"https:\/\/edicionesalfar.es\/es\/producto\/no-hay-sueno-pequeno\/\" \/>\n<meta property=\"og:site_name\" content=\"Ediciones Alfar\" \/>\n<meta property=\"article:modified_time\" content=\"2024-10-17T05:25:15+00:00\" \/>\n<meta property=\"og:image\" content=\"https:\/\/edicionesalfar.es\/es\/wp-content\/uploads\/2024\/10\/9788410286047-735x1024.jpg\" \/>\n\t<meta property=\"og:image:width\" content=\"735\" \/>\n\t<meta property=\"og:image:height\" content=\"1024\" \/>\n\t<meta property=\"og:image:type\" content=\"image\/jpeg\" \/>\n<meta name=\"twitter:card\" content=\"summary_large_image\" \/>\n<meta name=\"twitter:label1\" content=\"Tiempo de lectura\" \/>\n\t<meta name=\"twitter:data1\" content=\"3 minutos\" \/>\n<script type=\"application\/ld+json\" class=\"yoast-schema-graph\">{\"@context\":\"https:\\\/\\\/schema.org\",\"@graph\":[{\"@type\":\"WebPage\",\"@id\":\"https:\\\/\\\/edicionesalfar.es\\\/es\\\/producto\\\/no-hay-sueno-pequeno\\\/\",\"url\":\"https:\\\/\\\/edicionesalfar.es\\\/es\\\/producto\\\/no-hay-sueno-pequeno\\\/\",\"name\":\"No hay sue\u00f1o peque\u00f1o - Ediciones Alfar\",\"isPartOf\":{\"@id\":\"https:\\\/\\\/edicionesalfar.es\\\/es\\\/#website\"},\"primaryImageOfPage\":{\"@id\":\"https:\\\/\\\/edicionesalfar.es\\\/es\\\/producto\\\/no-hay-sueno-pequeno\\\/#primaryimage\"},\"image\":{\"@id\":\"https:\\\/\\\/edicionesalfar.es\\\/es\\\/producto\\\/no-hay-sueno-pequeno\\\/#primaryimage\"},\"thumbnailUrl\":\"https:\\\/\\\/edicionesalfar.es\\\/es\\\/wp-content\\\/uploads\\\/2024\\\/10\\\/9788410286047.jpg\",\"datePublished\":\"2024-10-17T05:22:47+00:00\",\"dateModified\":\"2024-10-17T05:25:15+00:00\",\"breadcrumb\":{\"@id\":\"https:\\\/\\\/edicionesalfar.es\\\/es\\\/producto\\\/no-hay-sueno-pequeno\\\/#breadcrumb\"},\"inLanguage\":\"es\",\"potentialAction\":[{\"@type\":\"ReadAction\",\"target\":[\"https:\\\/\\\/edicionesalfar.es\\\/es\\\/producto\\\/no-hay-sueno-pequeno\\\/\"]}]},{\"@type\":\"ImageObject\",\"inLanguage\":\"es\",\"@id\":\"https:\\\/\\\/edicionesalfar.es\\\/es\\\/producto\\\/no-hay-sueno-pequeno\\\/#primaryimage\",\"url\":\"https:\\\/\\\/edicionesalfar.es\\\/es\\\/wp-content\\\/uploads\\\/2024\\\/10\\\/9788410286047.jpg\",\"contentUrl\":\"https:\\\/\\\/edicionesalfar.es\\\/es\\\/wp-content\\\/uploads\\\/2024\\\/10\\\/9788410286047.jpg\",\"width\":1781,\"height\":2480},{\"@type\":\"BreadcrumbList\",\"@id\":\"https:\\\/\\\/edicionesalfar.es\\\/es\\\/producto\\\/no-hay-sueno-pequeno\\\/#breadcrumb\",\"itemListElement\":[{\"@type\":\"ListItem\",\"position\":1,\"name\":\"Portada\",\"item\":\"https:\\\/\\\/edicionesalfar.es\\\/es\\\/\"},{\"@type\":\"ListItem\",\"position\":2,\"name\":\"Cat\u00e1logo\",\"item\":\"https:\\\/\\\/edicionesalfar.es\\\/es\\\/catalogo\\\/\"},{\"@type\":\"ListItem\",\"position\":3,\"name\":\"No hay sue\u00f1o peque\u00f1o\"}]},{\"@type\":\"WebSite\",\"@id\":\"https:\\\/\\\/edicionesalfar.es\\\/es\\\/#website\",\"url\":\"https:\\\/\\\/edicionesalfar.es\\\/es\\\/\",\"name\":\"Ediciones Alfar\",\"description\":\"\",\"potentialAction\":[{\"@type\":\"SearchAction\",\"target\":{\"@type\":\"EntryPoint\",\"urlTemplate\":\"https:\\\/\\\/edicionesalfar.es\\\/es\\\/?s={search_term_string}\"},\"query-input\":{\"@type\":\"PropertyValueSpecification\",\"valueRequired\":true,\"valueName\":\"search_term_string\"}}],\"inLanguage\":\"es\"}]}<\/script>\n<!-- \/ Yoast SEO plugin. -->","yoast_head_json":{"title":"No hay sue\u00f1o peque\u00f1o - Ediciones Alfar","robots":{"index":"index","follow":"follow","max-snippet":"max-snippet:-1","max-image-preview":"max-image-preview:large","max-video-preview":"max-video-preview:-1"},"canonical":"https:\/\/edicionesalfar.es\/es\/producto\/no-hay-sueno-pequeno\/","og_locale":"es_ES","og_type":"article","og_title":"No hay sue\u00f1o peque\u00f1o - Ediciones Alfar","og_description":"\u00bfTe imaginas una vida sin sue\u00f1os? \u00bfNunca m\u00e1s vivir esa burbujeante emoci\u00f3n de la expectativa? \u00bfSin esperar que tus m\u00e1s grandes deseos se cumplan? Tap\u00f3n, s\u00ed. Ha perdido la ilusi\u00f3n y decide dejar atr\u00e1s el mundo que conoce para embarcarse en una prometedora aventura: cazar el arco\u00edris e instalarse en un nuevo hogar, lejos de todo y de todos. Entretanto, los empleados de la oficina de correos tratan de ponerle remedio al caos originado por la masiva llegada de sue\u00f1os rotos. Esperanza y sus compa\u00f1eros, deben visitar la cueva donde tiene su guarida el Temible Monstruo de los sue\u00f1os rotos. Pero este, dispuesto a darse un atrac\u00f3n de fracasos, no los recibir\u00e1 precisamente con los brazos abiertos. \u00bfPuede un duende de barba multicolor dar al traste con los planes de Tap\u00f3n? \u00bfBastar\u00e1 un bramido monstruoso para que una ni\u00f1a que no cree en la palabra \u00abimposible\u00bb renuncie a devolver la esperanza a quienes la han perdido? Un paseo por las nubes; dos obstinados peque\u00f1os y el encanto de lo distinto har\u00e1n que los sue\u00f1os puedan convertirse en realidad. \u00bfPuede un duende de barba multicolor dar al traste con los planes de Tap\u00f3n? \u00bfBastar\u00e1 un bramido monstruoso para que una ni\u00f1a que no cree en la palabra \u00abimposible\u00bb renuncie a devolver la esperanza a quienes la han perdido? Un paseo por las nubes; dos obstinados peque\u00f1os y el encanto de lo distinto har\u00e1n que los sue\u00f1os puedan convertirse en realidad.  AUTORAS: Rosario Naranjo \/ Ana Rodr\u00edguez  &nbsp;","og_url":"https:\/\/edicionesalfar.es\/es\/producto\/no-hay-sueno-pequeno\/","og_site_name":"Ediciones Alfar","article_modified_time":"2024-10-17T05:25:15+00:00","og_image":[{"width":735,"height":1024,"url":"https:\/\/edicionesalfar.es\/es\/wp-content\/uploads\/2024\/10\/9788410286047-735x1024.jpg","type":"image\/jpeg"}],"twitter_card":"summary_large_image","twitter_misc":{"Tiempo de lectura":"3 minutos"},"schema":{"@context":"https:\/\/schema.org","@graph":[{"@type":"WebPage","@id":"https:\/\/edicionesalfar.es\/es\/producto\/no-hay-sueno-pequeno\/","url":"https:\/\/edicionesalfar.es\/es\/producto\/no-hay-sueno-pequeno\/","name":"No hay sue\u00f1o peque\u00f1o - Ediciones Alfar","isPartOf":{"@id":"https:\/\/edicionesalfar.es\/es\/#website"},"primaryImageOfPage":{"@id":"https:\/\/edicionesalfar.es\/es\/producto\/no-hay-sueno-pequeno\/#primaryimage"},"image":{"@id":"https:\/\/edicionesalfar.es\/es\/producto\/no-hay-sueno-pequeno\/#primaryimage"},"thumbnailUrl":"https:\/\/edicionesalfar.es\/es\/wp-content\/uploads\/2024\/10\/9788410286047.jpg","datePublished":"2024-10-17T05:22:47+00:00","dateModified":"2024-10-17T05:25:15+00:00","breadcrumb":{"@id":"https:\/\/edicionesalfar.es\/es\/producto\/no-hay-sueno-pequeno\/#breadcrumb"},"inLanguage":"es","potentialAction":[{"@type":"ReadAction","target":["https:\/\/edicionesalfar.es\/es\/producto\/no-hay-sueno-pequeno\/"]}]},{"@type":"ImageObject","inLanguage":"es","@id":"https:\/\/edicionesalfar.es\/es\/producto\/no-hay-sueno-pequeno\/#primaryimage","url":"https:\/\/edicionesalfar.es\/es\/wp-content\/uploads\/2024\/10\/9788410286047.jpg","contentUrl":"https:\/\/edicionesalfar.es\/es\/wp-content\/uploads\/2024\/10\/9788410286047.jpg","width":1781,"height":2480},{"@type":"BreadcrumbList","@id":"https:\/\/edicionesalfar.es\/es\/producto\/no-hay-sueno-pequeno\/#breadcrumb","itemListElement":[{"@type":"ListItem","position":1,"name":"Portada","item":"https:\/\/edicionesalfar.es\/es\/"},{"@type":"ListItem","position":2,"name":"Cat\u00e1logo","item":"https:\/\/edicionesalfar.es\/es\/catalogo\/"},{"@type":"ListItem","position":3,"name":"No hay sue\u00f1o peque\u00f1o"}]},{"@type":"WebSite","@id":"https:\/\/edicionesalfar.es\/es\/#website","url":"https:\/\/edicionesalfar.es\/es\/","name":"Ediciones Alfar","description":"","potentialAction":[{"@type":"SearchAction","target":{"@type":"EntryPoint","urlTemplate":"https:\/\/edicionesalfar.es\/es\/?s={search_term_string}"},"query-input":{"@type":"PropertyValueSpecification","valueRequired":true,"valueName":"search_term_string"}}],"inLanguage":"es"}]}},"_links":{"self":[{"href":"https:\/\/edicionesalfar.es\/es\/wp-json\/wp\/v2\/product\/120788","targetHints":{"allow":["GET"]}}],"collection":[{"href":"https:\/\/edicionesalfar.es\/es\/wp-json\/wp\/v2\/product"}],"about":[{"href":"https:\/\/edicionesalfar.es\/es\/wp-json\/wp\/v2\/types\/product"}],"replies":[{"embeddable":true,"href":"https:\/\/edicionesalfar.es\/es\/wp-json\/wp\/v2\/comments?post=120788"}],"wp:featuredmedia":[{"embeddable":true,"href":"https:\/\/edicionesalfar.es\/es\/wp-json\/wp\/v2\/media\/120789"}],"wp:attachment":[{"href":"https:\/\/edicionesalfar.es\/es\/wp-json\/wp\/v2\/media?parent=120788"}],"wp:term":[{"taxonomy":"product_brand","embeddable":true,"href":"https:\/\/edicionesalfar.es\/es\/wp-json\/wp\/v2\/product_brand?post=120788"},{"taxonomy":"product_cat","embeddable":true,"href":"https:\/\/edicionesalfar.es\/es\/wp-json\/wp\/v2\/product_cat?post=120788"},{"taxonomy":"product_tag","embeddable":true,"href":"https:\/\/edicionesalfar.es\/es\/wp-json\/wp\/v2\/product_tag?post=120788"}],"curies":[{"name":"wp","href":"https:\/\/api.w.org\/{rel}","templated":true}]}}