{"id":120782,"date":"2024-10-17T07:04:00","date_gmt":"2024-10-17T05:04:00","guid":{"rendered":"https:\/\/edicionesalfar.es\/es\/?post_type=product&#038;p=120782"},"modified":"2024-10-17T07:08:38","modified_gmt":"2024-10-17T05:08:38","slug":"la-semana-santa-de-manuel-albarran-ii","status":"publish","type":"product","link":"https:\/\/edicionesalfar.es\/es\/producto\/la-semana-santa-de-manuel-albarran-ii\/","title":{"rendered":"La Semana Santa de Manuel Albarr\u00e1n II"},"content":{"rendered":"<p>Tras el \u00e9xito y la gran acogida del primer volumen dedicado a presentar el legado fotogr\u00e1fico que, sobre las cofrad\u00edas de Sevilla, ejercit\u00f3 Manuel Albarr\u00e1n, y queriendo dar continuidad al homenaje p\u00f3stumo en el a\u00f1o en que se cumplen setenta de su fallecimiento (1954-2024), ve la luz este segundo ejemplar de la terna que ha de llegar a configurar el tratado completo del Archivo Albarr\u00e1n, dedicado a recordar y exaltar gr\u00e1ficamente a la Semana Santa de Sevilla de las d\u00e9cadas de los cuarenta y principio de los cincuenta del pasado siglo. Nuevas hermandades vienen a reflejarse en esta obra apoyada, b\u00e1sicamente, en la imagen y en la contextualizaci\u00f3n de cada fotograf\u00eda, cuidadosamente seleccionada para aportar el retrato in\u00e9dito, la visi\u00f3n desconocida y el enfoque original que, solamente, Manuel Albarr\u00e1n supo darle a sus instant\u00e1neas. M\u00e1s de cuatrocientas fotograf\u00edas de las im\u00e1genes titulares de las cofrad\u00edas hispalenses. Un ejercicio de evocaci\u00f3n y fascinaci\u00f3n de una Semana Santa en blanco y negro con casi un siglo a sus espaldas. Liturgia inconfundible, reflejando la idiosincrasia singular con que Albarr\u00e1n supo captar con su c\u00e1mara la sublimaci\u00f3n de la Pasi\u00f3n de Cristo seg\u00fan Sevilla, mostrando una parte desconocida, hasta ahora, del aparato cofrade a trav\u00e9s de sus infinitos matices inmortalizados en cada documento gr\u00e1fico. Una reivindicaci\u00f3n a la calidad y el buen hacer de los antiguos fot\u00f3grafos que nos ofrece un impagable testimonio de la evoluci\u00f3n de la vida de las cofrad\u00edas sevillanas.<\/p>\n<p>AUTORES: <strong>Emilio Jos\u00e9 Balbuena Arriola.<\/strong> Nacido en Sevilla en 1974, estudi\u00f3 en la Universidad de Sevilla la licenciatura de Geograf\u00eda e Historia, especialidad de Historia del Arte. Profesionalmente se dedica al sector del medio ambiente en la Agencia de Medio Ambiente y Agua de Andaluc\u00eda. Hermano de las de San Benito y la Hiniesta de la capital andaluza, en esta \u00faltima ha desempe\u00f1ado los cargos de prioste segundo (1995-1999) y secretario primero (2008-2012), responsabiliz\u00e1ndose, adem\u00e1s, de diversas tareas en \u00e1reas como juventud, formaci\u00f3n, obras asistenciales, priost\u00eda, secretar\u00eda y mayordom\u00eda, habiendo sido pregonero de la Hiniesta en 2016 y, actualmente, archivero de esta corporaci\u00f3n nazarena.<\/p>\n<p><strong>Enrique Guevara P\u00e9rez<\/strong>. Nacido en Madrid en 1978. Licenciado en Administraci\u00f3n y Direcci\u00f3n de Empresas por la Universidad Complutense de Madrid y M\u00e1ster en Direcci\u00f3n Financiera por ESIC, desarrolla actualmente su labor profesional como directivo en el sector de grandes almacenes. Es hermano de la Primitiva Hermandad de los Nazarenos de Sevilla, (El Silencio), y de la del Gran Poder y Esperanza Macarena, de Madrid. Ha pertenecido durante m\u00e1s de una d\u00e9cada al Consejo Diocesano de HH y CC de Madrid, y form\u00f3 parte de la comisi\u00f3n organizadora del V\u00eda Crucis de la JMJ, Madrid 2011. Insignia de oro del Bolet\u00edn de las Cofrad\u00edas de Sevilla, est\u00e1 en posesi\u00f3n del Premio Dem\u00f3filo que otorga la Fundaci\u00f3n Machado, de Sevilla, y del Premio Jorge Bernales concedido por el Consejo General de HH y CC de Sevilla a la investigaci\u00f3n cofrade.<\/p>\n","protected":false},"excerpt":{"rendered":"<p>Tras el \u00e9xito y la gran acogida del primer volumen dedicado a presentar el legado fotogr\u00e1fico que, sobre las cofrad\u00edas de Sevilla, ejercit\u00f3 Manuel Albarr\u00e1n, y queriendo dar continuidad al homenaje p\u00f3stumo en el a\u00f1o en que se cumplen setenta de su fallecimiento (1954-2024), ve la luz este segundo ejemplar de la terna que ha de llegar a configurar el tratado completo del Archivo Albarr\u00e1n, dedicado a recordar y exaltar gr\u00e1ficamente a la Semana Santa de Sevilla de las d\u00e9cadas de los cuarenta y principio de los cincuenta del pasado siglo. Nuevas hermandades vienen a reflejarse en esta obra apoyada, b\u00e1sicamente, en la imagen y en la contextualizaci\u00f3n de cada fotograf\u00eda, cuidadosamente seleccionada para aportar el retrato in\u00e9dito, la visi\u00f3n desconocida y el enfoque original que, solamente, Manuel Albarr\u00e1n supo darle a sus instant\u00e1neas. M\u00e1s de cuatrocientas fotograf\u00edas de las im\u00e1genes titulares de las cofrad\u00edas hispalenses. Un ejercicio de evocaci\u00f3n y fascinaci\u00f3n de una Semana Santa en blanco y negro con casi un siglo a sus espaldas. Liturgia inconfundible, reflejando la idiosincrasia singular con que Albarr\u00e1n supo captar con su c\u00e1mara la sublimaci\u00f3n de la Pasi\u00f3n de Cristo seg\u00fan Sevilla, mostrando una parte desconocida, hasta ahora, del aparato cofrade a trav\u00e9s de sus infinitos matices inmortalizados en cada documento gr\u00e1fico. Una reivindicaci\u00f3n a la calidad y el buen hacer de los antiguos fot\u00f3grafos que nos ofrece un impagable testimonio de la evoluci\u00f3n de la vida de las cofrad\u00edas sevillanas.<\/p>\n<p>&nbsp;<\/p>\n<p>AUTORES: <strong>Emilio Jos\u00e9 Balbuena Arriola \/ <\/strong><strong>Enrique Guevara P\u00e9rez<\/strong><\/p>\n<p>&nbsp;<\/p>\n<p>&nbsp;<\/p>\n","protected":false},"featured_media":120783,"comment_status":"closed","ping_status":"closed","template":"","meta":{"_acf_changed":false,"_et_pb_use_builder":"","_et_pb_old_content":"","_et_gb_content_width":""},"product_brand":[],"product_cat":[372,376,375,609,52,15],"product_tag":[],"class_list":{"0":"post-120782","1":"product","2":"type-product","3":"status-publish","4":"has-post-thumbnail","6":"product_cat-alfar","7":"product_cat-autores","8":"product_cat-editoriales","9":"product_cat-guevara-perez-enrique","10":"product_cat-semana-santa","11":"product_cat-sin-categorizar","13":"first","14":"instock","15":"sale","16":"taxable","17":"shipping-taxable","18":"purchasable","19":"product-type-simple"},"acf":[],"yoast_head":"<!-- This site is optimized with the Yoast SEO plugin v27.5 - https:\/\/yoast.com\/product\/yoast-seo-wordpress\/ -->\n<title>La Semana Santa de Manuel Albarr\u00e1n II - Ediciones Alfar<\/title>\n<meta name=\"robots\" content=\"index, follow, max-snippet:-1, max-image-preview:large, max-video-preview:-1\" \/>\n<link rel=\"canonical\" href=\"https:\/\/edicionesalfar.es\/es\/producto\/la-semana-santa-de-manuel-albarran-ii\/\" \/>\n<meta property=\"og:locale\" content=\"es_ES\" \/>\n<meta property=\"og:type\" content=\"article\" \/>\n<meta property=\"og:title\" content=\"La Semana Santa de Manuel Albarr\u00e1n II - Ediciones Alfar\" \/>\n<meta property=\"og:description\" content=\"Tras el \u00e9xito y la gran acogida del primer volumen dedicado a presentar el legado fotogr\u00e1fico que, sobre las cofrad\u00edas de Sevilla, ejercit\u00f3 Manuel Albarr\u00e1n, y queriendo dar continuidad al homenaje p\u00f3stumo en el a\u00f1o en que se cumplen setenta de su fallecimiento (1954-2024), ve la luz este segundo ejemplar de la terna que ha de llegar a configurar el tratado completo del Archivo Albarr\u00e1n, dedicado a recordar y exaltar gr\u00e1ficamente a la Semana Santa de Sevilla de las d\u00e9cadas de los cuarenta y principio de los cincuenta del pasado siglo. Nuevas hermandades vienen a reflejarse en esta obra apoyada, b\u00e1sicamente, en la imagen y en la contextualizaci\u00f3n de cada fotograf\u00eda, cuidadosamente seleccionada para aportar el retrato in\u00e9dito, la visi\u00f3n desconocida y el enfoque original que, solamente, Manuel Albarr\u00e1n supo darle a sus instant\u00e1neas. M\u00e1s de cuatrocientas fotograf\u00edas de las im\u00e1genes titulares de las cofrad\u00edas hispalenses. Un ejercicio de evocaci\u00f3n y fascinaci\u00f3n de una Semana Santa en blanco y negro con casi un siglo a sus espaldas. Liturgia inconfundible, reflejando la idiosincrasia singular con que Albarr\u00e1n supo captar con su c\u00e1mara la sublimaci\u00f3n de la Pasi\u00f3n de Cristo seg\u00fan Sevilla, mostrando una parte desconocida, hasta ahora, del aparato cofrade a trav\u00e9s de sus infinitos matices inmortalizados en cada documento gr\u00e1fico. Una reivindicaci\u00f3n a la calidad y el buen hacer de los antiguos fot\u00f3grafos que nos ofrece un impagable testimonio de la evoluci\u00f3n de la vida de las cofrad\u00edas sevillanas.  &nbsp;  AUTORES: Emilio Jos\u00e9 Balbuena Arriola \/ Enrique Guevara P\u00e9rez  &nbsp;  &nbsp;\" \/>\n<meta property=\"og:url\" content=\"https:\/\/edicionesalfar.es\/es\/producto\/la-semana-santa-de-manuel-albarran-ii\/\" \/>\n<meta property=\"og:site_name\" content=\"Ediciones Alfar\" \/>\n<meta property=\"article:modified_time\" content=\"2024-10-17T05:08:38+00:00\" \/>\n<meta property=\"og:image\" content=\"https:\/\/edicionesalfar.es\/es\/wp-content\/uploads\/2024\/10\/9788410286061-scaled.jpg\" \/>\n\t<meta property=\"og:image:width\" content=\"2032\" \/>\n\t<meta property=\"og:image:height\" content=\"2560\" \/>\n\t<meta property=\"og:image:type\" content=\"image\/jpeg\" \/>\n<meta name=\"twitter:card\" content=\"summary_large_image\" \/>\n<meta name=\"twitter:label1\" content=\"Tiempo de lectura\" \/>\n\t<meta name=\"twitter:data1\" content=\"3 minutos\" \/>\n<script type=\"application\/ld+json\" class=\"yoast-schema-graph\">{\"@context\":\"https:\\\/\\\/schema.org\",\"@graph\":[{\"@type\":\"WebPage\",\"@id\":\"https:\\\/\\\/edicionesalfar.es\\\/es\\\/producto\\\/la-semana-santa-de-manuel-albarran-ii\\\/\",\"url\":\"https:\\\/\\\/edicionesalfar.es\\\/es\\\/producto\\\/la-semana-santa-de-manuel-albarran-ii\\\/\",\"name\":\"La Semana Santa de Manuel Albarr\u00e1n II - Ediciones Alfar\",\"isPartOf\":{\"@id\":\"https:\\\/\\\/edicionesalfar.es\\\/es\\\/#website\"},\"primaryImageOfPage\":{\"@id\":\"https:\\\/\\\/edicionesalfar.es\\\/es\\\/producto\\\/la-semana-santa-de-manuel-albarran-ii\\\/#primaryimage\"},\"image\":{\"@id\":\"https:\\\/\\\/edicionesalfar.es\\\/es\\\/producto\\\/la-semana-santa-de-manuel-albarran-ii\\\/#primaryimage\"},\"thumbnailUrl\":\"https:\\\/\\\/edicionesalfar.es\\\/es\\\/wp-content\\\/uploads\\\/2024\\\/10\\\/9788410286061-scaled.jpg\",\"datePublished\":\"2024-10-17T05:04:00+00:00\",\"dateModified\":\"2024-10-17T05:08:38+00:00\",\"breadcrumb\":{\"@id\":\"https:\\\/\\\/edicionesalfar.es\\\/es\\\/producto\\\/la-semana-santa-de-manuel-albarran-ii\\\/#breadcrumb\"},\"inLanguage\":\"es\",\"potentialAction\":[{\"@type\":\"ReadAction\",\"target\":[\"https:\\\/\\\/edicionesalfar.es\\\/es\\\/producto\\\/la-semana-santa-de-manuel-albarran-ii\\\/\"]}]},{\"@type\":\"ImageObject\",\"inLanguage\":\"es\",\"@id\":\"https:\\\/\\\/edicionesalfar.es\\\/es\\\/producto\\\/la-semana-santa-de-manuel-albarran-ii\\\/#primaryimage\",\"url\":\"https:\\\/\\\/edicionesalfar.es\\\/es\\\/wp-content\\\/uploads\\\/2024\\\/10\\\/9788410286061-scaled.jpg\",\"contentUrl\":\"https:\\\/\\\/edicionesalfar.es\\\/es\\\/wp-content\\\/uploads\\\/2024\\\/10\\\/9788410286061-scaled.jpg\",\"width\":2032,\"height\":2560},{\"@type\":\"BreadcrumbList\",\"@id\":\"https:\\\/\\\/edicionesalfar.es\\\/es\\\/producto\\\/la-semana-santa-de-manuel-albarran-ii\\\/#breadcrumb\",\"itemListElement\":[{\"@type\":\"ListItem\",\"position\":1,\"name\":\"Portada\",\"item\":\"https:\\\/\\\/edicionesalfar.es\\\/es\\\/\"},{\"@type\":\"ListItem\",\"position\":2,\"name\":\"Cat\u00e1logo\",\"item\":\"https:\\\/\\\/edicionesalfar.es\\\/es\\\/catalogo\\\/\"},{\"@type\":\"ListItem\",\"position\":3,\"name\":\"La Semana Santa de Manuel Albarr\u00e1n II\"}]},{\"@type\":\"WebSite\",\"@id\":\"https:\\\/\\\/edicionesalfar.es\\\/es\\\/#website\",\"url\":\"https:\\\/\\\/edicionesalfar.es\\\/es\\\/\",\"name\":\"Ediciones Alfar\",\"description\":\"\",\"potentialAction\":[{\"@type\":\"SearchAction\",\"target\":{\"@type\":\"EntryPoint\",\"urlTemplate\":\"https:\\\/\\\/edicionesalfar.es\\\/es\\\/?s={search_term_string}\"},\"query-input\":{\"@type\":\"PropertyValueSpecification\",\"valueRequired\":true,\"valueName\":\"search_term_string\"}}],\"inLanguage\":\"es\"}]}<\/script>\n<!-- \/ Yoast SEO plugin. -->","yoast_head_json":{"title":"La Semana Santa de Manuel Albarr\u00e1n II - Ediciones Alfar","robots":{"index":"index","follow":"follow","max-snippet":"max-snippet:-1","max-image-preview":"max-image-preview:large","max-video-preview":"max-video-preview:-1"},"canonical":"https:\/\/edicionesalfar.es\/es\/producto\/la-semana-santa-de-manuel-albarran-ii\/","og_locale":"es_ES","og_type":"article","og_title":"La Semana Santa de Manuel Albarr\u00e1n II - Ediciones Alfar","og_description":"Tras el \u00e9xito y la gran acogida del primer volumen dedicado a presentar el legado fotogr\u00e1fico que, sobre las cofrad\u00edas de Sevilla, ejercit\u00f3 Manuel Albarr\u00e1n, y queriendo dar continuidad al homenaje p\u00f3stumo en el a\u00f1o en que se cumplen setenta de su fallecimiento (1954-2024), ve la luz este segundo ejemplar de la terna que ha de llegar a configurar el tratado completo del Archivo Albarr\u00e1n, dedicado a recordar y exaltar gr\u00e1ficamente a la Semana Santa de Sevilla de las d\u00e9cadas de los cuarenta y principio de los cincuenta del pasado siglo. Nuevas hermandades vienen a reflejarse en esta obra apoyada, b\u00e1sicamente, en la imagen y en la contextualizaci\u00f3n de cada fotograf\u00eda, cuidadosamente seleccionada para aportar el retrato in\u00e9dito, la visi\u00f3n desconocida y el enfoque original que, solamente, Manuel Albarr\u00e1n supo darle a sus instant\u00e1neas. M\u00e1s de cuatrocientas fotograf\u00edas de las im\u00e1genes titulares de las cofrad\u00edas hispalenses. Un ejercicio de evocaci\u00f3n y fascinaci\u00f3n de una Semana Santa en blanco y negro con casi un siglo a sus espaldas. Liturgia inconfundible, reflejando la idiosincrasia singular con que Albarr\u00e1n supo captar con su c\u00e1mara la sublimaci\u00f3n de la Pasi\u00f3n de Cristo seg\u00fan Sevilla, mostrando una parte desconocida, hasta ahora, del aparato cofrade a trav\u00e9s de sus infinitos matices inmortalizados en cada documento gr\u00e1fico. Una reivindicaci\u00f3n a la calidad y el buen hacer de los antiguos fot\u00f3grafos que nos ofrece un impagable testimonio de la evoluci\u00f3n de la vida de las cofrad\u00edas sevillanas.  &nbsp;  AUTORES: Emilio Jos\u00e9 Balbuena Arriola \/ Enrique Guevara P\u00e9rez  &nbsp;  &nbsp;","og_url":"https:\/\/edicionesalfar.es\/es\/producto\/la-semana-santa-de-manuel-albarran-ii\/","og_site_name":"Ediciones Alfar","article_modified_time":"2024-10-17T05:08:38+00:00","og_image":[{"width":2032,"height":2560,"url":"https:\/\/edicionesalfar.es\/es\/wp-content\/uploads\/2024\/10\/9788410286061-scaled.jpg","type":"image\/jpeg"}],"twitter_card":"summary_large_image","twitter_misc":{"Tiempo de lectura":"3 minutos"},"schema":{"@context":"https:\/\/schema.org","@graph":[{"@type":"WebPage","@id":"https:\/\/edicionesalfar.es\/es\/producto\/la-semana-santa-de-manuel-albarran-ii\/","url":"https:\/\/edicionesalfar.es\/es\/producto\/la-semana-santa-de-manuel-albarran-ii\/","name":"La Semana Santa de Manuel Albarr\u00e1n II - Ediciones Alfar","isPartOf":{"@id":"https:\/\/edicionesalfar.es\/es\/#website"},"primaryImageOfPage":{"@id":"https:\/\/edicionesalfar.es\/es\/producto\/la-semana-santa-de-manuel-albarran-ii\/#primaryimage"},"image":{"@id":"https:\/\/edicionesalfar.es\/es\/producto\/la-semana-santa-de-manuel-albarran-ii\/#primaryimage"},"thumbnailUrl":"https:\/\/edicionesalfar.es\/es\/wp-content\/uploads\/2024\/10\/9788410286061-scaled.jpg","datePublished":"2024-10-17T05:04:00+00:00","dateModified":"2024-10-17T05:08:38+00:00","breadcrumb":{"@id":"https:\/\/edicionesalfar.es\/es\/producto\/la-semana-santa-de-manuel-albarran-ii\/#breadcrumb"},"inLanguage":"es","potentialAction":[{"@type":"ReadAction","target":["https:\/\/edicionesalfar.es\/es\/producto\/la-semana-santa-de-manuel-albarran-ii\/"]}]},{"@type":"ImageObject","inLanguage":"es","@id":"https:\/\/edicionesalfar.es\/es\/producto\/la-semana-santa-de-manuel-albarran-ii\/#primaryimage","url":"https:\/\/edicionesalfar.es\/es\/wp-content\/uploads\/2024\/10\/9788410286061-scaled.jpg","contentUrl":"https:\/\/edicionesalfar.es\/es\/wp-content\/uploads\/2024\/10\/9788410286061-scaled.jpg","width":2032,"height":2560},{"@type":"BreadcrumbList","@id":"https:\/\/edicionesalfar.es\/es\/producto\/la-semana-santa-de-manuel-albarran-ii\/#breadcrumb","itemListElement":[{"@type":"ListItem","position":1,"name":"Portada","item":"https:\/\/edicionesalfar.es\/es\/"},{"@type":"ListItem","position":2,"name":"Cat\u00e1logo","item":"https:\/\/edicionesalfar.es\/es\/catalogo\/"},{"@type":"ListItem","position":3,"name":"La Semana Santa de Manuel Albarr\u00e1n II"}]},{"@type":"WebSite","@id":"https:\/\/edicionesalfar.es\/es\/#website","url":"https:\/\/edicionesalfar.es\/es\/","name":"Ediciones Alfar","description":"","potentialAction":[{"@type":"SearchAction","target":{"@type":"EntryPoint","urlTemplate":"https:\/\/edicionesalfar.es\/es\/?s={search_term_string}"},"query-input":{"@type":"PropertyValueSpecification","valueRequired":true,"valueName":"search_term_string"}}],"inLanguage":"es"}]}},"_links":{"self":[{"href":"https:\/\/edicionesalfar.es\/es\/wp-json\/wp\/v2\/product\/120782","targetHints":{"allow":["GET"]}}],"collection":[{"href":"https:\/\/edicionesalfar.es\/es\/wp-json\/wp\/v2\/product"}],"about":[{"href":"https:\/\/edicionesalfar.es\/es\/wp-json\/wp\/v2\/types\/product"}],"replies":[{"embeddable":true,"href":"https:\/\/edicionesalfar.es\/es\/wp-json\/wp\/v2\/comments?post=120782"}],"wp:featuredmedia":[{"embeddable":true,"href":"https:\/\/edicionesalfar.es\/es\/wp-json\/wp\/v2\/media\/120783"}],"wp:attachment":[{"href":"https:\/\/edicionesalfar.es\/es\/wp-json\/wp\/v2\/media?parent=120782"}],"wp:term":[{"taxonomy":"product_brand","embeddable":true,"href":"https:\/\/edicionesalfar.es\/es\/wp-json\/wp\/v2\/product_brand?post=120782"},{"taxonomy":"product_cat","embeddable":true,"href":"https:\/\/edicionesalfar.es\/es\/wp-json\/wp\/v2\/product_cat?post=120782"},{"taxonomy":"product_tag","embeddable":true,"href":"https:\/\/edicionesalfar.es\/es\/wp-json\/wp\/v2\/product_tag?post=120782"}],"curies":[{"name":"wp","href":"https:\/\/api.w.org\/{rel}","templated":true}]}}