{"id":120383,"date":"2024-02-27T13:13:40","date_gmt":"2024-02-27T12:13:40","guid":{"rendered":"https:\/\/edicionesalfar.es\/es\/?post_type=product&#038;p=120383"},"modified":"2024-09-19T12:16:45","modified_gmt":"2024-09-19T10:16:45","slug":"la-semana-santa-de-manuel-albarran-el-fotografo-de-las-cofradias-de-sevilla","status":"publish","type":"product","link":"https:\/\/edicionesalfar.es\/es\/producto\/la-semana-santa-de-manuel-albarran-el-fotografo-de-las-cofradias-de-sevilla\/","title":{"rendered":"La Semana Santa de Manuel Albarr\u00e1n. El fot\u00f3grafo de las cofrad\u00edas de Sevilla"},"content":{"rendered":"<p>En la actualidad, pueden contarse por cientos los fot\u00f3grafos que inmortalizan con sus c\u00e1maras la realidad de nuestras cofrad\u00edas. Manuel Albarr\u00e1n es un ejemplo que hizo lo propio, pero hace m\u00e1s de ochenta a\u00f1os, cuando era rara la ocasi\u00f3n en la que se pod\u00eda ver una c\u00e1mara de fotos en la intimidad de las capillas, cuando casi nadie hac\u00eda posados de las im\u00e1genes en sus templos, cuando nadie se preocupaba de inmortalizar los altares de cultos y los besamanos, cuando pasaban inadvertidos los momentos silentes y de quietud en el interior de las iglesias con los pasos montados y preparados para salir a las calles. Hoy queda como recuerdo un imponente archivo fotogr\u00e1fico, que recoge una parte de la historia de las cofrad\u00edas y que fue realizado con esfuerzo, tes\u00f3n y cari\u00f1o para el bien de \u00e9stas. De todo ello quiere dar buena cuenta este libro, a modo de homenaje a Manolo Albarr\u00e1n, cofrade ejemplar, fot\u00f3grafo documentalista, y capillita de coraz\u00f3n, en donde sus fotogra- f\u00edas no solamente han sido cuidadosamente seleccionadas para irradiar su particular arte, sino que tambi\u00e9n han sido contextualizadas mediante textos alusivos que no han querido dejar perderse un detalle al \u00e1vido lector. Casi cuatrocientas fotograf\u00edas in\u00e9ditas han constituido el principal acicate en la creaci\u00f3n de esta obra que, D. m., ver\u00e1 continuada la divulgaci\u00f3n con ulteriores vol\u00famenes que ir\u00e1n dando a conocer el portentoso <em>Archivo Albarr\u00e1n<\/em> gracias a la generosidad de sus custodios, la Familia de Ben Oliver, convencidos de que ser\u00e1 valorado en su justa medida.<\/p>\n","protected":false},"excerpt":{"rendered":"<p>Manuel Albarr\u00e1n inmortaliz\u00f3 las im\u00e1genes y cofrad\u00edas hace m\u00e1s de ochenta a\u00f1os, cuando era rara la ocasi\u00f3n en la que se pod\u00eda ver una c\u00e1mara de fotos en la intimidad de las capillas, cuando casi nadie hac\u00eda posados de las im\u00e1genes en sus templos, cuando nadie se preocupaba de inmortalizar los altares de cultos y los besamanos, cuando pasaban inadvertidos los momentos silentes y de quietud en el interior de las iglesias con los pasos montados y preparados para salir a las calles. Hoy queda como recuerdo un imponente archivo fotogr\u00e1fico, el Archivo Albarr\u00e1n.<\/p>\n","protected":false},"featured_media":120384,"comment_status":"closed","ping_status":"closed","template":"","meta":{"_acf_changed":false,"_et_pb_use_builder":"","_et_pb_old_content":"","_et_gb_content_width":""},"product_brand":[],"product_cat":[52,15],"product_tag":[],"class_list":{"0":"post-120383","1":"product","2":"type-product","3":"status-publish","4":"has-post-thumbnail","6":"product_cat-semana-santa","7":"product_cat-sin-categorizar","9":"first","10":"instock","11":"taxable","12":"shipping-taxable","13":"purchasable","14":"product-type-simple"},"acf":[],"yoast_head":"<!-- This site is optimized with the Yoast SEO plugin v27.5 - https:\/\/yoast.com\/product\/yoast-seo-wordpress\/ -->\n<title>La Semana Santa de Manuel Albarr\u00e1n. El fot\u00f3grafo de las cofrad\u00edas de Sevilla - Ediciones Alfar<\/title>\n<meta name=\"description\" content=\"Este libro rescata el Archivo Albarr\u00e1n, descubierto e investigado por dos autores cofrades como son Emilio Jos\u00e9 Balbuena y Enrique Guevara P\u00e9rez.\" \/>\n<meta name=\"robots\" content=\"index, follow, max-snippet:-1, max-image-preview:large, max-video-preview:-1\" \/>\n<link rel=\"canonical\" href=\"https:\/\/edicionesalfar.es\/es\/producto\/la-semana-santa-de-manuel-albarran-el-fotografo-de-las-cofradias-de-sevilla\/\" \/>\n<meta property=\"og:locale\" content=\"es_ES\" \/>\n<meta property=\"og:type\" content=\"article\" \/>\n<meta property=\"og:title\" content=\"La Semana Santa de Manuel Albarr\u00e1n. El fot\u00f3grafo de las cofrad\u00edas de Sevilla - Ediciones Alfar\" \/>\n<meta property=\"og:description\" content=\"Este libro rescata el Archivo Albarr\u00e1n, descubierto e investigado por dos autores cofrades como son Emilio Jos\u00e9 Balbuena y Enrique Guevara P\u00e9rez.\" \/>\n<meta property=\"og:url\" content=\"https:\/\/edicionesalfar.es\/es\/producto\/la-semana-santa-de-manuel-albarran-el-fotografo-de-las-cofradias-de-sevilla\/\" \/>\n<meta property=\"og:site_name\" content=\"Ediciones Alfar\" \/>\n<meta property=\"article:modified_time\" content=\"2024-09-19T10:16:45+00:00\" \/>\n<meta property=\"og:image\" content=\"https:\/\/edicionesalfar.es\/es\/wp-content\/uploads\/2024\/02\/9788478989966-scaled.jpg\" \/>\n\t<meta property=\"og:image:width\" content=\"2031\" \/>\n\t<meta property=\"og:image:height\" content=\"2560\" \/>\n\t<meta property=\"og:image:type\" content=\"image\/jpeg\" \/>\n<meta name=\"twitter:card\" content=\"summary_large_image\" \/>\n<meta name=\"twitter:label1\" content=\"Tiempo de lectura\" \/>\n\t<meta name=\"twitter:data1\" content=\"2 minutos\" \/>\n<script type=\"application\/ld+json\" class=\"yoast-schema-graph\">{\"@context\":\"https:\\\/\\\/schema.org\",\"@graph\":[{\"@type\":\"WebPage\",\"@id\":\"https:\\\/\\\/edicionesalfar.es\\\/es\\\/producto\\\/la-semana-santa-de-manuel-albarran-el-fotografo-de-las-cofradias-de-sevilla\\\/\",\"url\":\"https:\\\/\\\/edicionesalfar.es\\\/es\\\/producto\\\/la-semana-santa-de-manuel-albarran-el-fotografo-de-las-cofradias-de-sevilla\\\/\",\"name\":\"La Semana Santa de Manuel Albarr\u00e1n. El fot\u00f3grafo de las cofrad\u00edas de Sevilla - Ediciones Alfar\",\"isPartOf\":{\"@id\":\"https:\\\/\\\/edicionesalfar.es\\\/es\\\/#website\"},\"primaryImageOfPage\":{\"@id\":\"https:\\\/\\\/edicionesalfar.es\\\/es\\\/producto\\\/la-semana-santa-de-manuel-albarran-el-fotografo-de-las-cofradias-de-sevilla\\\/#primaryimage\"},\"image\":{\"@id\":\"https:\\\/\\\/edicionesalfar.es\\\/es\\\/producto\\\/la-semana-santa-de-manuel-albarran-el-fotografo-de-las-cofradias-de-sevilla\\\/#primaryimage\"},\"thumbnailUrl\":\"https:\\\/\\\/edicionesalfar.es\\\/es\\\/wp-content\\\/uploads\\\/2024\\\/02\\\/9788478989966-scaled.jpg\",\"datePublished\":\"2024-02-27T12:13:40+00:00\",\"dateModified\":\"2024-09-19T10:16:45+00:00\",\"description\":\"Este libro rescata el Archivo Albarr\u00e1n, descubierto e investigado por dos autores cofrades como son Emilio Jos\u00e9 Balbuena y Enrique Guevara P\u00e9rez.\",\"breadcrumb\":{\"@id\":\"https:\\\/\\\/edicionesalfar.es\\\/es\\\/producto\\\/la-semana-santa-de-manuel-albarran-el-fotografo-de-las-cofradias-de-sevilla\\\/#breadcrumb\"},\"inLanguage\":\"es\",\"potentialAction\":[{\"@type\":\"ReadAction\",\"target\":[\"https:\\\/\\\/edicionesalfar.es\\\/es\\\/producto\\\/la-semana-santa-de-manuel-albarran-el-fotografo-de-las-cofradias-de-sevilla\\\/\"]}]},{\"@type\":\"ImageObject\",\"inLanguage\":\"es\",\"@id\":\"https:\\\/\\\/edicionesalfar.es\\\/es\\\/producto\\\/la-semana-santa-de-manuel-albarran-el-fotografo-de-las-cofradias-de-sevilla\\\/#primaryimage\",\"url\":\"https:\\\/\\\/edicionesalfar.es\\\/es\\\/wp-content\\\/uploads\\\/2024\\\/02\\\/9788478989966-scaled.jpg\",\"contentUrl\":\"https:\\\/\\\/edicionesalfar.es\\\/es\\\/wp-content\\\/uploads\\\/2024\\\/02\\\/9788478989966-scaled.jpg\",\"width\":2031,\"height\":2560},{\"@type\":\"BreadcrumbList\",\"@id\":\"https:\\\/\\\/edicionesalfar.es\\\/es\\\/producto\\\/la-semana-santa-de-manuel-albarran-el-fotografo-de-las-cofradias-de-sevilla\\\/#breadcrumb\",\"itemListElement\":[{\"@type\":\"ListItem\",\"position\":1,\"name\":\"Portada\",\"item\":\"https:\\\/\\\/edicionesalfar.es\\\/es\\\/\"},{\"@type\":\"ListItem\",\"position\":2,\"name\":\"Cat\u00e1logo\",\"item\":\"https:\\\/\\\/edicionesalfar.es\\\/es\\\/catalogo\\\/\"},{\"@type\":\"ListItem\",\"position\":3,\"name\":\"La Semana Santa de Manuel Albarr\u00e1n. El fot\u00f3grafo de las cofrad\u00edas de Sevilla\"}]},{\"@type\":\"WebSite\",\"@id\":\"https:\\\/\\\/edicionesalfar.es\\\/es\\\/#website\",\"url\":\"https:\\\/\\\/edicionesalfar.es\\\/es\\\/\",\"name\":\"Ediciones Alfar\",\"description\":\"\",\"potentialAction\":[{\"@type\":\"SearchAction\",\"target\":{\"@type\":\"EntryPoint\",\"urlTemplate\":\"https:\\\/\\\/edicionesalfar.es\\\/es\\\/?s={search_term_string}\"},\"query-input\":{\"@type\":\"PropertyValueSpecification\",\"valueRequired\":true,\"valueName\":\"search_term_string\"}}],\"inLanguage\":\"es\"}]}<\/script>\n<!-- \/ Yoast SEO plugin. -->","yoast_head_json":{"title":"La Semana Santa de Manuel Albarr\u00e1n. El fot\u00f3grafo de las cofrad\u00edas de Sevilla - Ediciones Alfar","description":"Este libro rescata el Archivo Albarr\u00e1n, descubierto e investigado por dos autores cofrades como son Emilio Jos\u00e9 Balbuena y Enrique Guevara P\u00e9rez.","robots":{"index":"index","follow":"follow","max-snippet":"max-snippet:-1","max-image-preview":"max-image-preview:large","max-video-preview":"max-video-preview:-1"},"canonical":"https:\/\/edicionesalfar.es\/es\/producto\/la-semana-santa-de-manuel-albarran-el-fotografo-de-las-cofradias-de-sevilla\/","og_locale":"es_ES","og_type":"article","og_title":"La Semana Santa de Manuel Albarr\u00e1n. El fot\u00f3grafo de las cofrad\u00edas de Sevilla - Ediciones Alfar","og_description":"Este libro rescata el Archivo Albarr\u00e1n, descubierto e investigado por dos autores cofrades como son Emilio Jos\u00e9 Balbuena y Enrique Guevara P\u00e9rez.","og_url":"https:\/\/edicionesalfar.es\/es\/producto\/la-semana-santa-de-manuel-albarran-el-fotografo-de-las-cofradias-de-sevilla\/","og_site_name":"Ediciones Alfar","article_modified_time":"2024-09-19T10:16:45+00:00","og_image":[{"width":2031,"height":2560,"url":"https:\/\/edicionesalfar.es\/es\/wp-content\/uploads\/2024\/02\/9788478989966-scaled.jpg","type":"image\/jpeg"}],"twitter_card":"summary_large_image","twitter_misc":{"Tiempo de lectura":"2 minutos"},"schema":{"@context":"https:\/\/schema.org","@graph":[{"@type":"WebPage","@id":"https:\/\/edicionesalfar.es\/es\/producto\/la-semana-santa-de-manuel-albarran-el-fotografo-de-las-cofradias-de-sevilla\/","url":"https:\/\/edicionesalfar.es\/es\/producto\/la-semana-santa-de-manuel-albarran-el-fotografo-de-las-cofradias-de-sevilla\/","name":"La Semana Santa de Manuel Albarr\u00e1n. El fot\u00f3grafo de las cofrad\u00edas de Sevilla - Ediciones Alfar","isPartOf":{"@id":"https:\/\/edicionesalfar.es\/es\/#website"},"primaryImageOfPage":{"@id":"https:\/\/edicionesalfar.es\/es\/producto\/la-semana-santa-de-manuel-albarran-el-fotografo-de-las-cofradias-de-sevilla\/#primaryimage"},"image":{"@id":"https:\/\/edicionesalfar.es\/es\/producto\/la-semana-santa-de-manuel-albarran-el-fotografo-de-las-cofradias-de-sevilla\/#primaryimage"},"thumbnailUrl":"https:\/\/edicionesalfar.es\/es\/wp-content\/uploads\/2024\/02\/9788478989966-scaled.jpg","datePublished":"2024-02-27T12:13:40+00:00","dateModified":"2024-09-19T10:16:45+00:00","description":"Este libro rescata el Archivo Albarr\u00e1n, descubierto e investigado por dos autores cofrades como son Emilio Jos\u00e9 Balbuena y Enrique Guevara P\u00e9rez.","breadcrumb":{"@id":"https:\/\/edicionesalfar.es\/es\/producto\/la-semana-santa-de-manuel-albarran-el-fotografo-de-las-cofradias-de-sevilla\/#breadcrumb"},"inLanguage":"es","potentialAction":[{"@type":"ReadAction","target":["https:\/\/edicionesalfar.es\/es\/producto\/la-semana-santa-de-manuel-albarran-el-fotografo-de-las-cofradias-de-sevilla\/"]}]},{"@type":"ImageObject","inLanguage":"es","@id":"https:\/\/edicionesalfar.es\/es\/producto\/la-semana-santa-de-manuel-albarran-el-fotografo-de-las-cofradias-de-sevilla\/#primaryimage","url":"https:\/\/edicionesalfar.es\/es\/wp-content\/uploads\/2024\/02\/9788478989966-scaled.jpg","contentUrl":"https:\/\/edicionesalfar.es\/es\/wp-content\/uploads\/2024\/02\/9788478989966-scaled.jpg","width":2031,"height":2560},{"@type":"BreadcrumbList","@id":"https:\/\/edicionesalfar.es\/es\/producto\/la-semana-santa-de-manuel-albarran-el-fotografo-de-las-cofradias-de-sevilla\/#breadcrumb","itemListElement":[{"@type":"ListItem","position":1,"name":"Portada","item":"https:\/\/edicionesalfar.es\/es\/"},{"@type":"ListItem","position":2,"name":"Cat\u00e1logo","item":"https:\/\/edicionesalfar.es\/es\/catalogo\/"},{"@type":"ListItem","position":3,"name":"La Semana Santa de Manuel Albarr\u00e1n. El fot\u00f3grafo de las cofrad\u00edas de Sevilla"}]},{"@type":"WebSite","@id":"https:\/\/edicionesalfar.es\/es\/#website","url":"https:\/\/edicionesalfar.es\/es\/","name":"Ediciones Alfar","description":"","potentialAction":[{"@type":"SearchAction","target":{"@type":"EntryPoint","urlTemplate":"https:\/\/edicionesalfar.es\/es\/?s={search_term_string}"},"query-input":{"@type":"PropertyValueSpecification","valueRequired":true,"valueName":"search_term_string"}}],"inLanguage":"es"}]}},"_links":{"self":[{"href":"https:\/\/edicionesalfar.es\/es\/wp-json\/wp\/v2\/product\/120383","targetHints":{"allow":["GET"]}}],"collection":[{"href":"https:\/\/edicionesalfar.es\/es\/wp-json\/wp\/v2\/product"}],"about":[{"href":"https:\/\/edicionesalfar.es\/es\/wp-json\/wp\/v2\/types\/product"}],"replies":[{"embeddable":true,"href":"https:\/\/edicionesalfar.es\/es\/wp-json\/wp\/v2\/comments?post=120383"}],"wp:featuredmedia":[{"embeddable":true,"href":"https:\/\/edicionesalfar.es\/es\/wp-json\/wp\/v2\/media\/120384"}],"wp:attachment":[{"href":"https:\/\/edicionesalfar.es\/es\/wp-json\/wp\/v2\/media?parent=120383"}],"wp:term":[{"taxonomy":"product_brand","embeddable":true,"href":"https:\/\/edicionesalfar.es\/es\/wp-json\/wp\/v2\/product_brand?post=120383"},{"taxonomy":"product_cat","embeddable":true,"href":"https:\/\/edicionesalfar.es\/es\/wp-json\/wp\/v2\/product_cat?post=120383"},{"taxonomy":"product_tag","embeddable":true,"href":"https:\/\/edicionesalfar.es\/es\/wp-json\/wp\/v2\/product_tag?post=120383"}],"curies":[{"name":"wp","href":"https:\/\/api.w.org\/{rel}","templated":true}]}}