{"id":120018,"date":"2023-10-04T12:51:07","date_gmt":"2023-10-04T10:51:07","guid":{"rendered":"https:\/\/edicionesalfar.es\/es\/?post_type=product&#038;p=120018"},"modified":"2023-10-04T12:51:11","modified_gmt":"2023-10-04T10:51:11","slug":"a-imagen-y-semejanza-de-la-semana-santa-de-sevilla-2a-edicion","status":"publish","type":"product","link":"https:\/\/edicionesalfar.es\/es\/producto\/a-imagen-y-semejanza-de-la-semana-santa-de-sevilla-2a-edicion\/","title":{"rendered":"A imagen y semejanza de la Semana Santa de Sevilla (2\u00aa edici\u00f3n)"},"content":{"rendered":"<p>En Espa\u00f1a no existe un patr\u00f3n \u00fanico de celebraci\u00f3n de la Semana Santa, sino que encuentra en el pa\u00eds m\u00faltiples variables. A pesar de ello, en la era de la globalizaci\u00f3n, las influencias de culturas, costumbres y comportamientos de otras latitudes que gozan de acendrada tradici\u00f3n cofrade y de bagaje exitoso en su puesta en escena, se han convertido en fuerzas determinantes. Es por ello que no podemos ocultar la sevillanizaci\u00f3n de muchas formas tanto est\u00e9ticas, como de experiencia y vivencia. As\u00ed, se encuentran m\u00faltiples paralelismos e influencias que se han ido acentuando en los albores del siglo XXI y hasta nuestros d\u00edas, reproduci\u00e9ndose en pueblos y ciudades, bien por cercan\u00eda y contagio de la capital andaluza, o bien porque simplemente el barroquismo y las formas de las cofrad\u00edas hispalenses han convencido y gustado tanto que su estilo ha sido importado (que no exportado), hasta el punto de que no existe actualmente un reducto que no haya sido conquistado por el modelo de la Semana Santa de Sevilla, que se alza con una fuerza casi dogm\u00e1tica.<\/p>\n<table style=\"width: 100%;\" border=\"0\" width=\"100%\" cellspacing=\"2\" cellpadding=\"0\">\n<tbody>\n<tr>\n<td class=\"fichaepigrafe\" style=\"width: 0.511509%;\" align=\"right\" valign=\"top\" height=\"16\">:<\/td>\n<td class=\"fichavalor\" style=\"width: 99.0793%;\" align=\"left\" valign=\"top\">ENRIQUE GUEVARA P\u00c9REZ, naci\u00f3 en Madrid en 1978. Licenciado en Administraci\u00f3n y Direcci\u00f3n de Empresas y M\u00e1ster en Direcci\u00f3n Financiera, desarrolla actualmente su labor profesional como directivo en el sector de grandes almacenes.<br \/>\nEs hermano de la Primitiva Hermandad de los Nazarenos de Sevilla (El Silencio), y de la de Ntro. Padre Jes\u00fas del Gran Poder y Mar\u00eda Stma. de la Esperanza Macarena, de Madrid, a cuya junta de gobierno ha pertenecido como consiliario y teniente de hermano mayor, habiendo sido adem\u00e1s su pregonero en 2007 y autor del libro conmemorativo del 75 aniversario fundacional, en 2015.<br \/>\nHermano de honor de varias cofrad\u00edas matritenses, ha pertenecido durante m\u00e1s de una d\u00e9cada, al Consejo Diocesano de HH y CC de Madrid, como secretario,<br \/>\ndirigiendo adem\u00e1s, desde sus inicios en 2012 y hasta la actualidad, la revista Semana Santa en Madrid.<br \/>\nForm\u00f3 parte de la comisi\u00f3n organizadora del V\u00eda Crucis llevado a cabo en Madrid con pasos de distintas Semanas Santas espa\u00f1olas, con motivo de la Jornada Mundial de la juventud, en 2011.<br \/>\nColaborador de diferentes medios de comunicaci\u00f3n, destaca su labor literaria y de investigaci\u00f3n, fruto de la cual nacen sus mensuales colaboraciones que quedan recogidas en las p\u00e1ginas del Bolet\u00edn de las Cofrad\u00edas de Sevilla, cuyo \u00f3rgano le distingui\u00f3 en 2009 con la entrega de su insignia de oro, as\u00ed como en diferentes publicaciones cofrades extendidas por todo el panorama nacional.<br \/>\nEst\u00e1 en posesi\u00f3n del Premio Dem\u00f3filo que otorga la Fundaci\u00f3n Machado, de Sevilla, y del Premio Jorge Bernales concedido por el Consejo General de HH y CC de Sevilla a la investigaci\u00f3n cofrade.<br \/>\nHa participado en obras colectivas como, V\u00eda Crucis. Jornada Mundial de la Juventud, Madrid 2011; Semana Santa, Patrimonio de la Humanidad; Cincuenta aportaciones documentales a la historia de las hermandades de Sevilla; y Esperanza Macarena, historia arte y hermandad.<br \/>\nPosee seis libros publicados sobre la Semana Santa de Madrid y sus cofrad\u00edas; y otros dos en referencia a la Semana Santa sevillana, \u201cLos tesoros perdidos de la<br \/>\nSemana Santa de Sevilla\u201d, en 2013 y \u201cLa Cuaresma seg\u00fan Sevilla\u201d, en 2019.<br \/>\nSu \u00faltima obra (2022) tiene por t\u00edtulo el de \u201cArqueolog\u00eda de la Semana Santa en cuarenta estaciones: la huella material e inmaterial de creencias, ritos, cultura y sociedad en la religiosidad andaluza\u201d.<br \/>\nTiene en su haber la presentaci\u00f3n de diversas ponencias en congresos cofrades y de religiosidad popular; habiendo pronunciado igualmente otras tantas exaltaciones y pregones.<\/td>\n<\/tr>\n<\/tbody>\n<\/table>\n","protected":false},"excerpt":{"rendered":"<p>Encontramos m\u00faltiples paralelismos e influencias que se han ido acentuando y reproduciendo en pueblos y ciudades, bien por cercan\u00eda o contagio de la capital andaluza, Sevilla, fiel reflejo de su Semana Santa.<\/p>\n","protected":false},"featured_media":120019,"comment_status":"closed","ping_status":"closed","template":"","meta":{"_acf_changed":false,"_et_pb_use_builder":"","_et_pb_old_content":"","_et_gb_content_width":""},"product_brand":[],"product_cat":[372,52],"product_tag":[],"class_list":{"0":"post-120018","1":"product","2":"type-product","3":"status-publish","4":"has-post-thumbnail","6":"product_cat-alfar","7":"product_cat-semana-santa","9":"first","10":"instock","11":"sale","12":"taxable","13":"shipping-taxable","14":"purchasable","15":"product-type-simple"},"acf":[],"yoast_head":"<!-- This site is optimized with the Yoast SEO plugin v27.5 - https:\/\/yoast.com\/product\/yoast-seo-wordpress\/ -->\n<title>A imagen y semejanza de la Semana Santa de Sevilla (2\u00aa edici\u00f3n) - Ediciones Alfar<\/title>\n<meta name=\"description\" content=\"Libro de la Semana Santa de Sevilla donde descubrir\u00e1s el paralelismo y el reflejo que los pueblos y ciudades reproducen por contagio de la capital andaluza.\" \/>\n<meta name=\"robots\" content=\"index, follow, max-snippet:-1, max-image-preview:large, max-video-preview:-1\" \/>\n<link rel=\"canonical\" href=\"https:\/\/edicionesalfar.es\/es\/producto\/a-imagen-y-semejanza-de-la-semana-santa-de-sevilla-2a-edicion\/\" \/>\n<meta property=\"og:locale\" content=\"es_ES\" \/>\n<meta property=\"og:type\" content=\"article\" \/>\n<meta property=\"og:title\" content=\"A imagen y semejanza de la Semana Santa de Sevilla (2\u00aa edici\u00f3n) - Ediciones Alfar\" \/>\n<meta property=\"og:description\" content=\"Libro de la Semana Santa de Sevilla donde descubrir\u00e1s el paralelismo y el reflejo que los pueblos y ciudades reproducen por contagio de la capital andaluza.\" \/>\n<meta property=\"og:url\" content=\"https:\/\/edicionesalfar.es\/es\/producto\/a-imagen-y-semejanza-de-la-semana-santa-de-sevilla-2a-edicion\/\" \/>\n<meta property=\"og:site_name\" content=\"Ediciones Alfar\" \/>\n<meta property=\"article:modified_time\" content=\"2023-10-04T10:51:11+00:00\" \/>\n<meta property=\"og:image\" content=\"https:\/\/edicionesalfar.es\/es\/wp-content\/uploads\/2023\/10\/9788478989867-697x1024.jpg\" \/>\n\t<meta property=\"og:image:width\" content=\"697\" \/>\n\t<meta property=\"og:image:height\" content=\"1024\" \/>\n\t<meta property=\"og:image:type\" content=\"image\/jpeg\" \/>\n<meta name=\"twitter:card\" content=\"summary_large_image\" \/>\n<meta name=\"twitter:label1\" content=\"Tiempo de lectura\" \/>\n\t<meta name=\"twitter:data1\" content=\"3 minutos\" \/>\n<script type=\"application\/ld+json\" class=\"yoast-schema-graph\">{\"@context\":\"https:\\\/\\\/schema.org\",\"@graph\":[{\"@type\":\"WebPage\",\"@id\":\"https:\\\/\\\/edicionesalfar.es\\\/es\\\/producto\\\/a-imagen-y-semejanza-de-la-semana-santa-de-sevilla-2a-edicion\\\/\",\"url\":\"https:\\\/\\\/edicionesalfar.es\\\/es\\\/producto\\\/a-imagen-y-semejanza-de-la-semana-santa-de-sevilla-2a-edicion\\\/\",\"name\":\"A imagen y semejanza de la Semana Santa de Sevilla (2\u00aa edici\u00f3n) - Ediciones Alfar\",\"isPartOf\":{\"@id\":\"https:\\\/\\\/edicionesalfar.es\\\/es\\\/#website\"},\"primaryImageOfPage\":{\"@id\":\"https:\\\/\\\/edicionesalfar.es\\\/es\\\/producto\\\/a-imagen-y-semejanza-de-la-semana-santa-de-sevilla-2a-edicion\\\/#primaryimage\"},\"image\":{\"@id\":\"https:\\\/\\\/edicionesalfar.es\\\/es\\\/producto\\\/a-imagen-y-semejanza-de-la-semana-santa-de-sevilla-2a-edicion\\\/#primaryimage\"},\"thumbnailUrl\":\"https:\\\/\\\/edicionesalfar.es\\\/es\\\/wp-content\\\/uploads\\\/2023\\\/10\\\/9788478989867-scaled.jpg\",\"datePublished\":\"2023-10-04T10:51:07+00:00\",\"dateModified\":\"2023-10-04T10:51:11+00:00\",\"description\":\"Libro de la Semana Santa de Sevilla donde descubrir\u00e1s el paralelismo y el reflejo que los pueblos y ciudades reproducen por contagio de la capital andaluza.\",\"breadcrumb\":{\"@id\":\"https:\\\/\\\/edicionesalfar.es\\\/es\\\/producto\\\/a-imagen-y-semejanza-de-la-semana-santa-de-sevilla-2a-edicion\\\/#breadcrumb\"},\"inLanguage\":\"es\",\"potentialAction\":[{\"@type\":\"ReadAction\",\"target\":[\"https:\\\/\\\/edicionesalfar.es\\\/es\\\/producto\\\/a-imagen-y-semejanza-de-la-semana-santa-de-sevilla-2a-edicion\\\/\"]}]},{\"@type\":\"ImageObject\",\"inLanguage\":\"es\",\"@id\":\"https:\\\/\\\/edicionesalfar.es\\\/es\\\/producto\\\/a-imagen-y-semejanza-de-la-semana-santa-de-sevilla-2a-edicion\\\/#primaryimage\",\"url\":\"https:\\\/\\\/edicionesalfar.es\\\/es\\\/wp-content\\\/uploads\\\/2023\\\/10\\\/9788478989867-scaled.jpg\",\"contentUrl\":\"https:\\\/\\\/edicionesalfar.es\\\/es\\\/wp-content\\\/uploads\\\/2023\\\/10\\\/9788478989867-scaled.jpg\",\"width\":1743,\"height\":2560},{\"@type\":\"BreadcrumbList\",\"@id\":\"https:\\\/\\\/edicionesalfar.es\\\/es\\\/producto\\\/a-imagen-y-semejanza-de-la-semana-santa-de-sevilla-2a-edicion\\\/#breadcrumb\",\"itemListElement\":[{\"@type\":\"ListItem\",\"position\":1,\"name\":\"Portada\",\"item\":\"https:\\\/\\\/edicionesalfar.es\\\/es\\\/\"},{\"@type\":\"ListItem\",\"position\":2,\"name\":\"Cat\u00e1logo\",\"item\":\"https:\\\/\\\/edicionesalfar.es\\\/es\\\/catalogo\\\/\"},{\"@type\":\"ListItem\",\"position\":3,\"name\":\"A imagen y semejanza de la Semana Santa de Sevilla (2\u00aa edici\u00f3n)\"}]},{\"@type\":\"WebSite\",\"@id\":\"https:\\\/\\\/edicionesalfar.es\\\/es\\\/#website\",\"url\":\"https:\\\/\\\/edicionesalfar.es\\\/es\\\/\",\"name\":\"Ediciones Alfar\",\"description\":\"\",\"potentialAction\":[{\"@type\":\"SearchAction\",\"target\":{\"@type\":\"EntryPoint\",\"urlTemplate\":\"https:\\\/\\\/edicionesalfar.es\\\/es\\\/?s={search_term_string}\"},\"query-input\":{\"@type\":\"PropertyValueSpecification\",\"valueRequired\":true,\"valueName\":\"search_term_string\"}}],\"inLanguage\":\"es\"}]}<\/script>\n<!-- \/ Yoast SEO plugin. -->","yoast_head_json":{"title":"A imagen y semejanza de la Semana Santa de Sevilla (2\u00aa edici\u00f3n) - Ediciones Alfar","description":"Libro de la Semana Santa de Sevilla donde descubrir\u00e1s el paralelismo y el reflejo que los pueblos y ciudades reproducen por contagio de la capital andaluza.","robots":{"index":"index","follow":"follow","max-snippet":"max-snippet:-1","max-image-preview":"max-image-preview:large","max-video-preview":"max-video-preview:-1"},"canonical":"https:\/\/edicionesalfar.es\/es\/producto\/a-imagen-y-semejanza-de-la-semana-santa-de-sevilla-2a-edicion\/","og_locale":"es_ES","og_type":"article","og_title":"A imagen y semejanza de la Semana Santa de Sevilla (2\u00aa edici\u00f3n) - Ediciones Alfar","og_description":"Libro de la Semana Santa de Sevilla donde descubrir\u00e1s el paralelismo y el reflejo que los pueblos y ciudades reproducen por contagio de la capital andaluza.","og_url":"https:\/\/edicionesalfar.es\/es\/producto\/a-imagen-y-semejanza-de-la-semana-santa-de-sevilla-2a-edicion\/","og_site_name":"Ediciones Alfar","article_modified_time":"2023-10-04T10:51:11+00:00","og_image":[{"width":697,"height":1024,"url":"https:\/\/edicionesalfar.es\/es\/wp-content\/uploads\/2023\/10\/9788478989867-697x1024.jpg","type":"image\/jpeg"}],"twitter_card":"summary_large_image","twitter_misc":{"Tiempo de lectura":"3 minutos"},"schema":{"@context":"https:\/\/schema.org","@graph":[{"@type":"WebPage","@id":"https:\/\/edicionesalfar.es\/es\/producto\/a-imagen-y-semejanza-de-la-semana-santa-de-sevilla-2a-edicion\/","url":"https:\/\/edicionesalfar.es\/es\/producto\/a-imagen-y-semejanza-de-la-semana-santa-de-sevilla-2a-edicion\/","name":"A imagen y semejanza de la Semana Santa de Sevilla (2\u00aa edici\u00f3n) - Ediciones Alfar","isPartOf":{"@id":"https:\/\/edicionesalfar.es\/es\/#website"},"primaryImageOfPage":{"@id":"https:\/\/edicionesalfar.es\/es\/producto\/a-imagen-y-semejanza-de-la-semana-santa-de-sevilla-2a-edicion\/#primaryimage"},"image":{"@id":"https:\/\/edicionesalfar.es\/es\/producto\/a-imagen-y-semejanza-de-la-semana-santa-de-sevilla-2a-edicion\/#primaryimage"},"thumbnailUrl":"https:\/\/edicionesalfar.es\/es\/wp-content\/uploads\/2023\/10\/9788478989867-scaled.jpg","datePublished":"2023-10-04T10:51:07+00:00","dateModified":"2023-10-04T10:51:11+00:00","description":"Libro de la Semana Santa de Sevilla donde descubrir\u00e1s el paralelismo y el reflejo que los pueblos y ciudades reproducen por contagio de la capital andaluza.","breadcrumb":{"@id":"https:\/\/edicionesalfar.es\/es\/producto\/a-imagen-y-semejanza-de-la-semana-santa-de-sevilla-2a-edicion\/#breadcrumb"},"inLanguage":"es","potentialAction":[{"@type":"ReadAction","target":["https:\/\/edicionesalfar.es\/es\/producto\/a-imagen-y-semejanza-de-la-semana-santa-de-sevilla-2a-edicion\/"]}]},{"@type":"ImageObject","inLanguage":"es","@id":"https:\/\/edicionesalfar.es\/es\/producto\/a-imagen-y-semejanza-de-la-semana-santa-de-sevilla-2a-edicion\/#primaryimage","url":"https:\/\/edicionesalfar.es\/es\/wp-content\/uploads\/2023\/10\/9788478989867-scaled.jpg","contentUrl":"https:\/\/edicionesalfar.es\/es\/wp-content\/uploads\/2023\/10\/9788478989867-scaled.jpg","width":1743,"height":2560},{"@type":"BreadcrumbList","@id":"https:\/\/edicionesalfar.es\/es\/producto\/a-imagen-y-semejanza-de-la-semana-santa-de-sevilla-2a-edicion\/#breadcrumb","itemListElement":[{"@type":"ListItem","position":1,"name":"Portada","item":"https:\/\/edicionesalfar.es\/es\/"},{"@type":"ListItem","position":2,"name":"Cat\u00e1logo","item":"https:\/\/edicionesalfar.es\/es\/catalogo\/"},{"@type":"ListItem","position":3,"name":"A imagen y semejanza de la Semana Santa de Sevilla (2\u00aa edici\u00f3n)"}]},{"@type":"WebSite","@id":"https:\/\/edicionesalfar.es\/es\/#website","url":"https:\/\/edicionesalfar.es\/es\/","name":"Ediciones Alfar","description":"","potentialAction":[{"@type":"SearchAction","target":{"@type":"EntryPoint","urlTemplate":"https:\/\/edicionesalfar.es\/es\/?s={search_term_string}"},"query-input":{"@type":"PropertyValueSpecification","valueRequired":true,"valueName":"search_term_string"}}],"inLanguage":"es"}]}},"_links":{"self":[{"href":"https:\/\/edicionesalfar.es\/es\/wp-json\/wp\/v2\/product\/120018","targetHints":{"allow":["GET"]}}],"collection":[{"href":"https:\/\/edicionesalfar.es\/es\/wp-json\/wp\/v2\/product"}],"about":[{"href":"https:\/\/edicionesalfar.es\/es\/wp-json\/wp\/v2\/types\/product"}],"replies":[{"embeddable":true,"href":"https:\/\/edicionesalfar.es\/es\/wp-json\/wp\/v2\/comments?post=120018"}],"wp:featuredmedia":[{"embeddable":true,"href":"https:\/\/edicionesalfar.es\/es\/wp-json\/wp\/v2\/media\/120019"}],"wp:attachment":[{"href":"https:\/\/edicionesalfar.es\/es\/wp-json\/wp\/v2\/media?parent=120018"}],"wp:term":[{"taxonomy":"product_brand","embeddable":true,"href":"https:\/\/edicionesalfar.es\/es\/wp-json\/wp\/v2\/product_brand?post=120018"},{"taxonomy":"product_cat","embeddable":true,"href":"https:\/\/edicionesalfar.es\/es\/wp-json\/wp\/v2\/product_cat?post=120018"},{"taxonomy":"product_tag","embeddable":true,"href":"https:\/\/edicionesalfar.es\/es\/wp-json\/wp\/v2\/product_tag?post=120018"}],"curies":[{"name":"wp","href":"https:\/\/api.w.org\/{rel}","templated":true}]}}