{"id":9419,"date":"2019-06-04T09:39:27","date_gmt":"2019-06-04T07:39:27","guid":{"rendered":"http:\/\/www.edicionesalfar.es\/web-wordpress\/?page_id=9419"},"modified":"2022-06-24T10:43:29","modified_gmt":"2022-06-24T08:43:29","slug":"aviso-legal","status":"publish","type":"page","link":"https:\/\/edicionesalfar.es\/es\/aviso-legal\/","title":{"rendered":"AVISOS LEGALES"},"content":{"rendered":"<p align=\"JUSTIFY\"><span style=\"font-family: Calibri, sans-serif;\">El presente Aviso Legal regula las condiciones generales de acceso y utilizaci\u00f3n del sitio web accesible en la direcci\u00f3n URL http:\/\/www.edicionesalfar.es\/ (en adelante, el sitio web), que EDICIONES ALFAR S.A. pone a disposici\u00f3n de los usuarios de Internet. La utilizaci\u00f3n del sitio web implica la aceptaci\u00f3n plena y sin reservas de todas y cada una de las disposiciones incluidas en este Aviso Legal. En consecuencia, el usuario del sitio web debe leer atentamente el presente Aviso Legal en cada una de las ocasiones en que se proponga utilizar la web, ya que el texto podr\u00eda sufrir modificaciones a criterio del titular de la web, o a causa de un cambio legislativo, jurisprudencial o en la pr\u00e1ctica empresarial.<\/span><\/p>\n<h2 align=\"JUSTIFY\"><span style=\"color: #666666;\"><span style=\"font-family: Calibri, sans-serif;\"><b>TITULARIDAD DEL SITIO WEB.<\/b><\/span><\/span><\/h2>\n<p align=\"LEFT\"><span style=\"font-family: Calibri, sans-serif;\"><span style=\"font-size: medium;\">Raz\u00f3n Social de la Empresa: EDICIONES ALFAR S.A.<br \/>\nDomicilio social: . P.l. Store. Calle Destornillador, 3.5<br \/>\n<\/span><\/span><\/p>\n<p align=\"LEFT\"><span style=\"font-family: Calibri, sans-serif;\"><span style=\"font-size: medium;\">Poblaci\u00f3n: Sevilla<br \/>\nProvincia: Sevilla<br \/>\nC.P.: 41008<br \/>\nC.I.F.\/D.N.I.: A-41283698<\/span><\/span><\/p>\n<p align=\"LEFT\"><span style=\"font-family: Calibri, sans-serif;\"><span style=\"font-size: medium;\">Tel\u00e9fono de contacto: 954406100\/640935287<br \/>\nCorreo electr\u00f3nico: alfar@edicionesalfar.es<\/span><\/span><\/p>\n<h2 align=\"JUSTIFY\"><span style=\"font-family: Calibri, sans-serif;\"><span style=\"color: #666666;\"><b>OBJETO<\/b><\/span>.<\/span><\/h2>\n<p align=\"JUSTIFY\"><span style=\"font-family: Calibri, sans-serif;\">El sitio web facilita a los usuarios del mismo el acceso a informaci\u00f3n y servicios prestados por <span style=\"font-size: medium;\">EDICIONES ALFAR S.A.<\/span> a aquellas personas u organizaciones interesadas en los mismos.<\/span><\/p>\n<h2 align=\"JUSTIFY\"><span style=\"color: #666666;\"><span style=\"font-family: Calibri, sans-serif;\"><b>ACCESO Y UTILIZACI\u00d3N DE LA WEB.<\/b><\/span><\/span><\/h2>\n<p align=\"JUSTIFY\"><span style=\"color: #666666;\"><span style=\"font-family: Calibri, sans-serif;\"><b>Car\u00e1cter gratuito del acceso y utilizaci\u00f3n de la web.<\/b><\/span><\/span><\/p>\n<p align=\"JUSTIFY\"><span style=\"font-family: Calibri, sans-serif;\">El acceso a la web tiene car\u00e1cter gratuito para los usuarios de la misma.<\/span><\/p>\n<p align=\"JUSTIFY\"><span style=\"font-family: Calibri, sans-serif;\"><br \/>\n<span style=\"color: #666666;\"><b>Registro de usuarios.<\/b><\/span><\/span><\/p>\n<p align=\"JUSTIFY\"><span style=\"font-family: Calibri, sans-serif;\">Con car\u00e1cter general el acceso y utilizaci\u00f3n de la web no exige la previa suscripci\u00f3n o registro de los usuarios de la misma.<\/span><\/p>\n<p align=\"JUSTIFY\"><span style=\"color: #666666;\"><span style=\"font-family: Calibri, sans-serif;\"><b>Transacciones permitidas.<\/b><\/span><\/span><\/p>\n<p align=\"JUSTIFY\"><span style=\"font-family: Calibri, sans-serif;\">Este comerciante se compromete a no permitir ninguna transacci\u00f3n que sea ilegal, o se\u00a0considere por las marcas de tarjetas de cr\u00e9dito o el banco adquiriente, que pueda o tenga el potencial de da\u00f1ar la buena voluntad de los mismos o influir de manera negativa en ellos. Las siguientes actividades est\u00e1n prohibidas en virtud de los programas de las marcas de tarjetas: la venta u oferta de un producto o servicio que no sea de plena conformidad con todas las leyes aplicables al Comprador, Banco Emisor, Comerciante, Titular de la tarjeta, o tarjetas.<\/span><\/p>\n<p align=\"JUSTIFY\"><span style=\"font-family: Calibri, sans-serif;\">Adem\u00e1s, las siguientes actividades tambi\u00e9n est\u00e1n prohibidas expl\u00edcitamente:<\/span><\/p>\n<p align=\"JUSTIFY\">\u201c<span style=\"font-family: Calibri, sans-serif;\">Venta de bebidas alcoh\u00f3licas a menores de 18 a\u00f1os\u201d.<\/span><\/p>\n<h2 align=\"JUSTIFY\"><span style=\"color: #666666;\"><span style=\"font-family: Calibri, sans-serif;\"><b>CONTENIDOS DE LA WEB.<\/b><\/span><\/span><\/h2>\n<p align=\"JUSTIFY\"><span style=\"font-family: Calibri, sans-serif;\">El idioma utilizado por el titular en la web ser\u00e1 el castellano. <span style=\"font-size: medium;\">EDICIONES ALFAR S.A.<\/span> no se responsabiliza de la no comprensi\u00f3n o entendimiento del idioma de la web por el usuario, ni de sus consecuencias.<\/span><\/p>\n<p align=\"JUSTIFY\"><span style=\"font-family: Calibri, sans-serif;\"><span style=\"font-size: medium;\">EDICIONES ALFAR S.A<\/span>. podr\u00e1 modificar los contenidos sin previo aviso, as\u00ed como suprimir y cambiar \u00e9stos dentro de la web, como la forma en que se accede a \u00e9stos, sin justificaci\u00f3n alguna y libremente, no responsabiliz\u00e1ndose de las consecuencias que los mismos puedan ocasionar a los usuarios.<\/span><\/p>\n<p align=\"JUSTIFY\"><span style=\"font-family: Calibri, sans-serif;\">Se proh\u00edbe el uso de los contenidos de la web para promocionar, contratar o divulgar publicidad o informaci\u00f3n propia o de terceras personas sin la autorizaci\u00f3n de <span style=\"font-size: medium;\">EDICIONES ALFAR S.A.<\/span>, ni remitir publicidad o informaci\u00f3n vali\u00e9ndose para ello de los servicios o informaci\u00f3n que se ponen a disposici\u00f3n de los usuarios, independientemente de si la utilizaci\u00f3n es gratuita o no.<br \/>\nLos enlaces o hiperenlaces que incorporen terceros en sus p\u00e1ginas web, dirigidos a esta web, ser\u00e1n para la apertura de la p\u00e1gina web completa, no pudiendo manifestar, directa o indirectamente, indicaciones falsas, inexactas o confusas, ni incurrir en acciones desleales o il\u00edcitas en contra de <span style=\"font-size: medium;\">EDICIONES ALFAR S.A.<\/span><\/span><\/p>\n<h2 align=\"JUSTIFY\"><span style=\"color: #666666;\"><span style=\"font-family: Calibri, sans-serif;\"><b>LIMITACI\u00d3N DE RESPONSABILIDAD.<\/b><\/span><\/span><\/h2>\n<p align=\"JUSTIFY\"><span style=\"font-family: Calibri, sans-serif;\">Tanto el acceso a la web como el uso inconsentido que pueda efectuarse de la informaci\u00f3n contenida en la misma es de la exclusiva responsabilidad de quien lo realiza. <span style=\"font-size: medium;\">EDICIONES ALFAR S.A.<\/span> no responder\u00e1 de ninguna consecuencia, da\u00f1o o perjuicio que pudieran derivarse de dicho acceso o uso. <span style=\"font-size: medium;\">EDICIONES ALFAR S.A.<\/span> no se hace responsable de los errores de seguridad, que se puedan producir ni de los da\u00f1os que puedan causarse al sistema inform\u00e1tico del usuario (hardware y software), o a los ficheros o documentos almacenados en el mismo, como consecuencia de:<\/span><\/p>\n<ul>\n<li>\n<p align=\"JUSTIFY\"><span style=\"font-family: Calibri, sans-serif;\">la presencia de un virus en el ordenador del usuario que sea utilizado para la conexi\u00f3n a los servicios y contenidos de la web,<\/span><\/p>\n<\/li>\n<li>\n<p align=\"JUSTIFY\"><span style=\"font-family: Calibri, sans-serif;\">un mal funcionamiento del navegador,<\/span><\/p>\n<\/li>\n<li>\n<p align=\"JUSTIFY\"><span style=\"font-family: Calibri, sans-serif;\">y\/o del uso de versiones no actualizadas del mismo.<\/span><\/p>\n<\/li>\n<\/ul>\n<p align=\"JUSTIFY\"><span style=\"font-family: Calibri, sans-serif;\"><br \/>\n<span style=\"font-size: medium;\">EDICIONES ALFAR S.A.<\/span> no se hace responsable de la fiabilidad y rapidez de los hiperenlaces que se incorporen en la web para la apertura de otras. <span style=\"font-size: medium;\">EDICIONES ALFAR S.A.<\/span> no garantiza la utilidad de estos enlaces, ni se responsabiliza de los contenidos o servicios a los que pueda acceder el usuario por medio de estos enlaces, ni del buen funcionamiento de estas webs.<\/span><\/p>\n<p align=\"JUSTIFY\"><span style=\"font-family: Calibri, sans-serif;\"><span style=\"font-size: medium;\">EDICIONES ALFAR S.A.<\/span> no ser\u00e1 responsable de los virus o dem\u00e1s programas inform\u00e1ticos que deterioren o puedan deteriorar los sistemas o equipos inform\u00e1ticos de los usuarios al acceder a su web u otras webs a las que se haya accedido mediante enlaces de esta web.<\/span><\/p>\n<h2 align=\"JUSTIFY\"><span style=\"color: #666666;\"><span style=\"font-family: Calibri, sans-serif;\"><b>EMPLEO DE LA TECNOLOG\u00cdA \u201cCOOKIE\u201d.<\/b><\/span><\/span><\/h2>\n<p align=\"JUSTIFY\"><span style=\"font-family: Calibri, sans-serif;\">La web no emplea cookies ni cualquier otro procedimiento invisible de recogida de informaci\u00f3n cuando el usuario navega por ella, respetando en todo momento la confidencialidad e intimidad del mismo.<\/span><\/p>\n<p align=\"JUSTIFY\"><span style=\"font-family: Calibri, sans-serif;\">La web emplea cookies, puede consultar nuestra Pol\u00edtica de Cookies, que respeta en todo momento la confidencialidad e intimidad del mismo.<\/span><\/p>\n<h2 align=\"JUSTIFY\"><span style=\"color: #666666;\"><span style=\"font-family: Calibri, sans-serif;\"><b>PROPIEDAD INTELECTUAL E INDUSTRIAL.<\/b><\/span><\/span><\/h2>\n<p align=\"JUSTIFY\"><span style=\"font-family: Calibri, sans-serif;\">Son propiedad de <span style=\"font-size: medium;\">EDICIONES ALFAR S.A.<\/span>, todos los derechos de propiedad industrial e intelectual de la web, as\u00ed como de los contenidos que alberga. Cualquier uso de la web o sus contenidos deber\u00e1 tener un car\u00e1cter exclusivamente particular. Est\u00e1 reservado exclusivamente a <span style=\"font-size: medium;\">EDICIONES ALFAR S.A.<\/span>, cualquier otro uso que suponga la copia, reproducci\u00f3n, distribuci\u00f3n, transformaci\u00f3n, comunicaci\u00f3n p\u00fablica o cualquier otra acci\u00f3n similar, de todo o parte de los contenidos de la web, por lo que ning\u00fan usuario podr\u00e1 llevar a cabo estas acciones sin la autorizaci\u00f3n previa y por escrito de <span style=\"font-size: medium;\">EDICIONES ALFAR S.A.<\/span><\/span><\/p>\n<h2 align=\"JUSTIFY\"><span style=\"color: #666666;\"><span style=\"font-family: Calibri, sans-serif;\"><b>POL\u00cdTICA DE PRIVACIDAD Y PROTECCION DE DATOS<\/b><\/span><\/span><\/h2>\n<p align=\"JUSTIFY\"><span style=\"font-family: Calibri, sans-serif;\"><span style=\"font-size: medium;\">EDICIONES ALFAR S.A.<\/span> garantiza la protecci\u00f3n y confidencialidad de los datos personales, de cualquier tipo que nos proporcionen nuestras empresas clientes de acuerdo con lo dispuesto en la Ley Org\u00e1nica 15\/1999, de 13 de Diciembre de Protecci\u00f3n de Datos de Car\u00e1cter Personal.<br \/>\nTodos los datos facilitados por nuestras empresas clientes a <span style=\"font-size: medium;\">EDICIONES ALFAR S.A.<\/span>. o a su personal, ser\u00e1n incluidos en un fichero automatizado de datos de car\u00e1cter personal creado y mantenido bajo la responsabilidad de <span style=\"font-size: medium;\">EDICIONES ALFAR S.A.<\/span>, imprescindibles para prestar los servicios solicitados por los usuarios.<\/span><\/p>\n<p align=\"JUSTIFY\"><span style=\"font-family: Calibri, sans-serif;\">Los datos facilitados ser\u00e1n tratados seg\u00fan el Reglamento de Medidas de Seguridad (Real Decreto 1720\/2007 de 21 de Diciembre), en este sentido <span style=\"font-size: medium;\">EDICIONES ALFAR S.A.<\/span>. ha adoptado los niveles de protecci\u00f3n que legalmente se exigen, y ha instalado todas las medidas t\u00e9cnicas a su alcance para evitar la perdida, mal uso, alteraci\u00f3n, acceso no autorizado por terceros. No obstante, el usuario debe ser consciente de que las medidas de seguridad en Internet no son inexpugnables. En caso en que considere oportuno que se cedan sus datos de car\u00e1cter personal a otras entidades, el usuario ser\u00e1 informado de los datos cedidos, de la finalidad del fichero y del nombre y direcci\u00f3n del cesionario, para que de su consentimiento inequ\u00edvoco al respecto.<\/span><\/p>\n<p align=\"JUSTIFY\"><span style=\"font-family: Calibri, sans-serif;\">En cumplimiento de lo establecido en la RGPD, el usuario podr\u00e1 ejercer sus derechos de acceso, rectificaci\u00f3n, cancelaci\u00f3n y oposici\u00f3n. Para ello debe de contactar con nosotros en <span style=\"font-size: medium;\"><i>alfar@edicionesalfar.es<\/i><\/span><\/span><\/p>\n<h2 align=\"JUSTIFY\"><span style=\"color: #666666;\"><span style=\"font-family: Calibri, sans-serif;\"><b>LEGISLACI\u00d3N APLICABLE Y JURISDICCI\u00d3N COMPETENTE.<\/b><\/span><\/span><\/h2>\n<p align=\"JUSTIFY\"><span style=\"font-family: Calibri, sans-serif;\">El presente Aviso Legal se interpretar\u00e1 y regir\u00e1 de conformidad con la legislaci\u00f3n espa\u00f1ola. <span style=\"font-size: medium;\">EDICIONES ALFAR S.A.<\/span> y los usuarios, con renuncia expresa a cualquier otro fuero que pudiera corresponderles, se someten al de los juzgados y tribunales del domicilio del usuario para cualquier controversia que pudiera derivarse del acceso o uso de la web. En el caso de que el usuario tenga su domicilio fuera de Espa\u00f1a, <span style=\"font-size: medium;\">EDICIONES ALFAR S.A.<\/span> y el usuario, se someten, con renuncia expresa a cualquier otro .<\/span><\/p>\n","protected":false},"excerpt":{"rendered":"<p>El presente Aviso Legal regula las condiciones generales de acceso y utilizaci\u00f3n del sitio web accesible en la direcci\u00f3n URL http:\/\/www.edicionesalfar.es\/ (en adelante, el sitio web), que EDICIONES ALFAR S.A. pone a disposici\u00f3n de los usuarios de Internet. La utilizaci\u00f3n del sitio web implica la aceptaci\u00f3n plena y sin reservas de todas y cada una [&hellip;]<\/p>\n","protected":false},"author":1,"featured_media":0,"parent":0,"menu_order":0,"comment_status":"closed","ping_status":"closed","template":"","meta":{"_acf_changed":false,"_et_pb_use_builder":"","_et_pb_old_content":"","_et_gb_content_width":"","footnotes":""},"class_list":["post-9419","page","type-page","status-publish","hentry"],"acf":[],"yoast_head":"<!-- This site is optimized with the Yoast SEO plugin v27.5 - https:\/\/yoast.com\/product\/yoast-seo-wordpress\/ -->\n<title>AVISOS LEGALES - Ediciones Alfar<\/title>\n<meta name=\"robots\" content=\"index, follow, max-snippet:-1, max-image-preview:large, max-video-preview:-1\" \/>\n<link rel=\"canonical\" href=\"https:\/\/edicionesalfar.es\/es\/aviso-legal\/\" \/>\n<meta property=\"og:locale\" content=\"es_ES\" \/>\n<meta property=\"og:type\" content=\"article\" \/>\n<meta property=\"og:title\" content=\"AVISOS LEGALES - Ediciones Alfar\" \/>\n<meta property=\"og:description\" content=\"El presente Aviso Legal regula las condiciones generales de acceso y utilizaci\u00f3n del sitio web accesible en la direcci\u00f3n URL http:\/\/www.edicionesalfar.es\/ (en adelante, el sitio web), que EDICIONES ALFAR S.A. pone a disposici\u00f3n de los usuarios de Internet. La utilizaci\u00f3n del sitio web implica la aceptaci\u00f3n plena y sin reservas de todas y cada una [&hellip;]\" \/>\n<meta property=\"og:url\" content=\"https:\/\/edicionesalfar.es\/es\/aviso-legal\/\" \/>\n<meta property=\"og:site_name\" content=\"Ediciones Alfar\" \/>\n<meta property=\"article:modified_time\" content=\"2022-06-24T08:43:29+00:00\" \/>\n<meta name=\"twitter:card\" content=\"summary_large_image\" \/>\n<meta name=\"twitter:label1\" content=\"Tiempo de lectura\" \/>\n\t<meta name=\"twitter:data1\" content=\"6 minutos\" \/>\n<script type=\"application\/ld+json\" class=\"yoast-schema-graph\">{\"@context\":\"https:\\\/\\\/schema.org\",\"@graph\":[{\"@type\":\"WebPage\",\"@id\":\"https:\\\/\\\/edicionesalfar.es\\\/es\\\/aviso-legal\\\/\",\"url\":\"https:\\\/\\\/edicionesalfar.es\\\/es\\\/aviso-legal\\\/\",\"name\":\"AVISOS LEGALES - Ediciones Alfar\",\"isPartOf\":{\"@id\":\"https:\\\/\\\/edicionesalfar.es\\\/es\\\/#website\"},\"datePublished\":\"2019-06-04T07:39:27+00:00\",\"dateModified\":\"2022-06-24T08:43:29+00:00\",\"breadcrumb\":{\"@id\":\"https:\\\/\\\/edicionesalfar.es\\\/es\\\/aviso-legal\\\/#breadcrumb\"},\"inLanguage\":\"es\",\"potentialAction\":[{\"@type\":\"ReadAction\",\"target\":[\"https:\\\/\\\/edicionesalfar.es\\\/es\\\/aviso-legal\\\/\"]}]},{\"@type\":\"BreadcrumbList\",\"@id\":\"https:\\\/\\\/edicionesalfar.es\\\/es\\\/aviso-legal\\\/#breadcrumb\",\"itemListElement\":[{\"@type\":\"ListItem\",\"position\":1,\"name\":\"Portada\",\"item\":\"https:\\\/\\\/edicionesalfar.es\\\/es\\\/\"},{\"@type\":\"ListItem\",\"position\":2,\"name\":\"AVISOS LEGALES\"}]},{\"@type\":\"WebSite\",\"@id\":\"https:\\\/\\\/edicionesalfar.es\\\/es\\\/#website\",\"url\":\"https:\\\/\\\/edicionesalfar.es\\\/es\\\/\",\"name\":\"Ediciones Alfar\",\"description\":\"\",\"potentialAction\":[{\"@type\":\"SearchAction\",\"target\":{\"@type\":\"EntryPoint\",\"urlTemplate\":\"https:\\\/\\\/edicionesalfar.es\\\/es\\\/?s={search_term_string}\"},\"query-input\":{\"@type\":\"PropertyValueSpecification\",\"valueRequired\":true,\"valueName\":\"search_term_string\"}}],\"inLanguage\":\"es\"}]}<\/script>\n<!-- \/ Yoast SEO plugin. -->","yoast_head_json":{"title":"AVISOS LEGALES - Ediciones Alfar","robots":{"index":"index","follow":"follow","max-snippet":"max-snippet:-1","max-image-preview":"max-image-preview:large","max-video-preview":"max-video-preview:-1"},"canonical":"https:\/\/edicionesalfar.es\/es\/aviso-legal\/","og_locale":"es_ES","og_type":"article","og_title":"AVISOS LEGALES - Ediciones Alfar","og_description":"El presente Aviso Legal regula las condiciones generales de acceso y utilizaci\u00f3n del sitio web accesible en la direcci\u00f3n URL http:\/\/www.edicionesalfar.es\/ (en adelante, el sitio web), que EDICIONES ALFAR S.A. pone a disposici\u00f3n de los usuarios de Internet. La utilizaci\u00f3n del sitio web implica la aceptaci\u00f3n plena y sin reservas de todas y cada una [&hellip;]","og_url":"https:\/\/edicionesalfar.es\/es\/aviso-legal\/","og_site_name":"Ediciones Alfar","article_modified_time":"2022-06-24T08:43:29+00:00","twitter_card":"summary_large_image","twitter_misc":{"Tiempo de lectura":"6 minutos"},"schema":{"@context":"https:\/\/schema.org","@graph":[{"@type":"WebPage","@id":"https:\/\/edicionesalfar.es\/es\/aviso-legal\/","url":"https:\/\/edicionesalfar.es\/es\/aviso-legal\/","name":"AVISOS LEGALES - Ediciones Alfar","isPartOf":{"@id":"https:\/\/edicionesalfar.es\/es\/#website"},"datePublished":"2019-06-04T07:39:27+00:00","dateModified":"2022-06-24T08:43:29+00:00","breadcrumb":{"@id":"https:\/\/edicionesalfar.es\/es\/aviso-legal\/#breadcrumb"},"inLanguage":"es","potentialAction":[{"@type":"ReadAction","target":["https:\/\/edicionesalfar.es\/es\/aviso-legal\/"]}]},{"@type":"BreadcrumbList","@id":"https:\/\/edicionesalfar.es\/es\/aviso-legal\/#breadcrumb","itemListElement":[{"@type":"ListItem","position":1,"name":"Portada","item":"https:\/\/edicionesalfar.es\/es\/"},{"@type":"ListItem","position":2,"name":"AVISOS LEGALES"}]},{"@type":"WebSite","@id":"https:\/\/edicionesalfar.es\/es\/#website","url":"https:\/\/edicionesalfar.es\/es\/","name":"Ediciones Alfar","description":"","potentialAction":[{"@type":"SearchAction","target":{"@type":"EntryPoint","urlTemplate":"https:\/\/edicionesalfar.es\/es\/?s={search_term_string}"},"query-input":{"@type":"PropertyValueSpecification","valueRequired":true,"valueName":"search_term_string"}}],"inLanguage":"es"}]}},"_links":{"self":[{"href":"https:\/\/edicionesalfar.es\/es\/wp-json\/wp\/v2\/pages\/9419","targetHints":{"allow":["GET"]}}],"collection":[{"href":"https:\/\/edicionesalfar.es\/es\/wp-json\/wp\/v2\/pages"}],"about":[{"href":"https:\/\/edicionesalfar.es\/es\/wp-json\/wp\/v2\/types\/page"}],"author":[{"embeddable":true,"href":"https:\/\/edicionesalfar.es\/es\/wp-json\/wp\/v2\/users\/1"}],"replies":[{"embeddable":true,"href":"https:\/\/edicionesalfar.es\/es\/wp-json\/wp\/v2\/comments?post=9419"}],"version-history":[{"count":5,"href":"https:\/\/edicionesalfar.es\/es\/wp-json\/wp\/v2\/pages\/9419\/revisions"}],"predecessor-version":[{"id":20034,"href":"https:\/\/edicionesalfar.es\/es\/wp-json\/wp\/v2\/pages\/9419\/revisions\/20034"}],"wp:attachment":[{"href":"https:\/\/edicionesalfar.es\/es\/wp-json\/wp\/v2\/media?parent=9419"}],"curies":[{"name":"wp","href":"https:\/\/api.w.org\/{rel}","templated":true}]}}