{"version":"1.0","provider_name":"Ediciones Alfar","provider_url":"https:\/\/edicionesalfar.es\/es","author_name":"entrestrazos","author_url":"https:\/\/edicionesalfar.es\/es\/author\/entrestrazos\/","title":"Vidas y muertes m\u00edas - Ediciones Alfar","type":"rich","width":600,"height":338,"html":"<blockquote class=\"wp-embedded-content\" data-secret=\"Mh74cbXiiW\"><a href=\"https:\/\/edicionesalfar.es\/es\/producto\/vidas-y-muertes-mias\/\">Vidas y muertes m\u00edas<\/a><\/blockquote><iframe sandbox=\"allow-scripts\" security=\"restricted\" src=\"https:\/\/edicionesalfar.es\/es\/producto\/vidas-y-muertes-mias\/embed\/#?secret=Mh74cbXiiW\" width=\"600\" height=\"338\" title=\"\u00abVidas y muertes m\u00edas\u00bb \u2014 Ediciones Alfar\" data-secret=\"Mh74cbXiiW\" frameborder=\"0\" marginwidth=\"0\" marginheight=\"0\" scrolling=\"no\" class=\"wp-embedded-content\"><\/iframe><script type=\"text\/javascript\">\n\/* <![CDATA[ *\/\n\/*! This file is auto-generated *\/\n!function(d,l){\"use strict\";l.querySelector&&d.addEventListener&&\"undefined\"!=typeof URL&&(d.wp=d.wp||{},d.wp.receiveEmbedMessage||(d.wp.receiveEmbedMessage=function(e){var t=e.data;if((t||t.secret||t.message||t.value)&&!\/[^a-zA-Z0-9]\/.test(t.secret)){for(var s,r,n,a=l.querySelectorAll('iframe[data-secret=\"'+t.secret+'\"]'),o=l.querySelectorAll('blockquote[data-secret=\"'+t.secret+'\"]'),c=new RegExp(\"^https?:$\",\"i\"),i=0;i<o.length;i++)o[i].style.display=\"none\";for(i=0;i<a.length;i++)s=a[i],e.source===s.contentWindow&&(s.removeAttribute(\"style\"),\"height\"===t.message?(1e3<(r=parseInt(t.value,10))?r=1e3:~~r<200&&(r=200),s.height=r):\"link\"===t.message&&(r=new URL(s.getAttribute(\"src\")),n=new URL(t.value),c.test(n.protocol))&&n.host===r.host&&l.activeElement===s&&(d.top.location.href=t.value))}},d.addEventListener(\"message\",d.wp.receiveEmbedMessage,!1),l.addEventListener(\"DOMContentLoaded\",function(){for(var e,t,s=l.querySelectorAll(\"iframe.wp-embedded-content\"),r=0;r<s.length;r++)(t=(e=s[r]).getAttribute(\"data-secret\"))||(t=Math.random().toString(36).substring(2,12),e.src+=\"#?secret=\"+t,e.setAttribute(\"data-secret\",t)),e.contentWindow.postMessage({message:\"ready\",secret:t},\"*\")},!1)))}(window,document);\n\/\/# sourceURL=https:\/\/edicionesalfar.es\/es\/wp-includes\/js\/wp-embed.min.js\n\/* ]]> *\/\n<\/script>\n","thumbnail_url":"https:\/\/edicionesalfar.es\/es\/wp-content\/uploads\/2019\/05\/vidas%20y%20muertes.jpg","thumbnail_width":1,"thumbnail_height":1,"description":"Tres narradores, Carlos, Xavier y Celso, cuentan sus propias vidas y las de sus amantes o mujeres respectivas. Asimismo cuentan las vidas de los otros dos. El paso continuo de un narrador a otro (otro yo) subraya la medida en que funcionan todos como dobles imaginarios de un ser \u00fanico tras su aparente diversidad. Tambi\u00e9n se dan paralelismos entre los personajes y parejas c\u00e9lebres, como las de Diego Rivera y Frieda Kahlo o J.-P. Sartre y Simone de Beauvoir, cuestionando audazmente mores sexuales y sociales. Parejas y tr\u00edos hacen y deshacen el amor; ejemplifican el poder de Eros, enfrentado constantemente a la disoluci\u00f3n y la muerte, el poder opuesto. Al tema del amor y la muerte se une el del exilio o lejan\u00eda de la tierra natal. La acci\u00f3n transcurre en m\u00faltiples lugares (Estados Unidos, M\u00e9xico, Espa\u00f1a) y queda enmarcada entre el final del franquismo y la destrucci\u00f3n, en 2001, de las Torres Gemelas de Nueva York, la ciudad donde acaban confluyendo y aun\u00e1ndose las tres vidas despu\u00e9s de\u00a0 un largo periplo"}