{"version":"1.0","provider_name":"Ediciones Alfar","provider_url":"https:\/\/edicionesalfar.es\/es","author_name":"entrestrazos","author_url":"https:\/\/edicionesalfar.es\/es\/author\/entrestrazos\/","title":"PROFESIONALES DE LA ENSE\u00d1ANZA - Ediciones Alfar","type":"rich","width":600,"height":338,"html":"<blockquote class=\"wp-embedded-content\" data-secret=\"hcMeAQjsD6\"><a href=\"https:\/\/edicionesalfar.es\/es\/producto\/profesionales-de-la-ensenanza\/\">PROFESIONALES DE LA ENSE\u00d1ANZA<\/a><\/blockquote><iframe sandbox=\"allow-scripts\" security=\"restricted\" src=\"https:\/\/edicionesalfar.es\/es\/producto\/profesionales-de-la-ensenanza\/embed\/#?secret=hcMeAQjsD6\" width=\"600\" height=\"338\" title=\"\u00abPROFESIONALES DE LA ENSE\u00d1ANZA\u00bb \u2014 Ediciones Alfar\" data-secret=\"hcMeAQjsD6\" frameborder=\"0\" marginwidth=\"0\" marginheight=\"0\" scrolling=\"no\" class=\"wp-embedded-content\"><\/iframe><script type=\"text\/javascript\">\n\/* <![CDATA[ *\/\n\/*! This file is auto-generated *\/\n!function(d,l){\"use strict\";l.querySelector&&d.addEventListener&&\"undefined\"!=typeof URL&&(d.wp=d.wp||{},d.wp.receiveEmbedMessage||(d.wp.receiveEmbedMessage=function(e){var t=e.data;if((t||t.secret||t.message||t.value)&&!\/[^a-zA-Z0-9]\/.test(t.secret)){for(var s,r,n,a=l.querySelectorAll('iframe[data-secret=\"'+t.secret+'\"]'),o=l.querySelectorAll('blockquote[data-secret=\"'+t.secret+'\"]'),c=new RegExp(\"^https?:$\",\"i\"),i=0;i<o.length;i++)o[i].style.display=\"none\";for(i=0;i<a.length;i++)s=a[i],e.source===s.contentWindow&&(s.removeAttribute(\"style\"),\"height\"===t.message?(1e3<(r=parseInt(t.value,10))?r=1e3:~~r<200&&(r=200),s.height=r):\"link\"===t.message&&(r=new URL(s.getAttribute(\"src\")),n=new URL(t.value),c.test(n.protocol))&&n.host===r.host&&l.activeElement===s&&(d.top.location.href=t.value))}},d.addEventListener(\"message\",d.wp.receiveEmbedMessage,!1),l.addEventListener(\"DOMContentLoaded\",function(){for(var e,t,s=l.querySelectorAll(\"iframe.wp-embedded-content\"),r=0;r<s.length;r++)(t=(e=s[r]).getAttribute(\"data-secret\"))||(t=Math.random().toString(36).substring(2,12),e.src+=\"#?secret=\"+t,e.setAttribute(\"data-secret\",t)),e.contentWindow.postMessage({message:\"ready\",secret:t},\"*\")},!1)))}(window,document);\n\/\/# sourceURL=https:\/\/edicionesalfar.es\/es\/wp-includes\/js\/wp-embed.min.js\n\/* ]]> *\/\n<\/script>\n","thumbnail_url":"https:\/\/edicionesalfar.es\/es\/wp-content\/uploads\/woocommerce-placeholder.png","thumbnail_width":1200,"thumbnail_height":1200,"description":"En tama\u00f1o y color original un n\u00famero del bolet\u00edn que un grupo de refugiados republicanos espa\u00f1oles editaron en el campo de Argel\u00e9s, en el sur de Francia, en el que se informa, entre otras cosas, de la muerte de A. Machado."}